{"id":950,"date":"2024-12-09T10:31:33","date_gmt":"2024-12-09T10:31:33","guid":{"rendered":"https:\/\/ideebern.ch\/1er-aout\/"},"modified":"2025-07-24T09:51:39","modified_gmt":"2025-07-24T09:51:39","slug":"1er-aout","status":"publish","type":"page","link":"https:\/\/ideebern.ch\/fr\/1er-aout\/","title":{"rendered":"1er ao\u00fbt"},"content":{"rendered":"<p>[et_pb_section fb_built=\u00a0\u00bb1&Prime; custom_padding_last_edited=\u00a0\u00bbon|tablet\u00a0\u00bb admin_label=\u00a0\u00bb1. August Start\u00a0\u00bb _builder_version=\u00a0\u00bb4.27.4&Prime; _module_preset=\u00a0\u00bbdefault\u00a0\u00bb background_color=\u00a0\u00bb#dc5e52&Prime; background_image=\u00a0\u00bbhttps:\/\/ideebern.ch\/wp-content\/uploads\/2024\/12\/banner-elfenau-5.png\u00a0\u00bb background_size=\u00a0\u00bbcontain\u00a0\u00bb background_position=\u00a0\u00bbcenter_left\u00a0\u00bb custom_margin=\u00a0\u00bb0px||0px||false|false\u00a0\u00bb custom_padding=\u00a0\u00bb100px||180px||false|false\u00a0\u00bb custom_padding_tablet=\u00a0\u00bb100px||100px||false|false\u00a0\u00bb custom_padding_phone=\u00a0\u00bb90px||85px||false|false\u00a0\u00bb global_colors_info=\u00a0\u00bb{}\u00a0\u00bb][et_pb_row _builder_version=\u00a0\u00bb4.24.2&Prime; _module_preset=\u00a0\u00bbdefault\u00a0\u00bb width=\u00a0\u00bb90%\u00a0\u00bb max_width=\u00a0\u00bb1296px\u00a0\u00bb custom_margin=\u00a0\u00bb0px||0px||false|false\u00a0\u00bb custom_padding=\u00a0\u00bb0px||0px||false|false\u00a0\u00bb global_colors_info=\u00a0\u00bb{}\u00a0\u00bb][et_pb_column type=\u00a0\u00bb4_4&Prime; _builder_version=\u00a0\u00bb4.24.2&Prime; _module_preset=\u00a0\u00bbdefault\u00a0\u00bb global_colors_info=\u00a0\u00bb{}\u00a0\u00bb][et_pb_text _builder_version=\u00a0\u00bb4.27.4&Prime; _module_preset=\u00a0\u00bbdefault\u00a0\u00bb header_font=\u00a0\u00bbHelvetica Neue|700|||||||\u00a0\u00bb header_text_align=\u00a0\u00bbleft\u00a0\u00bb header_text_color=\u00a0\u00bb#FFFFFF\u00a0\u00bb header_font_size=\u00a0\u00bb104px\u00a0\u00bb custom_margin=\u00a0\u00bb0px||0px||false|false\u00a0\u00bb custom_margin_tablet=\u00a0\u00bb0px||0px||false|false\u00a0\u00bb custom_margin_phone=\u00a0\u00bb0px||-8px||false|false\u00a0\u00bb custom_margin_last_edited=\u00a0\u00bbon|phone\u00a0\u00bb custom_padding=\u00a0\u00bb0px||0px||false|false\u00a0\u00bb animation_style=\u00a0\u00bbslide\u00a0\u00bb animation_direction=\u00a0\u00bbleft\u00a0\u00bb animation_intensity_slide=\u00a0\u00bb1%\u00a0\u00bb animation_speed_curve=\u00a0\u00bbease\u00a0\u00bb header_font_size_tablet=\u00a0\u00bb50px\u00a0\u00bb header_font_size_phone=\u00a0\u00bb30px\u00a0\u00bb header_font_size_last_edited=\u00a0\u00bbon|tablet\u00a0\u00bb inline_fonts=\u00a0\u00bbRetrocycles\u00a0\u00bb global_colors_info=\u00a0\u00bb{}\u00a0\u00bb]<\/p>\n<h1><span style=\"font-family: Retrocycles;\">Le 1er ao\u00fbt<\/span><br \/><span style=\"font-family: Retrocycles;\">\u00e0 Berne<\/span><\/h1>\n<h1><span style=\"font-family: Retrocycles;\">2025<\/span><\/h1>\n<p>[\/et_pb_text][et_pb_text _builder_version=\u00a0\u00bb4.27.4&Prime; _module_preset=\u00a0\u00bbdefault\u00a0\u00bb header_font=\u00a0\u00bbHelvetica Neue|700|||||||\u00a0\u00bb header_text_align=\u00a0\u00bbright\u00a0\u00bb header_text_color=\u00a0\u00bb#FFFFFF\u00a0\u00bb header_font_size=\u00a0\u00bb51px\u00a0\u00bb custom_margin=\u00a0\u00bb0px||15px||false|false\u00a0\u00bb custom_margin_tablet=\u00a0\u00bb0px||15px||false|false\u00a0\u00bb custom_margin_phone=\u00a0\u00bb0px||10px||false|false\u00a0\u00bb custom_margin_last_edited=\u00a0\u00bbon|phone\u00a0\u00bb custom_padding=\u00a0\u00bb0px||0px||false|false\u00a0\u00bb animation_style=\u00a0\u00bbslide\u00a0\u00bb animation_direction=\u00a0\u00bbright\u00a0\u00bb animation_intensity_slide=\u00a0\u00bb1%\u00a0\u00bb animation_speed_curve=\u00a0\u00bbease\u00a0\u00bb header_text_align_tablet=\u00a0\u00bbright\u00a0\u00bb header_text_align_phone=\u00a0\u00bbleft\u00a0\u00bb header_text_align_last_edited=\u00a0\u00bbon|phone\u00a0\u00bb header_font_size_tablet=\u00a0\u00bb50px\u00a0\u00bb header_font_size_phone=\u00a0\u00bb30px\u00a0\u00bb header_font_size_last_edited=\u00a0\u00bbon|tablet\u00a0\u00bb global_colors_info=\u00a0\u00bb{}\u00a0\u00bb]<\/p>\n<h1 style=\"text-align: left;\">La f\u00eate pour Berne et la Suisse<\/h1>\n<p>[\/et_pb_text][et_pb_button button_url=\u00a0\u00bb#programme\u00a0\u00bb button_text=\u00a0\u00bbVers le programme\u00a0\u00bb button_alignment=\u00a0\u00bbleft\u00a0\u00bb _builder_version=\u00a0\u00bb4.27.4&Prime; _module_preset=\u00a0\u00bbdefault\u00a0\u00bb custom_button=\u00a0\u00bbon\u00a0\u00bb button_text_size=\u00a0\u00bb16px\u00a0\u00bb button_text_color=\u00a0\u00bb#000000&Prime; button_bg_color=\u00a0\u00bb#FFFFFF\u00a0\u00bb button_border_width=\u00a0\u00bb0px\u00a0\u00bb button_border_radius=\u00a0\u00bb0px\u00a0\u00bb button_font=\u00a0\u00bbHelvetica Neue|700||on|||||\u00a0\u00bb button_use_icon=\u00a0\u00bboff\u00a0\u00bb custom_margin=\u00a0\u00bb0px||0px|50%|false|false\u00a0\u00bb custom_margin_tablet=\u00a0\u00bb0px||35px|0%|false|false\u00a0\u00bb custom_margin_phone=\u00a0\u00bb0px||35px|0%|false|false\u00a0\u00bb custom_margin_last_edited=\u00a0\u00bbon|tablet\u00a0\u00bb custom_padding=\u00a0\u00bb17px|40px|17px|40px|false|false\u00a0\u00bb animation_style=\u00a0\u00bbslide\u00a0\u00bb animation_direction=\u00a0\u00bbright\u00a0\u00bb animation_intensity_slide=\u00a0\u00bb4%\u00a0\u00bb animation_speed_curve=\u00a0\u00bbease\u00a0\u00bb hover_enabled=\u00a0\u00bb0&Prime; global_colors_info=\u00a0\u00bb{}\u00a0\u00bb button_letter_spacing__hover_enabled=\u00a0\u00bbon|hover\u00a0\u00bb button_letter_spacing__hover=\u00a0\u00bb0px\u00a0\u00bb sticky_enabled=\u00a0\u00bb0&Prime;][\/et_pb_button][\/et_pb_column][\/et_pb_row][\/et_pb_section][et_pb_section fb_built=\u00a0\u00bb1&Prime; custom_padding_last_edited=\u00a0\u00bbon|tablet\u00a0\u00bb admin_label=\u00a0\u00bbSektion\u00a0\u00bb _builder_version=\u00a0\u00bb4.27.4&Prime; _module_preset=\u00a0\u00bbdefault\u00a0\u00bb background_color=\u00a0\u00bbgcid-a3ec447e-29b1-4129-8b69-aa5a8097feda\u00a0\u00bb custom_margin=\u00a0\u00bb0px||0px||false|false\u00a0\u00bb custom_padding=\u00a0\u00bb130px||140px||false|false\u00a0\u00bb custom_padding_tablet=\u00a0\u00bb0px||120px||false|false\u00a0\u00bb custom_padding_phone=\u00a0\u00bb||90px||false|false\u00a0\u00bb animation_style=\u00a0\u00bbfade\u00a0\u00bb animation_speed_curve=\u00a0\u00bbease\u00a0\u00bb global_colors_info=\u00a0\u00bb{%22gcid-a3ec447e-29b1-4129-8b69-aa5a8097feda%22:%91%22background_color%22%93}\u00a0\u00bb][et_pb_row _builder_version=\u00a0\u00bb4.27.4&Prime; _module_preset=\u00a0\u00bbdefault\u00a0\u00bb background_image=\u00a0\u00bbhttps:\/\/ideebern.ch\/wp-content\/uploads\/2024\/12\/ca124fea-7e2b-4f28-a24b-7aa48d8b7a17.jpg\u00a0\u00bb positioning=\u00a0\u00bbabsolute\u00a0\u00bb vertical_offset=\u00a0\u00bb-106px\u00a0\u00bb position_origin_a_tablet=\u00a0\u00bbtop_right\u00a0\u00bb position_origin_a_phone=\u00a0\u00bbtop_right\u00a0\u00bb position_origin_a_last_edited=\u00a0\u00bbon|tablet\u00a0\u00bb position_origin_f_tablet=\u00a0\u00bb\u00a0\u00bb position_origin_f_phone=\u00a0\u00bb\u00a0\u00bb position_origin_f_last_edited=\u00a0\u00bbon|tablet\u00a0\u00bb position_origin_r_tablet=\u00a0\u00bb\u00a0\u00bb position_origin_r_phone=\u00a0\u00bb\u00a0\u00bb position_origin_r_last_edited=\u00a0\u00bbon|tablet\u00a0\u00bb width=\u00a0\u00bb44%\u00a0\u00bb width_tablet=\u00a0\u00bb100%\u00a0\u00bb width_phone=\u00a0\u00bb100%\u00a0\u00bb width_last_edited=\u00a0\u00bbon|tablet\u00a0\u00bb max_width=\u00a0\u00bb44%\u00a0\u00bb max_width_tablet=\u00a0\u00bb100%\u00a0\u00bb max_width_phone=\u00a0\u00bb100%\u00a0\u00bb max_width_last_edited=\u00a0\u00bbon|tablet\u00a0\u00bb min_height=\u00a0\u00bb700px\u00a0\u00bb min_height_tablet=\u00a0\u00bb678px\u00a0\u00bb min_height_phone=\u00a0\u00bb330px\u00a0\u00bb min_height_last_edited=\u00a0\u00bbon|phone\u00a0\u00bb custom_margin=\u00a0\u00bb0px||0px||false|false\u00a0\u00bb custom_margin_tablet=\u00a0\u00bb0px||90px||false|false\u00a0\u00bb custom_margin_phone=\u00a0\u00bb||55px||false|false\u00a0\u00bb custom_margin_last_edited=\u00a0\u00bbon|tablet\u00a0\u00bb custom_padding=\u00a0\u00bb0px||0px||false|false\u00a0\u00bb animation_style=\u00a0\u00bbslide\u00a0\u00bb animation_direction=\u00a0\u00bbright\u00a0\u00bb animation_intensity_slide=\u00a0\u00bb2%\u00a0\u00bb animation_speed_curve=\u00a0\u00bbease\u00a0\u00bb positioning_tablet=\u00a0\u00bbnone\u00a0\u00bb positioning_phone=\u00a0\u00bbnone\u00a0\u00bb positioning_last_edited=\u00a0\u00bbon|tablet\u00a0\u00bb global_colors_info=\u00a0\u00bb{}\u00a0\u00bb][et_pb_column type=\u00a0\u00bb4_4&Prime; _builder_version=\u00a0\u00bb4.24.2&Prime; _module_preset=\u00a0\u00bbdefault\u00a0\u00bb global_colors_info=\u00a0\u00bb{}\u00a0\u00bb][\/et_pb_column][\/et_pb_row][et_pb_row column_structure=\u00a0\u00bb1_2,1_2&Prime; use_custom_gutter=\u00a0\u00bbon\u00a0\u00bb gutter_width=\u00a0\u00bb1&Prime; _builder_version=\u00a0\u00bb4.24.2&Prime; _module_preset=\u00a0\u00bbdefault\u00a0\u00bb width=\u00a0\u00bb90%\u00a0\u00bb max_width=\u00a0\u00bb1296px\u00a0\u00bb min_height=\u00a0\u00bb488.8px\u00a0\u00bb custom_margin=\u00a0\u00bb0px||0px||false|false\u00a0\u00bb custom_padding=\u00a0\u00bb0px||0px||false|false\u00a0\u00bb global_colors_info=\u00a0\u00bb{}\u00a0\u00bb][et_pb_column type=\u00a0\u00bb1_2&Prime; disabled_on=\u00a0\u00bbon|on|off\u00a0\u00bb _builder_version=\u00a0\u00bb4.24.2&Prime; _module_preset=\u00a0\u00bbdefault\u00a0\u00bb custom_padding=\u00a0\u00bb|80px|||false|false\u00a0\u00bb custom_padding_tablet=\u00a0\u00bb|0px|||false|false\u00a0\u00bb custom_padding_phone=\u00a0\u00bb|0px|||false|false\u00a0\u00bb custom_padding_last_edited=\u00a0\u00bbon|tablet\u00a0\u00bb global_colors_info=\u00a0\u00bb{}\u00a0\u00bb][\/et_pb_column][et_pb_column type=\u00a0\u00bb1_2&Prime; _builder_version=\u00a0\u00bb4.24.2&Prime; _module_preset=\u00a0\u00bbdefault\u00a0\u00bb custom_padding_tablet=\u00a0\u00bb0px|0px||0px|false|false\u00a0\u00bb custom_padding_phone=\u00a0\u00bb0px|0px||0px|false|false\u00a0\u00bb custom_padding_last_edited=\u00a0\u00bboff|desktop\u00a0\u00bb custom_css_main_element=\u00a0\u00bbmargin-top:auto;\u00a0\u00bb global_colors_info=\u00a0\u00bb{}\u00a0\u00bb][et_pb_text _builder_version=\u00a0\u00bb4.27.4&Prime; _module_preset=\u00a0\u00bbdefault\u00a0\u00bb header_2_font=\u00a0\u00bbRetrocycles|700|||||||\u00a0\u00bb header_2_text_align=\u00a0\u00bbleft\u00a0\u00bb header_2_text_color=\u00a0\u00bb#FFFFFF\u00a0\u00bb header_2_font_size=\u00a0\u00bb52px\u00a0\u00bb header_2_letter_spacing=\u00a0\u00bb-1px\u00a0\u00bb header_2_line_height=\u00a0\u00bb1.1em\u00a0\u00bb max_width=\u00a0\u00bb635px\u00a0\u00bb custom_margin=\u00a0\u00bb0px||25px||false|false\u00a0\u00bb custom_padding=\u00a0\u00bb0px||0px||false|false\u00a0\u00bb header_2_font_size_tablet=\u00a0\u00bb42px\u00a0\u00bb header_2_font_size_phone=\u00a0\u00bb26px\u00a0\u00bb header_2_font_size_last_edited=\u00a0\u00bbon|tablet\u00a0\u00bb global_colors_info=\u00a0\u00bb{}\u00a0\u00bb]<\/p>\n<h2><span style=\"text-decoration: underline;\">La Place f\u00e9d\u00e9rale vous appelle !<\/span><\/h2>\n<p>[\/et_pb_text][et_pb_text _builder_version=\u00a0\u00bb4.27.4&Prime; _module_preset=\u00a0\u00bbdefault\u00a0\u00bb text_font=\u00a0\u00bbHelvetica Neue||||||||\u00a0\u00bb text_text_color=\u00a0\u00bb#FFFFFF\u00a0\u00bb text_font_size=\u00a0\u00bb18px\u00a0\u00bb text_line_height=\u00a0\u00bb1.6em\u00a0\u00bb max_width=\u00a0\u00bb635px\u00a0\u00bb custom_margin=\u00a0\u00bb0px||35px||false|false\u00a0\u00bb custom_padding=\u00a0\u00bb0px||0px||false|false\u00a0\u00bb global_colors_info=\u00a0\u00bb{}\u00a0\u00bb]<\/p>\n<p><span>Le 1er ao\u00fbt, la place f\u00e9d\u00e9rale de Berne accueillera une f\u00eate d&rsquo;anniversaire pour la Suisse.<\/span><\/p>\n<p><span class=\"relative -mx-px my-[-0.2rem] rounded px-px py-[0.2rem] transition-colors duration-100 ease-in-out\">De 11h \u00e0 23h30, la place f\u00e9d\u00e9rale de Berne se transforme en un lieu de rencontre anim\u00e9 pour petits et grands. Vous y trouverez   <\/span><span class=\"relative -mx-px my-[-0.2rem] rounded px-px py-[0.2rem] transition-colors duration-100 ease-in-out\">Un programme vari\u00e9 de musique, de culture et de gastronomie, plac\u00e9 sous le signe de la communaut\u00e9, de l&rsquo;ouverture et de la diversit\u00e9.<\/span><\/p>\n<p>Venez faire la f\u00eate !<\/p>\n<p>[\/et_pb_text][\/et_pb_column][\/et_pb_row][\/et_pb_section][et_pb_section fb_built=\u00a0\u00bb1&Prime; custom_padding_last_edited=\u00a0\u00bbon|tablet\u00a0\u00bb _builder_version=\u00a0\u00bb4.27.4&Prime; _module_preset=\u00a0\u00bbdefault\u00a0\u00bb custom_margin=\u00a0\u00bb0px||0px||false|false\u00a0\u00bb custom_padding=\u00a0\u00bb130px||130px||false|false\u00a0\u00bb custom_padding_tablet=\u00a0\u00bb110px||220px||false|false\u00a0\u00bb custom_padding_phone=\u00a0\u00bb90px||180px||false|false\u00a0\u00bb global_colors_info=\u00a0\u00bb{}\u00a0\u00bb][et_pb_row _builder_version=\u00a0\u00bb4.24.2&Prime; _module_preset=\u00a0\u00bbdefault\u00a0\u00bb width=\u00a0\u00bb90%\u00a0\u00bb max_width=\u00a0\u00bb635px\u00a0\u00bb custom_margin=\u00a0\u00bb0px||37px||false|false\u00a0\u00bb custom_padding=\u00a0\u00bb0px||0px||false|false\u00a0\u00bb global_colors_info=\u00a0\u00bb{}\u00a0\u00bb][et_pb_column type=\u00a0\u00bb4_4&Prime; _builder_version=\u00a0\u00bb4.24.2&Prime; _module_preset=\u00a0\u00bbdefault\u00a0\u00bb global_colors_info=\u00a0\u00bb{}\u00a0\u00bb][et_pb_text _builder_version=\u00a0\u00bb4.27.4&Prime; _module_preset=\u00a0\u00bbdefault\u00a0\u00bb header_2_font=\u00a0\u00bbHelvetica Neue|700|||||||\u00a0\u00bb header_2_text_align=\u00a0\u00bbcenter\u00a0\u00bb header_2_text_color=\u00a0\u00bb#555252&Prime; header_2_font_size=\u00a0\u00bb52px\u00a0\u00bb header_2_letter_spacing=\u00a0\u00bb-1px\u00a0\u00bb header_2_line_height=\u00a0\u00bb1.1em\u00a0\u00bb max_width=\u00a0\u00bb635px\u00a0\u00bb custom_margin=\u00a0\u00bb0px||0px||false|false\u00a0\u00bb custom_padding=\u00a0\u00bb0px||0px||false|false\u00a0\u00bb header_2_font_size_tablet=\u00a0\u00bb42px\u00a0\u00bb header_2_font_size_phone=\u00a0\u00bb26px\u00a0\u00bb header_2_font_size_last_edited=\u00a0\u00bbon|tablet\u00a0\u00bb global_colors_info=\u00a0\u00bb{}\u00a0\u00bb]<\/p>\n<h2><span style=\"text-decoration: underline;\">Impressions<\/span><\/h2>\n<p>[\/et_pb_text][et_pb_text _builder_version=\u00a0\u00bb4.27.4&Prime; _module_preset=\u00a0\u00bbdefault\u00a0\u00bb text_font=\u00a0\u00bbHelvetica Neue||||||||\u00a0\u00bb text_text_color=\u00a0\u00bb#3A534D\u00a0\u00bb text_font_size=\u00a0\u00bb18px\u00a0\u00bb text_line_height=\u00a0\u00bb1.6em\u00a0\u00bb max_width=\u00a0\u00bb635px\u00a0\u00bb custom_margin=\u00a0\u00bb0px||35px||false|false\u00a0\u00bb custom_padding=\u00a0\u00bb0px||0px||false|false\u00a0\u00bb global_colors_info=\u00a0\u00bb{}\u00a0\u00bb]<\/p>\n<p style=\"text-align: center;\"><span class=\"wixui-rich-text__text\">La Suisse a f\u00eat\u00e9 un anniversaire particulier en 2023 :<span> <\/span>175 ans de Constitution f\u00e9d\u00e9rale. En 1848, ce document particulier a \u00e9t\u00e9 sign\u00e9 et la Suisse est devenue le pays d\u00e9mocratique que nous connaissons aujourd&rsquo;hui. Parall\u00e8lement, Berne a \u00e9t\u00e9 choisie comme capitale.  <span> <\/span><\/span><span class=\"wixui-rich-text__text\">En l&rsquo;honneur de ces deux anniversaires, nous avons fait la f\u00eate pendant deux jours. Vous trouverez dans la vid\u00e9o quelques impressions du 31 juillet 2023.   <\/span><span class=\"wixui-rich-text__text\">Amusez-vous bien !<\/span><\/p>\n<p>[\/et_pb_text][\/et_pb_column][\/et_pb_row][et_pb_row _builder_version=\u00a0\u00bb4.27.4&Prime; _module_preset=\u00a0\u00bbdefault\u00a0\u00bb global_colors_info=\u00a0\u00bb{}\u00a0\u00bb][et_pb_column type=\u00a0\u00bb4_4&Prime; _builder_version=\u00a0\u00bb4.27.4&Prime; _module_preset=\u00a0\u00bbdefault\u00a0\u00bb global_colors_info=\u00a0\u00bb{}\u00a0\u00bb][et_pb_video src=\u00a0\u00bbhttps:\/\/ideebern.ch\/wp-content\/uploads\/2025\/03\/Film-1.-August-23-720p.mp4&Prime; _builder_version=\u00a0\u00bb4.27.4&Prime; _module_preset=\u00a0\u00bbdefault\u00a0\u00bb global_colors_info=\u00a0\u00bb{}\u00a0\u00bb][\/et_pb_video][\/et_pb_column][\/et_pb_row][\/et_pb_section][et_pb_section fb_built=\u00a0\u00bb1&Prime; custom_padding_last_edited=\u00a0\u00bbon|tablet\u00a0\u00bb disabled_on=\u00a0\u00bboff|off|off\u00a0\u00bb admin_label=\u00a0\u00bbSektion\u00a0\u00bb _builder_version=\u00a0\u00bb4.27.4&Prime; _module_preset=\u00a0\u00bbdefault\u00a0\u00bb background_color=\u00a0\u00bbgcid-a3ec447e-29b1-4129-8b69-aa5a8097feda\u00a0\u00bb custom_margin=\u00a0\u00bb0px||0px||false|false\u00a0\u00bb custom_padding=\u00a0\u00bb130px||0px||false|false\u00a0\u00bb custom_padding_tablet=\u00a0\u00bb0px||120px||false|false\u00a0\u00bb custom_padding_phone=\u00a0\u00bb||90px||false|false\u00a0\u00bb animation_style=\u00a0\u00bbfade\u00a0\u00bb animation_speed_curve=\u00a0\u00bbease\u00a0\u00bb locked=\u00a0\u00bboff\u00a0\u00bb global_colors_info=\u00a0\u00bb{%22gcid-a3ec447e-29b1-4129-8b69-aa5a8097feda%22:%91%22background_color%22%93}\u00a0\u00bb][et_pb_row column_structure=\u00a0\u00bb1_3,1_3,1_3&Prime; _builder_version=\u00a0\u00bb4.27.4&Prime; _module_preset=\u00a0\u00bbdefault\u00a0\u00bb width=\u00a0\u00bb90%\u00a0\u00bb max_width=\u00a0\u00bb1296px\u00a0\u00bb custom_margin=\u00a0\u00bb0px||0px||false|false\u00a0\u00bb custom_padding=\u00a0\u00bb0px||0px||false|false\u00a0\u00bb global_colors_info=\u00a0\u00bb{}\u00a0\u00bb][et_pb_column type=\u00a0\u00bb1_3&Prime; disabled_on=\u00a0\u00bbon|on|off\u00a0\u00bb _builder_version=\u00a0\u00bb4.24.2&Prime; _module_preset=\u00a0\u00bbdefault\u00a0\u00bb custom_padding=\u00a0\u00bb|80px|||false|false\u00a0\u00bb custom_padding_tablet=\u00a0\u00bb|0px|||false|false\u00a0\u00bb custom_padding_phone=\u00a0\u00bb|0px|||false|false\u00a0\u00bb custom_padding_last_edited=\u00a0\u00bbon|tablet\u00a0\u00bb global_colors_info=\u00a0\u00bb{}\u00a0\u00bb][et_pb_text _builder_version=\u00a0\u00bb4.27.4&Prime; _module_preset=\u00a0\u00bbdefault\u00a0\u00bb header_2_font=\u00a0\u00bbRetrocycles|700|||||||\u00a0\u00bb header_2_text_align=\u00a0\u00bbleft\u00a0\u00bb header_2_text_color=\u00a0\u00bb#FFFFFF\u00a0\u00bb header_2_font_size=\u00a0\u00bb52px\u00a0\u00bb header_2_letter_spacing=\u00a0\u00bb-1px\u00a0\u00bb header_2_line_height=\u00a0\u00bb1.1em\u00a0\u00bb max_width=\u00a0\u00bb635px\u00a0\u00bb custom_margin=\u00a0\u00bb-54px|-46px|25px||false|false\u00a0\u00bb custom_padding=\u00a0\u00bb0px||0px||false|false\u00a0\u00bb link_option_url=\u00a0\u00bb#geburtstagsfest\u00a0\u00bb header_2_font_size_tablet=\u00a0\u00bb42px\u00a0\u00bb header_2_font_size_phone=\u00a0\u00bb26px\u00a0\u00bb header_2_font_size_last_edited=\u00a0\u00bbon|tablet\u00a0\u00bb global_colors_info=\u00a0\u00bb{}\u00a0\u00bb]<\/p>\n<h2>F\u00eate d&rsquo;anniversaire<\/h2>\n<p>[\/et_pb_text][et_pb_image src=\u00a0\u00bbhttps:\/\/ideebern.ch\/wp-content\/uploads\/2025\/06\/BF19-16-Perimeter.jpg\u00a0\u00bb title_text=\u00a0\u00bbEv\u00e9nements\u00a0\u00bb url=\u00a0\u00bb#\u00a0\u00bb _builder_version=\u00a0\u00bb4.27.4&Prime; _module_preset=\u00a0\u00bbdefault\u00a0\u00bb custom_margin=\u00a0\u00bb0px||34px||false|false\u00a0\u00bb custom_margin_tablet=\u00a0\u00bb140px||34px||false|false\u00a0\u00bb custom_margin_phone=\u00a0\u00bb0px||34px||false|false\u00a0\u00bb custom_margin_last_edited=\u00a0\u00bbon|phone\u00a0\u00bb custom_padding=\u00a0\u00bb0px||0px||false|false\u00a0\u00bb animation_style=\u00a0\u00bbslide\u00a0\u00bb animation_direction=\u00a0\u00bbtop\u00a0\u00bb animation_intensity_slide=\u00a0\u00bb3%\u00a0\u00bb animation_speed_curve=\u00a0\u00bbease\u00a0\u00bb global_colors_info=\u00a0\u00bb{}\u00a0\u00bb][\/et_pb_image][et_pb_text _builder_version=\u00a0\u00bb4.27.4&Prime; _module_preset=\u00a0\u00bbdefault\u00a0\u00bb header_text_align=\u00a0\u00bbright\u00a0\u00bb header_2_font=\u00a0\u00bbRetrocycles|700|||||||\u00a0\u00bb header_2_text_align=\u00a0\u00bbleft\u00a0\u00bb header_2_text_color=\u00a0\u00bb#FFFFFF\u00a0\u00bb header_2_font_size=\u00a0\u00bb52px\u00a0\u00bb header_2_letter_spacing=\u00a0\u00bb-1px\u00a0\u00bb header_2_line_height=\u00a0\u00bb1.1em\u00a0\u00bb max_width=\u00a0\u00bb910px\u00a0\u00bb custom_margin=\u00a0\u00bb0px||25px||false|false\u00a0\u00bb custom_padding=\u00a0\u00bb0px||0px||false|false\u00a0\u00bb link_option_url=\u00a0\u00bb#genussmeile\u00a0\u00bb header_2_font_size_tablet=\u00a0\u00bb42px\u00a0\u00bb header_2_font_size_phone=\u00a0\u00bb26px\u00a0\u00bb header_2_font_size_last_edited=\u00a0\u00bbon|tablet\u00a0\u00bb global_colors_info=\u00a0\u00bb{}\u00a0\u00bb]<\/p>\n<h2 style=\"text-align: right;\">Mile des saveurs<\/h2>\n<p>[\/et_pb_text][et_pb_image src=\u00a0\u00bbhttps:\/\/ideebern.ch\/wp-content\/uploads\/2025\/06\/BF19-2-Grill-1.jpg\u00a0\u00bb title_text=\u00a0\u00bbEv\u00e9nements\u00a0\u00bb url=\u00a0\u00bb#\u00a0\u00bb _builder_version=\u00a0\u00bb4.27.4&Prime; _module_preset=\u00a0\u00bbdefault\u00a0\u00bb custom_margin=\u00a0\u00bb0px|-4px|34px||false|false\u00a0\u00bb custom_margin_tablet=\u00a0\u00bb140px||34px||false|false\u00a0\u00bb custom_margin_phone=\u00a0\u00bb0px||34px||false|false\u00a0\u00bb custom_margin_last_edited=\u00a0\u00bbon|phone\u00a0\u00bb custom_padding=\u00a0\u00bb0px||0px||false|false\u00a0\u00bb animation_style=\u00a0\u00bbslide\u00a0\u00bb animation_direction=\u00a0\u00bbtop\u00a0\u00bb animation_intensity_slide=\u00a0\u00bb3%\u00a0\u00bb animation_speed_curve=\u00a0\u00bbease\u00a0\u00bb global_colors_info=\u00a0\u00bb{}\u00a0\u00bb][\/et_pb_image][et_pb_image src=\u00a0\u00bbhttps:\/\/ideebern.ch\/wp-content\/uploads\/2025\/01\/Bundesfeier-2024-Ballone-blau2.png\u00a0\u00bb title_text=\u00a0\u00bbF\u00eate nationale 2024 Ballons bleus2&Prime; _builder_version=\u00a0\u00bb4.27.4&Prime; _module_preset=\u00a0\u00bbdefault\u00a0\u00bb width=\u00a0\u00bb59%\u00a0\u00bb custom_margin=\u00a0\u00bb112px||||false|false\u00a0\u00bb global_colors_info=\u00a0\u00bb{}\u00a0\u00bb][\/et_pb_image][\/et_pb_column][et_pb_column type=\u00a0\u00bb1_3&Prime; _builder_version=\u00a0\u00bb4.24.2&Prime; _module_preset=\u00a0\u00bbdefault\u00a0\u00bb custom_padding_tablet=\u00a0\u00bb0px|0px||0px|false|false\u00a0\u00bb custom_padding_phone=\u00a0\u00bb0px|0px||0px|false|false\u00a0\u00bb custom_padding_last_edited=\u00a0\u00bboff|desktop\u00a0\u00bb custom_css_main_element=\u00a0\u00bbmargin-top:auto;\u00a0\u00bb global_colors_info=\u00a0\u00bb{}\u00a0\u00bb][et_pb_text _builder_version=\u00a0\u00bb4.27.4&Prime; _module_preset=\u00a0\u00bbdefault\u00a0\u00bb header_2_font=\u00a0\u00bbRetrocycles|700|||||||\u00a0\u00bb header_2_text_align=\u00a0\u00bbleft\u00a0\u00bb header_2_text_color=\u00a0\u00bb#FFFFFF\u00a0\u00bb header_2_font_size=\u00a0\u00bb52px\u00a0\u00bb header_2_letter_spacing=\u00a0\u00bb-1px\u00a0\u00bb header_2_line_height=\u00a0\u00bb1.1em\u00a0\u00bb background_enable_image=\u00a0\u00bboff\u00a0\u00bb max_width=\u00a0\u00bb693px\u00a0\u00bb custom_margin=\u00a0\u00bb35px||25px||false|false\u00a0\u00bb custom_padding=\u00a0\u00bb0px||0px|0px|false|false\u00a0\u00bb link_option_url=\u00a0\u00bb#konzerte\u00a0\u00bb header_2_font_size_tablet=\u00a0\u00bb42px\u00a0\u00bb header_2_font_size_phone=\u00a0\u00bb26px\u00a0\u00bb header_2_font_size_last_edited=\u00a0\u00bbon|tablet\u00a0\u00bb global_colors_info=\u00a0\u00bb{}\u00a0\u00bb]<\/p>\n<h2>Concerts<\/h2>\n<p>[\/et_pb_text][et_pb_image src=\u00a0\u00bbhttps:\/\/ideebern.ch\/wp-content\/uploads\/2024\/12\/f2a209f9-4795-4159-8825-6ec69fa753b0.jpg\u00a0\u00bb title_text=\u00a0\u00bbf2a209f9-4795-4159-8825-6ec69fa753b0&Prime; _builder_version=\u00a0\u00bb4.27.4&Prime; _module_preset=\u00a0\u00bbdefault\u00a0\u00bb global_colors_info=\u00a0\u00bb{}\u00a0\u00bb][\/et_pb_image][et_pb_text _builder_version=\u00a0\u00bb4.27.4&Prime; _module_preset=\u00a0\u00bbdefault\u00a0\u00bb header_2_font=\u00a0\u00bbRetrocycles|700|||||||\u00a0\u00bb header_2_text_align=\u00a0\u00bbleft\u00a0\u00bb header_2_text_color=\u00a0\u00bb#FFFFFF\u00a0\u00bb header_2_font_size=\u00a0\u00bb52px\u00a0\u00bb header_2_letter_spacing=\u00a0\u00bb-1px\u00a0\u00bb header_2_line_height=\u00a0\u00bb1.1em\u00a0\u00bb background_enable_image=\u00a0\u00bboff\u00a0\u00bb max_width=\u00a0\u00bb635px\u00a0\u00bb custom_margin=\u00a0\u00bb0px||25px||false|false\u00a0\u00bb custom_padding=\u00a0\u00bb0px||0px||false|false\u00a0\u00bb link_option_url=\u00a0\u00bb#familienprogramm\u00a0\u00bb header_2_font_size_tablet=\u00a0\u00bb42px\u00a0\u00bb header_2_font_size_phone=\u00a0\u00bb26px\u00a0\u00bb header_2_font_size_last_edited=\u00a0\u00bbon|tablet\u00a0\u00bb global_colors_info=\u00a0\u00bb{}\u00a0\u00bb]<\/p>\n<h2>Programme familial<\/h2>\n<p>[\/et_pb_text][et_pb_image src=\u00a0\u00bbhttps:\/\/ideebern.ch\/wp-content\/uploads\/2025\/06\/BF19-8-Baerner-Chaschperli-Gutsche.jpg\u00a0\u00bb title_text=\u00a0\u00bbEv\u00e9nements\u00a0\u00bb _builder_version=\u00a0\u00bb4.27.4&Prime; _module_preset=\u00a0\u00bbdefault\u00a0\u00bb global_colors_info=\u00a0\u00bb{}\u00a0\u00bb][\/et_pb_image][\/et_pb_column][et_pb_column type=\u00a0\u00bb1_3&Prime; _builder_version=\u00a0\u00bb4.24.2&Prime; _module_preset=\u00a0\u00bbdefault\u00a0\u00bb custom_padding_tablet=\u00a0\u00bb0px|0px||0px|false|false\u00a0\u00bb custom_padding_phone=\u00a0\u00bb0px|0px||0px|false|false\u00a0\u00bb custom_padding_last_edited=\u00a0\u00bboff|desktop\u00a0\u00bb custom_css_main_element=\u00a0\u00bbmargin-top:auto;\u00a0\u00bb global_colors_info=\u00a0\u00bb{}\u00a0\u00bb][et_pb_text _builder_version=\u00a0\u00bb4.27.4&Prime; _module_preset=\u00a0\u00bbdefault\u00a0\u00bb header_2_font=\u00a0\u00bbRetrocycles|700|||||||\u00a0\u00bb header_2_text_align=\u00a0\u00bbleft\u00a0\u00bb header_2_text_color=\u00a0\u00bb#FFFFFF\u00a0\u00bb header_2_font_size=\u00a0\u00bb52px\u00a0\u00bb header_2_letter_spacing=\u00a0\u00bb-1px\u00a0\u00bb header_2_line_height=\u00a0\u00bb1.1em\u00a0\u00bb max_width=\u00a0\u00bb635px\u00a0\u00bb custom_margin=\u00a0\u00bb107px||25px||false|false\u00a0\u00bb custom_padding=\u00a0\u00bb0px||0px||false|false\u00a0\u00bb link_option_url=\u00a0\u00bb#entdecken\u00a0\u00bb header_2_font_size_tablet=\u00a0\u00bb42px\u00a0\u00bb header_2_font_size_phone=\u00a0\u00bb26px\u00a0\u00bb header_2_font_size_last_edited=\u00a0\u00bbon|tablet\u00a0\u00bb global_colors_info=\u00a0\u00bb{}\u00a0\u00bb]<\/p>\n<h2>D\u00e9couvrir<\/h2>\n<p>[\/et_pb_text][et_pb_image src=\u00a0\u00bbhttps:\/\/ideebern.ch\/wp-content\/uploads\/2025\/06\/BF19-21-Busfahrten.jpg\u00a0\u00bb title_text=\u00a0\u00bbEv\u00e9nements\u00a0\u00bb url=\u00a0\u00bb#\u00a0\u00bb _builder_version=\u00a0\u00bb4.27.4&Prime; _module_preset=\u00a0\u00bbdefault\u00a0\u00bb custom_margin=\u00a0\u00bb0px||34px||false|false\u00a0\u00bb custom_margin_tablet=\u00a0\u00bb140px||34px||false|false\u00a0\u00bb custom_margin_phone=\u00a0\u00bb0px||34px||false|false\u00a0\u00bb custom_margin_last_edited=\u00a0\u00bbon|phone\u00a0\u00bb custom_padding=\u00a0\u00bb0px||0px||false|false\u00a0\u00bb animation_style=\u00a0\u00bbslide\u00a0\u00bb animation_direction=\u00a0\u00bbtop\u00a0\u00bb animation_intensity_slide=\u00a0\u00bb3%\u00a0\u00bb animation_speed_curve=\u00a0\u00bbease\u00a0\u00bb global_colors_info=\u00a0\u00bb{}\u00a0\u00bb][\/et_pb_image][et_pb_text _builder_version=\u00a0\u00bb4.27.4&Prime; _module_preset=\u00a0\u00bbdefault\u00a0\u00bb header_2_font=\u00a0\u00bbRetrocycles|700|||||||\u00a0\u00bb header_2_text_align=\u00a0\u00bbleft\u00a0\u00bb header_2_text_color=\u00a0\u00bb#FFFFFF\u00a0\u00bb header_2_font_size=\u00a0\u00bb52px\u00a0\u00bb header_2_letter_spacing=\u00a0\u00bb-1px\u00a0\u00bb header_2_line_height=\u00a0\u00bb1.1em\u00a0\u00bb max_width=\u00a0\u00bb635px\u00a0\u00bb custom_margin=\u00a0\u00bb0px||25px||false|false\u00a0\u00bb custom_padding=\u00a0\u00bb0px||0px||false|false\u00a0\u00bb link_option_url=\u00a0\u00bb#weiteres\u00a0\u00bb header_2_font_size_tablet=\u00a0\u00bb42px\u00a0\u00bb header_2_font_size_phone=\u00a0\u00bb26px\u00a0\u00bb header_2_font_size_last_edited=\u00a0\u00bbon|tablet\u00a0\u00bb global_colors_info=\u00a0\u00bb{}\u00a0\u00bb]<\/p>\n<h2>Autre<\/h2>\n<p>[\/et_pb_text][et_pb_image src=\u00a0\u00bbhttps:\/\/ideebern.ch\/wp-content\/uploads\/2025\/06\/BF19-12-Perimeter-3.jpg\u00a0\u00bb title_text=\u00a0\u00bbEv\u00e9nements\u00a0\u00bb url=\u00a0\u00bb#\u00a0\u00bb _builder_version=\u00a0\u00bb4.27.4&Prime; _module_preset=\u00a0\u00bbdefault\u00a0\u00bb custom_margin=\u00a0\u00bb0px||34px||false|false\u00a0\u00bb custom_margin_tablet=\u00a0\u00bb140px||34px||false|false\u00a0\u00bb custom_margin_phone=\u00a0\u00bb0px||34px||false|false\u00a0\u00bb custom_margin_last_edited=\u00a0\u00bbon|phone\u00a0\u00bb custom_padding=\u00a0\u00bb0px||0px||false|false\u00a0\u00bb animation_style=\u00a0\u00bbslide\u00a0\u00bb animation_direction=\u00a0\u00bbtop\u00a0\u00bb animation_intensity_slide=\u00a0\u00bb3%\u00a0\u00bb animation_speed_curve=\u00a0\u00bbease\u00a0\u00bb global_colors_info=\u00a0\u00bb{}\u00a0\u00bb][\/et_pb_image][\/et_pb_column][\/et_pb_row][\/et_pb_section][et_pb_section fb_built=\u00a0\u00bb1&Prime; custom_padding_last_edited=\u00a0\u00bbon|tablet\u00a0\u00bb module_id=\u00a0\u00bbprogramme\u00a0\u00bb _builder_version=\u00a0\u00bb4.27.4&Prime; _module_preset=\u00a0\u00bbdefault\u00a0\u00bb custom_margin=\u00a0\u00bb0px||-97px||false|false\u00a0\u00bb custom_padding=\u00a0\u00bb54px||||false|false\u00a0\u00bb custom_padding_tablet=\u00a0\u00bb110px||120px||false|false\u00a0\u00bb custom_padding_phone=\u00a0\u00bb85px||90px||false|false\u00a0\u00bb hover_enabled=\u00a0\u00bb0&Prime; locked=\u00a0\u00bboff\u00a0\u00bb global_colors_info=\u00a0\u00bb{}\u00a0\u00bb sticky_enabled=\u00a0\u00bb0&Prime;][et_pb_row _builder_version=\u00a0\u00bb4.27.4&Prime; _module_preset=\u00a0\u00bbdefault\u00a0\u00bb width=\u00a0\u00bb90%\u00a0\u00bb max_width=\u00a0\u00bb635px\u00a0\u00bb custom_margin=\u00a0\u00bb0px||37px||false|false\u00a0\u00bb custom_padding=\u00a0\u00bb0px||0px||false|false\u00a0\u00bb global_colors_info=\u00a0\u00bb{}\u00a0\u00bb][et_pb_column type=\u00a0\u00bb4_4&Prime; _builder_version=\u00a0\u00bb4.24.2&Prime; _module_preset=\u00a0\u00bbdefault\u00a0\u00bb global_colors_info=\u00a0\u00bb{}\u00a0\u00bb][et_pb_text module_id=\u00a0\u00bbprogramm\u00a0\u00bb _builder_version=\u00a0\u00bb4.27.4&Prime; _module_preset=\u00a0\u00bbdefault\u00a0\u00bb text_font=\u00a0\u00bb&#8211;et_global_body_font||||||||\u00a0\u00bb header_font=\u00a0\u00bb&#8211;et_global_heading_font||||||||\u00a0\u00bb header_2_font=\u00a0\u00bb&#8211;et_global_heading_font|700||on|||||\u00a0\u00bb header_2_text_align=\u00a0\u00bbcenter\u00a0\u00bb header_2_text_color=\u00a0\u00bb#000000&Prime; header_2_font_size=\u00a0\u00bb52px\u00a0\u00bb header_2_letter_spacing=\u00a0\u00bb-1px\u00a0\u00bb header_2_line_height=\u00a0\u00bb1.1em\u00a0\u00bb max_width=\u00a0\u00bb635px\u00a0\u00bb custom_margin=\u00a0\u00bb0px||37px||false|false\u00a0\u00bb custom_padding=\u00a0\u00bb0px||0px||false|false\u00a0\u00bb header_2_font_size_tablet=\u00a0\u00bb42px\u00a0\u00bb header_2_font_size_phone=\u00a0\u00bb26px\u00a0\u00bb header_2_font_size_last_edited=\u00a0\u00bbon|tablet\u00a0\u00bb global_colors_info=\u00a0\u00bb{}\u00a0\u00bb]<\/p>\n<h2>Programme de la f\u00eate du 1er ao\u00fbt \u00e0 Berne<\/h2>\n<p>[\/et_pb_text][\/et_pb_column][\/et_pb_row][\/et_pb_section][et_pb_section fb_built=\u00a0\u00bb1&Prime; admin_label=\u00a0\u00bbAbstand\u00a0\u00bb _builder_version=\u00a0\u00bb4.27.4&Prime; _module_preset=\u00a0\u00bbdefault\u00a0\u00bb global_colors_info=\u00a0\u00bb{}\u00a0\u00bb][\/et_pb_section][et_pb_section fb_built=\u00a0\u00bb1&Prime; custom_padding_last_edited=\u00a0\u00bbon|tablet\u00a0\u00bb disabled_on=\u00a0\u00bboff|off|off\u00a0\u00bb admin_label=\u00a0\u00bbGeburtstagsfest\u00a0\u00bb _builder_version=\u00a0\u00bb4.27.4&Prime; _module_preset=\u00a0\u00bbdefault\u00a0\u00bb background_color=\u00a0\u00bbgcid-primary-color\u00a0\u00bb custom_margin=\u00a0\u00bb0px||0px||false|false\u00a0\u00bb custom_padding=\u00a0\u00bb130px||0px||false|false\u00a0\u00bb custom_padding_tablet=\u00a0\u00bb0px||120px||false|false\u00a0\u00bb custom_padding_phone=\u00a0\u00bb||90px||false|false\u00a0\u00bb animation_style=\u00a0\u00bbfade\u00a0\u00bb animation_speed_curve=\u00a0\u00bbease\u00a0\u00bb locked=\u00a0\u00bboff\u00a0\u00bb global_colors_info=\u00a0\u00bb{%22gcid-primary-color%22:%91%22background_color%22%93}\u00a0\u00bb][et_pb_row admin_label=\u00a0\u00bbLigne\u00a0\u00bb _builder_version=\u00a0\u00bb4.27.4&Prime; _module_preset=\u00a0\u00bbdefault\u00a0\u00bb background_image=\u00a0\u00bbhttps:\/\/ideebern.ch\/wp-content\/uploads\/2025\/06\/QKLS1146.jpg\u00a0\u00bb positioning=\u00a0\u00bbabsolute\u00a0\u00bb vertical_offset=\u00a0\u00bb-106px\u00a0\u00bb position_origin_a_tablet=\u00a0\u00bbtop_right\u00a0\u00bb position_origin_a_phone=\u00a0\u00bbtop_right\u00a0\u00bb position_origin_a_last_edited=\u00a0\u00bbon|tablet\u00a0\u00bb position_origin_f_tablet=\u00a0\u00bb\u00a0\u00bb position_origin_f_phone=\u00a0\u00bb\u00a0\u00bb position_origin_f_last_edited=\u00a0\u00bbon|tablet\u00a0\u00bb position_origin_r_tablet=\u00a0\u00bb\u00a0\u00bb position_origin_r_phone=\u00a0\u00bb\u00a0\u00bb position_origin_r_last_edited=\u00a0\u00bbon|tablet\u00a0\u00bb width=\u00a0\u00bb44%\u00a0\u00bb width_tablet=\u00a0\u00bb100%\u00a0\u00bb width_phone=\u00a0\u00bb100%\u00a0\u00bb width_last_edited=\u00a0\u00bbon|tablet\u00a0\u00bb max_width=\u00a0\u00bb44%\u00a0\u00bb max_width_tablet=\u00a0\u00bb100%\u00a0\u00bb max_width_phone=\u00a0\u00bb100%\u00a0\u00bb max_width_last_edited=\u00a0\u00bbon|tablet\u00a0\u00bb min_height=\u00a0\u00bb700px\u00a0\u00bb min_height_tablet=\u00a0\u00bb678px\u00a0\u00bb min_height_phone=\u00a0\u00bb330px\u00a0\u00bb min_height_last_edited=\u00a0\u00bbon|phone\u00a0\u00bb custom_margin=\u00a0\u00bb0px||0px||false|false\u00a0\u00bb custom_margin_tablet=\u00a0\u00bb0px||90px||false|false\u00a0\u00bb custom_margin_phone=\u00a0\u00bb||55px||false|false\u00a0\u00bb custom_margin_last_edited=\u00a0\u00bbon|tablet\u00a0\u00bb custom_padding=\u00a0\u00bb0px||0px||false|false\u00a0\u00bb animation_style=\u00a0\u00bbslide\u00a0\u00bb animation_direction=\u00a0\u00bbright\u00a0\u00bb animation_intensity_slide=\u00a0\u00bb2%\u00a0\u00bb animation_speed_curve=\u00a0\u00bbease\u00a0\u00bb positioning_tablet=\u00a0\u00bbnone\u00a0\u00bb positioning_phone=\u00a0\u00bbnone\u00a0\u00bb positioning_last_edited=\u00a0\u00bbon|tablet\u00a0\u00bb global_colors_info=\u00a0\u00bb{}\u00a0\u00bb][et_pb_column type=\u00a0\u00bb4_4&Prime; _builder_version=\u00a0\u00bb4.24.2&Prime; _module_preset=\u00a0\u00bbdefault\u00a0\u00bb global_colors_info=\u00a0\u00bb{}\u00a0\u00bb][\/et_pb_column][\/et_pb_row][et_pb_row column_structure=\u00a0\u00bb1_2,1_2&Prime; use_custom_gutter=\u00a0\u00bbon\u00a0\u00bb gutter_width=\u00a0\u00bb1&Prime; admin_label=\u00a0\u00bbLigne\u00a0\u00bb _builder_version=\u00a0\u00bb4.24.2&Prime; _module_preset=\u00a0\u00bbdefault\u00a0\u00bb width=\u00a0\u00bb90%\u00a0\u00bb max_width=\u00a0\u00bb1296px\u00a0\u00bb custom_margin=\u00a0\u00bb0px||0px||false|false\u00a0\u00bb custom_padding=\u00a0\u00bb0px||0px||false|false\u00a0\u00bb global_colors_info=\u00a0\u00bb{}\u00a0\u00bb][et_pb_column type=\u00a0\u00bb1_2&Prime; disabled_on=\u00a0\u00bbon|on|off\u00a0\u00bb _builder_version=\u00a0\u00bb4.24.2&Prime; _module_preset=\u00a0\u00bbdefault\u00a0\u00bb custom_padding=\u00a0\u00bb|80px|||false|false\u00a0\u00bb custom_padding_tablet=\u00a0\u00bb|0px|||false|false\u00a0\u00bb custom_padding_phone=\u00a0\u00bb|0px|||false|false\u00a0\u00bb custom_padding_last_edited=\u00a0\u00bbon|tablet\u00a0\u00bb global_colors_info=\u00a0\u00bb{}\u00a0\u00bb][\/et_pb_column][et_pb_column type=\u00a0\u00bb1_2&Prime; _builder_version=\u00a0\u00bb4.24.2&Prime; _module_preset=\u00a0\u00bbdefault\u00a0\u00bb custom_padding_tablet=\u00a0\u00bb0px|0px||0px|false|false\u00a0\u00bb custom_padding_phone=\u00a0\u00bb0px|0px||0px|false|false\u00a0\u00bb custom_padding_last_edited=\u00a0\u00bboff|desktop\u00a0\u00bb custom_css_main_element=\u00a0\u00bbmargin-top:auto;\u00a0\u00bb global_colors_info=\u00a0\u00bb{}\u00a0\u00bb][et_pb_text module_id=\u00a0\u00bbgeburtstagsfest\u00a0\u00bb _builder_version=\u00a0\u00bb4.27.4&Prime; _module_preset=\u00a0\u00bbdefault\u00a0\u00bb header_2_font=\u00a0\u00bbRetrocycles|700|||||||\u00a0\u00bb header_2_text_align=\u00a0\u00bbleft\u00a0\u00bb header_2_text_color=\u00a0\u00bb#FFFFFF\u00a0\u00bb header_2_font_size=\u00a0\u00bb52px\u00a0\u00bb header_2_letter_spacing=\u00a0\u00bb-1px\u00a0\u00bb header_2_line_height=\u00a0\u00bb1.1em\u00a0\u00bb max_width=\u00a0\u00bb635px\u00a0\u00bb custom_margin=\u00a0\u00bb0px||25px||false|false\u00a0\u00bb custom_padding=\u00a0\u00bb0px||0px||false|false\u00a0\u00bb header_2_font_size_tablet=\u00a0\u00bb42px\u00a0\u00bb header_2_font_size_phone=\u00a0\u00bb26px\u00a0\u00bb header_2_font_size_last_edited=\u00a0\u00bbon|tablet\u00a0\u00bb global_colors_info=\u00a0\u00bb{}\u00a0\u00bb]<\/p>\n<h2>F\u00eate d&rsquo;anniversaire<\/h2>\n<p>[\/et_pb_text][et_pb_text _builder_version=\u00a0\u00bb4.27.4&Prime; _module_preset=\u00a0\u00bbdefault\u00a0\u00bb text_font=\u00a0\u00bbManrope||||||||\u00a0\u00bb text_text_color=\u00a0\u00bb#FFFFFF\u00a0\u00bb text_line_height=\u00a0\u00bb1.6em\u00a0\u00bb link_font=\u00a0\u00bb||||on||||\u00a0\u00bb link_text_color=\u00a0\u00bb#FFFFFF\u00a0\u00bb header_4_font=\u00a0\u00bb&#8211;et_global_heading_font||||||||\u00a0\u00bb header_4_text_color=\u00a0\u00bb#FFFFFF\u00a0\u00bb max_width=\u00a0\u00bb600px\u00a0\u00bb custom_margin=\u00a0\u00bb0px||25px||false|false\u00a0\u00bb custom_padding=\u00a0\u00bb0px||1px||false|false\u00a0\u00bb text_font_size_tablet=\u00a0\u00bb25px\u00a0\u00bb text_font_size_phone=\u00a0\u00bb20px\u00a0\u00bb text_font_size_last_edited=\u00a0\u00bbon|phone\u00a0\u00bb global_colors_info=\u00a0\u00bb{}\u00a0\u00bb]<\/p>\n<div class=\"section-text text-block align-center\">\n<div class=\"wpb_column col-md-4 matchHeight-element matchHeight-applied\">\n<div class=\"section-text text-block \">\n<div id=\"comp-lielkxet1\" class=\"HcOXKn c9GqVL QxJLC3 lq2cno YQcXTT comp-lielkxet1 wixui-rich-text\" data-testid=\"richTextElement\" ariaattributes=\"[object Object]\">\n<h4 class=\"font_3 wixui-rich-text__text\">Une place pleine de musique, de culture et de gastronomie &#8211; enti\u00e8rement plac\u00e9e sous le signe de la communaut\u00e9, de l&rsquo;ouverture et de la diversit\u00e9.<\/h4>\n<\/div>\n<div id=\"comp-lielkxev\" class=\"HcOXKn c9GqVL QxJLC3 lq2cno YQcXTT comp-lielkxev wixui-rich-text\" data-testid=\"richTextElement\" ariaattributes=\"[object Object]\">\n<p class=\"font_7 wixui-rich-text__text\">La place f\u00e9d\u00e9rale de Berne est une invitation \u00e0 la convivialit\u00e9. Diff\u00e9rents coins invitent \u00e0 la d\u00e9tente et des jeux permettent de s&rsquo;amuser. <\/p>\n<\/div>\n<\/div>\n<\/div>\n<\/div>\n<p>[\/et_pb_text][et_pb_text _builder_version=\u00a0\u00bb4.27.4&Prime; _module_preset=\u00a0\u00bbdefault\u00a0\u00bb text_font=\u00a0\u00bb&#8211;et_global_body_font||||||||\u00a0\u00bb text_text_color=\u00a0\u00bb#FFFFFF\u00a0\u00bb header_3_font=\u00a0\u00bb&#8211;et_global_heading_font|700||on|||||\u00a0\u00bb header_3_text_color=\u00a0\u00bb#FFFFFF\u00a0\u00bb header_4_font=\u00a0\u00bb&#8211;et_global_heading_font||||||||\u00a0\u00bb header_4_text_color=\u00a0\u00bb#FFFFFF\u00a0\u00bb width=\u00a0\u00bb55.7%\u00a0\u00bb global_colors_info=\u00a0\u00bb{}\u00a0\u00bb]<\/p>\n<div class=\"section-text text-block align-center\">\n<div class=\"wpb_column col-md-4 matchHeight-element matchHeight-applied\">\n<div class=\"section-text text-block \">\n<div id=\"comp-lielkxet1\" class=\"HcOXKn c9GqVL QxJLC3 lq2cno YQcXTT comp-lielkxet1 wixui-rich-text\" data-testid=\"richTextElement\" ariaattributes=\"[object Object]\">\n<div id=\"bgLayers_comp-liem5y25\" data-hook=\"bgLayers\" data-motion-part=\"BG_LAYER comp-liem5y25\" class=\"MW5IWV\">\n<div id=\"bgLayers_comp-liem5y2o\" data-hook=\"bgLayers\" data-motion-part=\"BG_LAYER comp-liem5y2o\" class=\"MW5IWV\">\n<div id=\"bgMedia_comp-liem5y2o\" data-motion-part=\"BG_MEDIA comp-liem5y2o\" class=\"VgO9Yg\"><\/div>\n<\/div>\n<div data-mesh-id=\"comp-liem5y2oinlineContent\" data-testid=\"inline-content\" class=\"\">\n<div data-mesh-id=\"comp-liem5y2oinlineContent-gridContainer\" data-testid=\"mesh-container-content\">\n<div id=\"comp-liem5y2s1\" class=\"comp-liem5y2s1 SPY_vo\">\n<div data-mesh-id=\"comp-liem5y2s1inlineContent\" data-testid=\"inline-content\" class=\"\">\n<div data-mesh-id=\"comp-liem5y2s1inlineContent-gridContainer\" data-testid=\"mesh-container-content\">\n<div id=\"comp-liem5y2v1\" class=\"HcOXKn c9GqVL QxJLC3 lq2cno YQcXTT comp-liem5y2v1 wixui-rich-text\" data-testid=\"richTextElement\" ariaattributes=\"[object Object]\">\n<h3 class=\"font_3 wixui-rich-text__text\"><span class=\"wixui-rich-text__text\">11h30-11h45<\/span><br class=\"wixui-rich-text__text\">Discours d&rsquo;ouverture du pr\u00e9sident du conseil municipal Tom Berger<\/h3>\n<\/div>\n<div id=\"comp-liem5y2x1\" class=\"HcOXKn c9GqVL QxJLC3 lq2cno YQcXTT comp-liem5y2x1 wixui-rich-text\" data-testid=\"richTextElement\" ariaattributes=\"[object Object]\">\n<p>Le pr\u00e9sident du conseil municipal Tom Berger ouvre les festivit\u00e9s du 1er ao\u00fbt par un discours sur la place f\u00e9d\u00e9rale de Berne.<\/p>\n<ul><\/ul>\n<\/div>\n<\/div>\n<\/div>\n<\/div>\n<\/div>\n<\/div>\n<\/div>\n<div data-mesh-id=\"comp-liem5y25inlineContent\" data-testid=\"inline-content\" class=\"\">\n<div data-mesh-id=\"comp-liem5y25inlineContent-gridContainer\" data-testid=\"mesh-container-content\">\n<div id=\"comp-liem5y27\" class=\"comp-liem5y27 SPY_vo\">\n<div data-mesh-id=\"comp-liem5y27inlineContent\" data-testid=\"inline-content\" class=\"\"><\/div>\n<\/div>\n<\/div>\n<\/div>\n<\/div>\n<div id=\"comp-lielkxev\" class=\"HcOXKn c9GqVL QxJLC3 lq2cno YQcXTT comp-lielkxev wixui-rich-text\" data-testid=\"richTextElement\" ariaattributes=\"[object Object]\"><\/div>\n<\/div>\n<\/div>\n<\/div>\n<p>[\/et_pb_text][\/et_pb_column][\/et_pb_row][et_pb_row admin_label=\u00a0\u00bbLigne\u00a0\u00bb _builder_version=\u00a0\u00bb4.27.4&Prime; _module_preset=\u00a0\u00bbdefault\u00a0\u00bb custom_padding=\u00a0\u00bb||140px||false|false\u00a0\u00bb global_colors_info=\u00a0\u00bb{}\u00a0\u00bb][et_pb_column type=\u00a0\u00bb4_4&Prime; _builder_version=\u00a0\u00bb4.27.4&Prime; _module_preset=\u00a0\u00bbdefault\u00a0\u00bb global_colors_info=\u00a0\u00bb{}\u00a0\u00bb][\/et_pb_column][\/et_pb_row][\/et_pb_section][et_pb_section fb_built=\u00a0\u00bb1&Prime; custom_padding_last_edited=\u00a0\u00bbon|tablet\u00a0\u00bb disabled_on=\u00a0\u00bboff|off|off\u00a0\u00bb admin_label=\u00a0\u00bbGenussmeile\u00a0\u00bb module_id=\u00a0\u00bbsur-nous\u00a0\u00bb _builder_version=\u00a0\u00bb4.27.4&Prime; _module_preset=\u00a0\u00bbdefault\u00a0\u00bb background_color=\u00a0\u00bbgcid-4e5204ad-61b3-4f3a-b07f-8c8eaab28708&Prime; background_enable_image=\u00a0\u00bboff\u00a0\u00bb background_size=\u00a0\u00bbcontain\u00a0\u00bb background_position=\u00a0\u00bbbottom_center\u00a0\u00bb custom_margin=\u00a0\u00bb0px||0px||false|false\u00a0\u00bb custom_padding=\u00a0\u00bb130px||140px||false|false\u00a0\u00bb custom_padding_tablet=\u00a0\u00bb0px||120px||false|false\u00a0\u00bb custom_padding_phone=\u00a0\u00bb||90px||false|false\u00a0\u00bb locked=\u00a0\u00bboff\u00a0\u00bb global_colors_info=\u00a0\u00bb{%22gcid-4e5204ad-61b3-4f3a-b07f-8c8eaab28708%22:%91%22background_color%22%93}\u00a0\u00bb][et_pb_row _builder_version=\u00a0\u00bb4.27.4&Prime; _module_preset=\u00a0\u00bbdefault\u00a0\u00bb background_image=\u00a0\u00bbhttps:\/\/ideebern.ch\/wp-content\/uploads\/2025\/06\/RTEE1516.jpg\u00a0\u00bb positioning=\u00a0\u00bbabsolute\u00a0\u00bb position_origin_a=\u00a0\u00bbtop_right\u00a0\u00bb vertical_offset=\u00a0\u00bb-100px\u00a0\u00bb position_origin_a_tablet=\u00a0\u00bbtop_right\u00a0\u00bb position_origin_a_phone=\u00a0\u00bbtop_right\u00a0\u00bb position_origin_a_last_edited=\u00a0\u00bbon|tablet\u00a0\u00bb position_origin_f_tablet=\u00a0\u00bb\u00a0\u00bb position_origin_f_phone=\u00a0\u00bb\u00a0\u00bb position_origin_f_last_edited=\u00a0\u00bbon|tablet\u00a0\u00bb position_origin_r_tablet=\u00a0\u00bb\u00a0\u00bb position_origin_r_phone=\u00a0\u00bb\u00a0\u00bb position_origin_r_last_edited=\u00a0\u00bbon|tablet\u00a0\u00bb width=\u00a0\u00bb44%\u00a0\u00bb width_tablet=\u00a0\u00bb100%\u00a0\u00bb width_phone=\u00a0\u00bb100%\u00a0\u00bb width_last_edited=\u00a0\u00bbon|tablet\u00a0\u00bb max_width=\u00a0\u00bb44%\u00a0\u00bb max_width_tablet=\u00a0\u00bb100%\u00a0\u00bb max_width_phone=\u00a0\u00bb100%\u00a0\u00bb max_width_last_edited=\u00a0\u00bbon|tablet\u00a0\u00bb min_height=\u00a0\u00bb678px\u00a0\u00bb min_height_tablet=\u00a0\u00bb678px\u00a0\u00bb min_height_phone=\u00a0\u00bb330px\u00a0\u00bb min_height_last_edited=\u00a0\u00bbon|phone\u00a0\u00bb custom_margin=\u00a0\u00bb0px||0px||false|false\u00a0\u00bb custom_margin_tablet=\u00a0\u00bb0px||90px||false|false\u00a0\u00bb custom_margin_phone=\u00a0\u00bb||55px||false|false\u00a0\u00bb custom_margin_last_edited=\u00a0\u00bbon|tablet\u00a0\u00bb custom_padding=\u00a0\u00bb0px||0px||false|false\u00a0\u00bb animation_style=\u00a0\u00bbslide\u00a0\u00bb animation_direction=\u00a0\u00bbright\u00a0\u00bb animation_intensity_slide=\u00a0\u00bb2%\u00a0\u00bb animation_speed_curve=\u00a0\u00bbease\u00a0\u00bb positioning_tablet=\u00a0\u00bbnone\u00a0\u00bb positioning_phone=\u00a0\u00bbnone\u00a0\u00bb positioning_last_edited=\u00a0\u00bbon|tablet\u00a0\u00bb global_colors_info=\u00a0\u00bb{}\u00a0\u00bb][et_pb_column type=\u00a0\u00bb4_4&Prime; _builder_version=\u00a0\u00bb4.27.4&Prime; _module_preset=\u00a0\u00bbdefault\u00a0\u00bb global_colors_info=\u00a0\u00bb{}\u00a0\u00bb][\/et_pb_column][\/et_pb_row][et_pb_row module_id=\u00a0\u00bb#ueber-uns\u00a0\u00bb _builder_version=\u00a0\u00bb4.27.4&Prime; _module_preset=\u00a0\u00bbdefault\u00a0\u00bb width=\u00a0\u00bb90%\u00a0\u00bb max_width=\u00a0\u00bb1296px\u00a0\u00bb custom_margin=\u00a0\u00bb0px||0px||false|false\u00a0\u00bb custom_padding=\u00a0\u00bb0px||0px||false|false\u00a0\u00bb global_colors_info=\u00a0\u00bb{}\u00a0\u00bb][et_pb_column type=\u00a0\u00bb4_4&Prime; _builder_version=\u00a0\u00bb4.24.2&Prime; _module_preset=\u00a0\u00bbdefault\u00a0\u00bb global_colors_info=\u00a0\u00bb{}\u00a0\u00bb][et_pb_divider show_divider=\u00a0\u00bboff\u00a0\u00bb _builder_version=\u00a0\u00bb4.27.4&Prime; _module_preset=\u00a0\u00bbdefault\u00a0\u00bb global_colors_info=\u00a0\u00bb{}\u00a0\u00bb][\/et_pb_divider][et_pb_text module_id=\u00a0\u00bbkonzerte\u00a0\u00bb _builder_version=\u00a0\u00bb4.27.4&Prime; _module_preset=\u00a0\u00bbdefault\u00a0\u00bb header_2_font=\u00a0\u00bbRetrocycles|700|||||||\u00a0\u00bb header_2_text_align=\u00a0\u00bbleft\u00a0\u00bb header_2_text_color=\u00a0\u00bb#FFFFFF\u00a0\u00bb header_2_font_size=\u00a0\u00bb52px\u00a0\u00bb header_2_letter_spacing=\u00a0\u00bb-1px\u00a0\u00bb header_2_line_height=\u00a0\u00bb1.1em\u00a0\u00bb max_width=\u00a0\u00bb635px\u00a0\u00bb custom_margin=\u00a0\u00bb0px||25px||false|false\u00a0\u00bb custom_padding=\u00a0\u00bb0px||0px||false|false\u00a0\u00bb header_2_font_size_tablet=\u00a0\u00bb42px\u00a0\u00bb header_2_font_size_phone=\u00a0\u00bb26px\u00a0\u00bb header_2_font_size_last_edited=\u00a0\u00bbon|tablet\u00a0\u00bb global_colors_info=\u00a0\u00bb{}\u00a0\u00bb]<\/p>\n<h2>Concerts<\/h2>\n<p>[\/et_pb_text][et_pb_text _builder_version=\u00a0\u00bb4.27.4&Prime; _module_preset=\u00a0\u00bbdefault\u00a0\u00bb text_font=\u00a0\u00bbManrope||||||||\u00a0\u00bb text_text_color=\u00a0\u00bb#FFFFFF\u00a0\u00bb text_line_height=\u00a0\u00bb1.6em\u00a0\u00bb link_font=\u00a0\u00bb||||on||||\u00a0\u00bb link_text_color=\u00a0\u00bb#FFFFFF\u00a0\u00bb header_4_font=\u00a0\u00bb&#8211;et_global_heading_font||||||||\u00a0\u00bb header_4_text_color=\u00a0\u00bb#FFFFFF\u00a0\u00bb max_width=\u00a0\u00bb546px\u00a0\u00bb custom_margin=\u00a0\u00bb0px||25px||false|false\u00a0\u00bb custom_padding=\u00a0\u00bb0px|62px|1px||false|false\u00a0\u00bb text_font_size_tablet=\u00a0\u00bb25px\u00a0\u00bb text_font_size_phone=\u00a0\u00bb20px\u00a0\u00bb text_font_size_last_edited=\u00a0\u00bbon|phone\u00a0\u00bb global_colors_info=\u00a0\u00bb{}\u00a0\u00bb]<\/p>\n<div class=\"section-text text-block align-center\">\n<div class=\"wpb_column col-md-4 matchHeight-element matchHeight-applied\">\n<div class=\"section-text text-block \">\n<div id=\"comp-lielkxet1\" class=\"HcOXKn c9GqVL QxJLC3 lq2cno YQcXTT comp-lielkxet1 wixui-rich-text\" data-testid=\"richTextElement\" ariaattributes=\"[object Object]\">\n<h4 class=\"font_3 wixui-rich-text__text\">Des feux d&rsquo;artifice musicaux de talents locaux<\/h4>\n<\/div>\n<div id=\"comp-lielkxev\" class=\"HcOXKn c9GqVL QxJLC3 lq2cno YQcXTT comp-lielkxev wixui-rich-text\" data-testid=\"richTextElement\" ariaattributes=\"[object Object]\">\n<p class=\"font_7 wixui-rich-text__text\">La grande sc\u00e8ne de la Place f\u00e9d\u00e9rale peut accueillir beaucoup de musique. C&rsquo;est pourquoi il y aura des styles et des tendances tr\u00e8s diff\u00e9rents, bien entendu tous produits par des artistes locaux. <\/p>\n<\/div>\n<\/div>\n<\/div>\n<\/div>\n<p>[\/et_pb_text][et_pb_text disabled_on=\u00a0\u00bboff|off|off\u00a0\u00bb _builder_version=\u00a0\u00bb4.27.4&Prime; _module_preset=\u00a0\u00bbdefault\u00a0\u00bb text_font=\u00a0\u00bb&#8211;et_global_body_font||||||||\u00a0\u00bb text_text_color=\u00a0\u00bb#FFFFFF\u00a0\u00bb link_font=\u00a0\u00bb&#8211;et_global_body_font||||on||||\u00a0\u00bb link_text_color=\u00a0\u00bb#FFFFFF\u00a0\u00bb header_3_font=\u00a0\u00bb&#8211;et_global_heading_font|700||on|||||\u00a0\u00bb header_3_text_color=\u00a0\u00bb#FFFFFF\u00a0\u00bb header_4_font=\u00a0\u00bb&#8211;et_global_heading_font||||||||\u00a0\u00bb header_4_text_color=\u00a0\u00bb#FFFFFF\u00a0\u00bb width=\u00a0\u00bb55.7%\u00a0\u00bb global_colors_info=\u00a0\u00bb{}\u00a0\u00bb]<\/p>\n<div class=\"section-text text-block align-center\">\n<div class=\"wpb_column col-md-4 matchHeight-element matchHeight-applied\">\n<div class=\"section-text text-block \">\n<div id=\"comp-lielkxet1\" class=\"HcOXKn c9GqVL QxJLC3 lq2cno YQcXTT comp-lielkxet1 wixui-rich-text\" data-testid=\"richTextElement\" ariaattributes=\"[object Object]\">\n<div id=\"bgLayers_comp-liem5y25\" data-hook=\"bgLayers\" data-motion-part=\"BG_LAYER comp-liem5y25\" class=\"MW5IWV\">\n<div id=\"bgLayers_comp-liem5y2o\" data-hook=\"bgLayers\" data-motion-part=\"BG_LAYER comp-liem5y2o\" class=\"MW5IWV\">\n<div id=\"bgMedia_comp-liem5y2o\" data-motion-part=\"BG_MEDIA comp-liem5y2o\" class=\"VgO9Yg\"><\/div>\n<\/div>\n<div data-mesh-id=\"comp-liem5y2oinlineContent\" data-testid=\"inline-content\" class=\"\">\n<div data-mesh-id=\"comp-liem5y2oinlineContent-gridContainer\" data-testid=\"mesh-container-content\">\n<div id=\"comp-liem5y2s1\" class=\"comp-liem5y2s1 SPY_vo\">\n<div data-mesh-id=\"comp-liem5y2s1inlineContent\" data-testid=\"inline-content\" class=\"\">\n<div data-mesh-id=\"comp-liem5y2s1inlineContent-gridContainer\" data-testid=\"mesh-container-content\">\n<div id=\"comp-liem5y2v1\" class=\"HcOXKn c9GqVL QxJLC3 lq2cno YQcXTT comp-liem5y2v1 wixui-rich-text\" data-testid=\"richTextElement\" ariaattributes=\"[object Object]\">\n<h3 class=\"font_3 wixui-rich-text__text\"><span class=\"wixui-rich-text__text\">11h30-23h<\/span><br class=\"wixui-rich-text__text\">Concerts Bundesplatz<\/h3>\n<\/div>\n<div id=\"comp-liem5y2x1\" class=\"HcOXKn c9GqVL QxJLC3 lq2cno YQcXTT comp-liem5y2x1 wixui-rich-text\" data-testid=\"richTextElement\" ariaattributes=\"[object Object]\">\n<p>Autres concerts : r\u00e9jouissez-vous d&rsquo;un programme musical vari\u00e9 avec des talents locaux.<\/p>\n<ul>\n<li>12-13h Concert familial \u00ab\u00a0Roland Zoss &amp; Jimmy Flitz Band\u00a0\u00bb 25 ans de chansons bernoises pour enfants, <a href=\"https:\/\/www.jimmyflitz.ch\/jimmyflitz\/index.htm\" target=\"_blank\" rel=\"noopener\">jimmyflitz.ch<\/a><\/li>\n<li class=\"font_8 wixui-rich-text__text\">14-15h JOSUA ROMANO avec KATHARINA MICHEL, Soul\/Singer &amp; Songwriter, <a href=\"https:\/\/josuaromano.com\/\" target=\"_blank\" rel=\"noopener\">josuaromano.com<\/a><\/li>\n<li class=\"font_8 wixui-rich-text__text\">16-17h JULIA LEON, Pop, <a href=\"https:\/\/www.julialeonmusic.com\/\" target=\"_blank\" rel=\"noopener\">julialeonmusic.com<\/a><\/li>\n<li>18-19h TOTAL MINIMAL, groupe de reprises<\/li>\n<li>20-21h NICO BRINA, boogie et blues, <a href=\"https:\/\/www.brina.ch\/\" target=\"_blank\" rel=\"noopener\">brina.ch<\/a><\/li>\n<li>21.30-23h AU REVOIR LEGS, Party\/80s<span>Tribute Band, <a href=\"https:\/\/www.aurevoirlegs.com\/\" target=\"_blank\" rel=\"noopener\">aurevoirlegs.com<\/a><\/span><\/li>\n<\/ul>\n<\/div>\n<\/div>\n<\/div>\n<\/div>\n<\/div>\n<\/div>\n<\/div>\n<div data-mesh-id=\"comp-liem5y25inlineContent\" data-testid=\"inline-content\" class=\"\">\n<div data-mesh-id=\"comp-liem5y25inlineContent-gridContainer\" data-testid=\"mesh-container-content\"><\/div>\n<\/div>\n<\/div>\n<\/div>\n<\/div>\n<\/div>\n<p>[\/et_pb_text][et_pb_text disabled_on=\u00a0\u00bboff|off|off\u00a0\u00bb _builder_version=\u00a0\u00bb4.27.4&Prime; _module_preset=\u00a0\u00bbdefault\u00a0\u00bb text_font=\u00a0\u00bb&#8211;et_global_body_font||||||||\u00a0\u00bb text_text_color=\u00a0\u00bb#FFFFFF\u00a0\u00bb link_font=\u00a0\u00bb&#8211;et_global_body_font||||on||||\u00a0\u00bb link_text_color=\u00a0\u00bb#FFFFFF\u00a0\u00bb header_3_font=\u00a0\u00bb&#8211;et_global_heading_font|700||on|||||\u00a0\u00bb header_3_text_color=\u00a0\u00bb#FFFFFF\u00a0\u00bb header_4_font=\u00a0\u00bb&#8211;et_global_heading_font||||||||\u00a0\u00bb header_4_text_color=\u00a0\u00bb#FFFFFF\u00a0\u00bb width=\u00a0\u00bb55.7%\u00a0\u00bb global_colors_info=\u00a0\u00bb{}\u00a0\u00bb]<\/p>\n<div class=\"section-text text-block align-center\">\n<div class=\"wpb_column col-md-4 matchHeight-element matchHeight-applied\">\n<div class=\"section-text text-block \">\n<div id=\"comp-lielkxet1\" class=\"HcOXKn c9GqVL QxJLC3 lq2cno YQcXTT comp-lielkxet1 wixui-rich-text\" data-testid=\"richTextElement\" ariaattributes=\"[object Object]\">\n<div id=\"bgLayers_comp-liem5y25\" data-hook=\"bgLayers\" data-motion-part=\"BG_LAYER comp-liem5y25\" class=\"MW5IWV\">\n<div id=\"bgLayers_comp-liem5y2o\" data-hook=\"bgLayers\" data-motion-part=\"BG_LAYER comp-liem5y2o\" class=\"MW5IWV\">\n<div id=\"bgMedia_comp-liem5y2o\" data-motion-part=\"BG_MEDIA comp-liem5y2o\" class=\"VgO9Yg\"><\/div>\n<\/div>\n<div data-mesh-id=\"comp-liem5y2oinlineContent\" data-testid=\"inline-content\" class=\"\">\n<div data-mesh-id=\"comp-liem5y2oinlineContent-gridContainer\" data-testid=\"mesh-container-content\">\n<div id=\"comp-liem5y2s1\" class=\"comp-liem5y2s1 SPY_vo\">\n<div data-mesh-id=\"comp-liem5y2s1inlineContent\" data-testid=\"inline-content\" class=\"\">\n<div data-mesh-id=\"comp-liem5y2s1inlineContent-gridContainer\" data-testid=\"mesh-container-content\">\n<div id=\"comp-liem5y2v1\" class=\"HcOXKn c9GqVL QxJLC3 lq2cno YQcXTT comp-liem5y2v1 wixui-rich-text\" data-testid=\"richTextElement\" ariaattributes=\"[object Object]\">\n<h3 class=\"font_3 wixui-rich-text__text\"><span class=\"wixui-rich-text__text\">17h-23h<\/span><br class=\"wixui-rich-text__text\">Musique dans la Bundesgasse<\/h3>\n<\/div>\n<div id=\"comp-liem5y2x1\" class=\"HcOXKn c9GqVL QxJLC3 lq2cno YQcXTT comp-liem5y2x1 wixui-rich-text\" data-testid=\"richTextElement\" ariaattributes=\"[object Object]\">\n<ul>\n<li><span>DJ Jeanne Bizarre, DJ en vinyle &#8211; Soul\/Funk\/Oldschoolrap, <a href=\"https:\/\/www.instagram.com\/jeannebizarre\/\" target=\"_blank\" rel=\"noopener\">@jeannebizarre<\/a><br \/><\/span><\/li>\n<\/ul>\n<\/div>\n<\/div>\n<\/div>\n<\/div>\n<\/div>\n<\/div>\n<\/div>\n<div data-mesh-id=\"comp-liem5y25inlineContent\" data-testid=\"inline-content\" class=\"\">\n<div data-mesh-id=\"comp-liem5y25inlineContent-gridContainer\" data-testid=\"mesh-container-content\"><\/div>\n<\/div>\n<\/div>\n<\/div>\n<\/div>\n<\/div>\n<p>[\/et_pb_text][et_pb_text _builder_version=\u00a0\u00bb4.27.4&Prime; _module_preset=\u00a0\u00bbdefault\u00a0\u00bb text_font=\u00a0\u00bb&#8211;et_global_body_font||||||||\u00a0\u00bb text_text_color=\u00a0\u00bb#FFFFFF\u00a0\u00bb link_font=\u00a0\u00bb||||on||||\u00a0\u00bb link_text_color=\u00a0\u00bb#FFFFFF\u00a0\u00bb header_3_font=\u00a0\u00bb&#8211;et_global_heading_font|700||on|||||\u00a0\u00bb header_3_text_color=\u00a0\u00bb#FFFFFF\u00a0\u00bb header_4_font=\u00a0\u00bb&#8211;et_global_heading_font||||||||\u00a0\u00bb header_4_text_color=\u00a0\u00bb#FFFFFF\u00a0\u00bb global_colors_info=\u00a0\u00bb{}\u00a0\u00bb]<\/p>\n<div class=\"section-text text-block align-center\">\n<div class=\"wpb_column col-md-4 matchHeight-element matchHeight-applied\">\n<div class=\"section-text text-block \">\n<div id=\"comp-lielkxet1\" class=\"HcOXKn c9GqVL QxJLC3 lq2cno YQcXTT comp-lielkxet1 wixui-rich-text\" data-testid=\"richTextElement\" ariaattributes=\"[object Object]\">\n<div id=\"bgLayers_comp-liem5y25\" data-hook=\"bgLayers\" data-motion-part=\"BG_LAYER comp-liem5y25\" class=\"MW5IWV\">\n<div id=\"bgLayers_comp-liem5y2o\" data-hook=\"bgLayers\" data-motion-part=\"BG_LAYER comp-liem5y2o\" class=\"MW5IWV\">\n<div id=\"bgMedia_comp-liem5y2o\" data-motion-part=\"BG_MEDIA comp-liem5y2o\" class=\"VgO9Yg\"><\/div>\n<\/div>\n<div data-mesh-id=\"comp-liem5y2oinlineContent\" data-testid=\"inline-content\" class=\"\">\n<div data-mesh-id=\"comp-liem5y2oinlineContent-gridContainer\" data-testid=\"mesh-container-content\">\n<div id=\"comp-liem5y2s1\" class=\"comp-liem5y2s1 SPY_vo\">\n<div data-mesh-id=\"comp-liem5y2s1inlineContent\" data-testid=\"inline-content\" class=\"\">\n<div data-mesh-id=\"comp-liem5y2s1inlineContent-gridContainer\" data-testid=\"mesh-container-content\">\n<div id=\"comp-liem5y2v1\" class=\"HcOXKn c9GqVL QxJLC3 lq2cno YQcXTT comp-liem5y2v1 wixui-rich-text\" data-testid=\"richTextElement\" ariaattributes=\"[object Object]\">\n<h3 class=\"font_3 wixui-rich-text__text\"><span class=\"wixui-rich-text__text\"> 12h-14h<\/span><br class=\"wixui-rich-text__text\">Concert de yodel \u00e0 la cath\u00e9drale<\/h3>\n<\/div>\n<div id=\"comp-liem5y2x1\" class=\"HcOXKn c9GqVL QxJLC3 lq2cno YQcXTT comp-liem5y2x1 wixui-rich-text\" data-testid=\"richTextElement\" ariaattributes=\"[object Object]\">\n<p class=\"font_8 wixui-rich-text__text\">Concert de l&rsquo;association des yodleurs de la ville de Berne de 12h \u00e0 14h dans la belle cath\u00e9drale de Berne.<\/p>\n<p class=\"font_8 wixui-rich-text__text\"><strong><span class=\"wixui-rich-text__text\">Participants :<\/span><span class=\"wixui-rich-text__text\"><\/span><\/strong><\/p>\n<ul>\n<li class=\"font_8 wixui-rich-text__text\"><span style=\"font-size: 16px;\">Ch\u0153ur de yodel commun B\u00e4rgblueme Berne <\/span><\/li>\n<li class=\"font_8 wixui-rich-text__text\"><span style=\"font-size: 16px;\">Club de yodel Berna Bern<\/span><\/li>\n<li class=\"font_8 wixui-rich-text__text\"><span style=\"font-size: 16px;\">Club de yodel Lorraine-Breitenrain<\/span><\/li>\n<li class=\"font_8 wixui-rich-text__text\"><span style=\"font-size: 16px;\">Club de yodel B\u00e4rner Mutze<\/span><\/li>\n<li class=\"font_8 wixui-rich-text__text\"><span style=\"font-size: 16px;\">Club de yodel Edelweiss-Grauholz<\/span><\/li>\n<li class=\"font_8 wixui-rich-text__text\"><span style=\"font-size: 16px;\">B\u00e4rner Heimatch\u00f6rli (chorale de la patrie)<\/span><\/li>\n<li class=\"font_8 wixui-rich-text__text\"><span style=\"font-size: 16px;\">Petite formation <\/span>Groupe de cors des Alpes Aarelouf<\/li>\n<li class=\"font_8 wixui-rich-text__text\"><span style=\"font-size: 16px;\">Invit\u00e9 : Jodelklub Fl\u00fcehli Oberbottigen<\/span><\/li>\n<\/ul>\n<ul class=\"font_8 wixui-rich-text__text\"><\/ul>\n<p class=\"font_8 wixui-rich-text__text\"><strong><span class=\"wixui-rich-text__text\">D\u00e9tails :<\/span><span class=\"wixui-rich-text__text\"><\/span><\/strong><\/p>\n<p class=\"font_8 wixui-rich-text__text\"><strong><span class=\"wixui-rich-text__text\"><\/span><\/strong><\/p>\n<ul>\n<li class=\"font_8 wixui-rich-text__text\">Lieu : Cath\u00e9drale de Berne, M\u00fcnsterplatz 1, 3000 Berne<\/li>\n<li class=\"font_8 wixui-rich-text__text\">Co\u00fbt : entr\u00e9e gratuite, collecte<\/li>\n<li class=\"font_8 wixui-rich-text__text\">En savoir plus sur le sujet :<span> <\/span><span class=\"wixui-rich-text__text\"><a href=\"http:\/\/www.bernermuenster.ch\/\" target=\"_blank\" rel=\"noreferrer noopener\" class=\"wixui-rich-text__text\">bernermuenster.ch<\/a><\/span><\/li>\n<\/ul>\n<\/div>\n<\/div>\n<\/div>\n<\/div>\n<\/div>\n<\/div>\n<\/div>\n<div data-mesh-id=\"comp-liem5y25inlineContent\" data-testid=\"inline-content\" class=\"\">\n<div data-mesh-id=\"comp-liem5y25inlineContent-gridContainer\" data-testid=\"mesh-container-content\">\n<div id=\"comp-liem5y27\" class=\"comp-liem5y27 SPY_vo\">\n<div data-mesh-id=\"comp-liem5y27inlineContent\" data-testid=\"inline-content\" class=\"\"><\/div>\n<\/div>\n<\/div>\n<\/div>\n<\/div>\n<div id=\"comp-lielkxev\" class=\"HcOXKn c9GqVL QxJLC3 lq2cno YQcXTT comp-lielkxev wixui-rich-text\" data-testid=\"richTextElement\" ariaattributes=\"[object Object]\"><\/div>\n<\/div>\n<\/div>\n<\/div>\n<p>[\/et_pb_text][\/et_pb_column][\/et_pb_row][et_pb_row _builder_version=\u00a0\u00bb4.27.4&Prime; _module_preset=\u00a0\u00bbdefault\u00a0\u00bb custom_padding=\u00a0\u00bb||100px||false|false\u00a0\u00bb global_colors_info=\u00a0\u00bb{}\u00a0\u00bb][et_pb_column type=\u00a0\u00bb4_4&Prime; _builder_version=\u00a0\u00bb4.27.4&Prime; _module_preset=\u00a0\u00bbdefault\u00a0\u00bb global_colors_info=\u00a0\u00bb{}\u00a0\u00bb][\/et_pb_column][\/et_pb_row][\/et_pb_section][et_pb_section fb_built=\u00a0\u00bb1&Prime; custom_padding_last_edited=\u00a0\u00bbon|tablet\u00a0\u00bb disabled_on=\u00a0\u00bboff|off|off\u00a0\u00bb admin_label=\u00a0\u00bbFamilienprogramm\u00a0\u00bb _builder_version=\u00a0\u00bb4.27.4&Prime; _module_preset=\u00a0\u00bbdefault\u00a0\u00bb background_color=\u00a0\u00bb#86cac5&Prime; min_height=\u00a0\u00bb1761.6px\u00a0\u00bb custom_margin=\u00a0\u00bb0px||0px||false|false\u00a0\u00bb custom_padding=\u00a0\u00bb130px||100px||false|false\u00a0\u00bb custom_padding_tablet=\u00a0\u00bb0px||120px||false|false\u00a0\u00bb custom_padding_phone=\u00a0\u00bb||90px||false|false\u00a0\u00bb animation_style=\u00a0\u00bbfade\u00a0\u00bb animation_speed_curve=\u00a0\u00bbease\u00a0\u00bb locked=\u00a0\u00bboff\u00a0\u00bb global_colors_info=\u00a0\u00bb{}\u00a0\u00bb][et_pb_row admin_label=\u00a0\u00bbLigne\u00a0\u00bb _builder_version=\u00a0\u00bb4.27.4&Prime; _module_preset=\u00a0\u00bbdefault\u00a0\u00bb background_image=\u00a0\u00bbhttps:\/\/ideebern.ch\/wp-content\/uploads\/2025\/06\/BF19-3-Perimeter.jpg\u00a0\u00bb positioning=\u00a0\u00bbabsolute\u00a0\u00bb vertical_offset=\u00a0\u00bb-106px\u00a0\u00bb position_origin_a_tablet=\u00a0\u00bbtop_right\u00a0\u00bb position_origin_a_phone=\u00a0\u00bbtop_right\u00a0\u00bb position_origin_a_last_edited=\u00a0\u00bbon|tablet\u00a0\u00bb position_origin_f_tablet=\u00a0\u00bb\u00a0\u00bb position_origin_f_phone=\u00a0\u00bb\u00a0\u00bb position_origin_f_last_edited=\u00a0\u00bbon|tablet\u00a0\u00bb position_origin_r_tablet=\u00a0\u00bb\u00a0\u00bb position_origin_r_phone=\u00a0\u00bb\u00a0\u00bb position_origin_r_last_edited=\u00a0\u00bbon|tablet\u00a0\u00bb width=\u00a0\u00bb44%\u00a0\u00bb width_tablet=\u00a0\u00bb100%\u00a0\u00bb width_phone=\u00a0\u00bb100%\u00a0\u00bb width_last_edited=\u00a0\u00bbon|tablet\u00a0\u00bb max_width=\u00a0\u00bb44%\u00a0\u00bb max_width_tablet=\u00a0\u00bb100%\u00a0\u00bb max_width_phone=\u00a0\u00bb100%\u00a0\u00bb max_width_last_edited=\u00a0\u00bbon|tablet\u00a0\u00bb min_height=\u00a0\u00bb700px\u00a0\u00bb min_height_tablet=\u00a0\u00bb678px\u00a0\u00bb min_height_phone=\u00a0\u00bb330px\u00a0\u00bb min_height_last_edited=\u00a0\u00bbon|phone\u00a0\u00bb custom_margin=\u00a0\u00bb0px||0px||false|false\u00a0\u00bb custom_margin_tablet=\u00a0\u00bb0px||90px||false|false\u00a0\u00bb custom_margin_phone=\u00a0\u00bb||55px||false|false\u00a0\u00bb custom_margin_last_edited=\u00a0\u00bbon|tablet\u00a0\u00bb custom_padding=\u00a0\u00bb0px||0px||false|false\u00a0\u00bb animation_style=\u00a0\u00bbslide\u00a0\u00bb animation_direction=\u00a0\u00bbright\u00a0\u00bb animation_intensity_slide=\u00a0\u00bb2%\u00a0\u00bb animation_speed_curve=\u00a0\u00bbease\u00a0\u00bb positioning_tablet=\u00a0\u00bbnone\u00a0\u00bb positioning_phone=\u00a0\u00bbnone\u00a0\u00bb positioning_last_edited=\u00a0\u00bbon|tablet\u00a0\u00bb global_colors_info=\u00a0\u00bb{}\u00a0\u00bb][et_pb_column type=\u00a0\u00bb4_4&Prime; _builder_version=\u00a0\u00bb4.24.2&Prime; _module_preset=\u00a0\u00bbdefault\u00a0\u00bb global_colors_info=\u00a0\u00bb{}\u00a0\u00bb][\/et_pb_column][\/et_pb_row][et_pb_row column_structure=\u00a0\u00bb1_2,1_2&Prime; use_custom_gutter=\u00a0\u00bbon\u00a0\u00bb gutter_width=\u00a0\u00bb1&Prime; _builder_version=\u00a0\u00bb4.24.2&Prime; _module_preset=\u00a0\u00bbdefault\u00a0\u00bb width=\u00a0\u00bb90%\u00a0\u00bb max_width=\u00a0\u00bb1296px\u00a0\u00bb custom_margin=\u00a0\u00bb0px||0px||false|false\u00a0\u00bb custom_padding=\u00a0\u00bb0px||0px||false|false\u00a0\u00bb global_colors_info=\u00a0\u00bb{}\u00a0\u00bb][et_pb_column type=\u00a0\u00bb1_2&Prime; disabled_on=\u00a0\u00bbon|on|off\u00a0\u00bb _builder_version=\u00a0\u00bb4.24.2&Prime; _module_preset=\u00a0\u00bbdefault\u00a0\u00bb custom_padding=\u00a0\u00bb|80px|||false|false\u00a0\u00bb custom_padding_tablet=\u00a0\u00bb|0px|||false|false\u00a0\u00bb custom_padding_phone=\u00a0\u00bb|0px|||false|false\u00a0\u00bb custom_padding_last_edited=\u00a0\u00bbon|tablet\u00a0\u00bb global_colors_info=\u00a0\u00bb{}\u00a0\u00bb][\/et_pb_column][et_pb_column type=\u00a0\u00bb1_2&Prime; _builder_version=\u00a0\u00bb4.24.2&Prime; _module_preset=\u00a0\u00bbdefault\u00a0\u00bb custom_padding_tablet=\u00a0\u00bb0px|0px||0px|false|false\u00a0\u00bb custom_padding_phone=\u00a0\u00bb0px|0px||0px|false|false\u00a0\u00bb custom_padding_last_edited=\u00a0\u00bboff|desktop\u00a0\u00bb custom_css_main_element=\u00a0\u00bbmargin-top:auto;\u00a0\u00bb global_colors_info=\u00a0\u00bb{}\u00a0\u00bb][et_pb_text module_id=\u00a0\u00bbfamilienprogramm\u00a0\u00bb _builder_version=\u00a0\u00bb4.27.4&Prime; _module_preset=\u00a0\u00bbdefault\u00a0\u00bb header_2_font=\u00a0\u00bbRetrocycles|700|||||||\u00a0\u00bb header_2_text_align=\u00a0\u00bbleft\u00a0\u00bb header_2_text_color=\u00a0\u00bb#FFFFFF\u00a0\u00bb header_2_font_size=\u00a0\u00bb52px\u00a0\u00bb header_2_letter_spacing=\u00a0\u00bb-1px\u00a0\u00bb header_2_line_height=\u00a0\u00bb1.1em\u00a0\u00bb max_width=\u00a0\u00bb635px\u00a0\u00bb custom_margin=\u00a0\u00bb0px||25px||false|false\u00a0\u00bb custom_padding=\u00a0\u00bb0px||0px||false|false\u00a0\u00bb header_2_font_size_tablet=\u00a0\u00bb42px\u00a0\u00bb header_2_font_size_phone=\u00a0\u00bb26px\u00a0\u00bb header_2_font_size_last_edited=\u00a0\u00bbon|tablet\u00a0\u00bb global_colors_info=\u00a0\u00bb{}\u00a0\u00bb]<\/p>\n<h2>Programme familial<\/h2>\n<p>[\/et_pb_text][et_pb_text _builder_version=\u00a0\u00bb4.27.4&Prime; _module_preset=\u00a0\u00bbdefault\u00a0\u00bb text_font=\u00a0\u00bbManrope||||||||\u00a0\u00bb text_text_color=\u00a0\u00bb#FFFFFF\u00a0\u00bb text_line_height=\u00a0\u00bb1.6em\u00a0\u00bb max_width=\u00a0\u00bb635px\u00a0\u00bb custom_margin=\u00a0\u00bb0px||35px||false|false\u00a0\u00bb custom_padding=\u00a0\u00bb0px||0px||false|false\u00a0\u00bb global_colors_info=\u00a0\u00bb{}\u00a0\u00bb]<\/p>\n<p>Atelier de lampions, atelier de peinture, atelier de maquillage, coin jeux, d\u00e9fil\u00e9 de lampions<br \/>Le 1er ao\u00fbt, la Bundesgasse se transformera en terrain de jeu pour les familles. Les enfants pourront confectionner des lampions pour le d\u00e9fil\u00e9 du soir, laisser libre cours \u00e0 leur imagination au maquillage et s&rsquo;amuser \u00e0 diff\u00e9rents jeux. <\/p>\n<p><strong>Jeux et divertissement<\/strong><br \/>De nombreux jeux pour petits et grands sont disponibles sur la Place f\u00e9d\u00e9rale et dans la Bundesgasse. Ping-pong, baby-foot, hockey sur table, piste de billes et bien plus encore. <\/p>\n<p>[\/et_pb_text][\/et_pb_column][\/et_pb_row][et_pb_row column_structure=\u00a0\u00bb1_3,1_3,1_3&Prime; _builder_version=\u00a0\u00bb4.27.4&Prime; _module_preset=\u00a0\u00bbdefault\u00a0\u00bb custom_padding=\u00a0\u00bb130px||||false|false\u00a0\u00bb global_colors_info=\u00a0\u00bb{}\u00a0\u00bb][et_pb_column type=\u00a0\u00bb1_3&Prime; _builder_version=\u00a0\u00bb4.27.4&Prime; _module_preset=\u00a0\u00bbdefault\u00a0\u00bb global_colors_info=\u00a0\u00bb{}\u00a0\u00bb][et_pb_text _builder_version=\u00a0\u00bb4.27.4&Prime; _module_preset=\u00a0\u00bbdefault\u00a0\u00bb text_font=\u00a0\u00bb&#8211;et_global_body_font||||||||\u00a0\u00bb text_text_color=\u00a0\u00bb#FFFFFF\u00a0\u00bb header_3_font=\u00a0\u00bb&#8211;et_global_heading_font|700||on|||||\u00a0\u00bb header_3_text_color=\u00a0\u00bb#FFFFFF\u00a0\u00bb header_4_font=\u00a0\u00bb&#8211;et_global_heading_font||||||||\u00a0\u00bb header_4_text_color=\u00a0\u00bb#FFFFFF\u00a0\u00bb global_colors_info=\u00a0\u00bb{}\u00a0\u00bb]<\/p>\n<div id=\"comp-l5hsgadn\" class=\"HcOXKn c9GqVL QxJLC3 lq2cno YQcXTT comp-l5hsgadn wixui-rich-text\" data-testid=\"richTextElement\" ariaattributes=\"[object Object]\">\n<h3 class=\"font_3 wixui-rich-text__text\"><span class=\"wixui-rich-text__text\">11h15-17h15<\/span><br class=\"wixui-rich-text__text\">Th\u00e9\u00e2tre pour enfants avec<br class=\"wixui-rich-text__text\">B\u00e4rner Chachperli-Gutsche<\/h3>\n<\/div>\n<div id=\"comp-l5hsgadr\" class=\"HcOXKn c9GqVL QxJLC3 lq2cno YQcXTT comp-l5hsgadr wixui-rich-text\" data-testid=\"richTextElement\" ariaattributes=\"[object Object]\">\n<p class=\"font_8 wixui-rich-text__text\">Le B\u00e4rner Chaschperli-Gutsche, le th\u00e9\u00e2tre de marionnettes sur roulettes, vous emm\u00e8ne dans un voyage d&rsquo;aventure. Plongez dans des histoires pleines de fantaisie et vibrez avec elles. <\/p>\n<p class=\"font_8 wixui-rich-text__text\"><span class=\"wixui-rich-text__text\">\u200b<\/span><\/p>\n<p class=\"font_8 wixui-rich-text__text\">Repr\u00e9sentations \u00e0 : 11h15, 13h15, 15h15 et 16h15.<\/p>\n<p class=\"font_8 wixui-rich-text__text\"><span class=\"wixui-rich-text__text\">\u200b<\/span><\/p>\n<p class=\"font_8 wixui-rich-text__text\">Co\u00fbt : entr\u00e9e gratuite.<\/p>\n<\/div>\n<p>[\/et_pb_text][\/et_pb_column][et_pb_column type=\u00a0\u00bb1_3&Prime; _builder_version=\u00a0\u00bb4.27.4&Prime; _module_preset=\u00a0\u00bbdefault\u00a0\u00bb global_colors_info=\u00a0\u00bb{}\u00a0\u00bb][et_pb_text _builder_version=\u00a0\u00bb4.27.4&Prime; _module_preset=\u00a0\u00bbdefault\u00a0\u00bb text_font=\u00a0\u00bb&#8211;et_global_body_font||||||||\u00a0\u00bb text_text_color=\u00a0\u00bb#FFFFFF\u00a0\u00bb header_3_font=\u00a0\u00bb&#8211;et_global_heading_font|700||on|||||\u00a0\u00bb header_3_text_color=\u00a0\u00bb#FFFFFF\u00a0\u00bb header_4_font=\u00a0\u00bb&#8211;et_global_heading_font||||||||\u00a0\u00bb header_4_text_color=\u00a0\u00bb#FFFFFF\u00a0\u00bb global_colors_info=\u00a0\u00bb{}\u00a0\u00bb]<\/p>\n<div id=\"comp-l5hsgadn\" class=\"HcOXKn c9GqVL QxJLC3 lq2cno YQcXTT comp-l5hsgadn wixui-rich-text\" data-testid=\"richTextElement\" ariaattributes=\"[object Object]\">\n<h3 class=\"font_3 wixui-rich-text__text\"><span class=\"wixui-rich-text__text\">11h-18h<\/span><br class=\"wixui-rich-text__text\">Bricolage de lampions &#8211; une lumi\u00e8re pour Berne<\/h3>\n<\/div>\n<div id=\"comp-l5hsgadr\" class=\"HcOXKn c9GqVL QxJLC3 lq2cno YQcXTT comp-l5hsgadr wixui-rich-text\" data-testid=\"richTextElement\" ariaattributes=\"[object Object]\">\n<p class=\"font_8 wixui-rich-text__text\"><span style=\"font-size: 16px;\">Fabriquez votre propre lampion pour le d\u00e9fil\u00e9 du soir &#8211; peintures, papier et autres articles de d\u00e9coration sont mis gratuitement \u00e0 votre disposition. Il suffit de venir et de commencer. <\/span><\/p>\n<\/div>\n<p>[\/et_pb_text][\/et_pb_column][et_pb_column type=\u00a0\u00bb1_3&Prime; _builder_version=\u00a0\u00bb4.27.4&Prime; _module_preset=\u00a0\u00bbdefault\u00a0\u00bb global_colors_info=\u00a0\u00bb{}\u00a0\u00bb][et_pb_text _builder_version=\u00a0\u00bb4.27.4&Prime; _module_preset=\u00a0\u00bbdefault\u00a0\u00bb text_font=\u00a0\u00bb&#8211;et_global_body_font||||||||\u00a0\u00bb text_text_color=\u00a0\u00bb#FFFFFF\u00a0\u00bb link_font=\u00a0\u00bb||||on|||#FFFFFF|\u00a0\u00bb link_text_color=\u00a0\u00bb#FFFFFF\u00a0\u00bb header_3_font=\u00a0\u00bb&#8211;et_global_heading_font|700||on|||||\u00a0\u00bb header_3_text_color=\u00a0\u00bb#FFFFFF\u00a0\u00bb header_4_font=\u00a0\u00bb&#8211;et_global_heading_font||||||||\u00a0\u00bb header_4_text_color=\u00a0\u00bb#FFFFFF\u00a0\u00bb global_colors_info=\u00a0\u00bb{}\u00a0\u00bb]<\/p>\n<div id=\"bgLayers_comp-l5azd9l8\" data-hook=\"bgLayers\" data-motion-part=\"BG_LAYER comp-l5azd9l8\" class=\"MW5IWV\">\n<h3 id=\"bgMedia_comp-l5azd9l8\" data-motion-part=\"BG_MEDIA comp-l5azd9l8\" class=\"VgO9Yg\">19h-20h<br \/>D\u00e9fil\u00e9 de lampions color\u00e9<\/h3>\n<\/div>\n<div data-mesh-id=\"comp-l5azd9l8inlineContent\" data-testid=\"inline-content\" class=\"\">\n<div data-mesh-id=\"comp-l5azd9l8inlineContent-gridContainer\" data-testid=\"mesh-container-content\">\n<div id=\"comp-l5azkg7i\" class=\"comp-l5azkg7i SPY_vo\">\n<div data-mesh-id=\"comp-l5azkg7iinlineContent\" data-testid=\"inline-content\" class=\"\">\n<div data-mesh-id=\"comp-l5azkg7iinlineContent-gridContainer\" data-testid=\"mesh-container-content\">\n<div id=\"comp-l5azkg8l\" class=\"HcOXKn c9GqVL QxJLC3 lq2cno YQcXTT comp-l5azkg8l wixui-rich-text\" data-testid=\"richTextElement\" ariaattributes=\"[object Object]\">\n<p class=\"font_8 wixui-rich-text__text\">Plongez avec nous les ruelles de Berne dans une lumi\u00e8re color\u00e9e &#8211; tous les visiteurs sont les bienvenus.<\/p>\n<p class=\"font_8 wixui-rich-text__text\">Rassemblement \u00e0 18h45 sur la Place f\u00e9d\u00e9rale. Le cort\u00e8ge partira ensuite \u00e0 19h et suivra l&rsquo;itin\u00e9raire suivant : Bundesplatz, Amthausgasse, Casinoplatz, M\u00fcnstergasse, Junkerngasse, Gerechtigkeitsgasse, Kramgasse, Hotelgasse, Casinoplatz, Amthausgasse, Bundesplatz. <\/p>\n<p class=\"font_8 wixui-rich-text__text\">L&rsquo;<a href=\"https:\/\/www.tvbern.ch\/\" target=\"_blank\" rel=\"noopener\">association des tambours de Berne<\/a> accompagne le cort\u00e8ge en musique.<\/p>\n<\/div>\n<\/div>\n<\/div>\n<\/div>\n<\/div>\n<\/div>\n<p>[\/et_pb_text][\/et_pb_column][\/et_pb_row][et_pb_row column_structure=\u00a0\u00bb1_2,1_2&Prime; _builder_version=\u00a0\u00bb4.27.4&Prime; _module_preset=\u00a0\u00bbdefault\u00a0\u00bb global_colors_info=\u00a0\u00bb{}\u00a0\u00bb][et_pb_column type=\u00a0\u00bb1_2&Prime; _builder_version=\u00a0\u00bb4.27.4&Prime; _module_preset=\u00a0\u00bbdefault\u00a0\u00bb global_colors_info=\u00a0\u00bb{}\u00a0\u00bb][et_pb_text _builder_version=\u00a0\u00bb4.27.4&Prime; _module_preset=\u00a0\u00bbdefault\u00a0\u00bb text_font=\u00a0\u00bb&#8211;et_global_body_font||||||||\u00a0\u00bb text_text_color=\u00a0\u00bb#FFFFFF\u00a0\u00bb link_font=\u00a0\u00bb||||on|||#FFFFFF|\u00a0\u00bb link_text_color=\u00a0\u00bb#FFFFFF\u00a0\u00bb header_3_font=\u00a0\u00bb&#8211;et_global_heading_font|700||on|||||\u00a0\u00bb header_3_text_color=\u00a0\u00bb#FFFFFF\u00a0\u00bb header_4_font=\u00a0\u00bb&#8211;et_global_heading_font||||||||\u00a0\u00bb header_4_text_color=\u00a0\u00bb#FFFFFF\u00a0\u00bb global_colors_info=\u00a0\u00bb{%22gcid-4e5204ad-61b3-4f3a-b07f-8c8eaab28708%22:%91%22link_text_color%22%93}\u00a0\u00bb]<\/p>\n<div id=\"comp-l622fsbh\" class=\"HcOXKn c9GqVL QxJLC3 lq2cno YQcXTT comp-l622fsbh wixui-rich-text\" data-testid=\"richTextElement\" ariaattributes=\"[object Object]\">\n<h3 class=\"font_3 wixui-rich-text__text\"><span class=\"wixui-rich-text__text\">14h-17h<\/span><br class=\"wixui-rich-text__text\">Enigmes dans la cath\u00e9drale de Berne<\/h3>\n<\/div>\n<div id=\"comp-l622fsbt\" class=\"HcOXKn c9GqVL QxJLC3 lq2cno YQcXTT comp-l622fsbt wixui-rich-text\" data-testid=\"richTextElement\" ariaattributes=\"[object Object]\">\n<p class=\"font_8 wixui-rich-text__text\">Avec une feuille d&rsquo;\u00e9nigmes illustr\u00e9e, vous partez \u00e0 la recherche d&rsquo;indices dans la cath\u00e9drale. Trouverez-vous tous les signes ? <\/p>\n<p class=\"font_8 wixui-rich-text__text\"><span class=\"wixGuard wixui-rich-text__text\">\u200b<\/span><\/p>\n<ul class=\"font_8 wixui-rich-text__text\">\n<li class=\"wixui-rich-text__text\">\n<p class=\"font_8 wixui-rich-text__text\">Pour les familles avec enfants \u00e0 partir de 6 ans<\/p>\n<\/li>\n<li class=\"wixui-rich-text__text\">\n<p class=\"font_8 wixui-rich-text__text\">Lieu de rendez-vous : Cath\u00e9drale de Berne, bureau d&rsquo;information<\/p>\n<\/li>\n<li class=\"wixui-rich-text__text\">\n<p class=\"font_8 wixui-rich-text__text\">Dur\u00e9e : 30 minutes<\/p>\n<\/li>\n<li class=\"wixui-rich-text__text\">\n<p class=\"font_8 wixui-rich-text__text\">Co\u00fbt : 1 franc par groupe<\/p>\n<\/li>\n<\/ul>\n<p class=\"font_8 wixui-rich-text__text\">\n<p class=\"font_8 wixui-rich-text__text\">Pour en savoir plus : <span class=\"wixui-rich-text__text\"><a href=\"https:\/\/www.bernermuenster.ch\/de\/berner-muenster\/fuehrungen\/oeffentliche-fuehrungen.php\" target=\"_blank\" rel=\"noreferrer noopener\" class=\"wixui-rich-text__text\">bernermuenster.ch<\/a><\/span><\/p>\n<\/div>\n<p>[\/et_pb_text][\/et_pb_column][et_pb_column type=\u00a0\u00bb1_2&Prime; _builder_version=\u00a0\u00bb4.27.4&Prime; _module_preset=\u00a0\u00bbdefault\u00a0\u00bb global_colors_info=\u00a0\u00bb{}\u00a0\u00bb][et_pb_text _builder_version=\u00a0\u00bb4.27.4&Prime; _module_preset=\u00a0\u00bbdefault\u00a0\u00bb text_font=\u00a0\u00bb&#8211;et_global_body_font||||||||\u00a0\u00bb text_text_color=\u00a0\u00bb#FFFFFF\u00a0\u00bb link_font=\u00a0\u00bb||||on|||#FFFFFF|\u00a0\u00bb link_text_color=\u00a0\u00bb#FFFFFF\u00a0\u00bb header_3_font=\u00a0\u00bb&#8211;et_global_heading_font|700||on|||||\u00a0\u00bb header_3_text_color=\u00a0\u00bb#FFFFFF\u00a0\u00bb header_4_font=\u00a0\u00bb&#8211;et_global_heading_font||||||||\u00a0\u00bb header_4_text_color=\u00a0\u00bb#FFFFFF\u00a0\u00bb global_colors_info=\u00a0\u00bb{%22gcid-4e5204ad-61b3-4f3a-b07f-8c8eaab28708%22:%91%22link_text_color%22%93}\u00a0\u00bb]<\/p>\n<div id=\"bgLayers_comp-l5azd9l8\" data-hook=\"bgLayers\" data-motion-part=\"BG_LAYER comp-l5azd9l8\">\n<h3 class=\"font_3 wixui-rich-text__text\"><span class=\"wixui-rich-text__text\">14h-17h<\/span><br class=\"wixui-rich-text__text\">Jeu de recherche dans la cath\u00e9drale de Berne<\/h3>\n<p id=\"bgMedia_comp-l5azd9l8\" data-motion-part=\"BG_MEDIA comp-l5azd9l8\">La cath\u00e9drale de Berne rec\u00e8le de nombreux secrets &#8211; saurez-vous tous les percer ? Une \u00e9nigme \u00e9pineuse et des t\u00e2ches passionnantes vous attendent. <\/p>\n<\/div>\n<div data-mesh-id=\"comp-l5azd9l8inlineContent\" data-testid=\"inline-content\">\n<div data-mesh-id=\"comp-l5azd9l8inlineContent-gridContainer\" data-testid=\"mesh-container-content\">\n<div id=\"comp-l5azkg7i\">\n<div data-mesh-id=\"comp-l5azkg7iinlineContent\" data-testid=\"inline-content\">\n<div data-mesh-id=\"comp-l5azkg7iinlineContent-gridContainer\" data-testid=\"mesh-container-content\">\n<div data-mesh-id=\"comp-l61pn96t1inlineContent\" data-testid=\"inline-content\">\n<div data-mesh-id=\"comp-l61pn96t1inlineContent-gridContainer\" data-testid=\"mesh-container-content\">\n<div id=\"comp-lxk7ecvc\">\n<div data-mesh-id=\"comp-lxk7ecvcinlineContent\" data-testid=\"inline-content\">\n<div data-mesh-id=\"comp-lxk7ecvcinlineContent-gridContainer\" data-testid=\"mesh-container-content\">\n<div id=\"comp-lxk7ecwu\" data-testid=\"richTextElement\" ariaattributes=\"[object Object]\">\n<p>\u200b<\/p>\n<ul>\n<li>Pour les familles avec enfants \u00e0 partir de 8 ans<\/li>\n<li>Lieu de rendez-vous : Cath\u00e9drale de Berne, bureau d&rsquo;information<\/li>\n<li>Dur\u00e9e : 1-1.5 heures<\/li>\n<li>Co\u00fbt : 5 francs par groupe<\/li>\n<\/ul>\n<p>Pour en savoir plus : <a href=\"https:\/\/www.bernermuenster.ch\/de\/berner-muenster\/fuehrungen\/oeffentliche-fuehrungen.php\" target=\"_blank\" rel=\"noreferrer noopener\">bernermuenster.ch<\/a><\/p>\n<\/div>\n<\/div>\n<\/div>\n<\/div>\n<\/div>\n<\/div>\n<p id=\"comp-l5azkg8l\" data-testid=\"richTextElement\" ariaattributes=\"invalid_tags_codes_0|\">\n<\/div>\n<\/div>\n<\/div>\n<\/div>\n<\/div>\n<p>[\/et_pb_text][\/et_pb_column][\/et_pb_row][\/et_pb_section][et_pb_section fb_built=\u00a0\u00bb1&Prime; custom_padding_last_edited=\u00a0\u00bbon|tablet\u00a0\u00bb disabled_on=\u00a0\u00bboff|off|off\u00a0\u00bb admin_label=\u00a0\u00bbEntdecken\u00a0\u00bb _builder_version=\u00a0\u00bb4.27.4&Prime; _module_preset=\u00a0\u00bbdefault\u00a0\u00bb background_color=\u00a0\u00bbgcid-primary-color\u00a0\u00bb custom_margin=\u00a0\u00bb0px||0px||false|false\u00a0\u00bb custom_padding=\u00a0\u00bb130px||0px||false|false\u00a0\u00bb custom_padding_tablet=\u00a0\u00bb0px||120px||false|false\u00a0\u00bb custom_padding_phone=\u00a0\u00bb||90px||false|false\u00a0\u00bb animation_style=\u00a0\u00bbfade\u00a0\u00bb animation_speed_curve=\u00a0\u00bbease\u00a0\u00bb locked=\u00a0\u00bboff\u00a0\u00bb global_colors_info=\u00a0\u00bb{%22gcid-primary-color%22:%91%22background_color%22%93}\u00a0\u00bb][et_pb_row admin_label=\u00a0\u00bbLigne\u00a0\u00bb _builder_version=\u00a0\u00bb4.27.4&Prime; _module_preset=\u00a0\u00bbdefault\u00a0\u00bb background_image=\u00a0\u00bbhttps:\/\/ideebern.ch\/wp-content\/uploads\/2025\/06\/QKLS1146.jpg\u00a0\u00bb positioning=\u00a0\u00bbabsolute\u00a0\u00bb vertical_offset=\u00a0\u00bb-106px\u00a0\u00bb position_origin_a_tablet=\u00a0\u00bbtop_right\u00a0\u00bb position_origin_a_phone=\u00a0\u00bbtop_right\u00a0\u00bb position_origin_a_last_edited=\u00a0\u00bbon|tablet\u00a0\u00bb position_origin_f_tablet=\u00a0\u00bb\u00a0\u00bb position_origin_f_phone=\u00a0\u00bb\u00a0\u00bb position_origin_f_last_edited=\u00a0\u00bbon|tablet\u00a0\u00bb position_origin_r_tablet=\u00a0\u00bb\u00a0\u00bb position_origin_r_phone=\u00a0\u00bb\u00a0\u00bb position_origin_r_last_edited=\u00a0\u00bbon|tablet\u00a0\u00bb width=\u00a0\u00bb44%\u00a0\u00bb width_tablet=\u00a0\u00bb100%\u00a0\u00bb width_phone=\u00a0\u00bb100%\u00a0\u00bb width_last_edited=\u00a0\u00bbon|tablet\u00a0\u00bb max_width=\u00a0\u00bb44%\u00a0\u00bb max_width_tablet=\u00a0\u00bb100%\u00a0\u00bb max_width_phone=\u00a0\u00bb100%\u00a0\u00bb max_width_last_edited=\u00a0\u00bbon|tablet\u00a0\u00bb min_height=\u00a0\u00bb700px\u00a0\u00bb min_height_tablet=\u00a0\u00bb678px\u00a0\u00bb min_height_phone=\u00a0\u00bb330px\u00a0\u00bb min_height_last_edited=\u00a0\u00bbon|phone\u00a0\u00bb custom_margin=\u00a0\u00bb0px||0px||false|false\u00a0\u00bb custom_margin_tablet=\u00a0\u00bb0px||90px||false|false\u00a0\u00bb custom_margin_phone=\u00a0\u00bb||55px||false|false\u00a0\u00bb custom_margin_last_edited=\u00a0\u00bbon|tablet\u00a0\u00bb custom_padding=\u00a0\u00bb0px||0px||false|false\u00a0\u00bb animation_style=\u00a0\u00bbslide\u00a0\u00bb animation_direction=\u00a0\u00bbright\u00a0\u00bb animation_intensity_slide=\u00a0\u00bb2%\u00a0\u00bb animation_speed_curve=\u00a0\u00bbease\u00a0\u00bb positioning_tablet=\u00a0\u00bbnone\u00a0\u00bb positioning_phone=\u00a0\u00bbnone\u00a0\u00bb positioning_last_edited=\u00a0\u00bbon|tablet\u00a0\u00bb global_colors_info=\u00a0\u00bb{}\u00a0\u00bb][et_pb_column type=\u00a0\u00bb4_4&Prime; _builder_version=\u00a0\u00bb4.24.2&Prime; _module_preset=\u00a0\u00bbdefault\u00a0\u00bb global_colors_info=\u00a0\u00bb{}\u00a0\u00bb][\/et_pb_column][\/et_pb_row][et_pb_row column_structure=\u00a0\u00bb1_2,1_2&Prime; use_custom_gutter=\u00a0\u00bbon\u00a0\u00bb gutter_width=\u00a0\u00bb1&Prime; _builder_version=\u00a0\u00bb4.24.2&Prime; _module_preset=\u00a0\u00bbdefault\u00a0\u00bb width=\u00a0\u00bb90%\u00a0\u00bb max_width=\u00a0\u00bb1296px\u00a0\u00bb custom_margin=\u00a0\u00bb0px||0px||false|false\u00a0\u00bb custom_padding=\u00a0\u00bb0px||0px||false|false\u00a0\u00bb global_colors_info=\u00a0\u00bb{}\u00a0\u00bb][et_pb_column type=\u00a0\u00bb1_2&Prime; disabled_on=\u00a0\u00bbon|on|off\u00a0\u00bb _builder_version=\u00a0\u00bb4.24.2&Prime; _module_preset=\u00a0\u00bbdefault\u00a0\u00bb custom_padding=\u00a0\u00bb|80px|||false|false\u00a0\u00bb custom_padding_tablet=\u00a0\u00bb|0px|||false|false\u00a0\u00bb custom_padding_phone=\u00a0\u00bb|0px|||false|false\u00a0\u00bb custom_padding_last_edited=\u00a0\u00bbon|tablet\u00a0\u00bb global_colors_info=\u00a0\u00bb{}\u00a0\u00bb][\/et_pb_column][et_pb_column type=\u00a0\u00bb1_2&Prime; _builder_version=\u00a0\u00bb4.24.2&Prime; _module_preset=\u00a0\u00bbdefault\u00a0\u00bb custom_padding_tablet=\u00a0\u00bb0px|0px||0px|false|false\u00a0\u00bb custom_padding_phone=\u00a0\u00bb0px|0px||0px|false|false\u00a0\u00bb custom_padding_last_edited=\u00a0\u00bboff|desktop\u00a0\u00bb custom_css_main_element=\u00a0\u00bbmargin-top:auto;\u00a0\u00bb global_colors_info=\u00a0\u00bb{}\u00a0\u00bb][et_pb_text module_id=\u00a0\u00bbentdecken\u00a0\u00bb _builder_version=\u00a0\u00bb4.27.4&Prime; _module_preset=\u00a0\u00bbdefault\u00a0\u00bb header_2_font=\u00a0\u00bbRetrocycles|700|||||||\u00a0\u00bb header_2_text_align=\u00a0\u00bbleft\u00a0\u00bb header_2_text_color=\u00a0\u00bb#FFFFFF\u00a0\u00bb header_2_font_size=\u00a0\u00bb52px\u00a0\u00bb header_2_letter_spacing=\u00a0\u00bb-1px\u00a0\u00bb header_2_line_height=\u00a0\u00bb1.1em\u00a0\u00bb max_width=\u00a0\u00bb635px\u00a0\u00bb custom_margin=\u00a0\u00bb0px||25px||false|false\u00a0\u00bb custom_padding=\u00a0\u00bb0px||0px||false|false\u00a0\u00bb header_2_font_size_tablet=\u00a0\u00bb42px\u00a0\u00bb header_2_font_size_phone=\u00a0\u00bb26px\u00a0\u00bb header_2_font_size_last_edited=\u00a0\u00bbon|tablet\u00a0\u00bb global_colors_info=\u00a0\u00bb{}\u00a0\u00bb]<\/p>\n<h2>D\u00e9couvrir<\/h2>\n<p>[\/et_pb_text][et_pb_text _builder_version=\u00a0\u00bb4.27.4&Prime; _module_preset=\u00a0\u00bbdefault\u00a0\u00bb text_font=\u00a0\u00bbManrope||||||||\u00a0\u00bb text_text_color=\u00a0\u00bb#FFFFFF\u00a0\u00bb text_line_height=\u00a0\u00bb1.6em\u00a0\u00bb link_font=\u00a0\u00bb||||on||||\u00a0\u00bb link_text_color=\u00a0\u00bb#FFFFFF\u00a0\u00bb header_4_font=\u00a0\u00bb&#8211;et_global_heading_font||||||||\u00a0\u00bb header_4_text_color=\u00a0\u00bb#FFFFFF\u00a0\u00bb max_width=\u00a0\u00bb600px\u00a0\u00bb custom_margin=\u00a0\u00bb0px||25px||false|false\u00a0\u00bb custom_padding=\u00a0\u00bb0px||1px||false|false\u00a0\u00bb text_font_size_tablet=\u00a0\u00bb25px\u00a0\u00bb text_font_size_phone=\u00a0\u00bb20px\u00a0\u00bb text_font_size_last_edited=\u00a0\u00bbon|phone\u00a0\u00bb global_colors_info=\u00a0\u00bb{}\u00a0\u00bb]<\/p>\n<div class=\"section-text text-block align-center\">\n<div class=\"wpb_column col-md-4 matchHeight-element matchHeight-applied\">\n<div class=\"section-text text-block \">\n<div id=\"comp-lielkxet1\" class=\"HcOXKn c9GqVL QxJLC3 lq2cno YQcXTT comp-lielkxet1 wixui-rich-text\" data-testid=\"richTextElement\" ariaattributes=\"[object Object]\">\n<h4 class=\"font_3 wixui-rich-text__text\">D\u00e9couvrir les attractions touristiques de Berne.<\/h4>\n<p>Notre belle capitale a beaucoup \u00e0 offrir. Plusieurs symboles bernois ouvrent leurs portes le jour de la f\u00eate nationale. Ou peut-\u00eatre pr\u00e9f\u00e9rez-vous faire un tour en voiture ? Dans ce cas, un moyen de transport particulier vous attend.   <\/p>\n<\/div>\n<\/div>\n<\/div>\n<\/div>\n<p>[\/et_pb_text][\/et_pb_column][\/et_pb_row][et_pb_row column_structure=\u00a0\u00bb1_2,1_2&Prime; _builder_version=\u00a0\u00bb4.27.4&Prime; _module_preset=\u00a0\u00bbdefault\u00a0\u00bb global_colors_info=\u00a0\u00bb{}\u00a0\u00bb][et_pb_column type=\u00a0\u00bb1_2&Prime; _builder_version=\u00a0\u00bb4.27.4&Prime; _module_preset=\u00a0\u00bbdefault\u00a0\u00bb global_colors_info=\u00a0\u00bb{}\u00a0\u00bb][et_pb_divider show_divider=\u00a0\u00bboff\u00a0\u00bb _builder_version=\u00a0\u00bb4.27.4&Prime; _module_preset=\u00a0\u00bbdefault\u00a0\u00bb min_height=\u00a0\u00bb102.8px\u00a0\u00bb custom_padding=\u00a0\u00bb140px||||false|false\u00a0\u00bb global_colors_info=\u00a0\u00bb{}\u00a0\u00bb][\/et_pb_divider][\/et_pb_column][et_pb_column type=\u00a0\u00bb1_2&Prime; _builder_version=\u00a0\u00bb4.27.4&Prime; _module_preset=\u00a0\u00bbdefault\u00a0\u00bb global_colors_info=\u00a0\u00bb{}\u00a0\u00bb][\/et_pb_column][\/et_pb_row][et_pb_row column_structure=\u00a0\u00bb1_2,1_2&Prime; _builder_version=\u00a0\u00bb4.27.4&Prime; _module_preset=\u00a0\u00bbdefault\u00a0\u00bb global_colors_info=\u00a0\u00bb{}\u00a0\u00bb][et_pb_column type=\u00a0\u00bb1_2&Prime; _builder_version=\u00a0\u00bb4.27.4&Prime; _module_preset=\u00a0\u00bbdefault\u00a0\u00bb global_colors_info=\u00a0\u00bb{}\u00a0\u00bb][et_pb_text _builder_version=\u00a0\u00bb4.27.4&Prime; _module_preset=\u00a0\u00bbdefault\u00a0\u00bb text_font=\u00a0\u00bb&#8211;et_global_body_font||||||||\u00a0\u00bb text_text_color=\u00a0\u00bb#FFFFFF\u00a0\u00bb link_font=\u00a0\u00bb||||on|||#FFFFFF|\u00a0\u00bb link_text_color=\u00a0\u00bb#FFFFFF\u00a0\u00bb header_2_font=\u00a0\u00bbRetrocycles|700|||||||\u00a0\u00bb header_2_text_color=\u00a0\u00bb#FFFFFF\u00a0\u00bb header_3_font=\u00a0\u00bb&#8211;et_global_heading_font|700||on|||||\u00a0\u00bb header_3_text_color=\u00a0\u00bb#FFFFFF\u00a0\u00bb header_4_font=\u00a0\u00bb&#8211;et_global_heading_font|700|||||||\u00a0\u00bb header_4_text_color=\u00a0\u00bb#FFFFFF\u00a0\u00bb header_5_font=\u00a0\u00bb&#8211;et_global_heading_font|||on|||||\u00a0\u00bb header_5_text_color=\u00a0\u00bb#FFFFFF\u00a0\u00bb global_colors_info=\u00a0\u00bb{}\u00a0\u00bb]<\/p>\n<div id=\"comp-l5hsgadn\" class=\"HcOXKn c9GqVL QxJLC3 lq2cno YQcXTT comp-l5hsgadn wixui-rich-text\" data-testid=\"richTextElement\" ariaattributes=\"[object Object]\">\n<h3 class=\"font_3 wixui-rich-text__text\"><span class=\"wixui-rich-text__text\">8h30-16h30<\/span><br class=\"wixui-rich-text__text\">Palais f\u00e9d\u00e9ral ouvert<\/h3>\n<\/div>\n<div id=\"comp-l5hsgadr\" class=\"HcOXKn c9GqVL QxJLC3 lq2cno YQcXTT comp-l5hsgadr wixui-rich-text\" data-testid=\"richTextElement\" ariaattributes=\"[object Object]\">\n<p>Visitez le centre politique de l&rsquo;\u00c9tat f\u00e9d\u00e9ral suisse et partez \u00e0 la d\u00e9couverte d&rsquo;une maison pleine de symboles qui repr\u00e9sentent l&rsquo;histoire et la diversit\u00e9 de notre pays et de sa population. Vous pouvez visiter librement la coupole, la salle des pas perdus, les salles du Conseil national et du Conseil des \u00c9tats, la salle des s\u00e9ances du Conseil f\u00e9d\u00e9ral et la biblioth\u00e8que du Parlement. <\/p>\n<ul>\n<li>Co\u00fbt : entr\u00e9e gratuite, ouverture des portes avant 15h30<\/li>\n<li>Entr\u00e9e : Palais f\u00e9d\u00e9ral, entr\u00e9e nord, Place f\u00e9d\u00e9rale et entr\u00e9e sud, Terrasse f\u00e9d\u00e9rale. En raison des contr\u00f4les de s\u00e9curit\u00e9, il faut s&rsquo;attendre \u00e0 des temps d&rsquo;attente. <\/li>\n<li>Attention, les personnes de plus de 16 ans et les enfants et adolescents de moins de 16 ans non accompagn\u00e9s d&rsquo;un adulte, seront soumis \u00e0 un contr\u00f4le d&rsquo;identit\u00e9 et devront pr\u00e9senter une pi\u00e8ce d&rsquo;identit\u00e9 officielle au personnel de s\u00e9curit\u00e9.<\/li>\n<\/ul>\n<p>Pour en savoir plus : Site web <a href=\"https:\/\/www.parlament.ch\/agenda\/Pages\/agenda-1-august-2025.aspx\" target=\"_blank\" rel=\"noopener\">parlament.ch<\/a><\/p>\n<\/div>\n<p>[\/et_pb_text][et_pb_text _builder_version=\u00a0\u00bb4.27.4&Prime; _module_preset=\u00a0\u00bbdefault\u00a0\u00bb text_font=\u00a0\u00bb&#8211;et_global_body_font||||||||\u00a0\u00bb text_text_color=\u00a0\u00bb#FFFFFF\u00a0\u00bb link_font=\u00a0\u00bb||||on|||#FFFFFF|\u00a0\u00bb link_text_color=\u00a0\u00bb#FFFFFF\u00a0\u00bb header_3_font=\u00a0\u00bb&#8211;et_global_heading_font|700||on|||||\u00a0\u00bb header_3_text_color=\u00a0\u00bb#FFFFFF\u00a0\u00bb header_4_font=\u00a0\u00bb&#8211;et_global_heading_font|700|||||||\u00a0\u00bb header_4_text_color=\u00a0\u00bb#FFFFFF\u00a0\u00bb header_5_font=\u00a0\u00bb&#8211;et_global_heading_font|||on|||||\u00a0\u00bb header_5_text_color=\u00a0\u00bb#FFFFFF\u00a0\u00bb global_colors_info=\u00a0\u00bb{}\u00a0\u00bb]<\/p>\n<div id=\"comp-l5hsgadn\" class=\"HcOXKn c9GqVL QxJLC3 lq2cno YQcXTT comp-l5hsgadn wixui-rich-text\" data-testid=\"richTextElement\" ariaattributes=\"[object Object]\">\n<h4 class=\"font_3 wixui-rich-text__text\"><span style=\"font-size: 16px;\">Visites audio du Palais f\u00e9d\u00e9ral<\/span><\/h4>\n<\/div>\n<div id=\"comp-l5hsgadr\" class=\"HcOXKn c9GqVL QxJLC3 lq2cno YQcXTT comp-l5hsgadr wixui-rich-text\" data-testid=\"richTextElement\" ariaattributes=\"[object Object]\">\n<p>L&rsquo;<a href=\"https:\/\/www.parlament.ch\/de\/services\/besuch-im-bundeshaus\/audiofuehrung-bundeshaus\" target=\"_blank\" rel=\"noopener\">application<\/a> vous fournit des informations de fond int\u00e9ressantes sur votre visite.<\/p>\n<\/div>\n<p>[\/et_pb_text][et_pb_text _builder_version=\u00a0\u00bb4.27.4&Prime; _module_preset=\u00a0\u00bbdefault\u00a0\u00bb text_font=\u00a0\u00bb&#8211;et_global_body_font||||||||\u00a0\u00bb text_text_color=\u00a0\u00bb#FFFFFF\u00a0\u00bb link_font=\u00a0\u00bb||||on|||#FFFFFF|\u00a0\u00bb link_text_color=\u00a0\u00bb#FFFFFF\u00a0\u00bb header_3_font=\u00a0\u00bb&#8211;et_global_heading_font|700||on|||||\u00a0\u00bb header_3_text_color=\u00a0\u00bb#FFFFFF\u00a0\u00bb header_4_font=\u00a0\u00bb&#8211;et_global_heading_font|700|||||||\u00a0\u00bb header_4_text_color=\u00a0\u00bb#FFFFFF\u00a0\u00bb header_5_font=\u00a0\u00bb&#8211;et_global_heading_font|||on|||||\u00a0\u00bb header_5_text_color=\u00a0\u00bb#FFFFFF\u00a0\u00bb global_colors_info=\u00a0\u00bb{}\u00a0\u00bb]<\/p>\n<div id=\"comp-l5hsgadn\" class=\"HcOXKn c9GqVL QxJLC3 lq2cno YQcXTT comp-l5hsgadn wixui-rich-text\" data-testid=\"richTextElement\" ariaattributes=\"[object Object]\">\n<h4 class=\"font_3 wixui-rich-text__text\"><span style=\"font-size: 16px;\">Pr\u00e9sidences du Conseil au Palais f\u00e9d\u00e9ral<\/span><\/h4>\n<\/div>\n<div id=\"comp-l5hsgadr\" class=\"HcOXKn c9GqVL QxJLC3 lq2cno YQcXTT comp-l5hsgadr wixui-rich-text\" data-testid=\"richTextElement\" ariaattributes=\"[object Object]\">\n<h5>Salle du Conseil des \u00c9tats<\/h5>\n<ul>\n<li>Le St\u00f6ckli vu par le pr\u00e9sident du Conseil des Etats Andrea Caroni.<\/li>\n<li>Mod\u00e9ration : Philipp Burkhardt, chef de la r\u00e9daction du Palais f\u00e9d\u00e9ral SRF.<\/li>\n<li>12h-12h30<\/li>\n<\/ul>\n<h5>Salle du Conseil national<\/h5>\n<ul>\n<li>La pr\u00e9sidente du Conseil national Maja Riniker et le pr\u00e9sident du Conseil des \u00c9tats Andrea Caroni r\u00e9pondent aux questions des visiteurs*.<\/li>\n<li>Mod\u00e9ration : Philipp Burkhardt, chef de la r\u00e9daction du Palais f\u00e9d\u00e9ral SRF.<\/li>\n<li>La conversation sera traduite simultan\u00e9ment en fran\u00e7ais et en italien.<\/li>\n<li>13h-13h45<\/li>\n<\/ul>\n<\/div>\n<p>[\/et_pb_text][\/et_pb_column][et_pb_column type=\u00a0\u00bb1_2&Prime; _builder_version=\u00a0\u00bb4.27.4&Prime; _module_preset=\u00a0\u00bbdefault\u00a0\u00bb global_colors_info=\u00a0\u00bb{}\u00a0\u00bb][et_pb_text _builder_version=\u00a0\u00bb4.27.4&Prime; _module_preset=\u00a0\u00bbdefault\u00a0\u00bb text_font=\u00a0\u00bb&#8211;et_global_body_font||||||||\u00a0\u00bb text_text_color=\u00a0\u00bb#FFFFFF\u00a0\u00bb link_font=\u00a0\u00bb||||on|||#FFFFFF|\u00a0\u00bb link_text_color=\u00a0\u00bb#FFFFFF\u00a0\u00bb header_3_font=\u00a0\u00bb&#8211;et_global_heading_font|700||on|||||\u00a0\u00bb header_3_text_color=\u00a0\u00bb#FFFFFF\u00a0\u00bb header_4_font=\u00a0\u00bb&#8211;et_global_heading_font|700|||||||\u00a0\u00bb header_4_text_color=\u00a0\u00bb#FFFFFF\u00a0\u00bb header_5_font=\u00a0\u00bb&#8211;et_global_heading_font|||on|||||\u00a0\u00bb header_5_text_color=\u00a0\u00bb#FFFFFF\u00a0\u00bb global_colors_info=\u00a0\u00bb{}\u00a0\u00bb]<\/p>\n<div id=\"comp-l5hsgadn\" class=\"HcOXKn c9GqVL QxJLC3 lq2cno YQcXTT comp-l5hsgadn wixui-rich-text\" data-testid=\"richTextElement\" ariaattributes=\"[object Object]\">\n<h4>Informations sur le b\u00e2timent du Parlement et le fonctionnement du Conseil<\/h4>\n<h5>Salle du Conseil national<\/h5>\n<ul>\n<li>Fran\u00e7ais 9\/11\/15 heures<\/li>\n<li>Fran\u00e7ais 10\/14\/16 heures<\/li>\n<li>Italien 14 heures<\/li>\n<\/ul>\n<h5>Salle du Conseil des \u00c9tats<\/h5>\n<p>Allemand 9h30 \/14h30<br \/>Fran\u00e7ais 11h30\/15h30<br \/>Italien 11h30<\/p>\n<h4>Musique des cantons des pr\u00e9sidences<\/h4>\n<p>Musique populaire traditionnelle avec le groupe suisse Trionettli du canton d&rsquo;Argovie<\/p>\n<ul>\n<li>Salle du Conseil national 11h30 \/12h30<\/li>\n<li>Salle du Conseil des \u00c9tats 9h<\/li>\n<\/ul>\n<p>Formation d&rsquo;Appenzell<\/p>\n<ul>\n<li>Salle du Conseil national 15h30<\/li>\n<li>Salle du Conseil des \u00c9tats 10h30 \/ 14h<\/li>\n<\/ul>\n<\/div>\n<p>[\/et_pb_text][et_pb_text _builder_version=\u00a0\u00bb4.27.4&Prime; _module_preset=\u00a0\u00bbdefault\u00a0\u00bb text_font=\u00a0\u00bb&#8211;et_global_body_font||||||||\u00a0\u00bb text_text_color=\u00a0\u00bb#FFFFFF\u00a0\u00bb link_font=\u00a0\u00bb||||on|||#FFFFFF|\u00a0\u00bb link_text_color=\u00a0\u00bb#FFFFFF\u00a0\u00bb header_3_font=\u00a0\u00bb&#8211;et_global_heading_font|700||on|||||\u00a0\u00bb header_3_text_color=\u00a0\u00bb#FFFFFF\u00a0\u00bb header_4_font=\u00a0\u00bb&#8211;et_global_heading_font|700|||||||\u00a0\u00bb header_4_text_color=\u00a0\u00bb#FFFFFF\u00a0\u00bb header_5_font=\u00a0\u00bb&#8211;et_global_heading_font|||on|||||\u00a0\u00bb header_5_text_color=\u00a0\u00bb#FFFFFF\u00a0\u00bb global_colors_info=\u00a0\u00bb{}\u00a0\u00bb]<\/p>\n<div id=\"comp-l5hsgadn\" class=\"HcOXKn c9GqVL QxJLC3 lq2cno YQcXTT comp-l5hsgadn wixui-rich-text\" data-testid=\"richTextElement\" ariaattributes=\"[object Object]\">\n<h4 class=\"font_3 wixui-rich-text__text\"><span style=\"font-size: 16px;\">Programme pour enfants dans le hall du d\u00f4me<\/span><\/h4>\n<\/div>\n<div id=\"comp-l5hsgadr\" class=\"HcOXKn c9GqVL QxJLC3 lq2cno YQcXTT comp-l5hsgadr wixui-rich-text\" data-testid=\"richTextElement\" ariaattributes=\"[object Object]\">\n<p>Concours, cr\u00e9ation de tatouages et de badges<\/p>\n<\/div>\n<p>[\/et_pb_text][et_pb_image src=\u00a0\u00bbhttps:\/\/ideebern.ch\/wp-content\/uploads\/2025\/06\/IMG_0910-scaled.jpg\u00a0\u00bb title_text=\u00a0\u00bbIMG_0910&Prime; _builder_version=\u00a0\u00bb4.27.4&Prime; _module_preset=\u00a0\u00bbdefault\u00a0\u00bb custom_margin=\u00a0\u00bb29px||||false|false\u00a0\u00bb global_colors_info=\u00a0\u00bb{}\u00a0\u00bb][\/et_pb_image][\/et_pb_column][\/et_pb_row][et_pb_row column_structure=\u00a0\u00bb1_2,1_2&Prime; _builder_version=\u00a0\u00bb4.27.4&Prime; _module_preset=\u00a0\u00bbdefault\u00a0\u00bb global_colors_info=\u00a0\u00bb{}\u00a0\u00bb][et_pb_column type=\u00a0\u00bb1_2&Prime; _builder_version=\u00a0\u00bb4.27.4&Prime; _module_preset=\u00a0\u00bbdefault\u00a0\u00bb global_colors_info=\u00a0\u00bb{}\u00a0\u00bb][et_pb_text _builder_version=\u00a0\u00bb4.27.4&Prime; _module_preset=\u00a0\u00bbdefault\u00a0\u00bb text_font=\u00a0\u00bb&#8211;et_global_body_font||||||||\u00a0\u00bb text_text_color=\u00a0\u00bb#FFFFFF\u00a0\u00bb link_font=\u00a0\u00bb||||on|||#FFFFFF|\u00a0\u00bb link_text_color=\u00a0\u00bb#FFFFFF\u00a0\u00bb header_3_font=\u00a0\u00bb&#8211;et_global_heading_font|700||on|||||\u00a0\u00bb header_3_text_color=\u00a0\u00bb#FFFFFF\u00a0\u00bb header_4_font=\u00a0\u00bb&#8211;et_global_heading_font||||||||\u00a0\u00bb header_4_text_color=\u00a0\u00bb#FFFFFF\u00a0\u00bb global_colors_info=\u00a0\u00bb{}\u00a0\u00bb]<\/p>\n<div id=\"comp-l5hsgadn\" class=\"HcOXKn c9GqVL QxJLC3 lq2cno YQcXTT comp-l5hsgadn wixui-rich-text\" data-testid=\"richTextElement\" ariaattributes=\"[object Object]\">\n<h3 class=\"font_3 wixui-rich-text__text\"><span class=\"wixui-rich-text__text\">10h-17h<\/span><br class=\"wixui-rich-text__text\">Visites guid\u00e9es de la ville<\/h3>\n<\/div>\n<div id=\"comp-l5hsgadr\" class=\"HcOXKn c9GqVL QxJLC3 lq2cno YQcXTT comp-l5hsgadr wixui-rich-text\" data-testid=\"richTextElement\" ariaattributes=\"[object Object]\">\n<p><strong>Explorer Berne avec Bern Welcome &#8211; City Tours.<\/strong><\/p>\n<p>Des monuments embl\u00e9matiques de la ville \u00e0 ses recoins secrets : Nos visites guid\u00e9es de la ville sont aussi vari\u00e9es que Berne elle-m\u00eame.<\/p>\n<p>Le 1er ao\u00fbt, Bern Welcome propose en exclusivit\u00e9 21 visites guid\u00e9es gratuites sur diff\u00e9rents th\u00e8mes : Promenade dans la vieille ville de l&rsquo;UNESCO, Berne pour les Bernois:es, Plaisir et vice, 1848 &#8211; Berne devient ville f\u00e9d\u00e9rale et Visite guid\u00e9e de la ville pour les enfants.<\/p>\n<p>Les visites sont propos\u00e9es en fran\u00e7ais, en allemand ou en italien.<\/p>\n<ul>\n<li>D\u00e9but : \u00e0 partir de 11h30-16h30, toutes les demi-heures, 3 visites guid\u00e9es ont lieu simultan\u00e9ment.<\/li>\n<li>Dur\u00e9e : 30 minutes chacune.<\/li>\n<li>Co\u00fbt : les visites guid\u00e9es sont gratuites<\/li>\n<li>Participants : 20 personnes maximum <\/li>\n<li>Inscription : Le 1er ao\u00fbt \u00e0 partir de 10h directement \u00e0 l&rsquo;office de tourisme on the Road sur la place f\u00e9d\u00e9rale<\/li>\n<\/ul>\n<p>En savoir plus : <a href=\"https:\/\/bern.com\/de\/erleben\/stadtfuehrungen\" target=\"_blank\" rel=\"noopener\">bern.com<\/a><\/p>\n<\/div>\n<p>[\/et_pb_text][et_pb_image src=\u00a0\u00bbhttps:\/\/ideebern.ch\/wp-content\/uploads\/2025\/06\/JUGH0193-e1750060675614.jpg\u00a0\u00bb title_text=\u00a0\u00bbJUGH0193&Prime; _builder_version=\u00a0\u00bb4.27.4&Prime; _module_preset=\u00a0\u00bbdefault\u00a0\u00bb custom_margin=\u00a0\u00bb23px||||false|false\u00a0\u00bb global_colors_info=\u00a0\u00bb{}\u00a0\u00bb][\/et_pb_image][\/et_pb_column][et_pb_column type=\u00a0\u00bb1_2&Prime; _builder_version=\u00a0\u00bb4.27.4&Prime; _module_preset=\u00a0\u00bbdefault\u00a0\u00bb global_colors_info=\u00a0\u00bb{}\u00a0\u00bb][et_pb_text _builder_version=\u00a0\u00bb4.27.4&Prime; _module_preset=\u00a0\u00bbdefault\u00a0\u00bb text_font=\u00a0\u00bb&#8211;et_global_body_font||||||||\u00a0\u00bb text_text_color=\u00a0\u00bb#FFFFFF\u00a0\u00bb link_font=\u00a0\u00bb||||on|||#FFFFFF|\u00a0\u00bb link_text_color=\u00a0\u00bb#FFFFFF\u00a0\u00bb header_3_font=\u00a0\u00bb&#8211;et_global_heading_font|700||on|||||\u00a0\u00bb header_3_text_color=\u00a0\u00bb#FFFFFF\u00a0\u00bb header_4_font=\u00a0\u00bb&#8211;et_global_heading_font||||||||\u00a0\u00bb header_4_text_color=\u00a0\u00bb#FFFFFF\u00a0\u00bb global_colors_info=\u00a0\u00bb{}\u00a0\u00bb]<\/p>\n<div id=\"comp-l5hsgadn\" class=\"HcOXKn c9GqVL QxJLC3 lq2cno YQcXTT comp-l5hsgadn wixui-rich-text\" data-testid=\"richTextElement\" ariaattributes=\"[object Object]\">\n<h3 class=\"font_3 wixui-rich-text__text\"><span class=\"wixui-rich-text__text\">10h-16h30<\/span><br class=\"wixui-rich-text__text\">cath\u00e9drale de Berne<\/h3>\n<\/div>\n<div id=\"comp-l5hsgadr\" class=\"HcOXKn c9GqVL QxJLC3 lq2cno YQcXTT comp-l5hsgadr wixui-rich-text\" data-testid=\"richTextElement\" ariaattributes=\"[object Object]\">\n<p>La cath\u00e9drale de Berne propose un concert de yodel, un programme familial et des visites guid\u00e9es passionnantes \u00e0 l&rsquo;occasion de la f\u00eate nationale.<\/p>\n<p>Pour en savoir plus : <a href=\"bernermuenster.ch\" target=\"_blank\" rel=\"noopener\">bernermuenster.ch<\/a><\/p>\n<\/div>\n<p>[\/et_pb_text][et_pb_text _builder_version=\u00a0\u00bb4.27.4&Prime; _module_preset=\u00a0\u00bbdefault\u00a0\u00bb text_font=\u00a0\u00bb&#8211;et_global_body_font||||||||\u00a0\u00bb text_text_color=\u00a0\u00bb#FFFFFF\u00a0\u00bb header_3_font=\u00a0\u00bb&#8211;et_global_heading_font|700||on|||||\u00a0\u00bb header_3_text_color=\u00a0\u00bb#FFFFFF\u00a0\u00bb header_4_font=\u00a0\u00bb&#8211;et_global_heading_font|700|||||||\u00a0\u00bb header_4_text_color=\u00a0\u00bb#FFFFFF\u00a0\u00bb global_colors_info=\u00a0\u00bb{}\u00a0\u00bb]<\/p>\n<div id=\"comp-l5hsgadn\" class=\"HcOXKn c9GqVL QxJLC3 lq2cno YQcXTT comp-l5hsgadn wixui-rich-text\" data-testid=\"richTextElement\" ariaattributes=\"[object Object]\">\n<h4>Visites guid\u00e9es des cloches de la cath\u00e9drale de Berne<\/h4>\n<p>D\u00e9couvrez de pr\u00e8s sept des imposantes cloches de la cath\u00e9drale et \u00e9coutez des histoires int\u00e9ressantes sur la sonnerie de la cath\u00e9drale. Pour couronner le tout, tu profiteras d&rsquo;une vue exceptionnelle \u00e0 46 m et 64 m de hauteur. Une vue magnifique sur la vieille ville de Berne t&rsquo;attend, et m\u00eame sur l&rsquo;Oberland bernois et le Jura si le temps est cl\u00e9ment.  <\/p>\n<ul>\n<li>temps :\n<ul>\n<li>11h15-12h<\/li>\n<li>14h15-15h<\/li>\n<li>15h45-16h30<\/li>\n<\/ul>\n<\/li>\n<li>Dur\u00e9e 45 minutes<\/li>\n<li>Co\u00fbts : adultes : 16 francs, billet pour la tour inclus ; enfants de 8 \u00e0 17 ans : 8 francs, billet pour la tour inclus.    <\/li>\n<li>Rendez-vous au point d&rsquo;information de la cath\u00e9drale de Berne<\/li>\n<\/ul>\n<\/div>\n<p>[\/et_pb_text][et_pb_text _builder_version=\u00a0\u00bb4.27.4&Prime; _module_preset=\u00a0\u00bbdefault\u00a0\u00bb text_font=\u00a0\u00bb&#8211;et_global_body_font||||||||\u00a0\u00bb text_text_color=\u00a0\u00bb#FFFFFF\u00a0\u00bb header_3_font=\u00a0\u00bb&#8211;et_global_heading_font|700||on|||||\u00a0\u00bb header_3_text_color=\u00a0\u00bb#FFFFFF\u00a0\u00bb header_4_font=\u00a0\u00bb&#8211;et_global_heading_font|700|||||||\u00a0\u00bb header_4_text_color=\u00a0\u00bb#FFFFFF\u00a0\u00bb global_colors_info=\u00a0\u00bb{}\u00a0\u00bb]<\/p>\n<div id=\"comp-l5hsgadn\" class=\"HcOXKn c9GqVL QxJLC3 lq2cno YQcXTT comp-l5hsgadn wixui-rich-text\" data-testid=\"richTextElement\" ariaattributes=\"[object Object]\">\n<h4>Visite guid\u00e9e sp\u00e9ciale des cloches de la cath\u00e9drale de Berne, suivie de la sonnerie des cloches.<\/h4>\n<p>Vous pourrez voir de pr\u00e8s les impressionnantes cloches de la cath\u00e9drale et apprendre comment elles sonnent et comment la tour vibre. Le point culminant de la visite est la sonnerie de six cloches \u00e0 l&rsquo;occasion du 1er ao\u00fbt. <\/p>\n<ul>\n<li>Temps\n<ul>\n<li>Visite guid\u00e9e : 19h15-20h<\/li>\n<li>Sonnerie du 1er ao\u00fbt 20h-20h15<\/li>\n<li>Descente 20h30<\/li>\n<\/ul>\n<\/li>\n<li>Dur\u00e9e 60 minutes<\/li>\n<li>Co\u00fbt : 20 francs, billet pour la tour inclus  <\/li>\n<li>Rendez-vous au point d&rsquo;information de la cath\u00e9drale de Berne<\/li>\n<li>Inscription : Il est n\u00e9cessaire de s&rsquo;inscrire aupr\u00e8s du bureau d&rsquo;information de la cath\u00e9drale de Berne, le nombre de places \u00e9tant limit\u00e9.<\/li>\n<li>Attention : veuillez apporter des protections auditives<\/li>\n<\/ul>\n<\/div>\n<p>[\/et_pb_text][\/et_pb_column][\/et_pb_row][et_pb_row column_structure=\u00a0\u00bb1_2,1_2&Prime; _builder_version=\u00a0\u00bb4.27.4&Prime; _module_preset=\u00a0\u00bbdefault\u00a0\u00bb global_colors_info=\u00a0\u00bb{}\u00a0\u00bb][et_pb_column type=\u00a0\u00bb1_2&Prime; _builder_version=\u00a0\u00bb4.27.4&Prime; _module_preset=\u00a0\u00bbdefault\u00a0\u00bb global_colors_info=\u00a0\u00bb{}\u00a0\u00bb][et_pb_text _builder_version=\u00a0\u00bb4.27.4&Prime; _module_preset=\u00a0\u00bbdefault\u00a0\u00bb text_font=\u00a0\u00bb&#8211;et_global_body_font||||||||\u00a0\u00bb text_text_color=\u00a0\u00bb#FFFFFF\u00a0\u00bb link_font=\u00a0\u00bb||||on|||#FFFFFF|\u00a0\u00bb link_text_color=\u00a0\u00bb#FFFFFF\u00a0\u00bb header_3_font=\u00a0\u00bb&#8211;et_global_heading_font|700||on|||||\u00a0\u00bb header_3_text_color=\u00a0\u00bb#FFFFFF\u00a0\u00bb header_4_font=\u00a0\u00bb&#8211;et_global_heading_font||||||||\u00a0\u00bb header_4_text_color=\u00a0\u00bb#FFFFFF\u00a0\u00bb custom_margin=\u00a0\u00bb||||false|false\u00a0\u00bb global_colors_info=\u00a0\u00bb{}\u00a0\u00bb]<\/p>\n<div id=\"comp-l5hsgadn\" class=\"HcOXKn c9GqVL QxJLC3 lq2cno YQcXTT comp-l5hsgadn wixui-rich-text\" data-testid=\"richTextElement\" ariaattributes=\"[object Object]\">\n<h3 class=\"font_3 wixui-rich-text__text\"><span class=\"wixui-rich-text__text\">11h-17h<\/span><br class=\"wixui-rich-text__text\">Circuits en bus anciens de la ville de Berne<br \/><span style=\"font-size: 16px;\"><\/span><\/h3>\n<p class=\"font_3 wixui-rich-text__text\"><span style=\"font-size: 16px;\">D\u00e9couvrez Berne \u00e0 bord d&rsquo;un bus d&rsquo;\u00e9poque, par exemple le \u00ab\u00a0Schnauzenbus\u00a0\u00bb de 1924.<\/span><\/p>\n<\/div>\n<div id=\"comp-l5hsgadr\" class=\"HcOXKn c9GqVL QxJLC3 lq2cno YQcXTT comp-l5hsgadr wixui-rich-text\" data-testid=\"richTextElement\" ariaattributes=\"[object Object]\">\n<p>&nbsp;<\/p>\n<ul>\n<li>D\u00e9part toutes les 20 minutes de la Kochergasse (\u00e0 c\u00f4t\u00e9 de la Bundesplatz), un trajet dure environ 30 minutes.<\/li>\n<li>Nombre de places limit\u00e9, il faut s&rsquo;attendre \u00e0 des d\u00e9lais d&rsquo;attente.<\/li>\n<li>Voyages individuels :\n<ul>\n<li>Adultes Fr. 12.-<\/li>\n<li>Jeunes jusqu&rsquo;\u00e0 16 ans : Fr. 6.-<\/li>\n<li>Enfants jusqu&rsquo;\u00e0 6 ans : gratuit<\/li>\n<\/ul>\n<\/li>\n<li>  Billets \u00e0 la journ\u00e9e :\n<ul>\n<li>Adultes Fr. 20.-<\/li>\n<li>Jeunes jusqu&rsquo;\u00e0 16 ans : Fr. 10.-<\/li>\n<li>Enfants jusqu&rsquo;\u00e0 6 ans : gratuit<\/li>\n<\/ul>\n<\/li>\n<\/ul>\n<p>Pour en savoir plus : <a href=\"https:\/\/bernmobil-historique.ch\/event\/nationalfeiertag\/\" target=\"_blank\" rel=\"noopener\">bernmobil-historique.ch<\/a><a href=\"https:\/\/bern.com\/de\/aktuelles\/highlights\/sommer-in-bern\" target=\"_blank\" rel=\"noopener\"><\/a><\/p>\n<\/div>\n<p>[\/et_pb_text][et_pb_image src=\u00a0\u00bbhttps:\/\/ideebern.ch\/wp-content\/uploads\/2025\/06\/20220801-Ab5-Ab157-Bundeshaus-Ost.jpg\u00a0\u00bb title_text=\u00a0\u00bb20220801 Ab5 Ab157 Palais f\u00e9d\u00e9ral Est\u00a0\u00bb _builder_version=\u00a0\u00bb4.27.4&Prime; _module_preset=\u00a0\u00bbdefault\u00a0\u00bb custom_margin=\u00a0\u00bb30px||||false|false\u00a0\u00bb global_colors_info=\u00a0\u00bb{}\u00a0\u00bb][\/et_pb_image][\/et_pb_column][et_pb_column type=\u00a0\u00bb1_2&Prime; _builder_version=\u00a0\u00bb4.27.4&Prime; _module_preset=\u00a0\u00bbdefault\u00a0\u00bb global_colors_info=\u00a0\u00bb{}\u00a0\u00bb][et_pb_text _builder_version=\u00a0\u00bb4.27.4&Prime; _module_preset=\u00a0\u00bbdefault\u00a0\u00bb text_font=\u00a0\u00bb&#8211;et_global_body_font||||||||\u00a0\u00bb text_text_color=\u00a0\u00bb#FFFFFF\u00a0\u00bb header_3_font=\u00a0\u00bb&#8211;et_global_heading_font|700||on|||||\u00a0\u00bb header_3_text_color=\u00a0\u00bb#FFFFFF\u00a0\u00bb header_4_font=\u00a0\u00bb&#8211;et_global_heading_font|700|||||||\u00a0\u00bb header_4_text_color=\u00a0\u00bb#FFFFFF\u00a0\u00bb global_colors_info=\u00a0\u00bb{}\u00a0\u00bb]<\/p>\n<div id=\"comp-l5hsgadn\" class=\"HcOXKn c9GqVL QxJLC3 lq2cno YQcXTT comp-l5hsgadn wixui-rich-text\" data-testid=\"richTextElement\" ariaattributes=\"[object Object]\">\n<h4 class=\"font_3 wixui-rich-text__text\"><span style=\"font-size: 16px;\">V\u00e9hicules<\/span><\/h4>\n<\/div>\n<div id=\"comp-l5hsgadr\" class=\"HcOXKn c9GqVL QxJLC3 lq2cno YQcXTT comp-l5hsgadr wixui-rich-text\" data-testid=\"richTextElement\" ariaattributes=\"[object Object]\">\n<p><strong>Bus \u00e0 moustaches num\u00e9ro 5 (1924)<\/strong><\/p>\n<p>Bus \u00e0 museau de type Saurer de 1924. Avec plus de 100 ans, c&rsquo;est le plus ancien bus urbain de Suisse en \u00e9tat de marche. Il dessert le Kirchenfeld et la vieille ville.  <\/p>\n<p><strong>Bus arri\u00e8re num\u00e9ro 91 (1956)<\/strong><\/p>\n<p>Bus de type Saurer de 1956, type de construction \u00ab\u00a0moteur arri\u00e8re\u00a0\u00bb. Traverse le pont de Kirchenfeld en direction de Ka-We-De Burgernziel &#8211; B\u00e4rengraben. <\/p>\n<p><strong>Bus \u00e0 plancher bas num\u00e9ro 157 (1965)<\/strong><\/p>\n<p>Autobus de type FBW de 1965, type de construction \u00ab\u00a0moteur sous plancher\u00a0\u00bb. Il traverse le pont de Kirchenfeld pour se rendre \u00e0 Ka-We-De &#8211; Burgernziel &#8211; B\u00e4rengraben ou \u00e0 Elfenau. <\/p>\n<\/div>\n<p>[\/et_pb_text][et_pb_image src=\u00a0\u00bbhttps:\/\/ideebern.ch\/wp-content\/uploads\/2024\/12\/Bus5-3.Betriebstag-16.08.2021-EJ2020-04714-scaled.jpg\u00a0\u00bb title_text=\u00a0\u00bbAPPAREIL PHOTO NUM\u00c9RIQUE OLYMPUS\u00a0\u00bb _builder_version=\u00a0\u00bb4.27.4&Prime; _module_preset=\u00a0\u00bbdefault\u00a0\u00bb custom_margin=\u00a0\u00bb30px||||false|false\u00a0\u00bb global_colors_info=\u00a0\u00bb{}\u00a0\u00bb][\/et_pb_image][\/et_pb_column][\/et_pb_row][et_pb_row _builder_version=\u00a0\u00bb4.27.4&Prime; _module_preset=\u00a0\u00bbdefault\u00a0\u00bb global_colors_info=\u00a0\u00bb{}\u00a0\u00bb][et_pb_column type=\u00a0\u00bb4_4&Prime; _builder_version=\u00a0\u00bb4.27.4&Prime; _module_preset=\u00a0\u00bbdefault\u00a0\u00bb global_colors_info=\u00a0\u00bb{}\u00a0\u00bb][\/et_pb_column][\/et_pb_row][\/et_pb_section][et_pb_section fb_built=\u00a0\u00bb1&Prime; custom_padding_last_edited=\u00a0\u00bbon|tablet\u00a0\u00bb disabled_on=\u00a0\u00bboff|off|off\u00a0\u00bb admin_label=\u00a0\u00bbGenussmeile\u00a0\u00bb module_id=\u00a0\u00bbsur-nous\u00a0\u00bb _builder_version=\u00a0\u00bb4.27.4&Prime; _module_preset=\u00a0\u00bbdefault\u00a0\u00bb background_color=\u00a0\u00bbgcid-4e5204ad-61b3-4f3a-b07f-8c8eaab28708&Prime; background_enable_image=\u00a0\u00bboff\u00a0\u00bb background_size=\u00a0\u00bbcontain\u00a0\u00bb background_position=\u00a0\u00bbbottom_center\u00a0\u00bb custom_margin=\u00a0\u00bb0px||0px||false|false\u00a0\u00bb custom_padding=\u00a0\u00bb130px||140px||false|false\u00a0\u00bb custom_padding_tablet=\u00a0\u00bb0px||120px||false|false\u00a0\u00bb custom_padding_phone=\u00a0\u00bb||90px||false|false\u00a0\u00bb locked=\u00a0\u00bboff\u00a0\u00bb global_colors_info=\u00a0\u00bb{%22gcid-4e5204ad-61b3-4f3a-b07f-8c8eaab28708%22:%91%22background_color%22%93}\u00a0\u00bb][et_pb_row _builder_version=\u00a0\u00bb4.27.4&Prime; _module_preset=\u00a0\u00bbdefault\u00a0\u00bb background_image=\u00a0\u00bbhttps:\/\/ideebern.ch\/wp-content\/uploads\/2025\/06\/BF19-2-Grill-1.jpg\u00a0\u00bb positioning=\u00a0\u00bbabsolute\u00a0\u00bb position_origin_a=\u00a0\u00bbtop_right\u00a0\u00bb vertical_offset=\u00a0\u00bb-100px\u00a0\u00bb position_origin_a_tablet=\u00a0\u00bbtop_right\u00a0\u00bb position_origin_a_phone=\u00a0\u00bbtop_right\u00a0\u00bb position_origin_a_last_edited=\u00a0\u00bbon|tablet\u00a0\u00bb position_origin_f_tablet=\u00a0\u00bb\u00a0\u00bb position_origin_f_phone=\u00a0\u00bb\u00a0\u00bb position_origin_f_last_edited=\u00a0\u00bbon|tablet\u00a0\u00bb position_origin_r_tablet=\u00a0\u00bb\u00a0\u00bb position_origin_r_phone=\u00a0\u00bb\u00a0\u00bb position_origin_r_last_edited=\u00a0\u00bbon|tablet\u00a0\u00bb width=\u00a0\u00bb44%\u00a0\u00bb width_tablet=\u00a0\u00bb100%\u00a0\u00bb width_phone=\u00a0\u00bb100%\u00a0\u00bb width_last_edited=\u00a0\u00bbon|tablet\u00a0\u00bb max_width=\u00a0\u00bb44%\u00a0\u00bb max_width_tablet=\u00a0\u00bb100%\u00a0\u00bb max_width_phone=\u00a0\u00bb100%\u00a0\u00bb max_width_last_edited=\u00a0\u00bbon|tablet\u00a0\u00bb min_height=\u00a0\u00bb678px\u00a0\u00bb min_height_tablet=\u00a0\u00bb678px\u00a0\u00bb min_height_phone=\u00a0\u00bb330px\u00a0\u00bb min_height_last_edited=\u00a0\u00bbon|phone\u00a0\u00bb custom_margin=\u00a0\u00bb0px||0px||false|false\u00a0\u00bb custom_margin_tablet=\u00a0\u00bb0px||90px||false|false\u00a0\u00bb custom_margin_phone=\u00a0\u00bb||55px||false|false\u00a0\u00bb custom_margin_last_edited=\u00a0\u00bbon|tablet\u00a0\u00bb custom_padding=\u00a0\u00bb0px||0px||false|false\u00a0\u00bb animation_style=\u00a0\u00bbslide\u00a0\u00bb animation_direction=\u00a0\u00bbright\u00a0\u00bb animation_intensity_slide=\u00a0\u00bb2%\u00a0\u00bb animation_speed_curve=\u00a0\u00bbease\u00a0\u00bb positioning_tablet=\u00a0\u00bbnone\u00a0\u00bb positioning_phone=\u00a0\u00bbnone\u00a0\u00bb positioning_last_edited=\u00a0\u00bbon|tablet\u00a0\u00bb global_colors_info=\u00a0\u00bb{}\u00a0\u00bb][et_pb_column type=\u00a0\u00bb4_4&Prime; _builder_version=\u00a0\u00bb4.27.4&Prime; _module_preset=\u00a0\u00bbdefault\u00a0\u00bb global_colors_info=\u00a0\u00bb{}\u00a0\u00bb][\/et_pb_column][\/et_pb_row][et_pb_row module_id=\u00a0\u00bb#ueber-uns\u00a0\u00bb _builder_version=\u00a0\u00bb4.27.4&Prime; _module_preset=\u00a0\u00bbdefault\u00a0\u00bb width=\u00a0\u00bb90%\u00a0\u00bb max_width=\u00a0\u00bb1296px\u00a0\u00bb custom_margin=\u00a0\u00bb0px||0px||false|false\u00a0\u00bb custom_padding=\u00a0\u00bb0px||0px||false|false\u00a0\u00bb global_colors_info=\u00a0\u00bb{}\u00a0\u00bb][et_pb_column type=\u00a0\u00bb4_4&Prime; _builder_version=\u00a0\u00bb4.24.2&Prime; _module_preset=\u00a0\u00bbdefault\u00a0\u00bb global_colors_info=\u00a0\u00bb{}\u00a0\u00bb][et_pb_divider show_divider=\u00a0\u00bboff\u00a0\u00bb _builder_version=\u00a0\u00bb4.27.4&Prime; _module_preset=\u00a0\u00bbdefault\u00a0\u00bb global_colors_info=\u00a0\u00bb{}\u00a0\u00bb][\/et_pb_divider][et_pb_text module_id=\u00a0\u00bbgenussmeile\u00a0\u00bb _builder_version=\u00a0\u00bb4.27.4&Prime; _module_preset=\u00a0\u00bbdefault\u00a0\u00bb header_2_font=\u00a0\u00bbRetrocycles|700|||||||\u00a0\u00bb header_2_text_align=\u00a0\u00bbleft\u00a0\u00bb header_2_text_color=\u00a0\u00bb#FFFFFF\u00a0\u00bb header_2_font_size=\u00a0\u00bb52px\u00a0\u00bb header_2_letter_spacing=\u00a0\u00bb-1px\u00a0\u00bb header_2_line_height=\u00a0\u00bb1.1em\u00a0\u00bb max_width=\u00a0\u00bb635px\u00a0\u00bb custom_margin=\u00a0\u00bb0px||25px||false|false\u00a0\u00bb custom_padding=\u00a0\u00bb0px||0px||false|false\u00a0\u00bb header_2_font_size_tablet=\u00a0\u00bb42px\u00a0\u00bb header_2_font_size_phone=\u00a0\u00bb26px\u00a0\u00bb header_2_font_size_last_edited=\u00a0\u00bbon|tablet\u00a0\u00bb global_colors_info=\u00a0\u00bb{}\u00a0\u00bb]<\/p>\n<h2>Mile des saveurs<\/h2>\n<p>[\/et_pb_text][et_pb_text _builder_version=\u00a0\u00bb4.27.4&Prime; _module_preset=\u00a0\u00bbdefault\u00a0\u00bb text_font=\u00a0\u00bbManrope||||||||\u00a0\u00bb text_text_color=\u00a0\u00bb#FFFFFF\u00a0\u00bb text_line_height=\u00a0\u00bb1.6em\u00a0\u00bb link_font=\u00a0\u00bb||||on||||\u00a0\u00bb link_text_color=\u00a0\u00bb#FFFFFF\u00a0\u00bb header_4_font=\u00a0\u00bb&#8211;et_global_heading_font||||||||\u00a0\u00bb header_4_text_color=\u00a0\u00bb#FFFFFF\u00a0\u00bb max_width=\u00a0\u00bb600px\u00a0\u00bb custom_margin=\u00a0\u00bb0px||25px||false|false\u00a0\u00bb custom_padding=\u00a0\u00bb0px||1px||false|false\u00a0\u00bb text_font_size_tablet=\u00a0\u00bb25px\u00a0\u00bb text_font_size_phone=\u00a0\u00bb20px\u00a0\u00bb text_font_size_last_edited=\u00a0\u00bbon|phone\u00a0\u00bb global_colors_info=\u00a0\u00bb{}\u00a0\u00bb]<\/p>\n<div class=\"section-text text-block align-center\">\n<div class=\"wpb_column col-md-4 matchHeight-element matchHeight-applied\">\n<div class=\"section-text text-block \">\n<div id=\"comp-lielkxet1\" class=\"HcOXKn c9GqVL QxJLC3 lq2cno YQcXTT comp-lielkxet1 wixui-rich-text\" data-testid=\"richTextElement\" ariaattributes=\"[object Object]\">\n<h4 class=\"font_3 wixui-rich-text__text\">March\u00e9 aux grillades et \u00ab\u00a0Gnussgass<\/h4>\n<p class=\"font_3 wixui-rich-text__text\">Un bon repas est bien s\u00fbr indispensable lors d&rsquo;une f\u00eate d&rsquo;anniversaire. Les ingr\u00e9dients d\u00e9licieux et de saison sont disponibles chez les diff\u00e9rents restaurateurs* locaux. <\/p>\n<\/div>\n<\/div>\n<\/div>\n<\/div>\n<p>[\/et_pb_text][et_pb_text _builder_version=\u00a0\u00bb4.27.4&Prime; _module_preset=\u00a0\u00bbdefault\u00a0\u00bb text_font=\u00a0\u00bb&#8211;et_global_body_font||||||||\u00a0\u00bb text_text_color=\u00a0\u00bb#FFFFFF\u00a0\u00bb header_3_font=\u00a0\u00bb&#8211;et_global_heading_font|700||on|||||\u00a0\u00bb header_3_text_color=\u00a0\u00bb#FFFFFF\u00a0\u00bb header_4_font=\u00a0\u00bb&#8211;et_global_heading_font||||||||\u00a0\u00bb header_4_text_color=\u00a0\u00bb#FFFFFF\u00a0\u00bb width=\u00a0\u00bb55.7%\u00a0\u00bb global_colors_info=\u00a0\u00bb{}\u00a0\u00bb]<\/p>\n<div class=\"section-text text-block align-center\">\n<div class=\"wpb_column col-md-4 matchHeight-element matchHeight-applied\">\n<div class=\"section-text text-block \">\n<div id=\"comp-lielkxet1\" class=\"HcOXKn c9GqVL QxJLC3 lq2cno YQcXTT comp-lielkxet1 wixui-rich-text\" data-testid=\"richTextElement\" ariaattributes=\"[object Object]\">\n<div id=\"bgLayers_comp-liem5y25\" data-hook=\"bgLayers\" data-motion-part=\"BG_LAYER comp-liem5y25\" class=\"MW5IWV\">\n<div id=\"bgLayers_comp-liem5y2o\" data-hook=\"bgLayers\" data-motion-part=\"BG_LAYER comp-liem5y2o\" class=\"MW5IWV\">\n<div id=\"bgMedia_comp-liem5y2o\" data-motion-part=\"BG_MEDIA comp-liem5y2o\" class=\"VgO9Yg\"><\/div>\n<\/div>\n<div data-mesh-id=\"comp-liem5y2oinlineContent\" data-testid=\"inline-content\" class=\"\">\n<div data-mesh-id=\"comp-liem5y2oinlineContent-gridContainer\" data-testid=\"mesh-container-content\">\n<div id=\"comp-liem5y2s1\" class=\"comp-liem5y2s1 SPY_vo\">\n<div data-mesh-id=\"comp-liem5y2s1inlineContent\" data-testid=\"inline-content\" class=\"\">\n<div data-mesh-id=\"comp-liem5y2s1inlineContent-gridContainer\" data-testid=\"mesh-container-content\">\n<div id=\"comp-liem5y2v1\" class=\"HcOXKn c9GqVL QxJLC3 lq2cno YQcXTT comp-liem5y2v1 wixui-rich-text\" data-testid=\"richTextElement\" ariaattributes=\"[object Object]\">\n<h3 class=\"font_3 wixui-rich-text__text\"><span class=\"wixui-rich-text__text\">11h-23h<\/span><br class=\"wixui-rich-text__text\">Grande grillade<\/h3>\n<\/div>\n<div id=\"comp-liem5y2x1\" class=\"HcOXKn c9GqVL QxJLC3 lq2cno YQcXTT comp-liem5y2x1 wixui-rich-text\" data-testid=\"richTextElement\" ariaattributes=\"[object Object]\">\n<p>La Suisse aime les grillades &#8211; et nous aussi. C&rsquo;est pourquoi un grand barbecue sera install\u00e9 sur la Place f\u00e9d\u00e9rale pour tous les invit\u00e9s. Faire des grillades ensemble et se rencontrer, telle est la devise. Vous trouverez les grillades ad\u00e9quates dans les stands tout autour.   <\/p>\n<ul><\/ul>\n<\/div>\n<\/div>\n<\/div>\n<\/div>\n<\/div>\n<\/div>\n<\/div>\n<div data-mesh-id=\"comp-liem5y25inlineContent\" data-testid=\"inline-content\" class=\"\">\n<div data-mesh-id=\"comp-liem5y25inlineContent-gridContainer\" data-testid=\"mesh-container-content\">\n<div id=\"comp-liem5y27\" class=\"comp-liem5y27 SPY_vo\">\n<div data-mesh-id=\"comp-liem5y27inlineContent\" data-testid=\"inline-content\" class=\"\"><\/div>\n<\/div>\n<\/div>\n<\/div>\n<\/div>\n<div id=\"comp-lielkxev\" class=\"HcOXKn c9GqVL QxJLC3 lq2cno YQcXTT comp-lielkxev wixui-rich-text\" data-testid=\"richTextElement\" ariaattributes=\"[object Object]\"><\/div>\n<\/div>\n<\/div>\n<\/div>\n<p>[\/et_pb_text][et_pb_text disabled_on=\u00a0\u00bboff|off|off\u00a0\u00bb _builder_version=\u00a0\u00bb4.27.4&Prime; _module_preset=\u00a0\u00bbdefault\u00a0\u00bb text_font=\u00a0\u00bb&#8211;et_global_body_font||||||||\u00a0\u00bb text_text_color=\u00a0\u00bb#FFFFFF\u00a0\u00bb link_font=\u00a0\u00bb&#8211;et_global_body_font||||on||||\u00a0\u00bb link_text_color=\u00a0\u00bb#FFFFFF\u00a0\u00bb header_3_font=\u00a0\u00bb&#8211;et_global_heading_font|700||on|||||\u00a0\u00bb header_3_text_color=\u00a0\u00bb#FFFFFF\u00a0\u00bb header_4_font=\u00a0\u00bb&#8211;et_global_heading_font||||||||\u00a0\u00bb header_4_text_color=\u00a0\u00bb#FFFFFF\u00a0\u00bb width=\u00a0\u00bb55.7%\u00a0\u00bb global_colors_info=\u00a0\u00bb{}\u00a0\u00bb]<\/p>\n<div class=\"section-text text-block align-center\">\n<div class=\"wpb_column col-md-4 matchHeight-element matchHeight-applied\">\n<div class=\"section-text text-block \">\n<div id=\"comp-lielkxet1\" class=\"HcOXKn c9GqVL QxJLC3 lq2cno YQcXTT comp-lielkxet1 wixui-rich-text\" data-testid=\"richTextElement\" ariaattributes=\"[object Object]\">\n<div id=\"bgLayers_comp-liem5y25\" data-hook=\"bgLayers\" data-motion-part=\"BG_LAYER comp-liem5y25\" class=\"MW5IWV\">\n<div id=\"bgLayers_comp-liem5y2o\" data-hook=\"bgLayers\" data-motion-part=\"BG_LAYER comp-liem5y2o\" class=\"MW5IWV\">\n<div id=\"bgMedia_comp-liem5y2o\" data-motion-part=\"BG_MEDIA comp-liem5y2o\" class=\"VgO9Yg\"><\/div>\n<\/div>\n<div data-mesh-id=\"comp-liem5y2oinlineContent\" data-testid=\"inline-content\" class=\"\">\n<div data-mesh-id=\"comp-liem5y2oinlineContent-gridContainer\" data-testid=\"mesh-container-content\">\n<div id=\"comp-liem5y2s1\" class=\"comp-liem5y2s1 SPY_vo\">\n<div data-mesh-id=\"comp-liem5y2s1inlineContent\" data-testid=\"inline-content\" class=\"\">\n<div data-mesh-id=\"comp-liem5y2s1inlineContent-gridContainer\" data-testid=\"mesh-container-content\">\n<div id=\"comp-liem5y2v1\" class=\"HcOXKn c9GqVL QxJLC3 lq2cno YQcXTT comp-liem5y2v1 wixui-rich-text\" data-testid=\"richTextElement\" ariaattributes=\"[object Object]\">\n<h3 class=\"font_3 wixui-rich-text__text\"><span class=\"wixui-rich-text__text\">11h-23h<\/span><br class=\"wixui-rich-text__text\">Restauration locale<\/h3>\n<\/div>\n<div id=\"comp-liem5y2x1\" class=\"HcOXKn c9GqVL QxJLC3 lq2cno YQcXTT comp-liem5y2x1 wixui-rich-text\" data-testid=\"richTextElement\" ariaattributes=\"[object Object]\">\n<p>Sont inclus<\/p>\n<ul>\n<li><a href=\"https:\/\/www.altoque.live\/\" target=\"_blank\" rel=\"noopener\">Al Toque<\/a><em> &#8211; Empanadas maison<\/em><\/li>\n<li><a href=\"https:\/\/bierhuebeli.ch\/\" target=\"_blank\" rel=\"noopener\">Bierh\u00fcbeli<\/a> <em>-Bar d&rsquo;ambiance<br \/><\/em><\/li>\n<li><a href=\"https:\/\/www.eatfufu.ch\/\" target=\"_blank\" rel=\"noopener\">FUFU<\/a><em> &#8211; V\u00e9g\u00e9talien, cuisin\u00e9 avec honn\u00eatet\u00e9<\/em><\/li>\n<li><a href=\"https:\/\/www.gastrocollective.ch\/#Hotdog\" target=\"_blank\" rel=\"noopener\">Gastro Collective<\/a><em> &#8211; Cr\u00e9ations de hot-dogs<\/em><\/li>\n<li>Hope`s Grill<em> &#8211; D\u00e9lices au barbecue<\/em><\/li>\n<li><a href=\"https:\/\/www.johnysroadkitchen.ch\/\" target=\"_blank\" rel=\"noopener\">Johnys Road Kitchen<\/a><em> &#8211; La street food hongroise<\/em><\/li>\n<li><a href=\"https:\/\/kaltelust.ch\/\" target=\"_blank\" rel=\"noopener\">Plaisir froid<\/a><em> &#8211; des glaces \u00e9quitables et rafra\u00eechissantes<\/em><\/li>\n<li><a href=\"https:\/\/www.instagram.com\/label7_ch\/?hl=de\" target=\"_blank\" rel=\"noopener\">Label 7<\/a> <em>&#8211; l&rsquo;autre Softice<\/em><\/li>\n<li><a href=\"https:\/\/www.morewurster.com\/\" target=\"_blank\" rel=\"noopener\">Moorewurster<\/a><em> &#8211; saucisses bernoises artisanales<\/em><\/li>\n<li><a href=\"https:\/\/www.greengastroclub.ch\/\" target=\"_blank\" rel=\"noopener\">Green Gastro Club<\/a><em> &#8211; Le kebab au naturel<\/em><\/li>\n<li><a href=\"https:\/\/www.rohundnobel.ch\/\" target=\"_blank\" rel=\"noopener\">Cru &amp; noble<\/a><em> &#8211; Une frise bernoise avec un petit quelque chose en plus<\/em><\/li>\n<li><a href=\"https:\/\/www.sicula.org\/\" target=\"_blank\" rel=\"noopener\">Sicula<\/a><em> &#8211; Le meilleur de la pizza \u00e0 Pala<\/em><\/li>\n<li><a href=\"https:\/\/www.tasteofparadise.ch\/\" target=\"_blank\" rel=\"noopener\">Go\u00fbt du Paradis<\/a> <em>&#8211; un exotisme de bon go\u00fbt<\/em><\/li>\n<li><a href=\"https:\/\/www.lepassage-baden.ch\/\" target=\"_blank\" rel=\"noopener\">Taste Of Orient<\/a><em> &#8211; Vacances dans l&rsquo;assiette<\/em><\/li>\n<li><a href=\"https:\/\/www.tenz.ch\/\" target=\"_blank\" rel=\"noopener\">Tenz<\/a><em> &#8211; Momos d\u00e9licieux<\/em><\/li>\n<li><a href=\"https:\/\/www.terravigna.ch\/\" target=\"_blank\" rel=\"noopener\">Terravigna<\/a><em> &#8211; Bar \u00e0 vin, le plaisir au verre <\/em> <\/li>\n<li><a href=\"https:\/\/www.thach.ch\/\" target=\"_blank\" rel=\"noopener\">Thach Gastro<\/a><em> &#8211; L&rsquo;Asie en visite \u00e0 Berne<\/em><\/li>\n<\/ul>\n<p>&nbsp;<\/p>\n<ul><\/ul>\n<\/div>\n<\/div>\n<\/div>\n<\/div>\n<\/div>\n<\/div>\n<\/div>\n<div data-mesh-id=\"comp-liem5y25inlineContent\" data-testid=\"inline-content\" class=\"\">\n<div data-mesh-id=\"comp-liem5y25inlineContent-gridContainer\" data-testid=\"mesh-container-content\">\n<div id=\"comp-liem5y27\" class=\"comp-liem5y27 SPY_vo\">\n<div data-mesh-id=\"comp-liem5y27inlineContent\" data-testid=\"inline-content\" class=\"\"><\/div>\n<\/div>\n<\/div>\n<\/div>\n<\/div>\n<div id=\"comp-lielkxev\" class=\"HcOXKn c9GqVL QxJLC3 lq2cno YQcXTT comp-lielkxev wixui-rich-text\" data-testid=\"richTextElement\" ariaattributes=\"[object Object]\"><\/div>\n<\/div>\n<\/div>\n<\/div>\n<p>[\/et_pb_text][\/et_pb_column][\/et_pb_row][\/et_pb_section][et_pb_section fb_built=\u00a0\u00bb1&Prime; custom_padding_last_edited=\u00a0\u00bbon|tablet\u00a0\u00bb disabled_on=\u00a0\u00bboff|off|off\u00a0\u00bb admin_label=\u00a0\u00bbWeiteres\u00a0\u00bb module_id=\u00a0\u00bbsur-nous\u00a0\u00bb _builder_version=\u00a0\u00bb4.27.4&Prime; _module_preset=\u00a0\u00bbdefault\u00a0\u00bb background_color=\u00a0\u00bb#FFFFFF\u00a0\u00bb background_enable_image=\u00a0\u00bboff\u00a0\u00bb background_size=\u00a0\u00bbcontain\u00a0\u00bb background_position=\u00a0\u00bbbottom_center\u00a0\u00bb custom_margin=\u00a0\u00bb0px||0px||false|false\u00a0\u00bb custom_padding=\u00a0\u00bb31px||140px||false|false\u00a0\u00bb custom_padding_tablet=\u00a0\u00bb0px||120px||false|false\u00a0\u00bb custom_padding_phone=\u00a0\u00bb||90px||false|false\u00a0\u00bb locked=\u00a0\u00bboff\u00a0\u00bb global_colors_info=\u00a0\u00bb{}\u00a0\u00bb][et_pb_row column_structure=\u00a0\u00bb1_2,1_2&Prime; module_id=\u00a0\u00bb#ueber-uns\u00a0\u00bb _builder_version=\u00a0\u00bb4.27.4&Prime; _module_preset=\u00a0\u00bbdefault\u00a0\u00bb width=\u00a0\u00bb90%\u00a0\u00bb max_width=\u00a0\u00bb1296px\u00a0\u00bb custom_margin=\u00a0\u00bb0px||0px||false|false\u00a0\u00bb custom_padding=\u00a0\u00bb0px||0px||false|false\u00a0\u00bb global_colors_info=\u00a0\u00bb{}\u00a0\u00bb][et_pb_column type=\u00a0\u00bb1_2&Prime; _builder_version=\u00a0\u00bb4.24.2&Prime; _module_preset=\u00a0\u00bbdefault\u00a0\u00bb global_colors_info=\u00a0\u00bb{}\u00a0\u00bb][et_pb_divider show_divider=\u00a0\u00bboff\u00a0\u00bb _builder_version=\u00a0\u00bb4.27.4&Prime; _module_preset=\u00a0\u00bbdefault\u00a0\u00bb global_colors_info=\u00a0\u00bb{}\u00a0\u00bb][\/et_pb_divider][et_pb_text module_id=\u00a0\u00bbweiteres\u00a0\u00bb _builder_version=\u00a0\u00bb4.27.4&Prime; _module_preset=\u00a0\u00bbdefault\u00a0\u00bb header_2_font=\u00a0\u00bbRetrocycles|700|||||||\u00a0\u00bb header_2_text_align=\u00a0\u00bbleft\u00a0\u00bb header_2_text_color=\u00a0\u00bbgcid-4e5204ad-61b3-4f3a-b07f-8c8eaab28708&Prime; header_2_font_size=\u00a0\u00bb52px\u00a0\u00bb header_2_letter_spacing=\u00a0\u00bb-1px\u00a0\u00bb header_2_line_height=\u00a0\u00bb1.1em\u00a0\u00bb max_width=\u00a0\u00bb635px\u00a0\u00bb custom_margin=\u00a0\u00bb0px||25px||false|false\u00a0\u00bb custom_padding=\u00a0\u00bb0px||0px||false|false\u00a0\u00bb header_2_font_size_tablet=\u00a0\u00bb42px\u00a0\u00bb header_2_font_size_phone=\u00a0\u00bb26px\u00a0\u00bb header_2_font_size_last_edited=\u00a0\u00bbon|tablet\u00a0\u00bb global_colors_info=\u00a0\u00bb{%22gcid-4e5204ad-61b3-4f3a-b07f-8c8eaab28708%22:%91%22header_2_text_color%22%93}\u00a0\u00bb]<\/p>\n<h2>Autre<\/h2>\n<p>[\/et_pb_text][et_pb_text _builder_version=\u00a0\u00bb4.27.4&Prime; _module_preset=\u00a0\u00bbdefault\u00a0\u00bb text_font=\u00a0\u00bb&#8211;et_global_body_font||||||||\u00a0\u00bb text_text_color=\u00a0\u00bbgcid-body-color\u00a0\u00bb text_line_height=\u00a0\u00bb1.6em\u00a0\u00bb link_font=\u00a0\u00bb||||on||||\u00a0\u00bb link_text_color=\u00a0\u00bbgcid-4e5204ad-61b3-4f3a-b07f-8c8eaab28708&Prime; header_3_font=\u00a0\u00bb&#8211;et_global_body_font|&#8211;et_global_heading_font_weight||on|||||\u00a0\u00bb header_3_text_color=\u00a0\u00bbgcid-body-color\u00a0\u00bb header_4_font=\u00a0\u00bb&#8211;et_global_heading_font||||||||\u00a0\u00bb header_4_text_color=\u00a0\u00bbgcid-4e5204ad-61b3-4f3a-b07f-8c8eaab28708&Prime; max_width=\u00a0\u00bb600px\u00a0\u00bb custom_margin=\u00a0\u00bb0px||25px||false|false\u00a0\u00bb custom_padding=\u00a0\u00bb0px||1px||false|false\u00a0\u00bb text_font_size_tablet=\u00a0\u00bb25px\u00a0\u00bb text_font_size_phone=\u00a0\u00bb20px\u00a0\u00bb text_font_size_last_edited=\u00a0\u00bbon|phone\u00a0\u00bb global_colors_info=\u00a0\u00bb{%22gcid-4e5204ad-61b3-4f3a-b07f-8c8eaab28708%22:%91%22header_4_text_color%22,%22link_text_color%22%93,%22gcid-body-color%22:%91%22text_text_color%22,%22header_3_text_color%22%93}\u00a0\u00bb]<\/p>\n<div class=\"section-text text-block align-center\">\n<div class=\"wpb_column col-md-4 matchHeight-element matchHeight-applied\">\n<div class=\"section-text text-block \">\n<div id=\"comp-lielkxet1\" class=\"HcOXKn c9GqVL QxJLC3 lq2cno YQcXTT comp-lielkxet1 wixui-rich-text\" data-testid=\"richTextElement\" ariaattributes=\"[object Object]\">\n<div id=\"bgLayers_comp-liem5y25\" data-hook=\"bgLayers\" data-motion-part=\"BG_LAYER comp-liem5y25\" class=\"MW5IWV\">\n<div id=\"bgLayers_comp-liem5y2o\" data-hook=\"bgLayers\" data-motion-part=\"BG_LAYER comp-liem5y2o\" class=\"MW5IWV\">\n<div id=\"bgMedia_comp-liem5y2o\" data-motion-part=\"BG_MEDIA comp-liem5y2o\" class=\"VgO9Yg\"><\/div>\n<\/div>\n<div data-mesh-id=\"comp-liem5y2oinlineContent\" data-testid=\"inline-content\" class=\"\">\n<div data-mesh-id=\"comp-liem5y2oinlineContent-gridContainer\" data-testid=\"mesh-container-content\">\n<div id=\"comp-liem5y2s1\" class=\"comp-liem5y2s1 SPY_vo\">\n<div data-mesh-id=\"comp-liem5y2s1inlineContent\" data-testid=\"inline-content\" class=\"\">\n<div data-mesh-id=\"comp-liem5y2s1inlineContent-gridContainer\" data-testid=\"mesh-container-content\">\n<div id=\"comp-liem5y2v1\" class=\"HcOXKn c9GqVL QxJLC3 lq2cno YQcXTT comp-liem5y2v1 wixui-rich-text\" data-testid=\"richTextElement\" ariaattributes=\"[object Object]\">\n<h3 class=\"font_3 wixui-rich-text__text\"><span class=\"wixui-rich-text__text\">\u00e0 partir de <\/span><span class=\"wixui-rich-text__text\">18h<\/span><br class=\"wixui-rich-text__text\">F\u00eate f\u00e9d\u00e9rale Berne Ouest<\/h3>\n<\/div>\n<div id=\"comp-liem5y2x1\" class=\"HcOXKn c9GqVL QxJLC3 lq2cno YQcXTT comp-liem5y2x1 wixui-rich-text\" data-testid=\"richTextElement\" ariaattributes=\"[object Object]\">\n<p>A l&rsquo;ouest de Berne aussi, il y a une f\u00eate nationale. La commission de quartier B\u00fcmpliz-Bethlehem QBB invite \u00e0 faire la f\u00eate le jour de la f\u00eate nationale \u00e0 partir de 18 heures au Br\u00fcnnengut. Il y aura un grand feu, la confection de lampions suivie d&rsquo;un d\u00e9fil\u00e9 aux lampions, un discours du vice-pr\u00e9sident du conseil municipal, une restauration et de la musique jou\u00e9e par des musiciens* locaux.  <\/p>\n<p>Pour en savoir plus sur la f\u00eate \u00e0 Berne Ouest : <a href=\"https:\/\/qbb.ch\/aktuell\/\" target=\"_blank\" rel=\"noopener\">www.qbb.ch<\/a><\/p>\n<ul><\/ul>\n<\/div>\n<\/div>\n<\/div>\n<\/div>\n<\/div>\n<\/div>\n<\/div>\n<div data-mesh-id=\"comp-liem5y25inlineContent\" data-testid=\"inline-content\" class=\"\">\n<div data-mesh-id=\"comp-liem5y25inlineContent-gridContainer\" data-testid=\"mesh-container-content\">\n<div id=\"comp-liem5y27\" class=\"comp-liem5y27 SPY_vo\">\n<div data-mesh-id=\"comp-liem5y27inlineContent\" data-testid=\"inline-content\" class=\"\"><\/div>\n<\/div>\n<\/div>\n<\/div>\n<\/div>\n<div id=\"comp-lielkxev\" class=\"HcOXKn c9GqVL QxJLC3 lq2cno YQcXTT comp-lielkxev wixui-rich-text\" data-testid=\"richTextElement\" ariaattributes=\"[object Object]\"><\/div>\n<\/div>\n<\/div>\n<\/div>\n<p>[\/et_pb_text][\/et_pb_column][et_pb_column type=\u00a0\u00bb1_2&Prime; _builder_version=\u00a0\u00bb4.24.2&Prime; _module_preset=\u00a0\u00bbdefault\u00a0\u00bb global_colors_info=\u00a0\u00bb{}\u00a0\u00bb][et_pb_image src=\u00a0\u00bbhttps:\/\/ideebern.ch\/wp-content\/uploads\/2025\/06\/Flyer-Augustfeuer_2025-1.jpg\u00a0\u00bb title_text=\u00a0\u00bbD\u00e9pliant Augustfeuer_2025-1&Prime; _builder_version=\u00a0\u00bb4.27.4&Prime; _module_preset=\u00a0\u00bbdefault\u00a0\u00bb width=\u00a0\u00bb54%\u00a0\u00bb min_height=\u00a0\u00bb376.7px\u00a0\u00bb custom_padding=\u00a0\u00bb||0px||false|false\u00a0\u00bb global_colors_info=\u00a0\u00bb{}\u00a0\u00bb][\/et_pb_image][\/et_pb_column][\/et_pb_row][\/et_pb_section][et_pb_section fb_built=\u00a0\u00bb1&Prime; custom_padding_last_edited=\u00a0\u00bbon|tablet\u00a0\u00bb admin_label=\u00a0\u00bbInfos\u00a0\u00bb module_id=\u00a0\u00bbinfos\u00a0\u00bb _builder_version=\u00a0\u00bb4.27.4&Prime; _module_preset=\u00a0\u00bbdefault\u00a0\u00bb custom_margin=\u00a0\u00bb0px||0px||false|false\u00a0\u00bb custom_padding=\u00a0\u00bb42px||240px||false|false\u00a0\u00bb custom_padding_tablet=\u00a0\u00bb110px||120px||false|false\u00a0\u00bb custom_padding_phone=\u00a0\u00bb85px||90px||false|false\u00a0\u00bb hover_enabled=\u00a0\u00bb0&Prime; global_colors_info=\u00a0\u00bb{}\u00a0\u00bb sticky_enabled=\u00a0\u00bb0&Prime;][et_pb_row _builder_version=\u00a0\u00bb4.24.2&Prime; _module_preset=\u00a0\u00bbdefault\u00a0\u00bb width=\u00a0\u00bb90%\u00a0\u00bb max_width=\u00a0\u00bb635px\u00a0\u00bb custom_margin=\u00a0\u00bb0px||37px||false|false\u00a0\u00bb custom_padding=\u00a0\u00bb0px||0px||false|false\u00a0\u00bb global_colors_info=\u00a0\u00bb{}\u00a0\u00bb][et_pb_column type=\u00a0\u00bb4_4&Prime; _builder_version=\u00a0\u00bb4.24.2&Prime; _module_preset=\u00a0\u00bbdefault\u00a0\u00bb global_colors_info=\u00a0\u00bb{}\u00a0\u00bb][et_pb_text _builder_version=\u00a0\u00bb4.27.4&Prime; _module_preset=\u00a0\u00bbdefault\u00a0\u00bb header_2_font=\u00a0\u00bbHelvetica Neue|700|||||||\u00a0\u00bb header_2_text_align=\u00a0\u00bbcenter\u00a0\u00bb header_2_text_color=\u00a0\u00bb#555252&Prime; header_2_font_size=\u00a0\u00bb52px\u00a0\u00bb header_2_letter_spacing=\u00a0\u00bb-1px\u00a0\u00bb header_2_line_height=\u00a0\u00bb1.1em\u00a0\u00bb max_width=\u00a0\u00bb635px\u00a0\u00bb custom_margin=\u00a0\u00bb0px||0px||false|false\u00a0\u00bb custom_padding=\u00a0\u00bb0px||0px||false|false\u00a0\u00bb header_2_font_size_tablet=\u00a0\u00bb42px\u00a0\u00bb header_2_font_size_phone=\u00a0\u00bb26px\u00a0\u00bb header_2_font_size_last_edited=\u00a0\u00bbon|tablet\u00a0\u00bb global_colors_info=\u00a0\u00bb{}\u00a0\u00bb]<\/p>\n<h2><span style=\"text-decoration: underline;\">Infos sur le 1er ao\u00fbt<\/span><\/h2>\n<p>[\/et_pb_text][\/et_pb_column][\/et_pb_row][et_pb_row column_structure=\u00a0\u00bb1_3,1_3,1_3&Prime; _builder_version=\u00a0\u00bb4.27.4&Prime; _module_preset=\u00a0\u00bbdefault\u00a0\u00bb global_colors_info=\u00a0\u00bb{}\u00a0\u00bb][et_pb_column type=\u00a0\u00bb1_3&Prime; _builder_version=\u00a0\u00bb4.27.4&Prime; _module_preset=\u00a0\u00bbdefault\u00a0\u00bb global_colors_info=\u00a0\u00bb{}\u00a0\u00bb][et_pb_blurb title=\u00a0\u00bbArriv\u00e9e\u00a0\u00bb use_icon=\u00a0\u00bbon\u00a0\u00bb font_icon=\u00a0\u00bb&#xf55e;||fa||900&Prime; icon_color=\u00a0\u00bb#dc5e52&Prime; image_icon_width=\u00a0\u00bb75px\u00a0\u00bb _builder_version=\u00a0\u00bb4.27.4&Prime; _module_preset=\u00a0\u00bbdefault\u00a0\u00bb header_font=\u00a0\u00bbHelvetica Neue||||on||||\u00a0\u00bb header_text_align=\u00a0\u00bbcenter\u00a0\u00bb header_text_color=\u00a0\u00bb#555252&Prime; body_font=\u00a0\u00bbHelvetica Neue||||||||\u00a0\u00bb global_colors_info=\u00a0\u00bb{}\u00a0\u00bb]<\/p>\n<p style=\"text-align: center;\"><span>Nous vous recommandons d&rsquo;utiliser les transports publics pour vous rendre sur place. En raison des festivit\u00e9s, la Place f\u00e9d\u00e9rale est ferm\u00e9e \u00e0 la circulation et les lignes de bus 10 et 19 sont d\u00e9vi\u00e9es. <\/span><\/p>\n<p>[\/et_pb_blurb][\/et_pb_column][et_pb_column type=\u00a0\u00bb1_3&Prime; _builder_version=\u00a0\u00bb4.27.4&Prime; _module_preset=\u00a0\u00bbdefault\u00a0\u00bb global_colors_info=\u00a0\u00bb{}\u00a0\u00bb][et_pb_blurb title=\u00a0\u00bbInterdiction des feux d&rsquo;artifice\u00a0\u00bb use_icon=\u00a0\u00bbon\u00a0\u00bb font_icon=\u00a0\u00bb&#xf46a;||fa||900&Prime; icon_color=\u00a0\u00bb#dc5e52&Prime; image_icon_width=\u00a0\u00bb75px\u00a0\u00bb _builder_version=\u00a0\u00bb4.27.4&Prime; _module_preset=\u00a0\u00bbdefault\u00a0\u00bb header_font=\u00a0\u00bbHelvetica Neue||||on||||\u00a0\u00bb header_text_align=\u00a0\u00bbcenter\u00a0\u00bb header_text_color=\u00a0\u00bb#555252&Prime; body_font=\u00a0\u00bbHelvetica Neue||||||||\u00a0\u00bb global_colors_info=\u00a0\u00bb{}\u00a0\u00bb]<\/p>\n<p class=\"font_8 wixui-rich-text__text\"><span class=\"wixui-rich-text__text\">Pour beaucoup, les feux d&rsquo;artifice font partie du quotidien, surtout les jours de f\u00eate. Mais il n&rsquo;y a pas assez de place dans les rues du centre-ville de Berne et c&rsquo;est trop dangereux. Aidez-nous \u00e0 y rem\u00e9dier :  <span> <\/span><a href=\"https:\/\/webredaktion.bgov.ch\/themen\/sicherheit\/pravention\/feuerwerk\" target=\"_blank\" rel=\"noreferrer noopener\" class=\"wixui-rich-text__text\">\u00ab\u00a0Ir Stadt fiire statt f\u00fc\u00fcre !\u00a0\u00bb.<\/a><\/span><\/p>\n<p class=\"font_8 wixui-rich-text__text\"><span class=\"wixui-rich-text__text\"><span class=\"wixGuard wixui-rich-text__text\">\u200b<\/span><\/span><\/p>\n<p class=\"font_8 wixui-rich-text__text\"><span class=\"wixui-rich-text__text\">Vous aimez les lumi\u00e8res color\u00e9es ? Alors en route pour le d\u00e9fil\u00e9 aux lampions. <\/span><\/p>\n<p>[\/et_pb_blurb][\/et_pb_column][et_pb_column type=\u00a0\u00bb1_3&Prime; _builder_version=\u00a0\u00bb4.27.4&Prime; _module_preset=\u00a0\u00bbdefault\u00a0\u00bb global_colors_info=\u00a0\u00bb{}\u00a0\u00bb][et_pb_blurb title=\u00a0\u00bb  Protection des mineurs\u00a0\u00bb use_icon=\u00a0\u00bbon\u00a0\u00bb font_icon=\u00a0\u00bb&#x7e;||divi||400&Prime; icon_color=\u00a0\u00bb#dc5e52&Prime; image_icon_width=\u00a0\u00bb75px\u00a0\u00bb _builder_version=\u00a0\u00bb4.27.4&Prime; _module_preset=\u00a0\u00bbdefault\u00a0\u00bb header_font=\u00a0\u00bbHelvetica Neue||||on||||\u00a0\u00bb header_text_align=\u00a0\u00bbcenter\u00a0\u00bb header_text_color=\u00a0\u00bb#555252&Prime; body_font=\u00a0\u00bbHelvetica Neue||||||||\u00a0\u00bb global_colors_info=\u00a0\u00bb{}\u00a0\u00bb]<\/p>\n<p style=\"text-align: center;\"><span>Nous accordons une grande importance \u00e0 la protection des mineurs. Lors de la f\u00eate, aucun alcool ne sera vendu ou servi \u00e0 des personnes de moins de 16 ans. La distribution de spiritueux, d&rsquo;alcopops et de boissons similaires aux jeunes de moins de 18 ans est interdite. Les exploitants de stands effectuent des contr\u00f4les d&rsquo;\u00e2ge si n\u00e9cessaire. La bi\u00e8re et le vin ne sont vendus qu&rsquo;aux personnes \u00e2g\u00e9es de plus de 16 ans.    <\/span><\/p>\n<p>[\/et_pb_blurb][\/et_pb_column][\/et_pb_row][et_pb_row column_structure=\u00a0\u00bb1_3,1_3,1_3&Prime; _builder_version=\u00a0\u00bb4.27.4&Prime; _module_preset=\u00a0\u00bbdefault\u00a0\u00bb global_colors_info=\u00a0\u00bb{}\u00a0\u00bb][et_pb_column type=\u00a0\u00bb1_3&Prime; _builder_version=\u00a0\u00bb4.27.4&Prime; _module_preset=\u00a0\u00bbdefault\u00a0\u00bb global_colors_info=\u00a0\u00bb{}\u00a0\u00bb][et_pb_blurb title=\u00a0\u00bbR\u00e9utilisable\u00a0\u00bb use_icon=\u00a0\u00bbon\u00a0\u00bb font_icon=\u00a0\u00bb&#xf2e7;||fa||900&Prime; icon_color=\u00a0\u00bb#dc5e52&Prime; image_icon_width=\u00a0\u00bb75px\u00a0\u00bb _builder_version=\u00a0\u00bb4.27.4&Prime; _module_preset=\u00a0\u00bbdefault\u00a0\u00bb header_font=\u00a0\u00bbHelvetica Neue||||on||||\u00a0\u00bb header_text_align=\u00a0\u00bbcenter\u00a0\u00bb header_text_color=\u00a0\u00bb#555252&Prime; body_font=\u00a0\u00bbHelvetica Neue||||||||\u00a0\u00bb global_colors_info=\u00a0\u00bb{}\u00a0\u00bb]<\/p>\n<p style=\"text-align: center;\"><span>Lors de la f\u00eate, il n&rsquo;y aura que de la vaisselle r\u00e9utilisable avec un syst\u00e8me de d\u00e9p\u00f4t. Apr\u00e8s utilisation, vous pouvez retourner votre vaisselle aux stands et vous recevrez imm\u00e9diatement le montant de la caution. <\/span><\/p>\n<p>[\/et_pb_blurb][\/et_pb_column][et_pb_column type=\u00a0\u00bb1_3&Prime; _builder_version=\u00a0\u00bb4.27.4&Prime; _module_preset=\u00a0\u00bbdefault\u00a0\u00bb global_colors_info=\u00a0\u00bb{}\u00a0\u00bb][et_pb_blurb title=\u00a0\u00bbDurabilit\u00e9\u00a0\u00bb use_icon=\u00a0\u00bbon\u00a0\u00bb font_icon=\u00a0\u00bb&#xf299;||fa||400&Prime; icon_color=\u00a0\u00bb#dc5e52&Prime; image_icon_width=\u00a0\u00bb75px\u00a0\u00bb _builder_version=\u00a0\u00bb4.27.4&Prime; _module_preset=\u00a0\u00bbdefault\u00a0\u00bb header_font=\u00a0\u00bbHelvetica Neue||||on||||\u00a0\u00bb header_text_align=\u00a0\u00bbcenter\u00a0\u00bb header_text_color=\u00a0\u00bb#555252&Prime; body_font=\u00a0\u00bbHelvetica Neue||||||||\u00a0\u00bb global_colors_info=\u00a0\u00bb{}\u00a0\u00bb]<\/p>\n<p style=\"text-align: center;\"><span>Pour que la Suisse puisse continuer \u00e0 f\u00eater de nombreux anniversaires, nous misons sur une f\u00eate aussi durable que possible. Nous utilisons des produits r\u00e9utilisables, travaillons avec des partenaires locaux, proposons autant que possible des plats r\u00e9gionaux et de saison, communiquons principalement en ligne et renon\u00e7ons cette ann\u00e9e \u00e0 un feu d&rsquo;artifice. <\/span><\/p>\n<p>[\/et_pb_blurb][\/et_pb_column][et_pb_column type=\u00a0\u00bb1_3&Prime; _builder_version=\u00a0\u00bb4.27.4&Prime; _module_preset=\u00a0\u00bbdefault\u00a0\u00bb global_colors_info=\u00a0\u00bb{}\u00a0\u00bb][et_pb_blurb title=\u00a0\u00bb  Faire la f\u00eate en beaut\u00e9\u00a0\u00bb use_icon=\u00a0\u00bbon\u00a0\u00bb font_icon=\u00a0\u00bb&#xf79f;||fa||900&Prime; icon_color=\u00a0\u00bb#dc5e52&Prime; image_icon_width=\u00a0\u00bb75px\u00a0\u00bb _builder_version=\u00a0\u00bb4.27.4&Prime; _module_preset=\u00a0\u00bbdefault\u00a0\u00bb header_font=\u00a0\u00bbHelvetica Neue||||on||||\u00a0\u00bb header_text_align=\u00a0\u00bbcenter\u00a0\u00bb header_text_color=\u00a0\u00bb#555252&Prime; body_font=\u00a0\u00bbHelvetica Neue||||||||\u00a0\u00bb global_colors_info=\u00a0\u00bb{}\u00a0\u00bb]<\/p>\n<p style=\"text-align: center;\"><span>Faire la f\u00eate ensemble est plus amusant. Soyez donc gentils et amicaux les uns envers les autres, respectez les personnes, les animaux et l&rsquo;environnement, respectez le repos nocturne, \u00e9liminez vos d\u00e9chets et r\u00e9pandez la bonne humeur. <\/span><\/p>\n<p>[\/et_pb_blurb][\/et_pb_column][\/et_pb_row][et_pb_row column_structure=\u00a0\u00bb1_2,1_2&Prime; _builder_version=\u00a0\u00bb4.27.4&Prime; _module_preset=\u00a0\u00bbdefault\u00a0\u00bb global_colors_info=\u00a0\u00bb{}\u00a0\u00bb][et_pb_column type=\u00a0\u00bb1_2&Prime; _builder_version=\u00a0\u00bb4.27.4&Prime; _module_preset=\u00a0\u00bbdefault\u00a0\u00bb global_colors_info=\u00a0\u00bb{}\u00a0\u00bb][et_pb_blurb title=\u00a0\u00bb  M\u00e9t\u00e9o\u00a0\u00bb use_icon=\u00a0\u00bbon\u00a0\u00bb font_icon=\u00a0\u00bb&#xf6c4;||fa||900&Prime; icon_color=\u00a0\u00bb#dc5e52&Prime; image_icon_width=\u00a0\u00bb75px\u00a0\u00bb _builder_version=\u00a0\u00bb4.27.4&Prime; _module_preset=\u00a0\u00bbdefault\u00a0\u00bb header_font=\u00a0\u00bbHelvetica Neue||||on||||\u00a0\u00bb header_text_align=\u00a0\u00bbcenter\u00a0\u00bb header_text_color=\u00a0\u00bb#555252&Prime; body_font=\u00a0\u00bbHelvetica Neue||||||||\u00a0\u00bb global_colors_info=\u00a0\u00bb{}\u00a0\u00bb]<\/p>\n<p style=\"text-align: center;\"><span>Une petite pluie ne ternit en aucun cas les festivit\u00e9s. En cas de forte pluie, de temp\u00eate ou autre, la f\u00eate du 1er ao\u00fbt n&rsquo;aura pas lieu ou sera limit\u00e9e. Nous vous informerons via <a href=\"https:\/\/www.instagram.com\/ideebern\/#\" target=\"_blank\" rel=\"noopener\">Instagram @ideebern <\/a>   <\/span>ou <span class=\"wixui-rich-text__text\"><a href=\"https:\/\/www.facebook.com\/bundesfeierbern\" target=\"_blank\" rel=\"noopener noreferrer\" class=\"wixui-rich-text__text\">Facebook @bundesfeierbern<\/a><\/span><span>  sur la mise en \u0153uvre. Le programme est susceptible d&rsquo;\u00eatre modifi\u00e9. <\/span><\/p>\n<p>[\/et_pb_blurb][\/et_pb_column][et_pb_column type=\u00a0\u00bb1_2&Prime; _builder_version=\u00a0\u00bb4.27.4&Prime; _module_preset=\u00a0\u00bbdefault\u00a0\u00bb global_colors_info=\u00a0\u00bb{}\u00a0\u00bb][et_pb_blurb title=\u00a0\u00bb  Premiers secours\u00a0\u00bb use_icon=\u00a0\u00bbon\u00a0\u00bb font_icon=\u00a0\u00bb&#xf479;||fa||900&Prime; icon_color=\u00a0\u00bb#dc5e52&Prime; image_icon_width=\u00a0\u00bb75px\u00a0\u00bb _builder_version=\u00a0\u00bb4.27.4&Prime; _module_preset=\u00a0\u00bbdefault\u00a0\u00bb header_font=\u00a0\u00bbHelvetica Neue||||on||||\u00a0\u00bb header_text_align=\u00a0\u00bbcenter\u00a0\u00bb header_text_color=\u00a0\u00bb#555252&Prime; body_font=\u00a0\u00bbHelvetica Neue||||||||\u00a0\u00bb global_colors_info=\u00a0\u00bb{}\u00a0\u00bb]<\/p>\n<p class=\"font_8 wixui-rich-text__text\"><span class=\"wixui-rich-text__text\">Vous trouverez les samaritains sur la Place f\u00e9d\u00e9rale. En cas d&rsquo;urgence, contactez <\/span><\/p>\n<p class=\"font_8 wixui-rich-text__text\"><span class=\"wixui-rich-text__text\">Police sanitaire | T 144<br class=\"wixui-rich-text__text\">Police | T 117<br class=\"wixui-rich-text__text\">Num\u00e9ro d&rsquo;urgence international | T 112<br class=\"wixui-rich-text__text\">Pompiers | T 118<\/span><\/p>\n<p>[\/et_pb_blurb][\/et_pb_column][\/et_pb_row][\/et_pb_section][et_pb_section fb_built=\u00a0\u00bb1&Prime; custom_padding_last_edited=\u00a0\u00bbon|tablet\u00a0\u00bb admin_label=\u00a0\u00bbFollow us\u00a0\u00bb _builder_version=\u00a0\u00bb4.27.4&Prime; _module_preset=\u00a0\u00bbdefault\u00a0\u00bb background_color=\u00a0\u00bb#dc5e52&Prime; background_enable_image=\u00a0\u00bboff\u00a0\u00bb background_size=\u00a0\u00bbcontain\u00a0\u00bb background_position=\u00a0\u00bbbottom_center\u00a0\u00bb custom_margin=\u00a0\u00bb0px||0px||false|false\u00a0\u00bb custom_padding=\u00a0\u00bb130px||140px||false|false\u00a0\u00bb custom_padding_tablet=\u00a0\u00bb0px||120px||false|false\u00a0\u00bb custom_padding_phone=\u00a0\u00bb||90px||false|false\u00a0\u00bb global_colors_info=\u00a0\u00bb{}\u00a0\u00bb][et_pb_row _builder_version=\u00a0\u00bb4.27.4&Prime; _module_preset=\u00a0\u00bbdefault\u00a0\u00bb background_image=\u00a0\u00bbhttps:\/\/ideebern.ch\/wp-content\/uploads\/2025\/01\/c661a6e5-2ea8-4d33-8ddc-3901e6822ae5.avif\u00a0\u00bb positioning=\u00a0\u00bbabsolute\u00a0\u00bb position_origin_a=\u00a0\u00bbtop_right\u00a0\u00bb vertical_offset=\u00a0\u00bb-100px\u00a0\u00bb position_origin_a_tablet=\u00a0\u00bbtop_right\u00a0\u00bb position_origin_a_phone=\u00a0\u00bbtop_right\u00a0\u00bb position_origin_a_last_edited=\u00a0\u00bbon|tablet\u00a0\u00bb position_origin_f_tablet=\u00a0\u00bb\u00a0\u00bb position_origin_f_phone=\u00a0\u00bb\u00a0\u00bb position_origin_f_last_edited=\u00a0\u00bbon|tablet\u00a0\u00bb position_origin_r_tablet=\u00a0\u00bb\u00a0\u00bb position_origin_r_phone=\u00a0\u00bb\u00a0\u00bb position_origin_r_last_edited=\u00a0\u00bbon|tablet\u00a0\u00bb width=\u00a0\u00bb44%\u00a0\u00bb width_tablet=\u00a0\u00bb100%\u00a0\u00bb width_phone=\u00a0\u00bb100%\u00a0\u00bb width_last_edited=\u00a0\u00bbon|tablet\u00a0\u00bb max_width=\u00a0\u00bb44%\u00a0\u00bb max_width_tablet=\u00a0\u00bb100%\u00a0\u00bb max_width_phone=\u00a0\u00bb100%\u00a0\u00bb max_width_last_edited=\u00a0\u00bbon|tablet\u00a0\u00bb min_height=\u00a0\u00bb678px\u00a0\u00bb min_height_tablet=\u00a0\u00bb678px\u00a0\u00bb min_height_phone=\u00a0\u00bb330px\u00a0\u00bb min_height_last_edited=\u00a0\u00bbon|phone\u00a0\u00bb custom_margin=\u00a0\u00bb0px||0px||false|false\u00a0\u00bb custom_margin_tablet=\u00a0\u00bb0px||90px||false|false\u00a0\u00bb custom_margin_phone=\u00a0\u00bb||55px||false|false\u00a0\u00bb custom_margin_last_edited=\u00a0\u00bbon|tablet\u00a0\u00bb custom_padding=\u00a0\u00bb0px||0px||false|false\u00a0\u00bb animation_style=\u00a0\u00bbslide\u00a0\u00bb animation_direction=\u00a0\u00bbright\u00a0\u00bb animation_intensity_slide=\u00a0\u00bb2%\u00a0\u00bb animation_speed_curve=\u00a0\u00bbease\u00a0\u00bb positioning_tablet=\u00a0\u00bbnone\u00a0\u00bb positioning_phone=\u00a0\u00bbnone\u00a0\u00bb positioning_last_edited=\u00a0\u00bbon|tablet\u00a0\u00bb global_colors_info=\u00a0\u00bb{}\u00a0\u00bb][et_pb_column type=\u00a0\u00bb4_4&Prime; _builder_version=\u00a0\u00bb4.27.4&Prime; _module_preset=\u00a0\u00bbdefault\u00a0\u00bb global_colors_info=\u00a0\u00bb{}\u00a0\u00bb][\/et_pb_column][\/et_pb_row][et_pb_row _builder_version=\u00a0\u00bb4.24.2&Prime; _module_preset=\u00a0\u00bbdefault\u00a0\u00bb width=\u00a0\u00bb90%\u00a0\u00bb max_width=\u00a0\u00bb1296px\u00a0\u00bb custom_margin=\u00a0\u00bb0px||0px||false|false\u00a0\u00bb custom_padding=\u00a0\u00bb0px||0px||false|false\u00a0\u00bb global_colors_info=\u00a0\u00bb{}\u00a0\u00bb][et_pb_column type=\u00a0\u00bb4_4&Prime; _builder_version=\u00a0\u00bb4.24.2&Prime; _module_preset=\u00a0\u00bbdefault\u00a0\u00bb global_colors_info=\u00a0\u00bb{}\u00a0\u00bb][et_pb_divider show_divider=\u00a0\u00bboff\u00a0\u00bb _builder_version=\u00a0\u00bb4.27.4&Prime; _module_preset=\u00a0\u00bbdefault\u00a0\u00bb global_colors_info=\u00a0\u00bb{}\u00a0\u00bb][\/et_pb_divider][et_pb_text _builder_version=\u00a0\u00bb4.27.4&Prime; _module_preset=\u00a0\u00bbdefault\u00a0\u00bb header_2_font=\u00a0\u00bbHelvetica Neue|700|||||||\u00a0\u00bb header_2_text_align=\u00a0\u00bbleft\u00a0\u00bb header_2_text_color=\u00a0\u00bb#FFFFFF\u00a0\u00bb header_2_font_size=\u00a0\u00bb52px\u00a0\u00bb header_2_letter_spacing=\u00a0\u00bb-1px\u00a0\u00bb header_2_line_height=\u00a0\u00bb1.1em\u00a0\u00bb max_width=\u00a0\u00bb635px\u00a0\u00bb custom_margin=\u00a0\u00bb0px||||false|false\u00a0\u00bb custom_margin_tablet=\u00a0\u00bb0px||35px||false|false\u00a0\u00bb custom_margin_phone=\u00a0\u00bb0px||30px||false|false\u00a0\u00bb custom_margin_last_edited=\u00a0\u00bbon|phone\u00a0\u00bb custom_padding=\u00a0\u00bb0px||||false|false\u00a0\u00bb header_2_font_size_tablet=\u00a0\u00bb42px\u00a0\u00bb header_2_font_size_phone=\u00a0\u00bb26px\u00a0\u00bb header_2_font_size_last_edited=\u00a0\u00bbon|tablet\u00a0\u00bb global_colors_info=\u00a0\u00bb{}\u00a0\u00bb]<\/p>\n<h2>Suivez-nous<\/h2>\n<p>[\/et_pb_text][et_pb_text _builder_version=\u00a0\u00bb4.27.4&Prime; _module_preset=\u00a0\u00bbdefault\u00a0\u00bb text_font=\u00a0\u00bbHelvetica Neue||||||||\u00a0\u00bb text_text_color=\u00a0\u00bb#FFFFFF\u00a0\u00bb text_font_size=\u00a0\u00bb18px\u00a0\u00bb text_line_height=\u00a0\u00bb1.6em\u00a0\u00bb max_width=\u00a0\u00bb635px\u00a0\u00bb custom_margin=\u00a0\u00bb0px||25px||false|false\u00a0\u00bb custom_padding=\u00a0\u00bb0px||0px||false|false\u00a0\u00bb text_font_size_tablet=\u00a0\u00bb25px\u00a0\u00bb text_font_size_phone=\u00a0\u00bb20px\u00a0\u00bb text_font_size_last_edited=\u00a0\u00bbon|phone\u00a0\u00bb global_colors_info=\u00a0\u00bb{}\u00a0\u00bb]<\/p>\n<div class=\"section-text text-block align-center\">\n<div id=\"bgLayers_comp-kx74cnyr\" data-hook=\"bgLayers\" data-motion-part=\"BG_LAYER comp-kx74cnyr\" class=\"MW5IWV\">\n<div id=\"bgMedia_comp-kx74cnyr\" data-motion-part=\"BG_MEDIA comp-kx74cnyr\" class=\"VgO9Yg\"><\/div>\n<\/div>\n<div data-mesh-id=\"comp-kx74cnyrinlineContent\" data-testid=\"inline-content\" class=\"\">\n<div data-mesh-id=\"comp-kx74cnyrinlineContent-gridContainer\" data-testid=\"mesh-container-content\">\n<div id=\"comp-l4r0trfj\" class=\"HcOXKn c9GqVL QxJLC3 lq2cno YQcXTT comp-l4r0trfj wixui-rich-text\" data-testid=\"richTextElement\">\n<p class=\"font_9 wixui-rich-text__text\"><span class=\"color_36 wixui-rich-text__text\">Vous aimez la f\u00eate du 1er ao\u00fbt ? Alors suivez-nous sur Instagram ou Facebook. Nous vous attendons avec impatience.  <\/span><\/p>\n<\/div>\n<\/div>\n<\/div>\n<\/div>\n<p>[\/et_pb_text][et_pb_text _builder_version=\u00a0\u00bb4.27.4&Prime; _module_preset=\u00a0\u00bbdefault\u00a0\u00bb text_font=\u00a0\u00bbHelvetica Neue||||||||\u00a0\u00bb text_text_color=\u00a0\u00bb#FFFFFF\u00a0\u00bb text_font_size=\u00a0\u00bb18px\u00a0\u00bb text_line_height=\u00a0\u00bb1.6em\u00a0\u00bb max_width=\u00a0\u00bb635px\u00a0\u00bb custom_margin=\u00a0\u00bb0px||25px||false|false\u00a0\u00bb custom_padding=\u00a0\u00bb0px||0px||false|false\u00a0\u00bb link_option_url=\u00a0\u00bbhttps:\/\/www.instagram.com\/ideebern\/#\u00a0\u00bb link_option_url_new_window=\u00a0\u00bbon\u00a0\u00bb text_font_size_tablet=\u00a0\u00bb25px\u00a0\u00bb text_font_size_phone=\u00a0\u00bb20px\u00a0\u00bb text_font_size_last_edited=\u00a0\u00bbon|phone\u00a0\u00bb global_colors_info=\u00a0\u00bb{}\u00a0\u00bb]<\/p>\n<div class=\"section-text text-block align-center\">\n<div id=\"bgLayers_comp-kx74cnyr\" data-hook=\"bgLayers\" data-motion-part=\"BG_LAYER comp-kx74cnyr\" class=\"MW5IWV\">\n<div id=\"bgMedia_comp-kx74cnyr\" data-motion-part=\"BG_MEDIA comp-kx74cnyr\" class=\"VgO9Yg\"><\/div>\n<\/div>\n<div data-mesh-id=\"comp-kx74cnyrinlineContent\" data-testid=\"inline-content\" class=\"\">\n<div data-mesh-id=\"comp-kx74cnyrinlineContent-gridContainer\" data-testid=\"mesh-container-content\">\n<div id=\"comp-l4r0trfj\" class=\"HcOXKn c9GqVL QxJLC3 lq2cno YQcXTT comp-l4r0trfj wixui-rich-text\" data-testid=\"richTextElement\">\n<p class=\"font_9 wixui-rich-text__text\"><span style=\"text-decoration: underline;\"><span class=\"color_36 wixui-rich-text__text\">Instagram<\/span><\/span><\/p>\n<\/div>\n<\/div>\n<\/div>\n<\/div>\n<p>[\/et_pb_text][et_pb_text _builder_version=\u00a0\u00bb4.27.4&Prime; _module_preset=\u00a0\u00bbdefault\u00a0\u00bb text_font=\u00a0\u00bbHelvetica Neue||||||||\u00a0\u00bb text_text_color=\u00a0\u00bb#FFFFFF\u00a0\u00bb text_font_size=\u00a0\u00bb18px\u00a0\u00bb text_line_height=\u00a0\u00bb1.6em\u00a0\u00bb max_width=\u00a0\u00bb635px\u00a0\u00bb custom_margin=\u00a0\u00bb0px||25px||false|false\u00a0\u00bb custom_padding=\u00a0\u00bb0px||0px||false|false\u00a0\u00bb link_option_url=\u00a0\u00bbhttps:\/\/www.facebook.com\/bundesfeierbern\/\u00a0\u00bb link_option_url_new_window=\u00a0\u00bbon\u00a0\u00bb text_font_size_tablet=\u00a0\u00bb25px\u00a0\u00bb text_font_size_phone=\u00a0\u00bb20px\u00a0\u00bb text_font_size_last_edited=\u00a0\u00bbon|phone\u00a0\u00bb global_colors_info=\u00a0\u00bb{}\u00a0\u00bb]<\/p>\n<div class=\"section-text text-block align-center\">\n<div id=\"bgLayers_comp-kx74cnyr\" data-hook=\"bgLayers\" data-motion-part=\"BG_LAYER comp-kx74cnyr\" class=\"MW5IWV\">\n<div id=\"bgMedia_comp-kx74cnyr\" data-motion-part=\"BG_MEDIA comp-kx74cnyr\" class=\"VgO9Yg\"><\/div>\n<\/div>\n<div data-mesh-id=\"comp-kx74cnyrinlineContent\" data-testid=\"inline-content\" class=\"\">\n<div data-mesh-id=\"comp-kx74cnyrinlineContent-gridContainer\" data-testid=\"mesh-container-content\">\n<div id=\"comp-l4r0trfj\" class=\"HcOXKn c9GqVL QxJLC3 lq2cno YQcXTT comp-l4r0trfj wixui-rich-text\" data-testid=\"richTextElement\">\n<p class=\"font_9 wixui-rich-text__text\"><span style=\"text-decoration: underline;\"><span class=\"color_36 wixui-rich-text__text\">Facebook<\/span><\/span><\/p>\n<\/div>\n<\/div>\n<\/div>\n<\/div>\n<p>[\/et_pb_text][\/et_pb_column][\/et_pb_row][\/et_pb_section][et_pb_section fb_built=\u00a0\u00bb1&Prime; custom_padding_last_edited=\u00a0\u00bbon|tablet\u00a0\u00bb disabled_on=\u00a0\u00bboff|off|off\u00a0\u00bb admin_label=\u00a0\u00bbPartner*innen\u00a0\u00bb module_id=\u00a0\u00bbpartenaires\u00a0\u00bb _builder_version=\u00a0\u00bb4.27.4&Prime; _module_preset=\u00a0\u00bbdefault\u00a0\u00bb background_enable_color=\u00a0\u00bboff\u00a0\u00bb background_enable_image=\u00a0\u00bboff\u00a0\u00bb background_size=\u00a0\u00bbcontain\u00a0\u00bb custom_margin=\u00a0\u00bb0px||0px||false|false\u00a0\u00bb custom_padding=\u00a0\u00bb130px||130px||false|false\u00a0\u00bb custom_padding_tablet=\u00a0\u00bb110px||120px||false|false\u00a0\u00bb custom_padding_phone=\u00a0\u00bb85px||90px||false|false\u00a0\u00bb hover_enabled=\u00a0\u00bb0&Prime; global_colors_info=\u00a0\u00bb{}\u00a0\u00bb sticky_enabled=\u00a0\u00bb0&Prime;][et_pb_row column_structure=\u00a0\u00bb1_2,1_2&Prime; use_custom_gutter=\u00a0\u00bbon\u00a0\u00bb gutter_width=\u00a0\u00bb1&Prime; _builder_version=\u00a0\u00bb4.27.4&Prime; _module_preset=\u00a0\u00bbdefault\u00a0\u00bb width=\u00a0\u00bb90%\u00a0\u00bb max_width=\u00a0\u00bb1296px\u00a0\u00bb custom_margin=\u00a0\u00bb0px||0px||false|false\u00a0\u00bb custom_padding=\u00a0\u00bb0px||0px||false|false\u00a0\u00bb global_colors_info=\u00a0\u00bb{}\u00a0\u00bb][et_pb_column type=\u00a0\u00bb1_2&Prime; _builder_version=\u00a0\u00bb4.24.2&Prime; _module_preset=\u00a0\u00bbdefault\u00a0\u00bb global_colors_info=\u00a0\u00bb{}\u00a0\u00bb][et_pb_text _builder_version=\u00a0\u00bb4.27.4&Prime; _module_preset=\u00a0\u00bbdefault\u00a0\u00bb global_colors_info=\u00a0\u00bb{}\u00a0\u00bb][\/et_pb_text][\/et_pb_column][et_pb_column type=\u00a0\u00bb1_2&Prime; _builder_version=\u00a0\u00bb4.27.4&Prime; _module_preset=\u00a0\u00bbdefault\u00a0\u00bb global_colors_info=\u00a0\u00bb{}\u00a0\u00bb][et_pb_divider show_divider=\u00a0\u00bboff\u00a0\u00bb _builder_version=\u00a0\u00bb4.27.4&Prime; _module_preset=\u00a0\u00bbdefault\u00a0\u00bb global_colors_info=\u00a0\u00bb{}\u00a0\u00bb][\/et_pb_divider][et_pb_divider show_divider=\u00a0\u00bboff\u00a0\u00bb _builder_version=\u00a0\u00bb4.27.4&Prime; _module_preset=\u00a0\u00bbdefault\u00a0\u00bb global_colors_info=\u00a0\u00bb{}\u00a0\u00bb][\/et_pb_divider][\/et_pb_column][\/et_pb_row][et_pb_row _builder_version=\u00a0\u00bb4.27.4&Prime; _module_preset=\u00a0\u00bbdefault\u00a0\u00bb global_colors_info=\u00a0\u00bb{}\u00a0\u00bb][et_pb_column type=\u00a0\u00bb4_4&Prime; _builder_version=\u00a0\u00bb4.27.4&Prime; _module_preset=\u00a0\u00bbdefault\u00a0\u00bb global_colors_info=\u00a0\u00bb{}\u00a0\u00bb][et_pb_text _builder_version=\u00a0\u00bb4.27.4&Prime; _module_preset=\u00a0\u00bbdefault\u00a0\u00bb header_2_font=\u00a0\u00bbHelvetica Neue|700|||on|||#555252|\u00a0\u00bb header_2_text_align=\u00a0\u00bbleft\u00a0\u00bb header_2_text_color=\u00a0\u00bb#555252&Prime; header_2_font_size=\u00a0\u00bb72px\u00a0\u00bb header_2_letter_spacing=\u00a0\u00bb-1px\u00a0\u00bb header_2_line_height=\u00a0\u00bb1.1em\u00a0\u00bb max_width=\u00a0\u00bb635px\u00a0\u00bb custom_margin=\u00a0\u00bb0px||37px||false|false\u00a0\u00bb custom_margin_tablet=\u00a0\u00bb0px||6px||false|false\u00a0\u00bb custom_margin_phone=\u00a0\u00bb0px||6px||false|false\u00a0\u00bb custom_margin_last_edited=\u00a0\u00bbon|tablet\u00a0\u00bb custom_padding=\u00a0\u00bb0px||0px||false|false\u00a0\u00bb header_2_font_size_tablet=\u00a0\u00bb45px\u00a0\u00bb header_2_font_size_phone=\u00a0\u00bb28px\u00a0\u00bb header_2_font_size_last_edited=\u00a0\u00bbon|tablet\u00a0\u00bb global_colors_info=\u00a0\u00bb{}\u00a0\u00bb]<\/p>\n<h2>Merci beaucoup !<\/h2>\n<p>[\/et_pb_text][\/et_pb_column][\/et_pb_row][et_pb_row column_structure=\u00a0\u00bb1_2,1_2&Prime; _builder_version=\u00a0\u00bb4.27.4&Prime; _module_preset=\u00a0\u00bbdefault\u00a0\u00bb global_colors_info=\u00a0\u00bb{}\u00a0\u00bb][et_pb_column type=\u00a0\u00bb1_2&Prime; _builder_version=\u00a0\u00bb4.27.4&Prime; _module_preset=\u00a0\u00bbdefault\u00a0\u00bb global_colors_info=\u00a0\u00bb{}\u00a0\u00bb][et_pb_text _builder_version=\u00a0\u00bb4.27.4&Prime; _module_preset=\u00a0\u00bbdefault\u00a0\u00bb header_2_font=\u00a0\u00bbHelvetica Neue||||on||||\u00a0\u00bb global_colors_info=\u00a0\u00bb{}\u00a0\u00bb]<\/p>\n<h2>Organis\u00e9 par<\/h2>\n<p>[\/et_pb_text][et_pb_image src=\u00a0\u00bbhttps:\/\/ideebern.ch\/wp-content\/uploads\/2025\/03\/1Aug2025_Logo_ideeBERN.png\u00a0\u00bb title_text=\u00a0\u00bb1Aug2025_Logo_ideeBERN\u00a0\u00bb _builder_version=\u00a0\u00bb4.27.4&Prime; _module_preset=\u00a0\u00bbdefault\u00a0\u00bb width=\u00a0\u00bb250px\u00a0\u00bb height=\u00a0\u00bb125px\u00a0\u00bb global_colors_info=\u00a0\u00bb{}\u00a0\u00bb][\/et_pb_image][\/et_pb_column][et_pb_column type=\u00a0\u00bb1_2&Prime; _builder_version=\u00a0\u00bb4.27.4&Prime; _module_preset=\u00a0\u00bbdefault\u00a0\u00bb global_colors_info=\u00a0\u00bb{}\u00a0\u00bb][et_pb_text _builder_version=\u00a0\u00bb4.27.4&Prime; _module_preset=\u00a0\u00bbdefault\u00a0\u00bb header_2_font=\u00a0\u00bbHelvetica Neue||||on||||\u00a0\u00bb global_colors_info=\u00a0\u00bb{}\u00a0\u00bb]<\/p>\n<h2>Partenaire principal<\/h2>\n<p>[\/et_pb_text][et_pb_image src=\u00a0\u00bbhttps:\/\/ideebern.ch\/wp-content\/uploads\/2025\/03\/1Aug2025_Logo_Engagement.png\u00a0\u00bb title_text=\u00a0\u00bb1Aug2025_Logo_Engagement\u00a0\u00bb url=\u00a0\u00bbhttps:\/\/www.bern.ch\/\u00a0\u00bb url_new_window=\u00a0\u00bbon\u00a0\u00bb _builder_version=\u00a0\u00bb4.27.4&Prime; _module_preset=\u00a0\u00bbdefault\u00a0\u00bb width=\u00a0\u00bb250px\u00a0\u00bb height=\u00a0\u00bb125px\u00a0\u00bb global_colors_info=\u00a0\u00bb{}\u00a0\u00bb][\/et_pb_image][\/et_pb_column][\/et_pb_row][et_pb_row _builder_version=\u00a0\u00bb4.27.4&Prime; _module_preset=\u00a0\u00bbdefault\u00a0\u00bb global_colors_info=\u00a0\u00bb{}\u00a0\u00bb][et_pb_column type=\u00a0\u00bb4_4&Prime; _builder_version=\u00a0\u00bb4.27.4&Prime; _module_preset=\u00a0\u00bbdefault\u00a0\u00bb global_colors_info=\u00a0\u00bb{}\u00a0\u00bb][et_pb_text _builder_version=\u00a0\u00bb4.27.4&Prime; _module_preset=\u00a0\u00bbdefault\u00a0\u00bb header_2_font=\u00a0\u00bbHelvetica Neue||||on||||\u00a0\u00bb global_colors_info=\u00a0\u00bb{}\u00a0\u00bb]<\/p>\n<h2>Un remerciement particulier \u00e0<\/h2>\n<p>[\/et_pb_text][\/et_pb_column][\/et_pb_row][et_pb_row column_structure=\u00a0\u00bb1_5,1_5,1_5,1_5,1_5&Prime; use_custom_gutter=\u00a0\u00bbon\u00a0\u00bb gutter_width=\u00a0\u00bb2&Prime; make_equal=\u00a0\u00bbon\u00a0\u00bb _builder_version=\u00a0\u00bb4.27.4&Prime; _module_preset=\u00a0\u00bbdefault\u00a0\u00bb module_alignment=\u00a0\u00bbcenter\u00a0\u00bb global_colors_info=\u00a0\u00bb{}\u00a0\u00bb][et_pb_column type=\u00a0\u00bb1_5&Prime; _builder_version=\u00a0\u00bb4.27.4&Prime; _module_preset=\u00a0\u00bbdefault\u00a0\u00bb global_colors_info=\u00a0\u00bb{}\u00a0\u00bb][et_pb_blurb title=\u00a0\u00bbBearbeat\u00a0\u00bb url_new_window=\u00a0\u00bbon\u00a0\u00bb image=\u00a0\u00bbhttps:\/\/ideebern.ch\/wp-content\/uploads\/2025\/03\/1Aug2025_Logo_Bearbeat-3.png\u00a0\u00bb alt=\u00a0\u00bbLogo Gaffuri AG\u00a0\u00bb _builder_version=\u00a0\u00bb4.27.4&Prime; _module_preset=\u00a0\u00bbdefault\u00a0\u00bb header_text_align=\u00a0\u00bbcenter\u00a0\u00bb custom_padding=\u00a0\u00bb||0px|||\u00a0\u00bb link_option_url=\u00a0\u00bbhttps:\/\/bearbeat.ch\/\u00a0\u00bb link_option_url_new_window=\u00a0\u00bbon\u00a0\u00bb locked=\u00a0\u00bboff\u00a0\u00bb global_colors_info=\u00a0\u00bb{}\u00a0\u00bb][\/et_pb_blurb][\/et_pb_column][et_pb_column type=\u00a0\u00bb1_5&Prime; _builder_version=\u00a0\u00bb4.27.4&Prime; _module_preset=\u00a0\u00bbdefault\u00a0\u00bb global_colors_info=\u00a0\u00bb{}\u00a0\u00bb][et_pb_blurb title=\u00a0\u00bbBerne Welcome\u00a0\u00bb url_new_window=\u00a0\u00bbon\u00a0\u00bb image=\u00a0\u00bbhttps:\/\/ideebern.ch\/wp-content\/uploads\/2025\/03\/1Aug2025_Logo_BERN-2.png\u00a0\u00bb alt=\u00a0\u00bbLogo Gaffuri AG\u00a0\u00bb _builder_version=\u00a0\u00bb4.27.4&Prime; _module_preset=\u00a0\u00bbdefault\u00a0\u00bb header_text_align=\u00a0\u00bbcenter\u00a0\u00bb width=\u00a0\u00bb100%\u00a0\u00bb custom_padding=\u00a0\u00bb||0px|||\u00a0\u00bb link_option_url=\u00a0\u00bbhttps:\/\/bern.com\/de\u00a0\u00bb link_option_url_new_window=\u00a0\u00bbon\u00a0\u00bb global_colors_info=\u00a0\u00bb{}\u00a0\u00bb][\/et_pb_blurb][\/et_pb_column][et_pb_column type=\u00a0\u00bb1_5&Prime; _builder_version=\u00a0\u00bb4.27.4&Prime; _module_preset=\u00a0\u00bbdefault\u00a0\u00bb global_colors_info=\u00a0\u00bb{}\u00a0\u00bb][et_pb_blurb title=\u00a0\u00bbBernPride\u00a0\u00bb url_new_window=\u00a0\u00bbon\u00a0\u00bb image=\u00a0\u00bbhttps:\/\/ideebern.ch\/wp-content\/uploads\/2025\/05\/1Aug2025_Logo_BernPride-1.png\u00a0\u00bb alt=\u00a0\u00bbLogo Gaffuri AG\u00a0\u00bb _builder_version=\u00a0\u00bb4.27.4&Prime; _module_preset=\u00a0\u00bbdefault\u00a0\u00bb header_text_align=\u00a0\u00bbcenter\u00a0\u00bb custom_padding=\u00a0\u00bb||0px|||\u00a0\u00bb link_option_url=\u00a0\u00bbhttps:\/\/www.bernpride.ch\/\u00a0\u00bb link_option_url_new_window=\u00a0\u00bbon\u00a0\u00bb global_colors_info=\u00a0\u00bb{}\u00a0\u00bb][\/et_pb_blurb][\/et_pb_column][et_pb_column type=\u00a0\u00bb1_5&Prime; _builder_version=\u00a0\u00bb4.27.4&Prime; _module_preset=\u00a0\u00bbdefault\u00a0\u00bb global_colors_info=\u00a0\u00bb{}\u00a0\u00bb][et_pb_blurb title=\u00a0\u00bbBierh\u00fcbeli\u00a0\u00bb url_new_window=\u00a0\u00bbon\u00a0\u00bb image=\u00a0\u00bbhttps:\/\/ideebern.ch\/wp-content\/uploads\/2025\/03\/1Aug2025_Logo_Bierhuebeli-1.png\u00a0\u00bb alt=\u00a0\u00bbLogo Gaffuri AG\u00a0\u00bb _builder_version=\u00a0\u00bb4.27.4&Prime; _module_preset=\u00a0\u00bbdefault\u00a0\u00bb header_text_align=\u00a0\u00bbcenter\u00a0\u00bb custom_padding=\u00a0\u00bb||0px|||\u00a0\u00bb link_option_url=\u00a0\u00bbhttps:\/\/bierhuebeli.ch\/\u00a0\u00bb link_option_url_new_window=\u00a0\u00bbon\u00a0\u00bb global_colors_info=\u00a0\u00bb{}\u00a0\u00bb][\/et_pb_blurb][\/et_pb_column][et_pb_column type=\u00a0\u00bb1_5&Prime; _builder_version=\u00a0\u00bb4.27.4&Prime; _module_preset=\u00a0\u00bbdefault\u00a0\u00bb global_colors_info=\u00a0\u00bb{}\u00a0\u00bb][et_pb_blurb title=\u00a0\u00bbBLS SA\u00a0\u00bb url_new_window=\u00a0\u00bbon\u00a0\u00bb image=\u00a0\u00bbhttps:\/\/ideebern.ch\/wp-content\/uploads\/2025\/06\/1Aug2025_Logo_BLS2.png\u00a0\u00bb alt=\u00a0\u00bbLogo Gaffuri AG\u00a0\u00bb _builder_version=\u00a0\u00bb4.27.4&Prime; _module_preset=\u00a0\u00bbdefault\u00a0\u00bb header_text_align=\u00a0\u00bbcenter\u00a0\u00bb custom_padding=\u00a0\u00bb||0px|||\u00a0\u00bb link_option_url=\u00a0\u00bbhttps:\/\/www.bls.ch\/\u00a0\u00bb link_option_url_new_window=\u00a0\u00bbon\u00a0\u00bb global_colors_info=\u00a0\u00bb{}\u00a0\u00bb][\/et_pb_blurb][\/et_pb_column][\/et_pb_row][et_pb_row column_structure=\u00a0\u00bb1_5,1_5,1_5,1_5,1_5&Prime; use_custom_gutter=\u00a0\u00bbon\u00a0\u00bb gutter_width=\u00a0\u00bb2&Prime; make_equal=\u00a0\u00bbon\u00a0\u00bb _builder_version=\u00a0\u00bb4.27.4&Prime; _module_preset=\u00a0\u00bbdefault\u00a0\u00bb module_alignment=\u00a0\u00bbcenter\u00a0\u00bb global_colors_info=\u00a0\u00bb{}\u00a0\u00bb][et_pb_column type=\u00a0\u00bb1_5&Prime; _builder_version=\u00a0\u00bb4.27.4&Prime; _module_preset=\u00a0\u00bbdefault\u00a0\u00bb global_colors_info=\u00a0\u00bb{}\u00a0\u00bb][et_pb_blurb title=\u00a0\u00bbBourgeoisie de Berne\u00a0\u00bb url_new_window=\u00a0\u00bbon\u00a0\u00bb image=\u00a0\u00bbhttps:\/\/ideebern.ch\/wp-content\/uploads\/2025\/03\/1Aug2025_Logo_Burgergemeinde-2.png\u00a0\u00bb alt=\u00a0\u00bbLogo Gaffuri AG\u00a0\u00bb _builder_version=\u00a0\u00bb4.27.4&Prime; _module_preset=\u00a0\u00bbdefault\u00a0\u00bb header_text_align=\u00a0\u00bbcenter\u00a0\u00bb custom_padding=\u00a0\u00bb||0px|||\u00a0\u00bb link_option_url=\u00a0\u00bbhttps:\/\/www.bgbern.ch\/\u00a0\u00bb link_option_url_new_window=\u00a0\u00bbon\u00a0\u00bb global_colors_info=\u00a0\u00bb{}\u00a0\u00bb][\/et_pb_blurb][\/et_pb_column][et_pb_column type=\u00a0\u00bb1_5&Prime; _builder_version=\u00a0\u00bb4.27.4&Prime; _module_preset=\u00a0\u00bbdefault\u00a0\u00bb global_colors_info=\u00a0\u00bb{}\u00a0\u00bb][et_pb_blurb title=\u00a0\u00bbEnergie Wasser Bern\u00a0\u00bb url_new_window=\u00a0\u00bbon\u00a0\u00bb image=\u00a0\u00bbhttps:\/\/ideebern.ch\/wp-content\/uploads\/2025\/03\/1Aug2025_Logo_EWB.png\u00a0\u00bb alt=\u00a0\u00bbLogo Gaffuri AG\u00a0\u00bb _builder_version=\u00a0\u00bb4.27.4&Prime; _module_preset=\u00a0\u00bbdefault\u00a0\u00bb header_text_align=\u00a0\u00bbcenter\u00a0\u00bb custom_padding=\u00a0\u00bb||0px|||\u00a0\u00bb link_option_url=\u00a0\u00bbhttps:\/\/www.ewb.ch\/\u00a0\u00bb link_option_url_new_window=\u00a0\u00bbon\u00a0\u00bb global_colors_info=\u00a0\u00bb{}\u00a0\u00bb][\/et_pb_blurb][\/et_pb_column][et_pb_column type=\u00a0\u00bb1_5&Prime; _builder_version=\u00a0\u00bb4.27.4&Prime; _module_preset=\u00a0\u00bbdefault\u00a0\u00bb global_colors_info=\u00a0\u00bb{}\u00a0\u00bb][et_pb_blurb title=\u00a0\u00bbBrasserie Felsenau\u00a0\u00bb url_new_window=\u00a0\u00bbon\u00a0\u00bb image=\u00a0\u00bbhttps:\/\/ideebern.ch\/wp-content\/uploads\/2025\/03\/1Aug2025_Logo_Felsenau-1.png\u00a0\u00bb alt=\u00a0\u00bbLogo Gaffuri AG\u00a0\u00bb _builder_version=\u00a0\u00bb4.27.4&Prime; _module_preset=\u00a0\u00bbdefault\u00a0\u00bb header_text_align=\u00a0\u00bbcenter\u00a0\u00bb custom_padding=\u00a0\u00bb||0px|||\u00a0\u00bb link_option_url=\u00a0\u00bbhttps:\/\/felsenau.ch\/\u00a0\u00bb link_option_url_new_window=\u00a0\u00bbon\u00a0\u00bb global_colors_info=\u00a0\u00bb{}\u00a0\u00bb][\/et_pb_blurb][\/et_pb_column][et_pb_column type=\u00a0\u00bb1_5&Prime; _builder_version=\u00a0\u00bb4.27.4&Prime; _module_preset=\u00a0\u00bbdefault\u00a0\u00bb global_colors_info=\u00a0\u00bb{}\u00a0\u00bb][et_pb_blurb title=\u00a0\u00bbPeter Gaffuri AG\u00a0\u00bb url_new_window=\u00a0\u00bbon\u00a0\u00bb image=\u00a0\u00bbhttps:\/\/ideebern.ch\/wp-content\/uploads\/2025\/03\/1Aug2025_Logo_Gaffuri-3.png\u00a0\u00bb alt=\u00a0\u00bbLogo Gaffuri AG\u00a0\u00bb _builder_version=\u00a0\u00bb4.27.4&Prime; _module_preset=\u00a0\u00bbdefault\u00a0\u00bb header_text_align=\u00a0\u00bbcenter\u00a0\u00bb custom_padding=\u00a0\u00bb||0px|||\u00a0\u00bb link_option_url=\u00a0\u00bbhttps:\/\/www.gaffuri.ch\/\u00a0\u00bb link_option_url_new_window=\u00a0\u00bbon\u00a0\u00bb global_colors_info=\u00a0\u00bb{}\u00a0\u00bb][\/et_pb_blurb][\/et_pb_column][et_pb_column type=\u00a0\u00bb1_5&Prime; _builder_version=\u00a0\u00bb4.27.4&Prime; _module_preset=\u00a0\u00bbdefault\u00a0\u00bb global_colors_info=\u00a0\u00bb{}\u00a0\u00bb][et_pb_blurb title=\u00a0\u00bbGastroStadtBern et ses environs\u00a0\u00bb url_new_window=\u00a0\u00bbon\u00a0\u00bb image=\u00a0\u00bbhttps:\/\/ideebern.ch\/wp-content\/uploads\/2025\/03\/1Aug2025_Logo_Gastro-Stadt-Bern-2.png\u00a0\u00bb alt=\u00a0\u00bbLogo Gaffuri AG\u00a0\u00bb _builder_version=\u00a0\u00bb4.27.4&Prime; _module_preset=\u00a0\u00bbdefault\u00a0\u00bb header_text_align=\u00a0\u00bbcenter\u00a0\u00bb custom_padding=\u00a0\u00bb||0px|||\u00a0\u00bb link_option_url=\u00a0\u00bbhttps:\/\/www.gastrobern.ch\/startseite\u00a0\u00bb link_option_url_new_window=\u00a0\u00bbon\u00a0\u00bb global_colors_info=\u00a0\u00bb{}\u00a0\u00bb][\/et_pb_blurb][\/et_pb_column][\/et_pb_row][et_pb_row column_structure=\u00a0\u00bb1_5,1_5,1_5,1_5,1_5&Prime; use_custom_gutter=\u00a0\u00bbon\u00a0\u00bb gutter_width=\u00a0\u00bb2&Prime; make_equal=\u00a0\u00bbon\u00a0\u00bb _builder_version=\u00a0\u00bb4.27.4&Prime; _module_preset=\u00a0\u00bbdefault\u00a0\u00bb module_alignment=\u00a0\u00bbcenter\u00a0\u00bb global_colors_info=\u00a0\u00bb{}\u00a0\u00bb][et_pb_column type=\u00a0\u00bb1_5&Prime; _builder_version=\u00a0\u00bb4.27.4&Prime; _module_preset=\u00a0\u00bbdefault\u00a0\u00bb global_colors_info=\u00a0\u00bb{}\u00a0\u00bb][et_pb_blurb title=\u00a0\u00bbSon Leu\u00a0\u00bb url_new_window=\u00a0\u00bbon\u00a0\u00bb image=\u00a0\u00bbhttps:\/\/ideebern.ch\/wp-content\/uploads\/2025\/03\/1Aug2025_Logo_Leu-Sound-1.png\u00a0\u00bb alt=\u00a0\u00bbLogo Gaffuri AG\u00a0\u00bb _builder_version=\u00a0\u00bb4.27.4&Prime; _module_preset=\u00a0\u00bbdefault\u00a0\u00bb header_text_align=\u00a0\u00bbcenter\u00a0\u00bb custom_padding=\u00a0\u00bb||0px|||\u00a0\u00bb link_option_url=\u00a0\u00bbhttps:\/\/leusound.ch\/\u00a0\u00bb link_option_url_new_window=\u00a0\u00bbon\u00a0\u00bb global_colors_info=\u00a0\u00bb{}\u00a0\u00bb][\/et_pb_blurb][\/et_pb_column][et_pb_column type=\u00a0\u00bb1_5&Prime; _builder_version=\u00a0\u00bb4.27.4&Prime; _module_preset=\u00a0\u00bbdefault\u00a0\u00bb global_colors_info=\u00a0\u00bb{}\u00a0\u00bb][et_pb_blurb title=\u00a0\u00bbServices du Parlement\u00a0\u00bb url_new_window=\u00a0\u00bbon\u00a0\u00bb image=\u00a0\u00bbhttps:\/\/ideebern.ch\/wp-content\/uploads\/2025\/03\/1Aug2025_Logo_Parlamentsdienste-1-1.png\u00a0\u00bb alt=\u00a0\u00bbLogo Gaffuri AG\u00a0\u00bb _builder_version=\u00a0\u00bb4.27.4&Prime; _module_preset=\u00a0\u00bbdefault\u00a0\u00bb header_text_align=\u00a0\u00bbcenter\u00a0\u00bb custom_padding=\u00a0\u00bb||0px|||\u00a0\u00bb link_option_url=\u00a0\u00bbhttps:\/\/www.parlament.ch\/de\/%C3%BCber-das-parlament\/parlamentsdienste\u00a0\u00bb link_option_url_new_window=\u00a0\u00bbon\u00a0\u00bb global_colors_info=\u00a0\u00bb{}\u00a0\u00bb][\/et_pb_blurb][\/et_pb_column][et_pb_column type=\u00a0\u00bb1_5&Prime; _builder_version=\u00a0\u00bb4.27.4&Prime; _module_preset=\u00a0\u00bbdefault\u00a0\u00bb global_colors_info=\u00a0\u00bb{}\u00a0\u00bb][et_pb_blurb title=\u00a0\u00bbTransports r\u00e9gionaux Berne-Soleure\u00a0\u00bb url_new_window=\u00a0\u00bbon\u00a0\u00bb image=\u00a0\u00bbhttps:\/\/ideebern.ch\/wp-content\/uploads\/2025\/03\/1Aug2025_Logo_RBS-1.png\u00a0\u00bb alt=\u00a0\u00bbLogo Gaffuri AG\u00a0\u00bb _builder_version=\u00a0\u00bb4.27.4&Prime; _module_preset=\u00a0\u00bbdefault\u00a0\u00bb header_text_align=\u00a0\u00bbcenter\u00a0\u00bb custom_padding=\u00a0\u00bb||0px|||\u00a0\u00bb link_option_url=\u00a0\u00bbhttps:\/\/www.rbs.ch\/\u00a0\u00bb link_option_url_new_window=\u00a0\u00bbon\u00a0\u00bb global_colors_info=\u00a0\u00bb{}\u00a0\u00bb][\/et_pb_blurb][\/et_pb_column][et_pb_column type=\u00a0\u00bb1_5&Prime; _builder_version=\u00a0\u00bb4.27.4&Prime; _module_preset=\u00a0\u00bbdefault\u00a0\u00bb global_colors_info=\u00a0\u00bb{}\u00a0\u00bb][\/et_pb_column][et_pb_column type=\u00a0\u00bb1_5&Prime; _builder_version=\u00a0\u00bb4.27.4&Prime; _module_preset=\u00a0\u00bbdefault\u00a0\u00bb global_colors_info=\u00a0\u00bb{}\u00a0\u00bb][\/et_pb_column][\/et_pb_row][et_pb_row use_custom_gutter=\u00a0\u00bbon\u00a0\u00bb gutter_width=\u00a0\u00bb2&Prime; make_equal=\u00a0\u00bbon\u00a0\u00bb _builder_version=\u00a0\u00bb4.27.4&Prime; _module_preset=\u00a0\u00bbdefault\u00a0\u00bb module_alignment=\u00a0\u00bbcenter\u00a0\u00bb global_colors_info=\u00a0\u00bb{}\u00a0\u00bb][et_pb_column type=\u00a0\u00bb4_4&Prime; _builder_version=\u00a0\u00bb4.27.4&Prime; _module_preset=\u00a0\u00bbdefault\u00a0\u00bb global_colors_info=\u00a0\u00bb{}\u00a0\u00bb][et_pb_text _builder_version=\u00a0\u00bb4.27.4&Prime; _module_preset=\u00a0\u00bbdefault\u00a0\u00bb header_2_font=\u00a0\u00bbHelvetica Neue||||on||||\u00a0\u00bb global_colors_info=\u00a0\u00bb{}\u00a0\u00bb]<\/p>\n<h2>Avec le soutien actif de<\/h2>\n<p>[\/et_pb_text][\/et_pb_column][\/et_pb_row][et_pb_row column_structure=\u00a0\u00bb1_5,1_5,1_5,1_5,1_5&Prime; use_custom_gutter=\u00a0\u00bbon\u00a0\u00bb gutter_width=\u00a0\u00bb2&Prime; make_equal=\u00a0\u00bbon\u00a0\u00bb _builder_version=\u00a0\u00bb4.27.4&Prime; _module_preset=\u00a0\u00bbdefault\u00a0\u00bb module_alignment=\u00a0\u00bbcenter\u00a0\u00bb global_colors_info=\u00a0\u00bb{}\u00a0\u00bb][et_pb_column type=\u00a0\u00bb1_5&Prime; _builder_version=\u00a0\u00bb4.27.4&Prime; _module_preset=\u00a0\u00bbdefault\u00a0\u00bb global_colors_info=\u00a0\u00bb{}\u00a0\u00bb][et_pb_blurb title=\u00a0\u00bbCath\u00e9drale de Berne\u00a0\u00bb url_new_window=\u00a0\u00bbon\u00a0\u00bb image=\u00a0\u00bbhttps:\/\/ideebern.ch\/wp-content\/uploads\/2025\/03\/1Aug2025_Logo_Berner-Muenster-1.png\u00a0\u00bb alt=\u00a0\u00bbLogo Gaffuri AG\u00a0\u00bb _builder_version=\u00a0\u00bb4.27.4&Prime; _module_preset=\u00a0\u00bbdefault\u00a0\u00bb header_text_align=\u00a0\u00bbcenter\u00a0\u00bb custom_padding=\u00a0\u00bb||0px|||\u00a0\u00bb link_option_url=\u00a0\u00bbhttps:\/\/www.bernermuenster.ch\/\u00a0\u00bb link_option_url_new_window=\u00a0\u00bbon\u00a0\u00bb global_colors_info=\u00a0\u00bb{}\u00a0\u00bb][\/et_pb_blurb][\/et_pb_column][et_pb_column type=\u00a0\u00bb1_5&Prime; _builder_version=\u00a0\u00bb4.27.4&Prime; _module_preset=\u00a0\u00bbdefault\u00a0\u00bb global_colors_info=\u00a0\u00bb{}\u00a0\u00bb][et_pb_blurb title=\u00a0\u00bb  passive attack ag\u00a0\u00bb url_new_window=\u00a0\u00bbon\u00a0\u00bb image=\u00a0\u00bbhttps:\/\/ideebern.ch\/wp-content\/uploads\/2025\/05\/1Aug2025_Logo_passive_attack.png\u00a0\u00bb alt=\u00a0\u00bbLogo Gaffuri AG\u00a0\u00bb _builder_version=\u00a0\u00bb4.27.4&Prime; _module_preset=\u00a0\u00bbdefault\u00a0\u00bb header_text_align=\u00a0\u00bbcenter\u00a0\u00bb custom_padding=\u00a0\u00bb||0px|||\u00a0\u00bb link_option_url=\u00a0\u00bbhttps:\/\/www.passiveattack.ch\/\u00a0\u00bb link_option_url_new_window=\u00a0\u00bbon\u00a0\u00bb global_colors_info=\u00a0\u00bb{}\u00a0\u00bb][\/et_pb_blurb][\/et_pb_column][et_pb_column type=\u00a0\u00bb1_5&Prime; _builder_version=\u00a0\u00bb4.27.4&Prime; _module_preset=\u00a0\u00bbdefault\u00a0\u00bb global_colors_info=\u00a0\u00bb{}\u00a0\u00bb][et_pb_blurb title=\u00a0\u00bbClub alpin suisse CAS\u00a0\u00bb url_new_window=\u00a0\u00bbon\u00a0\u00bb image=\u00a0\u00bbhttps:\/\/ideebern.ch\/wp-content\/uploads\/2025\/06\/1Aug2025_Logo_sac.png\u00a0\u00bb alt=\u00a0\u00bbLogo Gaffuri AG\u00a0\u00bb _builder_version=\u00a0\u00bb4.27.4&Prime; _module_preset=\u00a0\u00bbdefault\u00a0\u00bb header_text_align=\u00a0\u00bbcenter\u00a0\u00bb custom_padding=\u00a0\u00bb||0px|||\u00a0\u00bb link_option_url=\u00a0\u00bbhttps:\/\/www.sac-cas.ch\/de\/\u00a0\u00bb link_option_url_new_window=\u00a0\u00bbon\u00a0\u00bb global_colors_info=\u00a0\u00bb{}\u00a0\u00bb][\/et_pb_blurb][\/et_pb_column][et_pb_column type=\u00a0\u00bb1_5&Prime; _builder_version=\u00a0\u00bb4.27.4&Prime; _module_preset=\u00a0\u00bbdefault\u00a0\u00bb global_colors_info=\u00a0\u00bb{}\u00a0\u00bb][et_pb_blurb title=\u00a0\u00bbFondation BERNMOBIL historique\u00a0\u00bb url_new_window=\u00a0\u00bbon\u00a0\u00bb image=\u00a0\u00bbhttps:\/\/ideebern.ch\/wp-content\/uploads\/2025\/03\/1Aug2025_Logo_Bernmobil-1.png\u00a0\u00bb alt=\u00a0\u00bbLogo Gaffuri AG\u00a0\u00bb _builder_version=\u00a0\u00bb4.27.4&Prime; _module_preset=\u00a0\u00bbdefault\u00a0\u00bb header_text_align=\u00a0\u00bbcenter\u00a0\u00bb custom_padding=\u00a0\u00bb||0px|||\u00a0\u00bb link_option_url=\u00a0\u00bbhttps:\/\/bernmobil-historique.ch\/\u00a0\u00bb link_option_url_new_window=\u00a0\u00bbon\u00a0\u00bb global_colors_info=\u00a0\u00bb{}\u00a0\u00bb][\/et_pb_blurb][\/et_pb_column][et_pb_column type=\u00a0\u00bb1_5&Prime; _builder_version=\u00a0\u00bb4.27.4&Prime; _module_preset=\u00a0\u00bbdefault\u00a0\u00bb global_colors_info=\u00a0\u00bb{}\u00a0\u00bb][\/et_pb_column][\/et_pb_row][\/et_pb_section][et_pb_section fb_built=\u00a0\u00bb1&Prime; custom_padding_last_edited=\u00a0\u00bbon|tablet\u00a0\u00bb disabled_on=\u00a0\u00bboff|off|off\u00a0\u00bb admin_label=\u00a0\u00bbB\u00e4rn L\u00e4bt\u00a0\u00bb _builder_version=\u00a0\u00bb4.27.4&Prime; _module_preset=\u00a0\u00bbdefault\u00a0\u00bb background_color=\u00a0\u00bb#fe6b41&Prime; background_enable_image=\u00a0\u00bboff\u00a0\u00bb background_size=\u00a0\u00bbcontain\u00a0\u00bb background_position=\u00a0\u00bbbottom_center\u00a0\u00bb custom_margin=\u00a0\u00bb0px||0px||false|false\u00a0\u00bb custom_padding=\u00a0\u00bb130px||140px||false|false\u00a0\u00bb custom_padding_tablet=\u00a0\u00bb0px||120px||false|false\u00a0\u00bb custom_padding_phone=\u00a0\u00bb||90px||false|false\u00a0\u00bb hover_enabled=\u00a0\u00bb0&Prime; locked=\u00a0\u00bboff\u00a0\u00bb global_colors_info=\u00a0\u00bb{}\u00a0\u00bb sticky_enabled=\u00a0\u00bb0&Prime;][et_pb_row _builder_version=\u00a0\u00bb4.27.4&Prime; _module_preset=\u00a0\u00bbdefault\u00a0\u00bb background_image=\u00a0\u00bbhttps:\/\/ideebern.ch\/wp-content\/uploads\/2025\/06\/BL25_Icon_weiss_1000px.png\u00a0\u00bb positioning=\u00a0\u00bbabsolute\u00a0\u00bb position_origin_a=\u00a0\u00bbtop_right\u00a0\u00bb vertical_offset=\u00a0\u00bb-100px\u00a0\u00bb position_origin_a_tablet=\u00a0\u00bbtop_right\u00a0\u00bb position_origin_a_phone=\u00a0\u00bbtop_right\u00a0\u00bb position_origin_a_last_edited=\u00a0\u00bbon|tablet\u00a0\u00bb position_origin_f_tablet=\u00a0\u00bb\u00a0\u00bb position_origin_f_phone=\u00a0\u00bb\u00a0\u00bb position_origin_f_last_edited=\u00a0\u00bbon|tablet\u00a0\u00bb position_origin_r_tablet=\u00a0\u00bb\u00a0\u00bb position_origin_r_phone=\u00a0\u00bb\u00a0\u00bb position_origin_r_last_edited=\u00a0\u00bbon|tablet\u00a0\u00bb width=\u00a0\u00bb44%\u00a0\u00bb width_tablet=\u00a0\u00bb100%\u00a0\u00bb width_phone=\u00a0\u00bb100%\u00a0\u00bb width_last_edited=\u00a0\u00bbon|tablet\u00a0\u00bb max_width=\u00a0\u00bb44%\u00a0\u00bb max_width_tablet=\u00a0\u00bb100%\u00a0\u00bb max_width_phone=\u00a0\u00bb100%\u00a0\u00bb max_width_last_edited=\u00a0\u00bbon|tablet\u00a0\u00bb min_height=\u00a0\u00bb678px\u00a0\u00bb min_height_tablet=\u00a0\u00bb678px\u00a0\u00bb min_height_phone=\u00a0\u00bb330px\u00a0\u00bb min_height_last_edited=\u00a0\u00bbon|phone\u00a0\u00bb custom_margin=\u00a0\u00bb0px||0px||false|false\u00a0\u00bb custom_margin_tablet=\u00a0\u00bb0px||90px||false|false\u00a0\u00bb custom_margin_phone=\u00a0\u00bb||55px||false|false\u00a0\u00bb custom_margin_last_edited=\u00a0\u00bbon|tablet\u00a0\u00bb custom_padding=\u00a0\u00bb0px||0px||false|false\u00a0\u00bb animation_style=\u00a0\u00bbslide\u00a0\u00bb animation_direction=\u00a0\u00bbright\u00a0\u00bb animation_intensity_slide=\u00a0\u00bb2%\u00a0\u00bb animation_speed_curve=\u00a0\u00bbease\u00a0\u00bb positioning_tablet=\u00a0\u00bbnone\u00a0\u00bb positioning_phone=\u00a0\u00bbnone\u00a0\u00bb positioning_last_edited=\u00a0\u00bbon|tablet\u00a0\u00bb global_colors_info=\u00a0\u00bb{}\u00a0\u00bb][et_pb_column type=\u00a0\u00bb4_4&Prime; _builder_version=\u00a0\u00bb4.27.4&Prime; _module_preset=\u00a0\u00bbdefault\u00a0\u00bb global_colors_info=\u00a0\u00bb{}\u00a0\u00bb][\/et_pb_column][\/et_pb_row][et_pb_row module_id=\u00a0\u00bb#bern-lebt\u00a0\u00bb _builder_version=\u00a0\u00bb4.27.4&Prime; _module_preset=\u00a0\u00bbdefault\u00a0\u00bb width=\u00a0\u00bb90%\u00a0\u00bb max_width=\u00a0\u00bb1296px\u00a0\u00bb custom_margin=\u00a0\u00bb0px||0px||false|false\u00a0\u00bb custom_padding=\u00a0\u00bb0px||0px||false|false\u00a0\u00bb hover_enabled=\u00a0\u00bb0&Prime; global_colors_info=\u00a0\u00bb{}\u00a0\u00bb sticky_enabled=\u00a0\u00bb0&Prime;][et_pb_column type=\u00a0\u00bb4_4&Prime; _builder_version=\u00a0\u00bb4.24.2&Prime; _module_preset=\u00a0\u00bbdefault\u00a0\u00bb global_colors_info=\u00a0\u00bb{}\u00a0\u00bb][et_pb_divider show_divider=\u00a0\u00bboff\u00a0\u00bb _builder_version=\u00a0\u00bb4.27.4&Prime; _module_preset=\u00a0\u00bbdefault\u00a0\u00bb global_colors_info=\u00a0\u00bb{}\u00a0\u00bb][\/et_pb_divider][et_pb_image src=\u00a0\u00bbhttps:\/\/ideebern.ch\/wp-content\/uploads\/2025\/06\/BL25_SchriftzugStacked_weiss_2000px-1-scaled.png\u00a0\u00bb title_text=\u00a0\u00bbBL25_\u00c9critureStacked_blanc_2000px (1)\u00a0\u00bb module_id=\u00a0\u00bbbaernlaebt\u00a0\u00bb _builder_version=\u00a0\u00bb4.27.4&Prime; _module_preset=\u00a0\u00bbdefault\u00a0\u00bb custom_margin=\u00a0\u00bb|588px||||\u00a0\u00bb global_colors_info=\u00a0\u00bb{}\u00a0\u00bb][\/et_pb_image][et_pb_text _builder_version=\u00a0\u00bb4.27.4&Prime; _module_preset=\u00a0\u00bbdefault\u00a0\u00bb text_font=\u00a0\u00bb&#8211;et_global_body_font||||||||\u00a0\u00bb text_text_color=\u00a0\u00bb#FFFFFF\u00a0\u00bb text_line_height=\u00a0\u00bb1.6em\u00a0\u00bb link_font=\u00a0\u00bb||||on||||\u00a0\u00bb link_text_color=\u00a0\u00bb#FFFFFF\u00a0\u00bb header_3_font=\u00a0\u00bb&#8211;et_global_body_font|&#8211;et_global_heading_font_weight||on|||||\u00a0\u00bb header_3_text_color=\u00a0\u00bbgcid-primary-color\u00a0\u00bb header_4_font=\u00a0\u00bb&#8211;et_global_heading_font||||||||\u00a0\u00bb header_4_text_color=\u00a0\u00bbgcid-4e5204ad-61b3-4f3a-b07f-8c8eaab28708&Prime; max_width=\u00a0\u00bb600px\u00a0\u00bb custom_margin=\u00a0\u00bb0px||25px||false|false\u00a0\u00bb custom_padding=\u00a0\u00bb0px||1px||false|false\u00a0\u00bb text_font_size_tablet=\u00a0\u00bb25px\u00a0\u00bb text_font_size_phone=\u00a0\u00bb20px\u00a0\u00bb text_font_size_last_edited=\u00a0\u00bbon|phone\u00a0\u00bb global_colors_info=\u00a0\u00bb{%22gcid-4e5204ad-61b3-4f3a-b07f-8c8eaab28708%22:%91%22header_4_text_color%22%93,%22gcid-primary-color%22:%91%22header_3_text_color%22%93}\u00a0\u00bb]<\/p>\n<div class=\"section-text text-block align-center\">\n<div class=\"wpb_column col-md-4 matchHeight-element matchHeight-applied\">\n<div class=\"section-text text-block \">\n<div id=\"comp-lielkxet1\" class=\"HcOXKn c9GqVL QxJLC3 lq2cno YQcXTT comp-lielkxet1 wixui-rich-text\" data-testid=\"richTextElement\" ariaattributes=\"[object Object]\">\n<div id=\"bgLayers_comp-liem5y25\" data-hook=\"bgLayers\" data-motion-part=\"BG_LAYER comp-liem5y25\" class=\"MW5IWV\">\n<div id=\"bgLayers_comp-liem5y2o\" data-hook=\"bgLayers\" data-motion-part=\"BG_LAYER comp-liem5y2o\" class=\"MW5IWV\"><\/div>\n<div data-mesh-id=\"comp-liem5y2oinlineContent\" data-testid=\"inline-content\" class=\"\">\n<div data-mesh-id=\"comp-liem5y2oinlineContent-gridContainer\" data-testid=\"mesh-container-content\">\n<div id=\"comp-liem5y2s1\" class=\"comp-liem5y2s1 SPY_vo\">\n<div data-mesh-id=\"comp-liem5y2s1inlineContent\" data-testid=\"inline-content\" class=\"\">\n<div data-mesh-id=\"comp-liem5y2s1inlineContent-gridContainer\" data-testid=\"mesh-container-content\">\n<div id=\"comp-liem5y2v1\" class=\"HcOXKn c9GqVL QxJLC3 lq2cno YQcXTT comp-liem5y2v1 wixui-rich-text\" data-testid=\"richTextElement\" ariaattributes=\"[object Object]\">\n<p class=\"font_3 wixui-rich-text__text\"><span style=\"font-size: 16px;\">Ensemble, c&rsquo;est mieux ; cela vaut aussi pour la f\u00eate. C&rsquo;est pourquoi nous nous sommes associ\u00e9s au Bierh\u00fcbeli de Berne et \u00e0 la Bern Pride. Nous partageons l&rsquo;infrastructure, les autres ressources et un objectif commun : B\u00e4rn l\u00e4bt !  <\/span><\/p>\n<\/div>\n<p>En savoir plus sur B\u00e4rn L\u00e4bt <a href=\"https:\/\/www.baernlaebt.ch\/\" target=\"_blank\" rel=\"noopener\">baernlaebt.ch<\/a><\/p>\n<\/div>\n<\/div>\n<\/div>\n<\/div>\n<\/div>\n<\/div>\n<\/div>\n<p id=\"comp-lielkxev\" class=\"HcOXKn c9GqVL QxJLC3 lq2cno YQcXTT comp-lielkxev wixui-rich-text\" data-testid=\"richTextElement\" ariaattributes=\"invalid_tags_codes_0|\">\n<\/div>\n<\/div>\n<\/div>\n<p>[\/et_pb_text][\/et_pb_column][\/et_pb_row][et_pb_row column_structure=\u00a0\u00bb1_2,1_2&Prime; _builder_version=\u00a0\u00bb4.27.4&Prime; _module_preset=\u00a0\u00bbdefault\u00a0\u00bb global_colors_info=\u00a0\u00bb{}\u00a0\u00bb][et_pb_column type=\u00a0\u00bb1_2&Prime; _builder_version=\u00a0\u00bb4.27.4&Prime; _module_preset=\u00a0\u00bbdefault\u00a0\u00bb global_colors_info=\u00a0\u00bb{}\u00a0\u00bb][et_pb_text _builder_version=\u00a0\u00bb4.27.4&Prime; _module_preset=\u00a0\u00bbdefault\u00a0\u00bb text_font=\u00a0\u00bb&#8211;et_global_body_font||||||||\u00a0\u00bb text_text_color=\u00a0\u00bb#FFFFFF\u00a0\u00bb background_enable_image=\u00a0\u00bboff\u00a0\u00bb min_height=\u00a0\u00bb75.6px\u00a0\u00bb global_colors_info=\u00a0\u00bb{}\u00a0\u00bb]<\/p>\n<h3><span style=\"color: #ffffff;\">SENS UNIK<\/span><\/h3>\n<h3><span style=\"color: #ffffff;\">Place f\u00e9d\u00e9rale, jeu, 31 juillet 2025<\/span><\/h3>\n<p><span style=\"color: #ffffff;\">Le Bierh\u00fcbeli arrive sur la Place f\u00e9d\u00e9rale<\/span><\/p>\n<p>[\/et_pb_text][et_pb_image src=\u00a0\u00bbhttps:\/\/ideebern.ch\/wp-content\/uploads\/2025\/06\/BL_SensUnik_small.jpg\u00a0\u00bb title_text=\u00a0\u00bbCr\u00e9\u00e9 avec l&rsquo;application RNI Films. Profil &lsquo;Agfa Optima 200 Faded&rsquo; (Agfa Optima 200 d\u00e9color\u00e9) \u00a0\u00bb _builder_version=\u00a0\u00bb4.27.4&Prime; _module_preset=\u00a0\u00bbdefault\u00a0\u00bb custom_padding=\u00a0\u00bb0px|||||\u00a0\u00bb global_colors_info=\u00a0\u00bb{}\u00a0\u00bb][\/et_pb_image][et_pb_button button_url=\u00a0\u00bbhttps:\/\/bierhuebeli.ch\/bundesplatz\/\u00a0\u00bb url_new_window=\u00a0\u00bbon\u00a0\u00bb button_text=\u00a0\u00bbBierh\u00fcbeli\u00a0\u00bb _builder_version=\u00a0\u00bb4.27.4&Prime; _module_preset=\u00a0\u00bbdefault\u00a0\u00bb custom_button=\u00a0\u00bbon\u00a0\u00bb button_text_color=\u00a0\u00bb#FFFFFF\u00a0\u00bb button_bg_color=\u00a0\u00bb#360a05&Prime; button_border_color=\u00a0\u00bb#360a05&Prime; global_colors_info=\u00a0\u00bb{}\u00a0\u00bb][\/et_pb_button][\/et_pb_column][et_pb_column type=\u00a0\u00bb1_2&Prime; _builder_version=\u00a0\u00bb4.27.4&Prime; _module_preset=\u00a0\u00bbdefault\u00a0\u00bb global_colors_info=\u00a0\u00bb{}\u00a0\u00bb][et_pb_text _builder_version=\u00a0\u00bb4.27.4&Prime; _module_preset=\u00a0\u00bbdefault\u00a0\u00bb text_font=\u00a0\u00bb&#8211;et_global_body_font||||||||\u00a0\u00bb text_text_color=\u00a0\u00bb#FFFFFF\u00a0\u00bb background_enable_image=\u00a0\u00bboff\u00a0\u00bb min_height=\u00a0\u00bb75.6px\u00a0\u00bb global_colors_info=\u00a0\u00bb{}\u00a0\u00bb]<\/p>\n<h3><span style=\"color: #ffffff;\">BERN PRIDE<\/span><\/h3>\n<h3><span style=\"color: #ffffff;\">Place f\u00e9d\u00e9rale, sam. 2 ao\u00fbt 2025<\/span><\/h3>\n<p><span style=\"color: #ffffff;\">Color\u00e9.  <\/span><span style=\"font-size: 16px;\">\u00c0 voix haute.  <\/span><span style=\"font-size: 16px;\">Berne.<\/span><\/p>\n<p>[\/et_pb_text][et_pb_image src=\u00a0\u00bbhttps:\/\/ideebern.ch\/wp-content\/uploads\/2025\/06\/BL_BernPride_small.jpg\u00a0\u00bb title_text=\u00a0\u00bbSUISSE BERNPRIDE 2024&Prime; _builder_version=\u00a0\u00bb4.27.4&Prime; _module_preset=\u00a0\u00bbdefault\u00a0\u00bb global_colors_info=\u00a0\u00bb{}\u00a0\u00bb][\/et_pb_image][et_pb_button button_url=\u00a0\u00bbhttps:\/\/www.bernpride.ch\/\u00a0\u00bb url_new_window=\u00a0\u00bbon\u00a0\u00bb button_text=\u00a0\u00bbPride de Berne\u00a0\u00bb _builder_version=\u00a0\u00bb4.27.4&Prime; _module_preset=\u00a0\u00bbdefault\u00a0\u00bb custom_button=\u00a0\u00bbon\u00a0\u00bb button_text_color=\u00a0\u00bb#FFFFFF\u00a0\u00bb button_bg_color=\u00a0\u00bb#360a05&Prime; button_border_color=\u00a0\u00bb#360a05&Prime; global_colors_info=\u00a0\u00bb{}\u00a0\u00bb][\/et_pb_button][\/et_pb_column][\/et_pb_row][\/et_pb_section]<\/p>\n","protected":false},"excerpt":{"rendered":"<p>Le 1er ao\u00fbt\u00e0 Berne 2025La f\u00eate pour Berne et la SuisseLa Place f\u00e9d\u00e9rale vous appelle !Le 1er ao\u00fbt, la place f\u00e9d\u00e9rale de Berne accueillera une f\u00eate d&rsquo;anniversaire pour la Suisse. De 11h \u00e0 23h30, la place f\u00e9d\u00e9rale de Berne se transforme en un lieu de rencontre anim\u00e9 pour petits et grands. Vous y trouverez Un [&hellip;]<\/p>\n","protected":false},"author":1,"featured_media":0,"parent":0,"menu_order":0,"comment_status":"closed","ping_status":"closed","template":"","meta":{"_et_pb_use_builder":"on","_et_pb_old_content":"","_et_gb_content_width":"","footnotes":""},"class_list":["post-950","page","type-page","status-publish","hentry"],"yoast_head":"<!-- This site is optimized with the Yoast SEO plugin v27.1.1 - https:\/\/yoast.com\/product\/yoast-seo-wordpress\/ -->\n<title>1er ao\u00fbt - id\u00e9eBERN<\/title>\n<meta name=\"robots\" content=\"index, follow, max-snippet:-1, max-image-preview:large, max-video-preview:-1\" \/>\n<link rel=\"canonical\" href=\"https:\/\/ideebern.ch\/fr\/1er-aout\/\" \/>\n<meta property=\"og:locale\" content=\"fr_FR\" \/>\n<meta property=\"og:type\" content=\"article\" \/>\n<meta property=\"og:title\" content=\"1er ao\u00fbt - id\u00e9eBERN\" \/>\n<meta property=\"og:description\" content=\"Le 1er ao\u00fbt\u00e0 Berne 2025La f\u00eate pour Berne et la SuisseLa Place f\u00e9d\u00e9rale vous appelle !Le 1er ao\u00fbt, la place f\u00e9d\u00e9rale de Berne accueillera une f\u00eate d&#039;anniversaire pour la Suisse. De 11h \u00e0 23h30, la place f\u00e9d\u00e9rale de Berne se transforme en un lieu de rencontre anim\u00e9 pour petits et grands. Vous y trouverez Un [&hellip;]\" \/>\n<meta property=\"og:url\" content=\"https:\/\/ideebern.ch\/fr\/1er-aout\/\" \/>\n<meta property=\"og:site_name\" content=\"id\u00e9eBERN\" \/>\n<meta property=\"article:modified_time\" content=\"2025-07-24T09:51:39+00:00\" \/>\n<meta name=\"twitter:card\" content=\"summary_large_image\" \/>\n<meta name=\"twitter:label1\" content=\"Dur\u00e9e de lecture estim\u00e9e\" \/>\n\t<meta name=\"twitter:data1\" content=\"71 minutes\" \/>\n<script type=\"application\/ld+json\" class=\"yoast-schema-graph\">{\"@context\":\"https:\/\/schema.org\",\"@graph\":[{\"@type\":\"WebPage\",\"@id\":\"https:\/\/ideebern.ch\/fr\/1er-aout\/\",\"url\":\"https:\/\/ideebern.ch\/fr\/1er-aout\/\",\"name\":\"1er ao\u00fbt - id\u00e9eBERN\",\"isPartOf\":{\"@id\":\"https:\/\/ideebern.ch\/fr\/#website\"},\"datePublished\":\"2024-12-09T10:31:33+00:00\",\"dateModified\":\"2025-07-24T09:51:39+00:00\",\"breadcrumb\":{\"@id\":\"https:\/\/ideebern.ch\/fr\/1er-aout\/#breadcrumb\"},\"inLanguage\":\"fr-FR\",\"potentialAction\":[{\"@type\":\"ReadAction\",\"target\":[\"https:\/\/ideebern.ch\/fr\/1er-aout\/\"]}]},{\"@type\":\"BreadcrumbList\",\"@id\":\"https:\/\/ideebern.ch\/fr\/1er-aout\/#breadcrumb\",\"itemListElement\":[{\"@type\":\"ListItem\",\"position\":1,\"name\":\"Startseite\",\"item\":\"https:\/\/ideebern.ch\/fr\/\"},{\"@type\":\"ListItem\",\"position\":2,\"name\":\"1er ao\u00fbt\"}]},{\"@type\":\"WebSite\",\"@id\":\"https:\/\/ideebern.ch\/fr\/#website\",\"url\":\"https:\/\/ideebern.ch\/fr\/\",\"name\":\"id\u00e9eBERN\",\"description\":\"Kultur Verein Bern\",\"potentialAction\":[{\"@type\":\"SearchAction\",\"target\":{\"@type\":\"EntryPoint\",\"urlTemplate\":\"https:\/\/ideebern.ch\/fr\/?s={search_term_string}\"},\"query-input\":{\"@type\":\"PropertyValueSpecification\",\"valueRequired\":true,\"valueName\":\"search_term_string\"}}],\"inLanguage\":\"fr-FR\"}]}<\/script>\n<!-- \/ Yoast SEO plugin. -->","yoast_head_json":{"title":"1er ao\u00fbt - id\u00e9eBERN","robots":{"index":"index","follow":"follow","max-snippet":"max-snippet:-1","max-image-preview":"max-image-preview:large","max-video-preview":"max-video-preview:-1"},"canonical":"https:\/\/ideebern.ch\/fr\/1er-aout\/","og_locale":"fr_FR","og_type":"article","og_title":"1er ao\u00fbt - id\u00e9eBERN","og_description":"Le 1er ao\u00fbt\u00e0 Berne 2025La f\u00eate pour Berne et la SuisseLa Place f\u00e9d\u00e9rale vous appelle !Le 1er ao\u00fbt, la place f\u00e9d\u00e9rale de Berne accueillera une f\u00eate d'anniversaire pour la Suisse. De 11h \u00e0 23h30, la place f\u00e9d\u00e9rale de Berne se transforme en un lieu de rencontre anim\u00e9 pour petits et grands. Vous y trouverez Un [&hellip;]","og_url":"https:\/\/ideebern.ch\/fr\/1er-aout\/","og_site_name":"id\u00e9eBERN","article_modified_time":"2025-07-24T09:51:39+00:00","twitter_card":"summary_large_image","twitter_misc":{"Dur\u00e9e de lecture estim\u00e9e":"71 minutes"},"schema":{"@context":"https:\/\/schema.org","@graph":[{"@type":"WebPage","@id":"https:\/\/ideebern.ch\/fr\/1er-aout\/","url":"https:\/\/ideebern.ch\/fr\/1er-aout\/","name":"1er ao\u00fbt - id\u00e9eBERN","isPartOf":{"@id":"https:\/\/ideebern.ch\/fr\/#website"},"datePublished":"2024-12-09T10:31:33+00:00","dateModified":"2025-07-24T09:51:39+00:00","breadcrumb":{"@id":"https:\/\/ideebern.ch\/fr\/1er-aout\/#breadcrumb"},"inLanguage":"fr-FR","potentialAction":[{"@type":"ReadAction","target":["https:\/\/ideebern.ch\/fr\/1er-aout\/"]}]},{"@type":"BreadcrumbList","@id":"https:\/\/ideebern.ch\/fr\/1er-aout\/#breadcrumb","itemListElement":[{"@type":"ListItem","position":1,"name":"Startseite","item":"https:\/\/ideebern.ch\/fr\/"},{"@type":"ListItem","position":2,"name":"1er ao\u00fbt"}]},{"@type":"WebSite","@id":"https:\/\/ideebern.ch\/fr\/#website","url":"https:\/\/ideebern.ch\/fr\/","name":"id\u00e9eBERN","description":"Kultur Verein Bern","potentialAction":[{"@type":"SearchAction","target":{"@type":"EntryPoint","urlTemplate":"https:\/\/ideebern.ch\/fr\/?s={search_term_string}"},"query-input":{"@type":"PropertyValueSpecification","valueRequired":true,"valueName":"search_term_string"}}],"inLanguage":"fr-FR"}]}},"_links":{"self":[{"href":"https:\/\/ideebern.ch\/fr\/wp-json\/wp\/v2\/pages\/950","targetHints":{"allow":["GET"]}}],"collection":[{"href":"https:\/\/ideebern.ch\/fr\/wp-json\/wp\/v2\/pages"}],"about":[{"href":"https:\/\/ideebern.ch\/fr\/wp-json\/wp\/v2\/types\/page"}],"author":[{"embeddable":true,"href":"https:\/\/ideebern.ch\/fr\/wp-json\/wp\/v2\/users\/1"}],"replies":[{"embeddable":true,"href":"https:\/\/ideebern.ch\/fr\/wp-json\/wp\/v2\/comments?post=950"}],"version-history":[{"count":12,"href":"https:\/\/ideebern.ch\/fr\/wp-json\/wp\/v2\/pages\/950\/revisions"}],"predecessor-version":[{"id":1828,"href":"https:\/\/ideebern.ch\/fr\/wp-json\/wp\/v2\/pages\/950\/revisions\/1828"}],"wp:attachment":[{"href":"https:\/\/ideebern.ch\/fr\/wp-json\/wp\/v2\/media?parent=950"}],"curies":[{"name":"wp","href":"https:\/\/api.w.org\/{rel}","templated":true}]}}