{"id":953,"date":"2024-12-09T10:31:33","date_gmt":"2024-12-09T10:31:33","guid":{"rendered":"https:\/\/ideebern.ch\/august-1\/"},"modified":"2025-07-24T09:54:03","modified_gmt":"2025-07-24T09:54:03","slug":"august-1","status":"publish","type":"page","link":"https:\/\/ideebern.ch\/en\/august-1\/","title":{"rendered":"August 1"},"content":{"rendered":"<p>[et_pb_section fb_built=&#8221;1&#8243; custom_padding_last_edited=&#8221;on|tablet&#8221; admin_label=&#8221;1. August Start&#8221; _builder_version=&#8221;4.27.4&#8243; _module_preset=&#8221;default&#8221; background_color=&#8221;#dc5e52&#8243; background_image=&#8221;https:\/\/ideebern.ch\/wp-content\/uploads\/2024\/12\/banner-elfenau-5.png&#8221; background_size=&#8221;contain&#8221; background_position=&#8221;center_left&#8221; custom_margin=&#8221;0px||0px||false|false&#8221; custom_padding=&#8221;100px||180px||false|false&#8221; custom_padding_tablet=&#8221;100px||100px||false|false&#8221; custom_padding_phone=&#8221;90px||85px||false|false&#8221; global_colors_info=&#8221;{}&#8221;][et_pb_row _builder_version=&#8221;4.24.2&#8243; _module_preset=&#8221;default&#8221; width=&#8221;90%&#8221; max_width=&#8221;1296px&#8221; custom_margin=&#8221;0px||0px||false|false&#8221; custom_padding=&#8221;0px||0px||false|false&#8221; global_colors_info=&#8221;{}&#8221;][et_pb_column type=&#8221;4_4&#8243; _builder_version=&#8221;4.24.2&#8243; _module_preset=&#8221;default&#8221; global_colors_info=&#8221;{}&#8221;][et_pb_text _builder_version=&#8221;4.27.4&#8243; _module_preset=&#8221;default&#8221; header_font=&#8221;Helvetica Neue|700|||||||&#8221; header_text_align=&#8221;left&#8221; header_text_color=&#8221;#FFFFFF&#8221; header_font_size=&#8221;104px&#8221; custom_margin=&#8221;0px||0px||false|false&#8221; custom_margin_tablet=&#8221;0px||0px||false|false&#8221; custom_margin_phone=&#8221;0px||-8px||false|false&#8221; custom_margin_last_edited=&#8221;on|phone&#8221; custom_padding=&#8221;0px||0px||false|false&#8221; animation_style=&#8221;slide&#8221; animation_direction=&#8221;left&#8221; animation_intensity_slide=&#8221;1%&#8221; animation_speed_curve=&#8221;ease&#8221; header_font_size_tablet=&#8221;50px&#8221; header_font_size_phone=&#8221;30px&#8221; header_font_size_last_edited=&#8221;on|tablet&#8221; inline_fonts=&#8221;Retrocycles&#8221; global_colors_info=&#8221;{}&#8221;]<\/p>\n<h1><span style=\"font-family: Retrocycles;\">August 1st<\/span><br \/><span style=\"font-family: Retrocycles;\">in Bern<\/span><\/h1>\n<h1><span style=\"font-family: Retrocycles;\">2025<\/span><\/h1>\n<p>[\/et_pb_text][et_pb_text _builder_version=&#8221;4.27.4&#8243; _module_preset=&#8221;default&#8221; header_font=&#8221;Helvetica Neue|700|||||||&#8221; header_text_align=&#8221;right&#8221; header_text_color=&#8221;#FFFFFF&#8221; header_font_size=&#8221;51px&#8221; custom_margin=&#8221;0px||15px||false|false&#8221; custom_margin_tablet=&#8221;0px||15px||false|false&#8221; custom_margin_phone=&#8221;0px||10px||false|false&#8221; custom_margin_last_edited=&#8221;on|phone&#8221; custom_padding=&#8221;0px||0px||false|false&#8221; animation_style=&#8221;slide&#8221; animation_direction=&#8221;right&#8221; animation_intensity_slide=&#8221;1%&#8221; animation_speed_curve=&#8221;ease&#8221; header_text_align_tablet=&#8221;right&#8221; header_text_align_phone=&#8221;left&#8221; header_text_align_last_edited=&#8221;on|phone&#8221; header_font_size_tablet=&#8221;50px&#8221; header_font_size_phone=&#8221;30px&#8221; header_font_size_last_edited=&#8221;on|tablet&#8221; global_colors_info=&#8221;{}&#8221;]<\/p>\n<h1 style=\"text-align: left;\">The festival for Bern and Switzerland<\/h1>\n<p>[\/et_pb_text][et_pb_button button_url=&#8221;#program&#8221; button_text=&#8221;To the program&#8221; button_alignment=&#8221;left&#8221; _builder_version=&#8221;4.27.4&#8243; _module_preset=&#8221;default&#8221; custom_button=&#8221;on&#8221; button_text_size=&#8221;16px&#8221; button_text_color=&#8221;#000000&#8243; button_bg_color=&#8221;#FFFFFF&#8221; button_border_width=&#8221;0px&#8221; button_border_radius=&#8221;0px&#8221; button_font=&#8221;Helvetica Neue|700||on|||||&#8221; button_use_icon=&#8221;off&#8221; custom_margin=&#8221;0px||0px|50%|false|false&#8221; custom_margin_tablet=&#8221;0px||35px|0%|false|false&#8221; custom_margin_phone=&#8221;0px||35px|0%|false|false&#8221; custom_margin_last_edited=&#8221;on|tablet&#8221; custom_padding=&#8221;17px|40px|17px|40px|false|false&#8221; animation_style=&#8221;slide&#8221; animation_direction=&#8221;right&#8221; animation_intensity_slide=&#8221;4%&#8221; animation_speed_curve=&#8221;ease&#8221; global_colors_info=&#8221;{}&#8221; button_letter_spacing__hover_enabled=&#8221;on|hover&#8221; button_letter_spacing__hover=&#8221;0px&#8221;][\/et_pb_button][\/et_pb_column][\/et_pb_row][\/et_pb_section][et_pb_section fb_built=&#8221;1&#8243; custom_padding_last_edited=&#8221;on|tablet&#8221; admin_label=&#8221;Sektion&#8221; _builder_version=&#8221;4.27.4&#8243; _module_preset=&#8221;default&#8221; background_color=&#8221;gcid-a3ec447e-29b1-4129-8b69-aa5a8097feda&#8221; custom_margin=&#8221;0px||0px||false|false&#8221; custom_padding=&#8221;130px||140px||false|false&#8221; custom_padding_tablet=&#8221;0px||120px||false|false&#8221; custom_padding_phone=&#8221;||90px||false|false&#8221; animation_style=&#8221;fade&#8221; animation_speed_curve=&#8221;ease&#8221; global_colors_info=&#8221;{%22gcid-a3ec447e-29b1-4129-8b69-aa5a8097feda%22:%91%22background_color%22%93}&#8221;][et_pb_row _builder_version=&#8221;4.27.4&#8243; _module_preset=&#8221;default&#8221; background_image=&#8221;https:\/\/ideebern.ch\/wp-content\/uploads\/2024\/12\/ca124fea-7e2b-4f28-a24b-7aa48d8b7a17.jpg&#8221; positioning=&#8221;absolute&#8221; vertical_offset=&#8221;-106px&#8221; position_origin_a_tablet=&#8221;top_right&#8221; position_origin_a_phone=&#8221;top_right&#8221; position_origin_a_last_edited=&#8221;on|tablet&#8221; position_origin_f_tablet=&#8221;&#8221; position_origin_f_phone=&#8221;&#8221; position_origin_f_last_edited=&#8221;on|tablet&#8221; position_origin_r_tablet=&#8221;&#8221; position_origin_r_phone=&#8221;&#8221; position_origin_r_last_edited=&#8221;on|tablet&#8221; width=&#8221;44%&#8221; width_tablet=&#8221;100%&#8221; width_phone=&#8221;100%&#8221; width_last_edited=&#8221;on|tablet&#8221; max_width=&#8221;44%&#8221; max_width_tablet=&#8221;100%&#8221; max_width_phone=&#8221;100%&#8221; max_width_last_edited=&#8221;on|tablet&#8221; min_height=&#8221;700px&#8221; min_height_tablet=&#8221;678px&#8221; min_height_phone=&#8221;330px&#8221; min_height_last_edited=&#8221;on|phone&#8221; custom_margin=&#8221;0px||0px||false|false&#8221; custom_margin_tablet=&#8221;0px||90px||false|false&#8221; custom_margin_phone=&#8221;||55px||false|false&#8221; custom_margin_last_edited=&#8221;on|tablet&#8221; custom_padding=&#8221;0px||0px||false|false&#8221; animation_style=&#8221;slide&#8221; animation_direction=&#8221;right&#8221; animation_intensity_slide=&#8221;2%&#8221; animation_speed_curve=&#8221;ease&#8221; positioning_tablet=&#8221;none&#8221; positioning_phone=&#8221;none&#8221; positioning_last_edited=&#8221;on|tablet&#8221; global_colors_info=&#8221;{}&#8221;][et_pb_column type=&#8221;4_4&#8243; _builder_version=&#8221;4.24.2&#8243; _module_preset=&#8221;default&#8221; global_colors_info=&#8221;{}&#8221;][\/et_pb_column][\/et_pb_row][et_pb_row column_structure=&#8221;1_2,1_2&#8243; use_custom_gutter=&#8221;on&#8221; gutter_width=&#8221;1&#8243; _builder_version=&#8221;4.24.2&#8243; _module_preset=&#8221;default&#8221; width=&#8221;90%&#8221; max_width=&#8221;1296px&#8221; min_height=&#8221;488.8px&#8221; custom_margin=&#8221;0px||0px||false|false&#8221; custom_padding=&#8221;0px||0px||false|false&#8221; global_colors_info=&#8221;{}&#8221;][et_pb_column type=&#8221;1_2&#8243; disabled_on=&#8221;on|on|off&#8221; _builder_version=&#8221;4.24.2&#8243; _module_preset=&#8221;default&#8221; custom_padding=&#8221;|80px|||false|false&#8221; custom_padding_tablet=&#8221;|0px|||false|false&#8221; custom_padding_phone=&#8221;|0px|||false|false&#8221; custom_padding_last_edited=&#8221;on|tablet&#8221; global_colors_info=&#8221;{}&#8221;][\/et_pb_column][et_pb_column type=&#8221;1_2&#8243; _builder_version=&#8221;4.24.2&#8243; _module_preset=&#8221;default&#8221; custom_padding_tablet=&#8221;0px|0px||0px|false|false&#8221; custom_padding_phone=&#8221;0px|0px||0px|false|false&#8221; custom_padding_last_edited=&#8221;off|desktop&#8221; custom_css_main_element=&#8221;margin-top:auto;&#8221; global_colors_info=&#8221;{}&#8221;][et_pb_text _builder_version=&#8221;4.27.4&#8243; _module_preset=&#8221;default&#8221; header_2_font=&#8221;Retrocycles|700|||||||&#8221; header_2_text_align=&#8221;left&#8221; header_2_text_color=&#8221;#FFFFFF&#8221; header_2_font_size=&#8221;52px&#8221; header_2_letter_spacing=&#8221;-1px&#8221; header_2_line_height=&#8221;1.1em&#8221; max_width=&#8221;635px&#8221; custom_margin=&#8221;0px||25px||false|false&#8221; custom_padding=&#8221;0px||0px||false|false&#8221; header_2_font_size_tablet=&#8221;42px&#8221; header_2_font_size_phone=&#8221;26px&#8221; header_2_font_size_last_edited=&#8221;on|tablet&#8221; global_colors_info=&#8221;{}&#8221;]<\/p>\n<h2><span style=\"text-decoration: underline;\">The Bundesplatz is calling!<\/span><\/h2>\n<p>[\/et_pb_text][et_pb_text _builder_version=&#8221;4.27.4&#8243; _module_preset=&#8221;default&#8221; text_font=&#8221;Helvetica Neue||||||||&#8221; text_text_color=&#8221;#FFFFFF&#8221; text_font_size=&#8221;18px&#8221; text_line_height=&#8221;1.6em&#8221; max_width=&#8221;635px&#8221; custom_margin=&#8221;0px||35px||false|false&#8221; custom_padding=&#8221;0px||0px||false|false&#8221; global_colors_info=&#8221;{}&#8221;]<\/p>\n<p><span>On August 1, there will be a birthday celebration for Switzerland on Bern&#8217;s Bundesplatz.<\/span><\/p>\n<p><span class=\"relative -mx-px my-[-0.2rem] rounded px-px py-[0.2rem] transition-colors duration-100 ease-in-out\">From 11 a.m. to 11.30 p.m., the Bundesplatz in Bern will be transformed into a lively meeting place for young and old. You can expect   <\/span><span class=\"relative -mx-px my-[-0.2rem] rounded px-px py-[0.2rem] transition-colors duration-100 ease-in-out\">you a varied program full of music, culture and culinary delights &#8211; all in the spirit of community, openness and diversity.<\/span><\/p>\n<p>Come along and celebrate with us!<\/p>\n<p>[\/et_pb_text][\/et_pb_column][\/et_pb_row][\/et_pb_section][et_pb_section fb_built=&#8221;1&#8243; custom_padding_last_edited=&#8221;on|tablet&#8221; _builder_version=&#8221;4.27.4&#8243; _module_preset=&#8221;default&#8221; custom_margin=&#8221;0px||0px||false|false&#8221; custom_padding=&#8221;130px||130px||false|false&#8221; custom_padding_tablet=&#8221;110px||220px||false|false&#8221; custom_padding_phone=&#8221;90px||180px||false|false&#8221; global_colors_info=&#8221;{}&#8221;][et_pb_row _builder_version=&#8221;4.24.2&#8243; _module_preset=&#8221;default&#8221; width=&#8221;90%&#8221; max_width=&#8221;635px&#8221; custom_margin=&#8221;0px||37px||false|false&#8221; custom_padding=&#8221;0px||0px||false|false&#8221; global_colors_info=&#8221;{}&#8221;][et_pb_column type=&#8221;4_4&#8243; _builder_version=&#8221;4.24.2&#8243; _module_preset=&#8221;default&#8221; global_colors_info=&#8221;{}&#8221;][et_pb_text _builder_version=&#8221;4.27.4&#8243; _module_preset=&#8221;default&#8221; header_2_font=&#8221;Helvetica Neue|700|||||||&#8221; header_2_text_align=&#8221;center&#8221; header_2_text_color=&#8221;#555252&#8243; header_2_font_size=&#8221;52px&#8221; header_2_letter_spacing=&#8221;-1px&#8221; header_2_line_height=&#8221;1.1em&#8221; max_width=&#8221;635px&#8221; custom_margin=&#8221;0px||0px||false|false&#8221; custom_padding=&#8221;0px||0px||false|false&#8221; header_2_font_size_tablet=&#8221;42px&#8221; header_2_font_size_phone=&#8221;26px&#8221; header_2_font_size_last_edited=&#8221;on|tablet&#8221; global_colors_info=&#8221;{}&#8221;]<\/p>\n<h2><span style=\"text-decoration: underline;\">Impressions<\/span><\/h2>\n<p>[\/et_pb_text][et_pb_text _builder_version=&#8221;4.27.4&#8243; _module_preset=&#8221;default&#8221; text_font=&#8221;Helvetica Neue||||||||&#8221; text_text_color=&#8221;#3A534D&#8221; text_font_size=&#8221;18px&#8221; text_line_height=&#8221;1.6em&#8221; max_width=&#8221;635px&#8221; custom_margin=&#8221;0px||35px||false|false&#8221; custom_padding=&#8221;0px||0px||false|false&#8221; global_colors_info=&#8221;{}&#8221;]<\/p>\n<p style=\"text-align: center;\"><span class=\"wixui-rich-text__text\">Switzerland celebrated a special anniversary in 2023:<span> <\/span>175 years of the Federal Constitution. In 1848, this special document was signed and Switzerland became the democratic country we know today. At the same time, Bern was chosen as the capital.  <span> <\/span><\/span><span class=\"wixui-rich-text__text\">In honor of these two anniversaries, we celebrated for two days. Watch the video for some impressions of July 31, 2023.   <\/span><span class=\"wixui-rich-text__text\">Have fun!<\/span><\/p>\n<p>[\/et_pb_text][\/et_pb_column][\/et_pb_row][et_pb_row _builder_version=&#8221;4.27.4&#8243; _module_preset=&#8221;default&#8221; global_colors_info=&#8221;{}&#8221;][et_pb_column type=&#8221;4_4&#8243; _builder_version=&#8221;4.27.4&#8243; _module_preset=&#8221;default&#8221; global_colors_info=&#8221;{}&#8221;][et_pb_video src=&#8221;https:\/\/ideebern.ch\/wp-content\/uploads\/2025\/03\/Film-1.-August-23-720p.mp4&#8243; _builder_version=&#8221;4.27.4&#8243; _module_preset=&#8221;default&#8221; global_colors_info=&#8221;{}&#8221;][\/et_pb_video][\/et_pb_column][\/et_pb_row][\/et_pb_section][et_pb_section fb_built=&#8221;1&#8243; custom_padding_last_edited=&#8221;on|tablet&#8221; disabled_on=&#8221;off|off|off&#8221; admin_label=&#8221;Sektion&#8221; _builder_version=&#8221;4.27.4&#8243; _module_preset=&#8221;default&#8221; background_color=&#8221;gcid-a3ec447e-29b1-4129-8b69-aa5a8097feda&#8221; custom_margin=&#8221;0px||0px||false|false&#8221; custom_padding=&#8221;130px||0px||false|false&#8221; custom_padding_tablet=&#8221;0px||120px||false|false&#8221; custom_padding_phone=&#8221;||90px||false|false&#8221; animation_style=&#8221;fade&#8221; animation_speed_curve=&#8221;ease&#8221; locked=&#8221;off&#8221; global_colors_info=&#8221;{%22gcid-a3ec447e-29b1-4129-8b69-aa5a8097feda%22:%91%22background_color%22%93}&#8221;][et_pb_row column_structure=&#8221;1_3,1_3,1_3&#8243; _builder_version=&#8221;4.27.4&#8243; _module_preset=&#8221;default&#8221; width=&#8221;90%&#8221; max_width=&#8221;1296px&#8221; custom_margin=&#8221;0px||0px||false|false&#8221; custom_padding=&#8221;0px||0px||false|false&#8221; global_colors_info=&#8221;{}&#8221;][et_pb_column type=&#8221;1_3&#8243; disabled_on=&#8221;on|on|off&#8221; _builder_version=&#8221;4.24.2&#8243; _module_preset=&#8221;default&#8221; custom_padding=&#8221;|80px|||false|false&#8221; custom_padding_tablet=&#8221;|0px|||false|false&#8221; custom_padding_phone=&#8221;|0px|||false|false&#8221; custom_padding_last_edited=&#8221;on|tablet&#8221; global_colors_info=&#8221;{}&#8221;][et_pb_text _builder_version=&#8221;4.27.4&#8243; _module_preset=&#8221;default&#8221; header_2_font=&#8221;Retrocycles|700|||||||&#8221; header_2_text_align=&#8221;left&#8221; header_2_text_color=&#8221;#FFFFFF&#8221; header_2_font_size=&#8221;52px&#8221; header_2_letter_spacing=&#8221;-1px&#8221; header_2_line_height=&#8221;1.1em&#8221; max_width=&#8221;635px&#8221; custom_margin=&#8221;-54px|-46px|25px||false|false&#8221; custom_padding=&#8221;0px||0px||false|false&#8221; link_option_url=&#8221;#geburtstagsfest&#8221; header_2_font_size_tablet=&#8221;42px&#8221; header_2_font_size_phone=&#8221;26px&#8221; header_2_font_size_last_edited=&#8221;on|tablet&#8221; global_colors_info=&#8221;{}&#8221;]<\/p>\n<h2>Birthday party<\/h2>\n<p>[\/et_pb_text][et_pb_image src=&#8221;https:\/\/ideebern.ch\/wp-content\/uploads\/2025\/06\/BF19-16-Perimeter.jpg&#8221; title_text=&#8221;Occasions&#8221; url=&#8221;#&#8221; _builder_version=&#8221;4.27.4&#8243; _module_preset=&#8221;default&#8221; custom_margin=&#8221;0px||34px||false|false&#8221; custom_margin_tablet=&#8221;140px||34px||false|false&#8221; custom_margin_phone=&#8221;0px||34px||false|false&#8221; custom_margin_last_edited=&#8221;on|phone&#8221; custom_padding=&#8221;0px||0px||false|false&#8221; animation_style=&#8221;slide&#8221; animation_direction=&#8221;top&#8221; animation_intensity_slide=&#8221;3%&#8221; animation_speed_curve=&#8221;ease&#8221; global_colors_info=&#8221;{}&#8221;][\/et_pb_image][et_pb_text _builder_version=&#8221;4.27.4&#8243; _module_preset=&#8221;default&#8221; header_text_align=&#8221;right&#8221; header_2_font=&#8221;Retrocycles|700|||||||&#8221; header_2_text_align=&#8221;left&#8221; header_2_text_color=&#8221;#FFFFFF&#8221; header_2_font_size=&#8221;52px&#8221; header_2_letter_spacing=&#8221;-1px&#8221; header_2_line_height=&#8221;1.1em&#8221; max_width=&#8221;910px&#8221; custom_margin=&#8221;0px||25px||false|false&#8221; custom_padding=&#8221;0px||0px||false|false&#8221; link_option_url=&#8221;#genussmeile&#8221; header_2_font_size_tablet=&#8221;42px&#8221; header_2_font_size_phone=&#8221;26px&#8221; header_2_font_size_last_edited=&#8221;on|tablet&#8221; global_colors_info=&#8221;{}&#8221;]<\/p>\n<h2 style=\"text-align: right;\">Pleasure mile<\/h2>\n<p>[\/et_pb_text][et_pb_image src=&#8221;https:\/\/ideebern.ch\/wp-content\/uploads\/2025\/06\/BF19-2-Grill-1.jpg&#8221; title_text=&#8221;Occasions&#8221; url=&#8221;#&#8221; _builder_version=&#8221;4.27.4&#8243; _module_preset=&#8221;default&#8221; custom_margin=&#8221;0px|-4px|34px||false|false&#8221; custom_margin_tablet=&#8221;140px||34px||false|false&#8221; custom_margin_phone=&#8221;0px||34px||false|false&#8221; custom_margin_last_edited=&#8221;on|phone&#8221; custom_padding=&#8221;0px||0px||false|false&#8221; animation_style=&#8221;slide&#8221; animation_direction=&#8221;top&#8221; animation_intensity_slide=&#8221;3%&#8221; animation_speed_curve=&#8221;ease&#8221; global_colors_info=&#8221;{}&#8221;][\/et_pb_image][et_pb_image src=&#8221;https:\/\/ideebern.ch\/wp-content\/uploads\/2025\/01\/Bundesfeier-2024-Ballone-blau2.png&#8221; title_text=&#8221;Federal celebration 2024 Balloons blue2&#8243; _builder_version=&#8221;4.27.4&#8243; _module_preset=&#8221;default&#8221; width=&#8221;59%&#8221; custom_margin=&#8221;112px||||false|false&#8221; global_colors_info=&#8221;{}&#8221;][\/et_pb_image][\/et_pb_column][et_pb_column type=&#8221;1_3&#8243; _builder_version=&#8221;4.24.2&#8243; _module_preset=&#8221;default&#8221; custom_padding_tablet=&#8221;0px|0px||0px|false|false&#8221; custom_padding_phone=&#8221;0px|0px||0px|false|false&#8221; custom_padding_last_edited=&#8221;off|desktop&#8221; custom_css_main_element=&#8221;margin-top:auto;&#8221; global_colors_info=&#8221;{}&#8221;][et_pb_text _builder_version=&#8221;4.27.4&#8243; _module_preset=&#8221;default&#8221; header_2_font=&#8221;Retrocycles|700|||||||&#8221; header_2_text_align=&#8221;left&#8221; header_2_text_color=&#8221;#FFFFFF&#8221; header_2_font_size=&#8221;52px&#8221; header_2_letter_spacing=&#8221;-1px&#8221; header_2_line_height=&#8221;1.1em&#8221; background_enable_image=&#8221;off&#8221; max_width=&#8221;693px&#8221; custom_margin=&#8221;35px||25px||false|false&#8221; custom_padding=&#8221;0px||0px|0px|false|false&#8221; link_option_url=&#8221;#konzerte&#8221; header_2_font_size_tablet=&#8221;42px&#8221; header_2_font_size_phone=&#8221;26px&#8221; header_2_font_size_last_edited=&#8221;on|tablet&#8221; global_colors_info=&#8221;{}&#8221;]<\/p>\n<h2>Concerts<\/h2>\n<p>[\/et_pb_text][et_pb_image src=&#8221;https:\/\/ideebern.ch\/wp-content\/uploads\/2024\/12\/f2a209f9-4795-4159-8825-6ec69fa753b0.jpg&#8221; title_text=&#8221;f2a209f9-4795-4159-8825-6ec69fa753b0&#8243; _builder_version=&#8221;4.27.4&#8243; _module_preset=&#8221;default&#8221; global_colors_info=&#8221;{}&#8221;][\/et_pb_image][et_pb_text _builder_version=&#8221;4.27.4&#8243; _module_preset=&#8221;default&#8221; header_2_font=&#8221;Retrocycles|700|||||||&#8221; header_2_text_align=&#8221;left&#8221; header_2_text_color=&#8221;#FFFFFF&#8221; header_2_font_size=&#8221;52px&#8221; header_2_letter_spacing=&#8221;-1px&#8221; header_2_line_height=&#8221;1.1em&#8221; background_enable_image=&#8221;off&#8221; max_width=&#8221;635px&#8221; custom_margin=&#8221;0px||25px||false|false&#8221; custom_padding=&#8221;0px||0px||false|false&#8221; link_option_url=&#8221;#familienprogramm&#8221; header_2_font_size_tablet=&#8221;42px&#8221; header_2_font_size_phone=&#8221;26px&#8221; header_2_font_size_last_edited=&#8221;on|tablet&#8221; global_colors_info=&#8221;{}&#8221;]<\/p>\n<h2>Family program<\/h2>\n<p>[\/et_pb_text][et_pb_image src=&#8221;https:\/\/ideebern.ch\/wp-content\/uploads\/2025\/06\/BF19-8-Baerner-Chaschperli-Gutsche.jpg&#8221; title_text=&#8221;Occasions&#8221; _builder_version=&#8221;4.27.4&#8243; _module_preset=&#8221;default&#8221; global_colors_info=&#8221;{}&#8221;][\/et_pb_image][\/et_pb_column][et_pb_column type=&#8221;1_3&#8243; _builder_version=&#8221;4.24.2&#8243; _module_preset=&#8221;default&#8221; custom_padding_tablet=&#8221;0px|0px||0px|false|false&#8221; custom_padding_phone=&#8221;0px|0px||0px|false|false&#8221; custom_padding_last_edited=&#8221;off|desktop&#8221; custom_css_main_element=&#8221;margin-top:auto;&#8221; global_colors_info=&#8221;{}&#8221;][et_pb_text _builder_version=&#8221;4.27.4&#8243; _module_preset=&#8221;default&#8221; header_2_font=&#8221;Retrocycles|700|||||||&#8221; header_2_text_align=&#8221;left&#8221; header_2_text_color=&#8221;#FFFFFF&#8221; header_2_font_size=&#8221;52px&#8221; header_2_letter_spacing=&#8221;-1px&#8221; header_2_line_height=&#8221;1.1em&#8221; max_width=&#8221;635px&#8221; custom_margin=&#8221;107px||25px||false|false&#8221; custom_padding=&#8221;0px||0px||false|false&#8221; link_option_url=&#8221;#entdecken&#8221; header_2_font_size_tablet=&#8221;42px&#8221; header_2_font_size_phone=&#8221;26px&#8221; header_2_font_size_last_edited=&#8221;on|tablet&#8221; global_colors_info=&#8221;{}&#8221;]<\/p>\n<h2>Discover<\/h2>\n<p>[\/et_pb_text][et_pb_image src=&#8221;https:\/\/ideebern.ch\/wp-content\/uploads\/2025\/06\/BF19-21-Busfahrten.jpg&#8221; title_text=&#8221;Occasions&#8221; url=&#8221;#&#8221; _builder_version=&#8221;4.27.4&#8243; _module_preset=&#8221;default&#8221; custom_margin=&#8221;0px||34px||false|false&#8221; custom_margin_tablet=&#8221;140px||34px||false|false&#8221; custom_margin_phone=&#8221;0px||34px||false|false&#8221; custom_margin_last_edited=&#8221;on|phone&#8221; custom_padding=&#8221;0px||0px||false|false&#8221; animation_style=&#8221;slide&#8221; animation_direction=&#8221;top&#8221; animation_intensity_slide=&#8221;3%&#8221; animation_speed_curve=&#8221;ease&#8221; global_colors_info=&#8221;{}&#8221;][\/et_pb_image][et_pb_text _builder_version=&#8221;4.27.4&#8243; _module_preset=&#8221;default&#8221; header_2_font=&#8221;Retrocycles|700|||||||&#8221; header_2_text_align=&#8221;left&#8221; header_2_text_color=&#8221;#FFFFFF&#8221; header_2_font_size=&#8221;52px&#8221; header_2_letter_spacing=&#8221;-1px&#8221; header_2_line_height=&#8221;1.1em&#8221; max_width=&#8221;635px&#8221; custom_margin=&#8221;0px||25px||false|false&#8221; custom_padding=&#8221;0px||0px||false|false&#8221; link_option_url=&#8221;#weiteres&#8221; header_2_font_size_tablet=&#8221;42px&#8221; header_2_font_size_phone=&#8221;26px&#8221; header_2_font_size_last_edited=&#8221;on|tablet&#8221; global_colors_info=&#8221;{}&#8221;]<\/p>\n<h2>Further information<\/h2>\n<p>[\/et_pb_text][et_pb_image src=&#8221;https:\/\/ideebern.ch\/wp-content\/uploads\/2025\/06\/BF19-12-Perimeter-3.jpg&#8221; title_text=&#8221;Occasions&#8221; url=&#8221;#&#8221; _builder_version=&#8221;4.27.4&#8243; _module_preset=&#8221;default&#8221; custom_margin=&#8221;0px||34px||false|false&#8221; custom_margin_tablet=&#8221;140px||34px||false|false&#8221; custom_margin_phone=&#8221;0px||34px||false|false&#8221; custom_margin_last_edited=&#8221;on|phone&#8221; custom_padding=&#8221;0px||0px||false|false&#8221; animation_style=&#8221;slide&#8221; animation_direction=&#8221;top&#8221; animation_intensity_slide=&#8221;3%&#8221; animation_speed_curve=&#8221;ease&#8221; global_colors_info=&#8221;{}&#8221;][\/et_pb_image][\/et_pb_column][\/et_pb_row][\/et_pb_section][et_pb_section fb_built=&#8221;1&#8243; custom_padding_last_edited=&#8221;on|tablet&#8221; module_id=&#8221;program&#8221; _builder_version=&#8221;4.27.4&#8243; _module_preset=&#8221;default&#8221; custom_margin=&#8221;0px||-97px||false|false&#8221; custom_padding=&#8221;54px||||false|false&#8221; custom_padding_tablet=&#8221;110px||120px||false|false&#8221; custom_padding_phone=&#8221;85px||90px||false|false&#8221; locked=&#8221;off&#8221; global_colors_info=&#8221;{}&#8221;][et_pb_row _builder_version=&#8221;4.27.4&#8243; _module_preset=&#8221;default&#8221; width=&#8221;90%&#8221; max_width=&#8221;635px&#8221; custom_margin=&#8221;0px||37px||false|false&#8221; custom_padding=&#8221;0px||0px||false|false&#8221; global_colors_info=&#8221;{}&#8221;][et_pb_column type=&#8221;4_4&#8243; _builder_version=&#8221;4.24.2&#8243; _module_preset=&#8221;default&#8221; global_colors_info=&#8221;{}&#8221;][et_pb_text module_id=&#8221;programm&#8221; _builder_version=&#8221;4.27.4&#8243; _module_preset=&#8221;default&#8221; text_font=&#8221;&#8211;et_global_body_font||||||||&#8221; header_font=&#8221;&#8211;et_global_heading_font||||||||&#8221; header_2_font=&#8221;&#8211;et_global_heading_font|700||on|||||&#8221; header_2_text_align=&#8221;center&#8221; header_2_text_color=&#8221;#000000&#8243; header_2_font_size=&#8221;52px&#8221; header_2_letter_spacing=&#8221;-1px&#8221; header_2_line_height=&#8221;1.1em&#8221; max_width=&#8221;635px&#8221; custom_margin=&#8221;0px||37px||false|false&#8221; custom_padding=&#8221;0px||0px||false|false&#8221; header_2_font_size_tablet=&#8221;42px&#8221; header_2_font_size_phone=&#8221;26px&#8221; header_2_font_size_last_edited=&#8221;on|tablet&#8221; global_colors_info=&#8221;{}&#8221;]<\/p>\n<h2>Program 1st August celebration bern<\/h2>\n<p>[\/et_pb_text][\/et_pb_column][\/et_pb_row][\/et_pb_section][et_pb_section fb_built=&#8221;1&#8243; admin_label=&#8221;Abstand&#8221; _builder_version=&#8221;4.27.4&#8243; _module_preset=&#8221;default&#8221; global_colors_info=&#8221;{}&#8221;][\/et_pb_section][et_pb_section fb_built=&#8221;1&#8243; custom_padding_last_edited=&#8221;on|tablet&#8221; disabled_on=&#8221;off|off|off&#8221; admin_label=&#8221;Geburtstagsfest&#8221; _builder_version=&#8221;4.27.4&#8243; _module_preset=&#8221;default&#8221; background_color=&#8221;gcid-primary-color&#8221; custom_margin=&#8221;0px||0px||false|false&#8221; custom_padding=&#8221;130px||0px||false|false&#8221; custom_padding_tablet=&#8221;0px||120px||false|false&#8221; custom_padding_phone=&#8221;||90px||false|false&#8221; animation_style=&#8221;fade&#8221; animation_speed_curve=&#8221;ease&#8221; locked=&#8221;off&#8221; global_colors_info=&#8221;{%22gcid-primary-color%22:%91%22background_color%22%93}&#8221;][et_pb_row admin_label=&#8221;Line&#8221; _builder_version=&#8221;4.27.4&#8243; _module_preset=&#8221;default&#8221; background_image=&#8221;https:\/\/ideebern.ch\/wp-content\/uploads\/2025\/06\/QKLS1146.jpg&#8221; positioning=&#8221;absolute&#8221; vertical_offset=&#8221;-106px&#8221; position_origin_a_tablet=&#8221;top_right&#8221; position_origin_a_phone=&#8221;top_right&#8221; position_origin_a_last_edited=&#8221;on|tablet&#8221; position_origin_f_tablet=&#8221;&#8221; position_origin_f_phone=&#8221;&#8221; position_origin_f_last_edited=&#8221;on|tablet&#8221; position_origin_r_tablet=&#8221;&#8221; position_origin_r_phone=&#8221;&#8221; position_origin_r_last_edited=&#8221;on|tablet&#8221; width=&#8221;44%&#8221; width_tablet=&#8221;100%&#8221; width_phone=&#8221;100%&#8221; width_last_edited=&#8221;on|tablet&#8221; max_width=&#8221;44%&#8221; max_width_tablet=&#8221;100%&#8221; max_width_phone=&#8221;100%&#8221; max_width_last_edited=&#8221;on|tablet&#8221; min_height=&#8221;700px&#8221; min_height_tablet=&#8221;678px&#8221; min_height_phone=&#8221;330px&#8221; min_height_last_edited=&#8221;on|phone&#8221; custom_margin=&#8221;0px||0px||false|false&#8221; custom_margin_tablet=&#8221;0px||90px||false|false&#8221; custom_margin_phone=&#8221;||55px||false|false&#8221; custom_margin_last_edited=&#8221;on|tablet&#8221; custom_padding=&#8221;0px||0px||false|false&#8221; animation_style=&#8221;slide&#8221; animation_direction=&#8221;right&#8221; animation_intensity_slide=&#8221;2%&#8221; animation_speed_curve=&#8221;ease&#8221; positioning_tablet=&#8221;none&#8221; positioning_phone=&#8221;none&#8221; positioning_last_edited=&#8221;on|tablet&#8221; global_colors_info=&#8221;{}&#8221;][et_pb_column type=&#8221;4_4&#8243; _builder_version=&#8221;4.24.2&#8243; _module_preset=&#8221;default&#8221; global_colors_info=&#8221;{}&#8221;][\/et_pb_column][\/et_pb_row][et_pb_row column_structure=&#8221;1_2,1_2&#8243; use_custom_gutter=&#8221;on&#8221; gutter_width=&#8221;1&#8243; admin_label=&#8221;Line&#8221; _builder_version=&#8221;4.24.2&#8243; _module_preset=&#8221;default&#8221; width=&#8221;90%&#8221; max_width=&#8221;1296px&#8221; custom_margin=&#8221;0px||0px||false|false&#8221; custom_padding=&#8221;0px||0px||false|false&#8221; global_colors_info=&#8221;{}&#8221;][et_pb_column type=&#8221;1_2&#8243; disabled_on=&#8221;on|on|off&#8221; _builder_version=&#8221;4.24.2&#8243; _module_preset=&#8221;default&#8221; custom_padding=&#8221;|80px|||false|false&#8221; custom_padding_tablet=&#8221;|0px|||false|false&#8221; custom_padding_phone=&#8221;|0px|||false|false&#8221; custom_padding_last_edited=&#8221;on|tablet&#8221; global_colors_info=&#8221;{}&#8221;][\/et_pb_column][et_pb_column type=&#8221;1_2&#8243; _builder_version=&#8221;4.24.2&#8243; _module_preset=&#8221;default&#8221; custom_padding_tablet=&#8221;0px|0px||0px|false|false&#8221; custom_padding_phone=&#8221;0px|0px||0px|false|false&#8221; custom_padding_last_edited=&#8221;off|desktop&#8221; custom_css_main_element=&#8221;margin-top:auto;&#8221; global_colors_info=&#8221;{}&#8221;][et_pb_text module_id=&#8221;geburtstagsfest&#8221; _builder_version=&#8221;4.27.4&#8243; _module_preset=&#8221;default&#8221; header_2_font=&#8221;Retrocycles|700|||||||&#8221; header_2_text_align=&#8221;left&#8221; header_2_text_color=&#8221;#FFFFFF&#8221; header_2_font_size=&#8221;52px&#8221; header_2_letter_spacing=&#8221;-1px&#8221; header_2_line_height=&#8221;1.1em&#8221; max_width=&#8221;635px&#8221; custom_margin=&#8221;0px||25px||false|false&#8221; custom_padding=&#8221;0px||0px||false|false&#8221; header_2_font_size_tablet=&#8221;42px&#8221; header_2_font_size_phone=&#8221;26px&#8221; header_2_font_size_last_edited=&#8221;on|tablet&#8221; global_colors_info=&#8221;{}&#8221;]<\/p>\n<h2>Birthday party<\/h2>\n<p>[\/et_pb_text][et_pb_text _builder_version=&#8221;4.27.4&#8243; _module_preset=&#8221;default&#8221; text_font=&#8221;Manrope||||||||&#8221; text_text_color=&#8221;#FFFFFF&#8221; text_line_height=&#8221;1.6em&#8221; link_font=&#8221;||||on||||&#8221; link_text_color=&#8221;#FFFFFF&#8221; header_4_font=&#8221;&#8211;et_global_heading_font||||||||&#8221; header_4_text_color=&#8221;#FFFFFF&#8221; max_width=&#8221;600px&#8221; custom_margin=&#8221;0px||25px||false|false&#8221; custom_padding=&#8221;0px||1px||false|false&#8221; text_font_size_tablet=&#8221;25px&#8221; text_font_size_phone=&#8221;20px&#8221; text_font_size_last_edited=&#8221;on|phone&#8221; global_colors_info=&#8221;{}&#8221;]<\/p>\n<div class=\"section-text text-block align-center\">\n<div class=\"wpb_column col-md-4 matchHeight-element matchHeight-applied\">\n<div class=\"section-text text-block \">\n<div id=\"comp-lielkxet1\" class=\"HcOXKn c9GqVL QxJLC3 lq2cno YQcXTT comp-lielkxet1 wixui-rich-text\" data-testid=\"richTextElement\" ariaattributes=\"[object Object]\">\n<h4 class=\"font_3 wixui-rich-text__text\">A place full of music, culture and culinary delights &#8211; all in the spirit of community, openness and diversity.<\/h4>\n<\/div>\n<div id=\"comp-lielkxev\" class=\"HcOXKn c9GqVL QxJLC3 lq2cno YQcXTT comp-lielkxev wixui-rich-text\" data-testid=\"richTextElement\" ariaattributes=\"[object Object]\">\n<p class=\"font_7 wixui-rich-text__text\">Bern&#8217;s Bundesplatz invites you to enjoy a cozy get-together. Various corners invite you to linger and games provide the necessary fun. <\/p>\n<\/div>\n<\/div>\n<\/div>\n<\/div>\n<p>[\/et_pb_text][et_pb_text _builder_version=&#8221;4.27.4&#8243; _module_preset=&#8221;default&#8221; text_font=&#8221;&#8211;et_global_body_font||||||||&#8221; text_text_color=&#8221;#FFFFFF&#8221; header_3_font=&#8221;&#8211;et_global_heading_font|700||on|||||&#8221; header_3_text_color=&#8221;#FFFFFF&#8221; header_4_font=&#8221;&#8211;et_global_heading_font||||||||&#8221; header_4_text_color=&#8221;#FFFFFF&#8221; width=&#8221;55.7%&#8221; global_colors_info=&#8221;{}&#8221;]<\/p>\n<div class=\"section-text text-block align-center\">\n<div class=\"wpb_column col-md-4 matchHeight-element matchHeight-applied\">\n<div class=\"section-text text-block \">\n<div id=\"comp-lielkxet1\" class=\"HcOXKn c9GqVL QxJLC3 lq2cno YQcXTT comp-lielkxet1 wixui-rich-text\" data-testid=\"richTextElement\" ariaattributes=\"[object Object]\">\n<div id=\"bgLayers_comp-liem5y25\" data-hook=\"bgLayers\" data-motion-part=\"BG_LAYER comp-liem5y25\" class=\"MW5IWV\">\n<div id=\"bgLayers_comp-liem5y2o\" data-hook=\"bgLayers\" data-motion-part=\"BG_LAYER comp-liem5y2o\" class=\"MW5IWV\">\n<div id=\"bgMedia_comp-liem5y2o\" data-motion-part=\"BG_MEDIA comp-liem5y2o\" class=\"VgO9Yg\"><\/div>\n<\/div>\n<div data-mesh-id=\"comp-liem5y2oinlineContent\" data-testid=\"inline-content\" class=\"\">\n<div data-mesh-id=\"comp-liem5y2oinlineContent-gridContainer\" data-testid=\"mesh-container-content\">\n<div id=\"comp-liem5y2s1\" class=\"comp-liem5y2s1 SPY_vo\">\n<div data-mesh-id=\"comp-liem5y2s1inlineContent\" data-testid=\"inline-content\" class=\"\">\n<div data-mesh-id=\"comp-liem5y2s1inlineContent-gridContainer\" data-testid=\"mesh-container-content\">\n<div id=\"comp-liem5y2v1\" class=\"HcOXKn c9GqVL QxJLC3 lq2cno YQcXTT comp-liem5y2v1 wixui-rich-text\" data-testid=\"richTextElement\" ariaattributes=\"[object Object]\">\n<h3 class=\"font_3 wixui-rich-text__text\"><span class=\"wixui-rich-text__text\">11.30-11.45 <\/span><span class=\"wixui-rich-text__text\">a.m.<\/span><br class=\"wixui-rich-text__text\">Opening speech by City Council President Tom Berger<\/h3>\n<\/div>\n<div id=\"comp-liem5y2x1\" class=\"HcOXKn c9GqVL QxJLC3 lq2cno YQcXTT comp-liem5y2x1 wixui-rich-text\" data-testid=\"richTextElement\" ariaattributes=\"[object Object]\">\n<p>City Council President Tom Berger opens the celebrations on August 1 with a speech on Bern&#8217;s Bundesplatz.<\/p>\n<ul><\/ul>\n<\/div>\n<\/div>\n<\/div>\n<\/div>\n<\/div>\n<\/div>\n<\/div>\n<div data-mesh-id=\"comp-liem5y25inlineContent\" data-testid=\"inline-content\" class=\"\">\n<div data-mesh-id=\"comp-liem5y25inlineContent-gridContainer\" data-testid=\"mesh-container-content\">\n<div id=\"comp-liem5y27\" class=\"comp-liem5y27 SPY_vo\">\n<div data-mesh-id=\"comp-liem5y27inlineContent\" data-testid=\"inline-content\" class=\"\"><\/div>\n<\/div>\n<\/div>\n<\/div>\n<\/div>\n<div id=\"comp-lielkxev\" class=\"HcOXKn c9GqVL QxJLC3 lq2cno YQcXTT comp-lielkxev wixui-rich-text\" data-testid=\"richTextElement\" ariaattributes=\"[object Object]\"><\/div>\n<\/div>\n<\/div>\n<\/div>\n<p>[\/et_pb_text][\/et_pb_column][\/et_pb_row][et_pb_row admin_label=&#8221;Line&#8221; _builder_version=&#8221;4.27.4&#8243; _module_preset=&#8221;default&#8221; custom_padding=&#8221;||140px||false|false&#8221; global_colors_info=&#8221;{}&#8221;][et_pb_column type=&#8221;4_4&#8243; _builder_version=&#8221;4.27.4&#8243; _module_preset=&#8221;default&#8221; global_colors_info=&#8221;{}&#8221;][\/et_pb_column][\/et_pb_row][\/et_pb_section][et_pb_section fb_built=&#8221;1&#8243; custom_padding_last_edited=&#8221;on|tablet&#8221; disabled_on=&#8221;off|off|off&#8221; admin_label=&#8221;Genussmeile&#8221; module_id=&#8221;about-us&#8221; _builder_version=&#8221;4.27.4&#8243; _module_preset=&#8221;default&#8221; background_color=&#8221;gcid-4e5204ad-61b3-4f3a-b07f-8c8eaab28708&#8243; background_enable_image=&#8221;off&#8221; background_size=&#8221;contain&#8221; background_position=&#8221;bottom_center&#8221; custom_margin=&#8221;0px||0px||false|false&#8221; custom_padding=&#8221;130px||140px||false|false&#8221; custom_padding_tablet=&#8221;0px||120px||false|false&#8221; custom_padding_phone=&#8221;||90px||false|false&#8221; locked=&#8221;off&#8221; global_colors_info=&#8221;{%22gcid-4e5204ad-61b3-4f3a-b07f-8c8eaab28708%22:%91%22background_color%22%93}&#8221;][et_pb_row _builder_version=&#8221;4.27.4&#8243; _module_preset=&#8221;default&#8221; background_image=&#8221;https:\/\/ideebern.ch\/wp-content\/uploads\/2025\/06\/RTEE1516.jpg&#8221; positioning=&#8221;absolute&#8221; position_origin_a=&#8221;top_right&#8221; vertical_offset=&#8221;-100px&#8221; position_origin_a_tablet=&#8221;top_right&#8221; position_origin_a_phone=&#8221;top_right&#8221; position_origin_a_last_edited=&#8221;on|tablet&#8221; position_origin_f_tablet=&#8221;&#8221; position_origin_f_phone=&#8221;&#8221; position_origin_f_last_edited=&#8221;on|tablet&#8221; position_origin_r_tablet=&#8221;&#8221; position_origin_r_phone=&#8221;&#8221; position_origin_r_last_edited=&#8221;on|tablet&#8221; width=&#8221;44%&#8221; width_tablet=&#8221;100%&#8221; width_phone=&#8221;100%&#8221; width_last_edited=&#8221;on|tablet&#8221; max_width=&#8221;44%&#8221; max_width_tablet=&#8221;100%&#8221; max_width_phone=&#8221;100%&#8221; max_width_last_edited=&#8221;on|tablet&#8221; min_height=&#8221;678px&#8221; min_height_tablet=&#8221;678px&#8221; min_height_phone=&#8221;330px&#8221; min_height_last_edited=&#8221;on|phone&#8221; custom_margin=&#8221;0px||0px||false|false&#8221; custom_margin_tablet=&#8221;0px||90px||false|false&#8221; custom_margin_phone=&#8221;||55px||false|false&#8221; custom_margin_last_edited=&#8221;on|tablet&#8221; custom_padding=&#8221;0px||0px||false|false&#8221; animation_style=&#8221;slide&#8221; animation_direction=&#8221;right&#8221; animation_intensity_slide=&#8221;2%&#8221; animation_speed_curve=&#8221;ease&#8221; positioning_tablet=&#8221;none&#8221; positioning_phone=&#8221;none&#8221; positioning_last_edited=&#8221;on|tablet&#8221; global_colors_info=&#8221;{}&#8221;][et_pb_column type=&#8221;4_4&#8243; _builder_version=&#8221;4.27.4&#8243; _module_preset=&#8221;default&#8221; global_colors_info=&#8221;{}&#8221;][\/et_pb_column][\/et_pb_row][et_pb_row module_id=&#8221;#ueber-uns&#8221; _builder_version=&#8221;4.27.4&#8243; _module_preset=&#8221;default&#8221; width=&#8221;90%&#8221; max_width=&#8221;1296px&#8221; custom_margin=&#8221;0px||0px||false|false&#8221; custom_padding=&#8221;0px||0px||false|false&#8221; global_colors_info=&#8221;{}&#8221;][et_pb_column type=&#8221;4_4&#8243; _builder_version=&#8221;4.24.2&#8243; _module_preset=&#8221;default&#8221; global_colors_info=&#8221;{}&#8221;][et_pb_divider show_divider=&#8221;off&#8221; _builder_version=&#8221;4.27.4&#8243; _module_preset=&#8221;default&#8221; global_colors_info=&#8221;{}&#8221;][\/et_pb_divider][et_pb_text module_id=&#8221;konzerte&#8221; _builder_version=&#8221;4.27.4&#8243; _module_preset=&#8221;default&#8221; header_2_font=&#8221;Retrocycles|700|||||||&#8221; header_2_text_align=&#8221;left&#8221; header_2_text_color=&#8221;#FFFFFF&#8221; header_2_font_size=&#8221;52px&#8221; header_2_letter_spacing=&#8221;-1px&#8221; header_2_line_height=&#8221;1.1em&#8221; max_width=&#8221;635px&#8221; custom_margin=&#8221;0px||25px||false|false&#8221; custom_padding=&#8221;0px||0px||false|false&#8221; header_2_font_size_tablet=&#8221;42px&#8221; header_2_font_size_phone=&#8221;26px&#8221; header_2_font_size_last_edited=&#8221;on|tablet&#8221; global_colors_info=&#8221;{}&#8221;]<\/p>\n<h2>Concerts<\/h2>\n<p>[\/et_pb_text][et_pb_text _builder_version=&#8221;4.27.4&#8243; _module_preset=&#8221;default&#8221; text_font=&#8221;Manrope||||||||&#8221; text_text_color=&#8221;#FFFFFF&#8221; text_line_height=&#8221;1.6em&#8221; link_font=&#8221;||||on||||&#8221; link_text_color=&#8221;#FFFFFF&#8221; header_4_font=&#8221;&#8211;et_global_heading_font||||||||&#8221; header_4_text_color=&#8221;#FFFFFF&#8221; max_width=&#8221;546px&#8221; custom_margin=&#8221;0px||25px||false|false&#8221; custom_padding=&#8221;0px|62px|1px||false|false&#8221; text_font_size_tablet=&#8221;25px&#8221; text_font_size_phone=&#8221;20px&#8221; text_font_size_last_edited=&#8221;on|phone&#8221; global_colors_info=&#8221;{}&#8221;]<\/p>\n<div class=\"section-text text-block align-center\">\n<div class=\"wpb_column col-md-4 matchHeight-element matchHeight-applied\">\n<div class=\"section-text text-block \">\n<div id=\"comp-lielkxet1\" class=\"HcOXKn c9GqVL QxJLC3 lq2cno YQcXTT comp-lielkxet1 wixui-rich-text\" data-testid=\"richTextElement\" ariaattributes=\"[object Object]\">\n<h4 class=\"font_3 wixui-rich-text__text\">Musical fireworks from local talents<\/h4>\n<\/div>\n<div id=\"comp-lielkxev\" class=\"HcOXKn c9GqVL QxJLC3 lq2cno YQcXTT comp-lielkxev wixui-rich-text\" data-testid=\"richTextElement\" ariaattributes=\"[object Object]\">\n<p class=\"font_7 wixui-rich-text__text\">There is plenty of room for music on the large stage on the Bundesplatz. That&#8217;s why there are so many different styles and genres, all by local artists, of course. <\/p>\n<\/div>\n<\/div>\n<\/div>\n<\/div>\n<p>[\/et_pb_text][et_pb_text disabled_on=&#8221;off|off|off&#8221; _builder_version=&#8221;4.27.4&#8243; _module_preset=&#8221;default&#8221; text_font=&#8221;&#8211;et_global_body_font||||||||&#8221; text_text_color=&#8221;#FFFFFF&#8221; link_font=&#8221;&#8211;et_global_body_font||||on||||&#8221; link_text_color=&#8221;#FFFFFF&#8221; header_3_font=&#8221;&#8211;et_global_heading_font|700||on|||||&#8221; header_3_text_color=&#8221;#FFFFFF&#8221; header_4_font=&#8221;&#8211;et_global_heading_font||||||||&#8221; header_4_text_color=&#8221;#FFFFFF&#8221; width=&#8221;55.7%&#8221; global_colors_info=&#8221;{}&#8221;]<\/p>\n<div class=\"section-text text-block align-center\">\n<div class=\"wpb_column col-md-4 matchHeight-element matchHeight-applied\">\n<div class=\"section-text text-block \">\n<div id=\"comp-lielkxet1\" class=\"HcOXKn c9GqVL QxJLC3 lq2cno YQcXTT comp-lielkxet1 wixui-rich-text\" data-testid=\"richTextElement\" ariaattributes=\"[object Object]\">\n<div id=\"bgLayers_comp-liem5y25\" data-hook=\"bgLayers\" data-motion-part=\"BG_LAYER comp-liem5y25\" class=\"MW5IWV\">\n<div id=\"bgLayers_comp-liem5y2o\" data-hook=\"bgLayers\" data-motion-part=\"BG_LAYER comp-liem5y2o\" class=\"MW5IWV\">\n<div id=\"bgMedia_comp-liem5y2o\" data-motion-part=\"BG_MEDIA comp-liem5y2o\" class=\"VgO9Yg\"><\/div>\n<\/div>\n<div data-mesh-id=\"comp-liem5y2oinlineContent\" data-testid=\"inline-content\" class=\"\">\n<div data-mesh-id=\"comp-liem5y2oinlineContent-gridContainer\" data-testid=\"mesh-container-content\">\n<div id=\"comp-liem5y2s1\" class=\"comp-liem5y2s1 SPY_vo\">\n<div data-mesh-id=\"comp-liem5y2s1inlineContent\" data-testid=\"inline-content\" class=\"\">\n<div data-mesh-id=\"comp-liem5y2s1inlineContent-gridContainer\" data-testid=\"mesh-container-content\">\n<div id=\"comp-liem5y2v1\" class=\"HcOXKn c9GqVL QxJLC3 lq2cno YQcXTT comp-liem5y2v1 wixui-rich-text\" data-testid=\"richTextElement\" ariaattributes=\"[object Object]\">\n<h3 class=\"font_3 wixui-rich-text__text\"><span class=\"wixui-rich-text__text\">11.30-23 <\/span><span class=\"wixui-rich-text__text\">h<\/span><br class=\"wixui-rich-text__text\">Concerts Bundesplatz<\/h3>\n<\/div>\n<div id=\"comp-liem5y2x1\" class=\"HcOXKn c9GqVL QxJLC3 lq2cno YQcXTT comp-liem5y2x1 wixui-rich-text\" data-testid=\"richTextElement\" ariaattributes=\"[object Object]\">\n<p>Other concerts: Look forward to a varied music program with local talent.<\/p>\n<ul>\n<li>12-13h Family concert &#8220;Roland Zoss &amp; Jimmy Flitz-Band&#8221; 25 years of Bernese children&#8217;s songs, <a href=\"https:\/\/www.jimmyflitz.ch\/jimmyflitz\/index.htm\" target=\"_blank\" rel=\"noopener\">jimmyflitz.ch<\/a><\/li>\n<li class=\"font_8 wixui-rich-text__text\">14-15h JOSUA ROMANO with KATHARINA MICHEL, Soul\/Singer &amp; Songwriter, <a href=\"https:\/\/josuaromano.com\/\" target=\"_blank\" rel=\"noopener\">josuaromano.com<\/a><\/li>\n<li class=\"font_8 wixui-rich-text__text\">16-17h JULIA LEON, Pop, <a href=\"https:\/\/www.julialeonmusic.com\/\" target=\"_blank\" rel=\"noopener\">julialeonmusic.com<\/a><\/li>\n<li>18-19h TOTAL MINIMAL, cover band<\/li>\n<li>20-21h NICO BRINA, boogie and blues, <a href=\"https:\/\/www.brina.ch\/\" target=\"_blank\" rel=\"noopener\">brina.ch<\/a><\/li>\n<li>21.30-23h AU REVOIR LEGS, party\/80s<span>tribute band, <a href=\"https:\/\/www.aurevoirlegs.com\/\" target=\"_blank\" rel=\"noopener\">aurevoirlegs.com<\/a><\/span><\/li>\n<\/ul>\n<\/div>\n<\/div>\n<\/div>\n<\/div>\n<\/div>\n<\/div>\n<\/div>\n<div data-mesh-id=\"comp-liem5y25inlineContent\" data-testid=\"inline-content\" class=\"\">\n<div data-mesh-id=\"comp-liem5y25inlineContent-gridContainer\" data-testid=\"mesh-container-content\"><\/div>\n<\/div>\n<\/div>\n<\/div>\n<\/div>\n<\/div>\n<p>[\/et_pb_text][et_pb_text disabled_on=&#8221;off|off|off&#8221; _builder_version=&#8221;4.27.4&#8243; _module_preset=&#8221;default&#8221; text_font=&#8221;&#8211;et_global_body_font||||||||&#8221; text_text_color=&#8221;#FFFFFF&#8221; link_font=&#8221;&#8211;et_global_body_font||||on||||&#8221; link_text_color=&#8221;#FFFFFF&#8221; header_3_font=&#8221;&#8211;et_global_heading_font|700||on|||||&#8221; header_3_text_color=&#8221;#FFFFFF&#8221; header_4_font=&#8221;&#8211;et_global_heading_font||||||||&#8221; header_4_text_color=&#8221;#FFFFFF&#8221; width=&#8221;55.7%&#8221; global_colors_info=&#8221;{}&#8221;]<\/p>\n<div class=\"section-text text-block align-center\">\n<div class=\"wpb_column col-md-4 matchHeight-element matchHeight-applied\">\n<div class=\"section-text text-block \">\n<div id=\"comp-lielkxet1\" class=\"HcOXKn c9GqVL QxJLC3 lq2cno YQcXTT comp-lielkxet1 wixui-rich-text\" data-testid=\"richTextElement\" ariaattributes=\"[object Object]\">\n<div id=\"bgLayers_comp-liem5y25\" data-hook=\"bgLayers\" data-motion-part=\"BG_LAYER comp-liem5y25\" class=\"MW5IWV\">\n<div id=\"bgLayers_comp-liem5y2o\" data-hook=\"bgLayers\" data-motion-part=\"BG_LAYER comp-liem5y2o\" class=\"MW5IWV\">\n<div id=\"bgMedia_comp-liem5y2o\" data-motion-part=\"BG_MEDIA comp-liem5y2o\" class=\"VgO9Yg\"><\/div>\n<\/div>\n<div data-mesh-id=\"comp-liem5y2oinlineContent\" data-testid=\"inline-content\" class=\"\">\n<div data-mesh-id=\"comp-liem5y2oinlineContent-gridContainer\" data-testid=\"mesh-container-content\">\n<div id=\"comp-liem5y2s1\" class=\"comp-liem5y2s1 SPY_vo\">\n<div data-mesh-id=\"comp-liem5y2s1inlineContent\" data-testid=\"inline-content\" class=\"\">\n<div data-mesh-id=\"comp-liem5y2s1inlineContent-gridContainer\" data-testid=\"mesh-container-content\">\n<div id=\"comp-liem5y2v1\" class=\"HcOXKn c9GqVL QxJLC3 lq2cno YQcXTT comp-liem5y2v1 wixui-rich-text\" data-testid=\"richTextElement\" ariaattributes=\"[object Object]\">\n<h3 class=\"font_3 wixui-rich-text__text\"><span class=\"wixui-rich-text__text\">5pm-2pm<\/span><br class=\"wixui-rich-text__text\">Music in the Bundesgasse<\/h3>\n<\/div>\n<div id=\"comp-liem5y2x1\" class=\"HcOXKn c9GqVL QxJLC3 lq2cno YQcXTT comp-liem5y2x1 wixui-rich-text\" data-testid=\"richTextElement\" ariaattributes=\"[object Object]\">\n<ul>\n<li><span>DJ Jeanne Bizarre, Vinyl DJ &#8211; Soul\/Funk\/Oldschoolrap, <a href=\"https:\/\/www.instagram.com\/jeannebizarre\/\" target=\"_blank\" rel=\"noopener\">@jeannebizarre<\/a><br \/><\/span><\/li>\n<\/ul>\n<\/div>\n<\/div>\n<\/div>\n<\/div>\n<\/div>\n<\/div>\n<\/div>\n<div data-mesh-id=\"comp-liem5y25inlineContent\" data-testid=\"inline-content\" class=\"\">\n<div data-mesh-id=\"comp-liem5y25inlineContent-gridContainer\" data-testid=\"mesh-container-content\"><\/div>\n<\/div>\n<\/div>\n<\/div>\n<\/div>\n<\/div>\n<p>[\/et_pb_text][et_pb_text _builder_version=&#8221;4.27.4&#8243; _module_preset=&#8221;default&#8221; text_font=&#8221;&#8211;et_global_body_font||||||||&#8221; text_text_color=&#8221;#FFFFFF&#8221; link_font=&#8221;||||on||||&#8221; link_text_color=&#8221;#FFFFFF&#8221; header_3_font=&#8221;&#8211;et_global_heading_font|700||on|||||&#8221; header_3_text_color=&#8221;#FFFFFF&#8221; header_4_font=&#8221;&#8211;et_global_heading_font||||||||&#8221; header_4_text_color=&#8221;#FFFFFF&#8221; global_colors_info=&#8221;{}&#8221;]<\/p>\n<div class=\"section-text text-block align-center\">\n<div class=\"wpb_column col-md-4 matchHeight-element matchHeight-applied\">\n<div class=\"section-text text-block \">\n<div id=\"comp-lielkxet1\" class=\"HcOXKn c9GqVL QxJLC3 lq2cno YQcXTT comp-lielkxet1 wixui-rich-text\" data-testid=\"richTextElement\" ariaattributes=\"[object Object]\">\n<div id=\"bgLayers_comp-liem5y25\" data-hook=\"bgLayers\" data-motion-part=\"BG_LAYER comp-liem5y25\" class=\"MW5IWV\">\n<div id=\"bgLayers_comp-liem5y2o\" data-hook=\"bgLayers\" data-motion-part=\"BG_LAYER comp-liem5y2o\" class=\"MW5IWV\">\n<div id=\"bgMedia_comp-liem5y2o\" data-motion-part=\"BG_MEDIA comp-liem5y2o\" class=\"VgO9Yg\"><\/div>\n<\/div>\n<div data-mesh-id=\"comp-liem5y2oinlineContent\" data-testid=\"inline-content\" class=\"\">\n<div data-mesh-id=\"comp-liem5y2oinlineContent-gridContainer\" data-testid=\"mesh-container-content\">\n<div id=\"comp-liem5y2s1\" class=\"comp-liem5y2s1 SPY_vo\">\n<div data-mesh-id=\"comp-liem5y2s1inlineContent\" data-testid=\"inline-content\" class=\"\">\n<div data-mesh-id=\"comp-liem5y2s1inlineContent-gridContainer\" data-testid=\"mesh-container-content\">\n<div id=\"comp-liem5y2v1\" class=\"HcOXKn c9GqVL QxJLC3 lq2cno YQcXTT comp-liem5y2v1 wixui-rich-text\" data-testid=\"richTextElement\" ariaattributes=\"[object Object]\">\n<h3 class=\"font_3 wixui-rich-text__text\"><span class=\"wixui-rich-text__text\">12-14<\/span><span class=\"wixui-rich-text__text\"> h<\/span><br class=\"wixui-rich-text__text\">Yodeling concert in the cathedral<\/h3>\n<\/div>\n<div id=\"comp-liem5y2x1\" class=\"HcOXKn c9GqVL QxJLC3 lq2cno YQcXTT comp-liem5y2x1 wixui-rich-text\" data-testid=\"richTextElement\" ariaattributes=\"[object Object]\">\n<p class=\"font_8 wixui-rich-text__text\">Harmonious concert by the Stadtbernische Jodlervereinigung from 12 noon to 2 pm in the beautiful Bern Cathedral.<\/p>\n<p class=\"font_8 wixui-rich-text__text\"><strong><span class=\"wixui-rich-text__text\">Contributors:<\/span><span class=\"wixui-rich-text__text\"><\/span><\/strong><\/p>\n<ul>\n<li class=\"font_8 wixui-rich-text__text\"><span style=\"font-size: 16px;\">Joint yodel choir B\u00e4rgblueme Bern <\/span><\/li>\n<li class=\"font_8 wixui-rich-text__text\"><span style=\"font-size: 16px;\">Berna Bern Yodeling Club<\/span><\/li>\n<li class=\"font_8 wixui-rich-text__text\"><span style=\"font-size: 16px;\">Lorraine-Breitenrain Yodeling Club<\/span><\/li>\n<li class=\"font_8 wixui-rich-text__text\"><span style=\"font-size: 16px;\">Yodeling club B\u00e4rner Mutze<\/span><\/li>\n<li class=\"font_8 wixui-rich-text__text\"><span style=\"font-size: 16px;\">Edelweiss-Grauholz Yodeling Club<\/span><\/li>\n<li class=\"font_8 wixui-rich-text__text\"><span style=\"font-size: 16px;\">B\u00e4rner Heimatch\u00f6rli<\/span><\/li>\n<li class=\"font_8 wixui-rich-text__text\"><span style=\"font-size: 16px;\">Small <\/span>alphorn group Aarelouf<\/li>\n<li class=\"font_8 wixui-rich-text__text\"><span style=\"font-size: 16px;\">Guest: Jodelklub Fl\u00fcehli Oberbottigen<\/span><\/li>\n<\/ul>\n<ul class=\"font_8 wixui-rich-text__text\"><\/ul>\n<p class=\"font_8 wixui-rich-text__text\"><strong><span class=\"wixui-rich-text__text\">Details:<\/span><span class=\"wixui-rich-text__text\"><\/span><\/strong><\/p>\n<p class=\"font_8 wixui-rich-text__text\"><strong><span class=\"wixui-rich-text__text\"><\/span><\/strong><\/p>\n<ul>\n<li class=\"font_8 wixui-rich-text__text\">Venue: Bern Minster, M\u00fcnsterplatz 1, 3000 Bern<\/li>\n<li class=\"font_8 wixui-rich-text__text\">Costs: free admission, collection<\/li>\n<li class=\"font_8 wixui-rich-text__text\">More on the topic:<span> <\/span><span class=\"wixui-rich-text__text\"><a href=\"http:\/\/www.bernermuenster.ch\/\" target=\"_blank\" rel=\"noreferrer noopener\" class=\"wixui-rich-text__text\">bernermuenster.ch<\/a><\/span><\/li>\n<\/ul>\n<\/div>\n<\/div>\n<\/div>\n<\/div>\n<\/div>\n<\/div>\n<\/div>\n<div data-mesh-id=\"comp-liem5y25inlineContent\" data-testid=\"inline-content\" class=\"\">\n<div data-mesh-id=\"comp-liem5y25inlineContent-gridContainer\" data-testid=\"mesh-container-content\">\n<div id=\"comp-liem5y27\" class=\"comp-liem5y27 SPY_vo\">\n<div data-mesh-id=\"comp-liem5y27inlineContent\" data-testid=\"inline-content\" class=\"\"><\/div>\n<\/div>\n<\/div>\n<\/div>\n<\/div>\n<div id=\"comp-lielkxev\" class=\"HcOXKn c9GqVL QxJLC3 lq2cno YQcXTT comp-lielkxev wixui-rich-text\" data-testid=\"richTextElement\" ariaattributes=\"[object Object]\"><\/div>\n<\/div>\n<\/div>\n<\/div>\n<p>[\/et_pb_text][\/et_pb_column][\/et_pb_row][et_pb_row _builder_version=&#8221;4.27.4&#8243; _module_preset=&#8221;default&#8221; custom_padding=&#8221;||100px||false|false&#8221; global_colors_info=&#8221;{}&#8221;][et_pb_column type=&#8221;4_4&#8243; _builder_version=&#8221;4.27.4&#8243; _module_preset=&#8221;default&#8221; global_colors_info=&#8221;{}&#8221;][\/et_pb_column][\/et_pb_row][\/et_pb_section][et_pb_section fb_built=&#8221;1&#8243; custom_padding_last_edited=&#8221;on|tablet&#8221; disabled_on=&#8221;off|off|off&#8221; admin_label=&#8221;Familienprogramm&#8221; _builder_version=&#8221;4.27.4&#8243; _module_preset=&#8221;default&#8221; background_color=&#8221;#86cac5&#8243; min_height=&#8221;1761.6px&#8221; custom_margin=&#8221;0px||0px||false|false&#8221; custom_padding=&#8221;130px||100px||false|false&#8221; custom_padding_tablet=&#8221;0px||120px||false|false&#8221; custom_padding_phone=&#8221;||90px||false|false&#8221; animation_style=&#8221;fade&#8221; animation_speed_curve=&#8221;ease&#8221; locked=&#8221;off&#8221; global_colors_info=&#8221;{}&#8221;][et_pb_row admin_label=&#8221;Line&#8221; _builder_version=&#8221;4.27.4&#8243; _module_preset=&#8221;default&#8221; background_image=&#8221;https:\/\/ideebern.ch\/wp-content\/uploads\/2025\/06\/BF19-3-Perimeter.jpg&#8221; positioning=&#8221;absolute&#8221; vertical_offset=&#8221;-106px&#8221; position_origin_a_tablet=&#8221;top_right&#8221; position_origin_a_phone=&#8221;top_right&#8221; position_origin_a_last_edited=&#8221;on|tablet&#8221; position_origin_f_tablet=&#8221;&#8221; position_origin_f_phone=&#8221;&#8221; position_origin_f_last_edited=&#8221;on|tablet&#8221; position_origin_r_tablet=&#8221;&#8221; position_origin_r_phone=&#8221;&#8221; position_origin_r_last_edited=&#8221;on|tablet&#8221; width=&#8221;44%&#8221; width_tablet=&#8221;100%&#8221; width_phone=&#8221;100%&#8221; width_last_edited=&#8221;on|tablet&#8221; max_width=&#8221;44%&#8221; max_width_tablet=&#8221;100%&#8221; max_width_phone=&#8221;100%&#8221; max_width_last_edited=&#8221;on|tablet&#8221; min_height=&#8221;700px&#8221; min_height_tablet=&#8221;678px&#8221; min_height_phone=&#8221;330px&#8221; min_height_last_edited=&#8221;on|phone&#8221; custom_margin=&#8221;0px||0px||false|false&#8221; custom_margin_tablet=&#8221;0px||90px||false|false&#8221; custom_margin_phone=&#8221;||55px||false|false&#8221; custom_margin_last_edited=&#8221;on|tablet&#8221; custom_padding=&#8221;0px||0px||false|false&#8221; animation_style=&#8221;slide&#8221; animation_direction=&#8221;right&#8221; animation_intensity_slide=&#8221;2%&#8221; animation_speed_curve=&#8221;ease&#8221; positioning_tablet=&#8221;none&#8221; positioning_phone=&#8221;none&#8221; positioning_last_edited=&#8221;on|tablet&#8221; global_colors_info=&#8221;{}&#8221;][et_pb_column type=&#8221;4_4&#8243; _builder_version=&#8221;4.24.2&#8243; _module_preset=&#8221;default&#8221; global_colors_info=&#8221;{}&#8221;][\/et_pb_column][\/et_pb_row][et_pb_row column_structure=&#8221;1_2,1_2&#8243; use_custom_gutter=&#8221;on&#8221; gutter_width=&#8221;1&#8243; _builder_version=&#8221;4.24.2&#8243; _module_preset=&#8221;default&#8221; width=&#8221;90%&#8221; max_width=&#8221;1296px&#8221; custom_margin=&#8221;0px||0px||false|false&#8221; custom_padding=&#8221;0px||0px||false|false&#8221; global_colors_info=&#8221;{}&#8221;][et_pb_column type=&#8221;1_2&#8243; disabled_on=&#8221;on|on|off&#8221; _builder_version=&#8221;4.24.2&#8243; _module_preset=&#8221;default&#8221; custom_padding=&#8221;|80px|||false|false&#8221; custom_padding_tablet=&#8221;|0px|||false|false&#8221; custom_padding_phone=&#8221;|0px|||false|false&#8221; custom_padding_last_edited=&#8221;on|tablet&#8221; global_colors_info=&#8221;{}&#8221;][\/et_pb_column][et_pb_column type=&#8221;1_2&#8243; _builder_version=&#8221;4.24.2&#8243; _module_preset=&#8221;default&#8221; custom_padding_tablet=&#8221;0px|0px||0px|false|false&#8221; custom_padding_phone=&#8221;0px|0px||0px|false|false&#8221; custom_padding_last_edited=&#8221;off|desktop&#8221; custom_css_main_element=&#8221;margin-top:auto;&#8221; global_colors_info=&#8221;{}&#8221;][et_pb_text module_id=&#8221;familienprogramm&#8221; _builder_version=&#8221;4.27.4&#8243; _module_preset=&#8221;default&#8221; header_2_font=&#8221;Retrocycles|700|||||||&#8221; header_2_text_align=&#8221;left&#8221; header_2_text_color=&#8221;#FFFFFF&#8221; header_2_font_size=&#8221;52px&#8221; header_2_letter_spacing=&#8221;-1px&#8221; header_2_line_height=&#8221;1.1em&#8221; max_width=&#8221;635px&#8221; custom_margin=&#8221;0px||25px||false|false&#8221; custom_padding=&#8221;0px||0px||false|false&#8221; header_2_font_size_tablet=&#8221;42px&#8221; header_2_font_size_phone=&#8221;26px&#8221; header_2_font_size_last_edited=&#8221;on|tablet&#8221; global_colors_info=&#8221;{}&#8221;]<\/p>\n<h2>Family program<\/h2>\n<p>[\/et_pb_text][et_pb_text _builder_version=&#8221;4.27.4&#8243; _module_preset=&#8221;default&#8221; text_font=&#8221;Manrope||||||||&#8221; text_text_color=&#8221;#FFFFFF&#8221; text_line_height=&#8221;1.6em&#8221; max_width=&#8221;635px&#8221; custom_margin=&#8221;0px||35px||false|false&#8221; custom_padding=&#8221;0px||0px||false|false&#8221; global_colors_info=&#8221;{}&#8221;]<\/p>\n<p>Lantern workshop, painting studio, face painting, play corner, lantern parade<br \/>On August 1, Bundesgasse is transformed into a playground for families. Children can make lanterns for the evening lantern parade, let their imaginations run wild with face painting and enjoy a variety of fun games. <\/p>\n<p><strong>Fun and games<\/strong><br \/>There are numerous games for young and old on the Bundesplatz and in the Bundesgasse. Ping pong, table football, table field hockey, ball track and much more. <\/p>\n<p>[\/et_pb_text][\/et_pb_column][\/et_pb_row][et_pb_row column_structure=&#8221;1_3,1_3,1_3&#8243; _builder_version=&#8221;4.27.4&#8243; _module_preset=&#8221;default&#8221; custom_padding=&#8221;130px||||false|false&#8221; global_colors_info=&#8221;{}&#8221;][et_pb_column type=&#8221;1_3&#8243; _builder_version=&#8221;4.27.4&#8243; _module_preset=&#8221;default&#8221; global_colors_info=&#8221;{}&#8221;][et_pb_text _builder_version=&#8221;4.27.4&#8243; _module_preset=&#8221;default&#8221; text_font=&#8221;&#8211;et_global_body_font||||||||&#8221; text_text_color=&#8221;#FFFFFF&#8221; header_3_font=&#8221;&#8211;et_global_heading_font|700||on|||||&#8221; header_3_text_color=&#8221;#FFFFFF&#8221; header_4_font=&#8221;&#8211;et_global_heading_font||||||||&#8221; header_4_text_color=&#8221;#FFFFFF&#8221; global_colors_info=&#8221;{}&#8221;]<\/p>\n<div id=\"comp-l5hsgadn\" class=\"HcOXKn c9GqVL QxJLC3 lq2cno YQcXTT comp-l5hsgadn wixui-rich-text\" data-testid=\"richTextElement\" ariaattributes=\"[object Object]\">\n<h3 class=\"font_3 wixui-rich-text__text\"><span class=\"wixui-rich-text__text\">11.15-17.15<\/span><br class=\"wixui-rich-text__text\">Children&#8217;s theater with the<br class=\"wixui-rich-text__text\">B\u00e4rner Chachperli-Gutsche<\/h3>\n<\/div>\n<div id=\"comp-l5hsgadr\" class=\"HcOXKn c9GqVL QxJLC3 lq2cno YQcXTT comp-l5hsgadr wixui-rich-text\" data-testid=\"richTextElement\" ariaattributes=\"[object Object]\">\n<p class=\"font_8 wixui-rich-text__text\">The B\u00e4rner Chaschperli-Gutsche, the rolling puppet theater, takes you on a journey of adventure. Immerse yourself in imaginative stories and join in the excitement. <\/p>\n<p class=\"font_8 wixui-rich-text__text\"><span class=\"wixui-rich-text__text\">\u200b<\/span><\/p>\n<p class=\"font_8 wixui-rich-text__text\">Performances at: 11.15, 13.15, 15.15 and 16.15.<\/p>\n<p class=\"font_8 wixui-rich-text__text\"><span class=\"wixui-rich-text__text\">\u200b<\/span><\/p>\n<p class=\"font_8 wixui-rich-text__text\">Costs: Free admission.<\/p>\n<\/div>\n<p>[\/et_pb_text][\/et_pb_column][et_pb_column type=&#8221;1_3&#8243; _builder_version=&#8221;4.27.4&#8243; _module_preset=&#8221;default&#8221; global_colors_info=&#8221;{}&#8221;][et_pb_text _builder_version=&#8221;4.27.4&#8243; _module_preset=&#8221;default&#8221; text_font=&#8221;&#8211;et_global_body_font||||||||&#8221; text_text_color=&#8221;#FFFFFF&#8221; header_3_font=&#8221;&#8211;et_global_heading_font|700||on|||||&#8221; header_3_text_color=&#8221;#FFFFFF&#8221; header_4_font=&#8221;&#8211;et_global_heading_font||||||||&#8221; header_4_text_color=&#8221;#FFFFFF&#8221; global_colors_info=&#8221;{}&#8221;]<\/p>\n<div id=\"comp-l5hsgadn\" class=\"HcOXKn c9GqVL QxJLC3 lq2cno YQcXTT comp-l5hsgadn wixui-rich-text\" data-testid=\"richTextElement\" ariaattributes=\"[object Object]\">\n<h3 class=\"font_3 wixui-rich-text__text\"><span class=\"wixui-rich-text__text\">11 a.m. &#8211; 6 p.m.<\/span><br class=\"wixui-rich-text__text\">Lantern making &#8211; a light for Bern<\/h3>\n<\/div>\n<div id=\"comp-l5hsgadr\" class=\"HcOXKn c9GqVL QxJLC3 lq2cno YQcXTT comp-l5hsgadr wixui-rich-text\" data-testid=\"richTextElement\" ariaattributes=\"[object Object]\">\n<p class=\"font_8 wixui-rich-text__text\"><span style=\"font-size: 16px;\">Make your own lantern for the evening parade &#8211; paints, paper and other decorative items are available free of charge. Just drop by and get started. <\/span><\/p>\n<\/div>\n<p>[\/et_pb_text][\/et_pb_column][et_pb_column type=&#8221;1_3&#8243; _builder_version=&#8221;4.27.4&#8243; _module_preset=&#8221;default&#8221; global_colors_info=&#8221;{}&#8221;][et_pb_text _builder_version=&#8221;4.27.4&#8243; _module_preset=&#8221;default&#8221; text_font=&#8221;&#8211;et_global_body_font||||||||&#8221; text_text_color=&#8221;#FFFFFF&#8221; link_font=&#8221;||||on|||#FFFFFF|&#8221; link_text_color=&#8221;#FFFFFF&#8221; header_3_font=&#8221;&#8211;et_global_heading_font|700||on|||||&#8221; header_3_text_color=&#8221;#FFFFFF&#8221; header_4_font=&#8221;&#8211;et_global_heading_font||||||||&#8221; header_4_text_color=&#8221;#FFFFFF&#8221; global_colors_info=&#8221;{}&#8221;]<\/p>\n<div id=\"bgLayers_comp-l5azd9l8\" data-hook=\"bgLayers\" data-motion-part=\"BG_LAYER comp-l5azd9l8\" class=\"MW5IWV\">\n<h3 id=\"bgMedia_comp-l5azd9l8\" data-motion-part=\"BG_MEDIA comp-l5azd9l8\" class=\"VgO9Yg\">7-8 p.m.<br \/>Colorful lantern parade<\/h3>\n<\/div>\n<div data-mesh-id=\"comp-l5azd9l8inlineContent\" data-testid=\"inline-content\" class=\"\">\n<div data-mesh-id=\"comp-l5azd9l8inlineContent-gridContainer\" data-testid=\"mesh-container-content\">\n<div id=\"comp-l5azkg7i\" class=\"comp-l5azkg7i SPY_vo\">\n<div data-mesh-id=\"comp-l5azkg7iinlineContent\" data-testid=\"inline-content\" class=\"\">\n<div data-mesh-id=\"comp-l5azkg7iinlineContent-gridContainer\" data-testid=\"mesh-container-content\">\n<div id=\"comp-l5azkg8l\" class=\"HcOXKn c9GqVL QxJLC3 lq2cno YQcXTT comp-l5azkg8l wixui-rich-text\" data-testid=\"richTextElement\" ariaattributes=\"[object Object]\">\n<p class=\"font_8 wixui-rich-text__text\">Immerse Bern&#8217;s alleys in a colorful light with us &#8211; all visitors are welcome.<\/p>\n<p class=\"font_8 wixui-rich-text__text\">Assembly at 6.45 pm on the Bundesplatz. The procession then starts at 7 pm and takes the following route: Bundesplatz, Amthausgasse, Casinoplatz, M\u00fcnstergasse, Junkerngasse, Gerechtigkeitsgasse, Kramgasse, Hotelgasse, Casinoplatz, Amthausgasse, Bundesplatz <\/p>\n<p class=\"font_8 wixui-rich-text__text\">The <a href=\"https:\/\/www.tvbern.ch\/\" target=\"_blank\" rel=\"noopener\">Tambourenverein Bern<\/a> will provide the musical accompaniment to the procession.<\/p>\n<\/div>\n<\/div>\n<\/div>\n<\/div>\n<\/div>\n<\/div>\n<p>[\/et_pb_text][\/et_pb_column][\/et_pb_row][et_pb_row column_structure=&#8221;1_2,1_2&#8243; _builder_version=&#8221;4.27.4&#8243; _module_preset=&#8221;default&#8221; global_colors_info=&#8221;{}&#8221;][et_pb_column type=&#8221;1_2&#8243; _builder_version=&#8221;4.27.4&#8243; _module_preset=&#8221;default&#8221; global_colors_info=&#8221;{}&#8221;][et_pb_text _builder_version=&#8221;4.27.4&#8243; _module_preset=&#8221;default&#8221; text_font=&#8221;&#8211;et_global_body_font||||||||&#8221; text_text_color=&#8221;#FFFFFF&#8221; link_font=&#8221;||||on|||#FFFFFF|&#8221; link_text_color=&#8221;#FFFFFF&#8221; header_3_font=&#8221;&#8211;et_global_heading_font|700||on|||||&#8221; header_3_text_color=&#8221;#FFFFFF&#8221; header_4_font=&#8221;&#8211;et_global_heading_font||||||||&#8221; header_4_text_color=&#8221;#FFFFFF&#8221; global_colors_info=&#8221;{%22gcid-4e5204ad-61b3-4f3a-b07f-8c8eaab28708%22:%91%22link_text_color%22%93}&#8221;]<\/p>\n<div id=\"comp-l622fsbh\" class=\"HcOXKn c9GqVL QxJLC3 lq2cno YQcXTT comp-l622fsbh wixui-rich-text\" data-testid=\"richTextElement\" ariaattributes=\"[object Object]\">\n<h3 class=\"font_3 wixui-rich-text__text\"><span class=\"wixui-rich-text__text\">2-5 p.m.<\/span><br class=\"wixui-rich-text__text\">Puzzles in Bern Minster<\/h3>\n<\/div>\n<div id=\"comp-l622fsbt\" class=\"HcOXKn c9GqVL QxJLC3 lq2cno YQcXTT comp-l622fsbt wixui-rich-text\" data-testid=\"richTextElement\" ariaattributes=\"[object Object]\">\n<p class=\"font_8 wixui-rich-text__text\">With an illustrated puzzle sheet, you set off on a search for clues through the cathedral. Can you find all the signs? <\/p>\n<p class=\"font_8 wixui-rich-text__text\"><span class=\"wixGuard wixui-rich-text__text\">\u200b<\/span><\/p>\n<ul class=\"font_8 wixui-rich-text__text\">\n<li class=\"wixui-rich-text__text\">\n<p class=\"font_8 wixui-rich-text__text\">For families with children aged 6 and over<\/p>\n<\/li>\n<li class=\"wixui-rich-text__text\">\n<p class=\"font_8 wixui-rich-text__text\">Meeting point: Bern Minster, information point<\/p>\n<\/li>\n<li class=\"wixui-rich-text__text\">\n<p class=\"font_8 wixui-rich-text__text\">Duration: 30 minutes<\/p>\n<\/li>\n<li class=\"wixui-rich-text__text\">\n<p class=\"font_8 wixui-rich-text__text\">Cost: 1 franc per group<\/p>\n<\/li>\n<\/ul>\n<p class=\"font_8 wixui-rich-text__text\">\n<p class=\"font_8 wixui-rich-text__text\">Find out more: <span class=\"wixui-rich-text__text\"><a href=\"https:\/\/www.bernermuenster.ch\/de\/berner-muenster\/fuehrungen\/oeffentliche-fuehrungen.php\" target=\"_blank\" rel=\"noreferrer noopener\" class=\"wixui-rich-text__text\">bernermuenster.ch<\/a><\/span><\/p>\n<\/div>\n<p>[\/et_pb_text][\/et_pb_column][et_pb_column type=&#8221;1_2&#8243; _builder_version=&#8221;4.27.4&#8243; _module_preset=&#8221;default&#8221; global_colors_info=&#8221;{}&#8221;][et_pb_text _builder_version=&#8221;4.27.4&#8243; _module_preset=&#8221;default&#8221; text_font=&#8221;&#8211;et_global_body_font||||||||&#8221; text_text_color=&#8221;#FFFFFF&#8221; link_font=&#8221;||||on|||#FFFFFF|&#8221; link_text_color=&#8221;#FFFFFF&#8221; header_3_font=&#8221;&#8211;et_global_heading_font|700||on|||||&#8221; header_3_text_color=&#8221;#FFFFFF&#8221; header_4_font=&#8221;&#8211;et_global_heading_font||||||||&#8221; header_4_text_color=&#8221;#FFFFFF&#8221; global_colors_info=&#8221;{%22gcid-4e5204ad-61b3-4f3a-b07f-8c8eaab28708%22:%91%22link_text_color%22%93}&#8221;]<\/p>\n<div id=\"bgLayers_comp-l5azd9l8\" data-hook=\"bgLayers\" data-motion-part=\"BG_LAYER comp-l5azd9l8\">\n<h3 class=\"font_3 wixui-rich-text__text\"><span class=\"wixui-rich-text__text\">2-5 p.m.<\/span><br class=\"wixui-rich-text__text\">Search game in Bern Minster<\/h3>\n<p id=\"bgMedia_comp-l5azd9l8\" data-motion-part=\"BG_MEDIA comp-l5azd9l8\">Bern Minster hides many secrets &#8211; can you uncover them all? A tricky puzzle and exciting tasks await you. <\/p>\n<\/div>\n<div data-mesh-id=\"comp-l5azd9l8inlineContent\" data-testid=\"inline-content\">\n<div data-mesh-id=\"comp-l5azd9l8inlineContent-gridContainer\" data-testid=\"mesh-container-content\">\n<div id=\"comp-l5azkg7i\">\n<div data-mesh-id=\"comp-l5azkg7iinlineContent\" data-testid=\"inline-content\">\n<div data-mesh-id=\"comp-l5azkg7iinlineContent-gridContainer\" data-testid=\"mesh-container-content\">\n<div data-mesh-id=\"comp-l61pn96t1inlineContent\" data-testid=\"inline-content\">\n<div data-mesh-id=\"comp-l61pn96t1inlineContent-gridContainer\" data-testid=\"mesh-container-content\">\n<div id=\"comp-lxk7ecvc\">\n<div data-mesh-id=\"comp-lxk7ecvcinlineContent\" data-testid=\"inline-content\">\n<div data-mesh-id=\"comp-lxk7ecvcinlineContent-gridContainer\" data-testid=\"mesh-container-content\">\n<div id=\"comp-lxk7ecwu\" data-testid=\"richTextElement\" ariaattributes=\"[object Object]\">\n<p>\u200b<\/p>\n<ul>\n<li>For families with children aged 8 and over<\/li>\n<li>Meeting point: Bern Minster, information point<\/li>\n<li>Duration: 1-1.5 hours<\/li>\n<li>Cost: 5 francs per group<\/li>\n<\/ul>\n<p>Mehr dazu: <a href=\"https:\/\/www.bernermuenster.ch\/de\/berner-muenster\/fuehrungen\/oeffentliche-fuehrungen.php\" target=\"_blank\" rel=\"noreferrer noopener\">bernermuenster.ch<\/a><\/p>\n<\/div>\n<\/div>\n<\/div>\n<\/div>\n<\/div>\n<\/div>\n<p id=\"comp-l5azkg8l\" data-testid=\"richTextElement\" ariaattributes=\"invalid_tags_codes_0|\">\n<\/div>\n<\/div>\n<\/div>\n<\/div>\n<\/div>\n<p>[\/et_pb_text][\/et_pb_column][\/et_pb_row][\/et_pb_section][et_pb_section fb_built=&#8221;1&#8243; custom_padding_last_edited=&#8221;on|tablet&#8221; disabled_on=&#8221;off|off|off&#8221; admin_label=&#8221;Entdecken&#8221; _builder_version=&#8221;4.27.4&#8243; _module_preset=&#8221;default&#8221; background_color=&#8221;gcid-primary-color&#8221; custom_margin=&#8221;0px||0px||false|false&#8221; custom_padding=&#8221;130px||0px||false|false&#8221; custom_padding_tablet=&#8221;0px||120px||false|false&#8221; custom_padding_phone=&#8221;||90px||false|false&#8221; animation_style=&#8221;fade&#8221; animation_speed_curve=&#8221;ease&#8221; locked=&#8221;off&#8221; global_colors_info=&#8221;{%22gcid-primary-color%22:%91%22background_color%22%93}&#8221;][et_pb_row admin_label=&#8221;Line&#8221; _builder_version=&#8221;4.27.4&#8243; _module_preset=&#8221;default&#8221; background_image=&#8221;https:\/\/ideebern.ch\/wp-content\/uploads\/2025\/06\/QKLS1146.jpg&#8221; positioning=&#8221;absolute&#8221; vertical_offset=&#8221;-106px&#8221; position_origin_a_tablet=&#8221;top_right&#8221; position_origin_a_phone=&#8221;top_right&#8221; position_origin_a_last_edited=&#8221;on|tablet&#8221; position_origin_f_tablet=&#8221;&#8221; position_origin_f_phone=&#8221;&#8221; position_origin_f_last_edited=&#8221;on|tablet&#8221; position_origin_r_tablet=&#8221;&#8221; position_origin_r_phone=&#8221;&#8221; position_origin_r_last_edited=&#8221;on|tablet&#8221; width=&#8221;44%&#8221; width_tablet=&#8221;100%&#8221; width_phone=&#8221;100%&#8221; width_last_edited=&#8221;on|tablet&#8221; max_width=&#8221;44%&#8221; max_width_tablet=&#8221;100%&#8221; max_width_phone=&#8221;100%&#8221; max_width_last_edited=&#8221;on|tablet&#8221; min_height=&#8221;700px&#8221; min_height_tablet=&#8221;678px&#8221; min_height_phone=&#8221;330px&#8221; min_height_last_edited=&#8221;on|phone&#8221; custom_margin=&#8221;0px||0px||false|false&#8221; custom_margin_tablet=&#8221;0px||90px||false|false&#8221; custom_margin_phone=&#8221;||55px||false|false&#8221; custom_margin_last_edited=&#8221;on|tablet&#8221; custom_padding=&#8221;0px||0px||false|false&#8221; animation_style=&#8221;slide&#8221; animation_direction=&#8221;right&#8221; animation_intensity_slide=&#8221;2%&#8221; animation_speed_curve=&#8221;ease&#8221; positioning_tablet=&#8221;none&#8221; positioning_phone=&#8221;none&#8221; positioning_last_edited=&#8221;on|tablet&#8221; global_colors_info=&#8221;{}&#8221;][et_pb_column type=&#8221;4_4&#8243; _builder_version=&#8221;4.24.2&#8243; _module_preset=&#8221;default&#8221; global_colors_info=&#8221;{}&#8221;][\/et_pb_column][\/et_pb_row][et_pb_row column_structure=&#8221;1_2,1_2&#8243; use_custom_gutter=&#8221;on&#8221; gutter_width=&#8221;1&#8243; _builder_version=&#8221;4.24.2&#8243; _module_preset=&#8221;default&#8221; width=&#8221;90%&#8221; max_width=&#8221;1296px&#8221; custom_margin=&#8221;0px||0px||false|false&#8221; custom_padding=&#8221;0px||0px||false|false&#8221; global_colors_info=&#8221;{}&#8221;][et_pb_column type=&#8221;1_2&#8243; disabled_on=&#8221;on|on|off&#8221; _builder_version=&#8221;4.24.2&#8243; _module_preset=&#8221;default&#8221; custom_padding=&#8221;|80px|||false|false&#8221; custom_padding_tablet=&#8221;|0px|||false|false&#8221; custom_padding_phone=&#8221;|0px|||false|false&#8221; custom_padding_last_edited=&#8221;on|tablet&#8221; global_colors_info=&#8221;{}&#8221;][\/et_pb_column][et_pb_column type=&#8221;1_2&#8243; _builder_version=&#8221;4.24.2&#8243; _module_preset=&#8221;default&#8221; custom_padding_tablet=&#8221;0px|0px||0px|false|false&#8221; custom_padding_phone=&#8221;0px|0px||0px|false|false&#8221; custom_padding_last_edited=&#8221;off|desktop&#8221; custom_css_main_element=&#8221;margin-top:auto;&#8221; global_colors_info=&#8221;{}&#8221;][et_pb_text module_id=&#8221;entdecken&#8221; _builder_version=&#8221;4.27.4&#8243; _module_preset=&#8221;default&#8221; header_2_font=&#8221;Retrocycles|700|||||||&#8221; header_2_text_align=&#8221;left&#8221; header_2_text_color=&#8221;#FFFFFF&#8221; header_2_font_size=&#8221;52px&#8221; header_2_letter_spacing=&#8221;-1px&#8221; header_2_line_height=&#8221;1.1em&#8221; max_width=&#8221;635px&#8221; custom_margin=&#8221;0px||25px||false|false&#8221; custom_padding=&#8221;0px||0px||false|false&#8221; header_2_font_size_tablet=&#8221;42px&#8221; header_2_font_size_phone=&#8221;26px&#8221; header_2_font_size_last_edited=&#8221;on|tablet&#8221; global_colors_info=&#8221;{}&#8221;]<\/p>\n<h2>Discover<\/h2>\n<p>[\/et_pb_text][et_pb_text _builder_version=&#8221;4.27.4&#8243; _module_preset=&#8221;default&#8221; text_font=&#8221;Manrope||||||||&#8221; text_text_color=&#8221;#FFFFFF&#8221; text_line_height=&#8221;1.6em&#8221; link_font=&#8221;||||on||||&#8221; link_text_color=&#8221;#FFFFFF&#8221; header_4_font=&#8221;&#8211;et_global_heading_font||||||||&#8221; header_4_text_color=&#8221;#FFFFFF&#8221; max_width=&#8221;600px&#8221; custom_margin=&#8221;0px||25px||false|false&#8221; custom_padding=&#8221;0px||1px||false|false&#8221; text_font_size_tablet=&#8221;25px&#8221; text_font_size_phone=&#8221;20px&#8221; text_font_size_last_edited=&#8221;on|phone&#8221; global_colors_info=&#8221;{}&#8221;]<\/p>\n<div class=\"section-text text-block align-center\">\n<div class=\"wpb_column col-md-4 matchHeight-element matchHeight-applied\">\n<div class=\"section-text text-block \">\n<div id=\"comp-lielkxet1\" class=\"HcOXKn c9GqVL QxJLC3 lq2cno YQcXTT comp-lielkxet1 wixui-rich-text\" data-testid=\"richTextElement\" ariaattributes=\"[object Object]\">\n<h4 class=\"font_3 wixui-rich-text__text\">Experience the sights of Bern.<\/h4>\n<p>Our beautiful capital city has a lot to offer. Various Bernese landmarks open their doors on the national holiday. Or would you prefer a round trip? Then a special mode of transportation awaits you.   <\/p>\n<\/div>\n<\/div>\n<\/div>\n<\/div>\n<p>[\/et_pb_text][\/et_pb_column][\/et_pb_row][et_pb_row column_structure=&#8221;1_2,1_2&#8243; _builder_version=&#8221;4.27.4&#8243; _module_preset=&#8221;default&#8221; global_colors_info=&#8221;{}&#8221;][et_pb_column type=&#8221;1_2&#8243; _builder_version=&#8221;4.27.4&#8243; _module_preset=&#8221;default&#8221; global_colors_info=&#8221;{}&#8221;][et_pb_divider show_divider=&#8221;off&#8221; _builder_version=&#8221;4.27.4&#8243; _module_preset=&#8221;default&#8221; min_height=&#8221;102.8px&#8221; custom_padding=&#8221;140px||||false|false&#8221; global_colors_info=&#8221;{}&#8221;][\/et_pb_divider][\/et_pb_column][et_pb_column type=&#8221;1_2&#8243; _builder_version=&#8221;4.27.4&#8243; _module_preset=&#8221;default&#8221; global_colors_info=&#8221;{}&#8221;][\/et_pb_column][\/et_pb_row][et_pb_row column_structure=&#8221;1_2,1_2&#8243; _builder_version=&#8221;4.27.4&#8243; _module_preset=&#8221;default&#8221; global_colors_info=&#8221;{}&#8221;][et_pb_column type=&#8221;1_2&#8243; _builder_version=&#8221;4.27.4&#8243; _module_preset=&#8221;default&#8221; global_colors_info=&#8221;{}&#8221;][et_pb_text _builder_version=&#8221;4.27.4&#8243; _module_preset=&#8221;default&#8221; text_font=&#8221;&#8211;et_global_body_font||||||||&#8221; text_text_color=&#8221;#FFFFFF&#8221; link_font=&#8221;||||on|||#FFFFFF|&#8221; link_text_color=&#8221;#FFFFFF&#8221; header_2_font=&#8221;Retrocycles|700|||||||&#8221; header_2_text_color=&#8221;#FFFFFF&#8221; header_3_font=&#8221;&#8211;et_global_heading_font|700||on|||||&#8221; header_3_text_color=&#8221;#FFFFFF&#8221; header_4_font=&#8221;&#8211;et_global_heading_font|700|||||||&#8221; header_4_text_color=&#8221;#FFFFFF&#8221; header_5_font=&#8221;&#8211;et_global_heading_font|||on|||||&#8221; header_5_text_color=&#8221;#FFFFFF&#8221; global_colors_info=&#8221;{}&#8221;]<\/p>\n<div id=\"comp-l5hsgadn\" class=\"HcOXKn c9GqVL QxJLC3 lq2cno YQcXTT comp-l5hsgadn wixui-rich-text\" data-testid=\"richTextElement\" ariaattributes=\"[object Object]\">\n<h3 class=\"font_3 wixui-rich-text__text\"><span class=\"wixui-rich-text__text\">8.30-16.30<\/span><br class=\"wixui-rich-text__text\">Open Federal Palace<\/h3>\n<\/div>\n<div id=\"comp-l5hsgadr\" class=\"HcOXKn c9GqVL QxJLC3 lq2cno YQcXTT comp-l5hsgadr wixui-rich-text\" data-testid=\"richTextElement\" ariaattributes=\"[object Object]\">\n<p>Visit the political center of the Swiss federal state and embark on a journey of discovery through a building full of symbols that represent the history and diversity of our country and its people. You can visit the domed hall and lobby, the National Council and Council of States chambers, the Federal Council meeting room and the parliamentary library free of charge. <\/p>\n<ul>\n<li>Cost: free admission, admission until 3.30 pm<\/li>\n<li>Entrance: Bundeshaus, north entrance, Bundesplatz and south entrance, Bundesterrasse. Waiting times are to be expected due to security checks. <\/li>\n<li>Please note that persons over the age of 16 and children and young people under the age of 16 who are not accompanied by an adult will be subject to an identity check and must present official identification to the security staff.<\/li>\n<\/ul>\n<p>Find out more: Website <a href=\"https:\/\/www.parlament.ch\/agenda\/Pages\/agenda-1-august-2025.aspx\" target=\"_blank\" rel=\"noopener\">parlament.ch<\/a><\/p>\n<\/div>\n<p>[\/et_pb_text][et_pb_text _builder_version=&#8221;4.27.4&#8243; _module_preset=&#8221;default&#8221; text_font=&#8221;&#8211;et_global_body_font||||||||&#8221; text_text_color=&#8221;#FFFFFF&#8221; link_font=&#8221;||||on|||#FFFFFF|&#8221; link_text_color=&#8221;#FFFFFF&#8221; header_3_font=&#8221;&#8211;et_global_heading_font|700||on|||||&#8221; header_3_text_color=&#8221;#FFFFFF&#8221; header_4_font=&#8221;&#8211;et_global_heading_font|700|||||||&#8221; header_4_text_color=&#8221;#FFFFFF&#8221; header_5_font=&#8221;&#8211;et_global_heading_font|||on|||||&#8221; header_5_text_color=&#8221;#FFFFFF&#8221; global_colors_info=&#8221;{}&#8221;]<\/p>\n<div id=\"comp-l5hsgadn\" class=\"HcOXKn c9GqVL QxJLC3 lq2cno YQcXTT comp-l5hsgadn wixui-rich-text\" data-testid=\"richTextElement\" ariaattributes=\"[object Object]\">\n<h4 class=\"font_3 wixui-rich-text__text\"><span style=\"font-size: 16px;\">Audio tours of the Federal Palace<\/span><\/h4>\n<\/div>\n<div id=\"comp-l5hsgadr\" class=\"HcOXKn c9GqVL QxJLC3 lq2cno YQcXTT comp-l5hsgadr wixui-rich-text\" data-testid=\"richTextElement\" ariaattributes=\"[object Object]\">\n<p>The <a href=\"https:\/\/www.parlament.ch\/de\/services\/besuch-im-bundeshaus\/audiofuehrung-bundeshaus\" target=\"_blank\" rel=\"noopener\">app<\/a> provides you with interesting background information about your visit.<\/p>\n<\/div>\n<p>[\/et_pb_text][et_pb_text _builder_version=&#8221;4.27.4&#8243; _module_preset=&#8221;default&#8221; text_font=&#8221;&#8211;et_global_body_font||||||||&#8221; text_text_color=&#8221;#FFFFFF&#8221; link_font=&#8221;||||on|||#FFFFFF|&#8221; link_text_color=&#8221;#FFFFFF&#8221; header_3_font=&#8221;&#8211;et_global_heading_font|700||on|||||&#8221; header_3_text_color=&#8221;#FFFFFF&#8221; header_4_font=&#8221;&#8211;et_global_heading_font|700|||||||&#8221; header_4_text_color=&#8221;#FFFFFF&#8221; header_5_font=&#8221;&#8211;et_global_heading_font|||on|||||&#8221; header_5_text_color=&#8221;#FFFFFF&#8221; global_colors_info=&#8221;{}&#8221;]<\/p>\n<div id=\"comp-l5hsgadn\" class=\"HcOXKn c9GqVL QxJLC3 lq2cno YQcXTT comp-l5hsgadn wixui-rich-text\" data-testid=\"richTextElement\" ariaattributes=\"[object Object]\">\n<h4 class=\"font_3 wixui-rich-text__text\"><span style=\"font-size: 16px;\">Council presidencies in the Federal Palace<\/span><\/h4>\n<\/div>\n<div id=\"comp-l5hsgadr\" class=\"HcOXKn c9GqVL QxJLC3 lq2cno YQcXTT comp-l5hsgadr wixui-rich-text\" data-testid=\"richTextElement\" ariaattributes=\"[object Object]\">\n<h5>Council of States Chamber<\/h5>\n<ul>\n<li>The St\u00f6ckli as seen by Andrea Caroni, President of the Council of States.<\/li>\n<li>Moderation: Philipp Burkhardt, Head of the SRF Federal Parliament Editorial Office.<\/li>\n<li>12-12.30 p.m.<\/li>\n<\/ul>\n<h5>National Council Chamber<\/h5>\n<ul>\n<li>National Council President Maja Riniker and Council of States President Andrea Caroni answer questions from visitors.<\/li>\n<li>Moderation: Philipp Burkhardt, Head of the SRF Federal Parliament Editorial Office.<\/li>\n<li>The conversation will be simultaneously translated into French and Italian.<\/li>\n<li>13.00-13.45<\/li>\n<\/ul>\n<\/div>\n<p>[\/et_pb_text][\/et_pb_column][et_pb_column type=&#8221;1_2&#8243; _builder_version=&#8221;4.27.4&#8243; _module_preset=&#8221;default&#8221; global_colors_info=&#8221;{}&#8221;][et_pb_text _builder_version=&#8221;4.27.4&#8243; _module_preset=&#8221;default&#8221; text_font=&#8221;&#8211;et_global_body_font||||||||&#8221; text_text_color=&#8221;#FFFFFF&#8221; link_font=&#8221;||||on|||#FFFFFF|&#8221; link_text_color=&#8221;#FFFFFF&#8221; header_3_font=&#8221;&#8211;et_global_heading_font|700||on|||||&#8221; header_3_text_color=&#8221;#FFFFFF&#8221; header_4_font=&#8221;&#8211;et_global_heading_font|700|||||||&#8221; header_4_text_color=&#8221;#FFFFFF&#8221; header_5_font=&#8221;&#8211;et_global_heading_font|||on|||||&#8221; header_5_text_color=&#8221;#FFFFFF&#8221; global_colors_info=&#8221;{}&#8221;]<\/p>\n<div id=\"comp-l5hsgadn\" class=\"HcOXKn c9GqVL QxJLC3 lq2cno YQcXTT comp-l5hsgadn wixui-rich-text\" data-testid=\"richTextElement\" ariaattributes=\"[object Object]\">\n<h4>Information on the Parliament building and Council operations<\/h4>\n<h5>National Council Chamber<\/h5>\n<ul>\n<li>German 9\/11\/15 o&#8217;clock<\/li>\n<li>French 10\/14\/16 h<\/li>\n<li>Italian 2 pm<\/li>\n<\/ul>\n<h5>Council of States Chamber<\/h5>\n<p>German 9.30 am \/ 2.30 pm<br \/>French 11.30 am \/ 3.30 pm<br \/>Italian 11.30 am<\/p>\n<h4>Music from the cantons of the Council Presidencies<\/h4>\n<p>Traditional folk music with the Swiss band Trionettli from the canton of Aargau<\/p>\n<ul>\n<li>National Council Chamber 11.30 \/12.30 a.m.<\/li>\n<li>Council of States Chamber 9 a.m.<\/li>\n<\/ul>\n<p>Appenzell formation<\/p>\n<ul>\n<li>National Council Chamber 3.30 p.m.<\/li>\n<li>Council of States Chamber 10.30 a.m. \/ 2 p.m.<\/li>\n<\/ul>\n<\/div>\n<p>[\/et_pb_text][et_pb_text _builder_version=&#8221;4.27.4&#8243; _module_preset=&#8221;default&#8221; text_font=&#8221;&#8211;et_global_body_font||||||||&#8221; text_text_color=&#8221;#FFFFFF&#8221; link_font=&#8221;||||on|||#FFFFFF|&#8221; link_text_color=&#8221;#FFFFFF&#8221; header_3_font=&#8221;&#8211;et_global_heading_font|700||on|||||&#8221; header_3_text_color=&#8221;#FFFFFF&#8221; header_4_font=&#8221;&#8211;et_global_heading_font|700|||||||&#8221; header_4_text_color=&#8221;#FFFFFF&#8221; header_5_font=&#8221;&#8211;et_global_heading_font|||on|||||&#8221; header_5_text_color=&#8221;#FFFFFF&#8221; global_colors_info=&#8221;{}&#8221;]<\/p>\n<div id=\"comp-l5hsgadn\" class=\"HcOXKn c9GqVL QxJLC3 lq2cno YQcXTT comp-l5hsgadn wixui-rich-text\" data-testid=\"richTextElement\" ariaattributes=\"[object Object]\">\n<h4 class=\"font_3 wixui-rich-text__text\"><span style=\"font-size: 16px;\">Children&#8217;s program in the dome hall<\/span><\/h4>\n<\/div>\n<div id=\"comp-l5hsgadr\" class=\"HcOXKn c9GqVL QxJLC3 lq2cno YQcXTT comp-l5hsgadr wixui-rich-text\" data-testid=\"richTextElement\" ariaattributes=\"[object Object]\">\n<p>Competition, create tattoos and buttons<\/p>\n<\/div>\n<p>[\/et_pb_text][et_pb_image src=&#8221;https:\/\/ideebern.ch\/wp-content\/uploads\/2025\/06\/IMG_0910-scaled.jpg&#8221; title_text=&#8221;IMG_0910&#8243; _builder_version=&#8221;4.27.4&#8243; _module_preset=&#8221;default&#8221; custom_margin=&#8221;29px||||false|false&#8221; global_colors_info=&#8221;{}&#8221;][\/et_pb_image][\/et_pb_column][\/et_pb_row][et_pb_row column_structure=&#8221;1_2,1_2&#8243; _builder_version=&#8221;4.27.4&#8243; _module_preset=&#8221;default&#8221; global_colors_info=&#8221;{}&#8221;][et_pb_column type=&#8221;1_2&#8243; _builder_version=&#8221;4.27.4&#8243; _module_preset=&#8221;default&#8221; global_colors_info=&#8221;{}&#8221;][et_pb_text _builder_version=&#8221;4.27.4&#8243; _module_preset=&#8221;default&#8221; text_font=&#8221;&#8211;et_global_body_font||||||||&#8221; text_text_color=&#8221;#FFFFFF&#8221; link_font=&#8221;||||on|||#FFFFFF|&#8221; link_text_color=&#8221;#FFFFFF&#8221; header_3_font=&#8221;&#8211;et_global_heading_font|700||on|||||&#8221; header_3_text_color=&#8221;#FFFFFF&#8221; header_4_font=&#8221;&#8211;et_global_heading_font||||||||&#8221; header_4_text_color=&#8221;#FFFFFF&#8221; global_colors_info=&#8221;{}&#8221;]<\/p>\n<div id=\"comp-l5hsgadn\" class=\"HcOXKn c9GqVL QxJLC3 lq2cno YQcXTT comp-l5hsgadn wixui-rich-text\" data-testid=\"richTextElement\" ariaattributes=\"[object Object]\">\n<h3 class=\"font_3 wixui-rich-text__text\"><span class=\"wixui-rich-text__text\">10-17 h<\/span><br class=\"wixui-rich-text__text\">City tours<\/h3>\n<\/div>\n<div id=\"comp-l5hsgadr\" class=\"HcOXKn c9GqVL QxJLC3 lq2cno YQcXTT comp-l5hsgadr wixui-rich-text\" data-testid=\"richTextElement\" ariaattributes=\"[object Object]\">\n<p><strong>Explore Bern with Bern Welcome &#8211; City Tours.<\/strong><\/p>\n<p>From the city&#8217;s landmarks to its secret corners: Our city tours are as varied as Bern itself.<\/p>\n<p>On August 1, Bern Welcome is offering 21 exclusive free guided tours on various topics: UNESCO Old Town Stroll, Bern for Bernese, Lust and Vice, 1848 &#8211; Bern Becomes a Federal City and Children&#8217;s City Tour.<\/p>\n<p>The guided tours are offered in German, French or Italian.<\/p>\n<ul>\n<li>Start: From 11.30-16.30 every half hour, 3 guided tours take place at the same time.<\/li>\n<li>Duration: 30 minutes each.<\/li>\n<li>Costs: The guided tours are free of charge<\/li>\n<li>Participants: Max. 20 persons <\/li>\n<li>Registration: On August 1 from 10 a.m. directly at the Tourist Information on the Road on Bundesplatz<\/li>\n<\/ul>\n<p>Read more: <a href=\"https:\/\/bern.com\/de\/erleben\/stadtfuehrungen\" target=\"_blank\" rel=\"noopener\">bern.com<\/a><\/p>\n<\/div>\n<p>[\/et_pb_text][et_pb_image src=&#8221;https:\/\/ideebern.ch\/wp-content\/uploads\/2025\/06\/JUGH0193-e1750060675614.jpg&#8221; title_text=&#8221;JUGH0193&#8243; _builder_version=&#8221;4.27.4&#8243; _module_preset=&#8221;default&#8221; custom_margin=&#8221;23px||||false|false&#8221; global_colors_info=&#8221;{}&#8221;][\/et_pb_image][\/et_pb_column][et_pb_column type=&#8221;1_2&#8243; _builder_version=&#8221;4.27.4&#8243; _module_preset=&#8221;default&#8221; global_colors_info=&#8221;{}&#8221;][et_pb_text _builder_version=&#8221;4.27.4&#8243; _module_preset=&#8221;default&#8221; text_font=&#8221;&#8211;et_global_body_font||||||||&#8221; text_text_color=&#8221;#FFFFFF&#8221; link_font=&#8221;||||on|||#FFFFFF|&#8221; link_text_color=&#8221;#FFFFFF&#8221; header_3_font=&#8221;&#8211;et_global_heading_font|700||on|||||&#8221; header_3_text_color=&#8221;#FFFFFF&#8221; header_4_font=&#8221;&#8211;et_global_heading_font||||||||&#8221; header_4_text_color=&#8221;#FFFFFF&#8221; global_colors_info=&#8221;{}&#8221;]<\/p>\n<div id=\"comp-l5hsgadn\" class=\"HcOXKn c9GqVL QxJLC3 lq2cno YQcXTT comp-l5hsgadn wixui-rich-text\" data-testid=\"richTextElement\" ariaattributes=\"[object Object]\">\n<h3 class=\"font_3 wixui-rich-text__text\"><span class=\"wixui-rich-text__text\">10-16.30<\/span><br class=\"wixui-rich-text__text\">Berner m\u00fcnster<\/h3>\n<\/div>\n<div id=\"comp-l5hsgadr\" class=\"HcOXKn c9GqVL QxJLC3 lq2cno YQcXTT comp-l5hsgadr wixui-rich-text\" data-testid=\"richTextElement\" ariaattributes=\"[object Object]\">\n<p>Bern Minster offers a yodelling concert, a family program and exciting guided tours on the national holiday.<\/p>\n<p>Mehr dazu: <a href=\"bernermuenster.ch\" target=\"_blank\" rel=\"noopener\">bernermuenster.ch<\/a><\/p>\n<\/div>\n<p>[\/et_pb_text][et_pb_text _builder_version=&#8221;4.27.4&#8243; _module_preset=&#8221;default&#8221; text_font=&#8221;&#8211;et_global_body_font||||||||&#8221; text_text_color=&#8221;#FFFFFF&#8221; header_3_font=&#8221;&#8211;et_global_heading_font|700||on|||||&#8221; header_3_text_color=&#8221;#FFFFFF&#8221; header_4_font=&#8221;&#8211;et_global_heading_font|700|||||||&#8221; header_4_text_color=&#8221;#FFFFFF&#8221; global_colors_info=&#8221;{}&#8221;]<\/p>\n<div id=\"comp-l5hsgadn\" class=\"HcOXKn c9GqVL QxJLC3 lq2cno YQcXTT comp-l5hsgadn wixui-rich-text\" data-testid=\"richTextElement\" ariaattributes=\"[object Object]\">\n<h4>Guided tours of the bells of Bern Minster<\/h4>\n<p>Discover seven of the impressive cathedral bells up close and hear interesting stories about the cathedral bells. To top it all off, you can enjoy the unique view from a height of 46m and 64m. A magnificent view of Bern&#8217;s old town awaits you, and even the Bernese Oberland and the Jura mountains in good weather.  <\/p>\n<ul>\n<li>Times:\n<ul>\n<li>11.15-12 a.m.<\/li>\n<li>14.15-15 h<\/li>\n<li>15.45-16.30<\/li>\n<\/ul>\n<\/li>\n<li>Duration 45 minutes<\/li>\n<li>Cost: Adults Fr. 16.- incl. tower ticket, children from 8 to 17 years Fr. 8.- incl. tower ticket    <\/li>\n<li>Meeting point: Bern Minster information point<\/li>\n<\/ul>\n<\/div>\n<p>[\/et_pb_text][et_pb_text _builder_version=&#8221;4.27.4&#8243; _module_preset=&#8221;default&#8221; text_font=&#8221;&#8211;et_global_body_font||||||||&#8221; text_text_color=&#8221;#FFFFFF&#8221; header_3_font=&#8221;&#8211;et_global_heading_font|700||on|||||&#8221; header_3_text_color=&#8221;#FFFFFF&#8221; header_4_font=&#8221;&#8211;et_global_heading_font|700|||||||&#8221; header_4_text_color=&#8221;#FFFFFF&#8221; global_colors_info=&#8221;{}&#8221;]<\/p>\n<div id=\"comp-l5hsgadn\" class=\"HcOXKn c9GqVL QxJLC3 lq2cno YQcXTT comp-l5hsgadn wixui-rich-text\" data-testid=\"richTextElement\" ariaattributes=\"[object Object]\">\n<h4>Special tour of the bells of Bern Minster followed by a full peal<\/h4>\n<p>See the impressive cathedral bells up close and learn how the bells are made to ring and the tower to vibrate. The final highlight of the tour is experiencing the ringing of six bells on August 1st. <\/p>\n<ul>\n<li>Times\n<ul>\n<li>Guided tour: 19.15-20 h<\/li>\n<li>Ringing on August 1st 8-8.15 p.m.<\/li>\n<li>Descent 8.30 pm<\/li>\n<\/ul>\n<\/li>\n<li>Duration 60 minutes<\/li>\n<li>Cost: Fr. 20.- incl. tower ticket  <\/li>\n<li>Meeting point: Bern Minster information point<\/li>\n<li>Registration: Registration at the Bern Minster Information Office is necessary, space is limited<\/li>\n<li>Attention: Please bring hearing protection<\/li>\n<\/ul>\n<\/div>\n<p>[\/et_pb_text][\/et_pb_column][\/et_pb_row][et_pb_row column_structure=&#8221;1_2,1_2&#8243; _builder_version=&#8221;4.27.4&#8243; _module_preset=&#8221;default&#8221; global_colors_info=&#8221;{}&#8221;][et_pb_column type=&#8221;1_2&#8243; _builder_version=&#8221;4.27.4&#8243; _module_preset=&#8221;default&#8221; global_colors_info=&#8221;{}&#8221;][et_pb_text _builder_version=&#8221;4.27.4&#8243; _module_preset=&#8221;default&#8221; text_font=&#8221;&#8211;et_global_body_font||||||||&#8221; text_text_color=&#8221;#FFFFFF&#8221; link_font=&#8221;||||on|||#FFFFFF|&#8221; link_text_color=&#8221;#FFFFFF&#8221; header_3_font=&#8221;&#8211;et_global_heading_font|700||on|||||&#8221; header_3_text_color=&#8221;#FFFFFF&#8221; header_4_font=&#8221;&#8211;et_global_heading_font||||||||&#8221; header_4_text_color=&#8221;#FFFFFF&#8221; custom_margin=&#8221;||||false|false&#8221; global_colors_info=&#8221;{}&#8221;]<\/p>\n<div id=\"comp-l5hsgadn\" class=\"HcOXKn c9GqVL QxJLC3 lq2cno YQcXTT comp-l5hsgadn wixui-rich-text\" data-testid=\"richTextElement\" ariaattributes=\"[object Object]\">\n<h3 class=\"font_3 wixui-rich-text__text\"><span class=\"wixui-rich-text__text\">11 a.m. &#8211; 5 p.m.<\/span><br class=\"wixui-rich-text__text\">Stadtberner vintage bus tours<br \/><span style=\"font-size: 16px;\"><\/span><\/h3>\n<p class=\"font_3 wixui-rich-text__text\"><span style=\"font-size: 16px;\">Explore Bern on a bus from a bygone era, for example the &#8220;Schnauzenbus&#8221; from 1924.<\/span><\/p>\n<\/div>\n<div id=\"comp-l5hsgadr\" class=\"HcOXKn c9GqVL QxJLC3 lq2cno YQcXTT comp-l5hsgadr wixui-rich-text\" data-testid=\"richTextElement\" ariaattributes=\"[object Object]\">\n<p>&nbsp;<\/p>\n<ul>\n<li>Departure every 20 minutes from Kochergasse (next to Bundesplatz), one trip takes approx. 30 minutes.<\/li>\n<li>Space is limited, waiting times are to be expected.<\/li>\n<li>Single trips:\n<ul>\n<li>Adults Fr. 12.-<\/li>\n<li>Adolescents up to 16 years: Fr. 6.-<\/li>\n<li>Children up to 6 years: free of charge<\/li>\n<\/ul>\n<\/li>\n<li>  Day tickets:\n<ul>\n<li>Adults Fr. 20.-<\/li>\n<li>Adolescents up to 16 years: Fr. 10.-<\/li>\n<li>Children up to 6 years: free of charge<\/li>\n<\/ul>\n<\/li>\n<\/ul>\n<p>More information: <a href=\"https:\/\/bernmobil-historique.ch\/event\/nationalfeiertag\/\" target=\"_blank\" rel=\"noopener\">bernmobil-historique.ch<\/a><a href=\"https:\/\/bern.com\/de\/aktuelles\/highlights\/sommer-in-bern\" target=\"_blank\" rel=\"noopener\"><\/a><\/p>\n<\/div>\n<p>[\/et_pb_text][et_pb_image src=&#8221;https:\/\/ideebern.ch\/wp-content\/uploads\/2025\/06\/20220801-Ab5-Ab157-Bundeshaus-Ost.jpg&#8221; title_text=&#8221;20220801 Ab5 Ab157 Federal Palace East&#8221; _builder_version=&#8221;4.27.4&#8243; _module_preset=&#8221;default&#8221; custom_margin=&#8221;30px||||false|false&#8221; global_colors_info=&#8221;{}&#8221;][\/et_pb_image][\/et_pb_column][et_pb_column type=&#8221;1_2&#8243; _builder_version=&#8221;4.27.4&#8243; _module_preset=&#8221;default&#8221; global_colors_info=&#8221;{}&#8221;][et_pb_text _builder_version=&#8221;4.27.4&#8243; _module_preset=&#8221;default&#8221; text_font=&#8221;&#8211;et_global_body_font||||||||&#8221; text_text_color=&#8221;#FFFFFF&#8221; header_3_font=&#8221;&#8211;et_global_heading_font|700||on|||||&#8221; header_3_text_color=&#8221;#FFFFFF&#8221; header_4_font=&#8221;&#8211;et_global_heading_font|700|||||||&#8221; header_4_text_color=&#8221;#FFFFFF&#8221; global_colors_info=&#8221;{}&#8221;]<\/p>\n<div id=\"comp-l5hsgadn\" class=\"HcOXKn c9GqVL QxJLC3 lq2cno YQcXTT comp-l5hsgadn wixui-rich-text\" data-testid=\"richTextElement\" ariaattributes=\"[object Object]\">\n<h4 class=\"font_3 wixui-rich-text__text\"><span style=\"font-size: 16px;\">Vehicles<\/span><\/h4>\n<\/div>\n<div id=\"comp-l5hsgadr\" class=\"HcOXKn c9GqVL QxJLC3 lq2cno YQcXTT comp-l5hsgadr wixui-rich-text\" data-testid=\"richTextElement\" ariaattributes=\"[object Object]\">\n<p><strong>Snout bus number 5 (1924)<\/strong><\/p>\n<p>Saurer type Schnauzenbus from 1924. At over 100 years old, this is the oldest operational city bus in Switzerland. Travels to Kirchenfeld and the old town.  <\/p>\n<p><strong>Rear bus number 91 (1956)<\/strong><\/p>\n<p>Saurer bus from 1956, rear-engined design. Travels over the Kirchenfeld bridge to Ka-We-De Burgernziel &#8211; B\u00e4rengraben. <\/p>\n<p><strong>Underfloor bus number 157 (1965)<\/strong><\/p>\n<p>Type FBW bus from 1965, &#8220;underfloor engine&#8221; design. It travels over the Kirchenfeld bridge to Ka-We-De &#8211; Burgernziel &#8211; B\u00e4rengraben or to Elfenau. <\/p>\n<\/div>\n<p>[\/et_pb_text][et_pb_image src=&#8221;https:\/\/ideebern.ch\/wp-content\/uploads\/2024\/12\/Bus5-3.Betriebstag-16.08.2021-EJ2020-04714-scaled.jpg&#8221; title_text=&#8221;OLYMPUS DIGITAL CAMERA&#8221; _builder_version=&#8221;4.27.4&#8243; _module_preset=&#8221;default&#8221; custom_margin=&#8221;30px||||false|false&#8221; global_colors_info=&#8221;{}&#8221;][\/et_pb_image][\/et_pb_column][\/et_pb_row][et_pb_row _builder_version=&#8221;4.27.4&#8243; _module_preset=&#8221;default&#8221; global_colors_info=&#8221;{}&#8221;][et_pb_column type=&#8221;4_4&#8243; _builder_version=&#8221;4.27.4&#8243; _module_preset=&#8221;default&#8221; global_colors_info=&#8221;{}&#8221;][\/et_pb_column][\/et_pb_row][\/et_pb_section][et_pb_section fb_built=&#8221;1&#8243; custom_padding_last_edited=&#8221;on|tablet&#8221; disabled_on=&#8221;off|off|off&#8221; admin_label=&#8221;Genussmeile&#8221; module_id=&#8221;about-us&#8221; _builder_version=&#8221;4.27.4&#8243; _module_preset=&#8221;default&#8221; background_color=&#8221;gcid-4e5204ad-61b3-4f3a-b07f-8c8eaab28708&#8243; background_enable_image=&#8221;off&#8221; background_size=&#8221;contain&#8221; background_position=&#8221;bottom_center&#8221; custom_margin=&#8221;0px||0px||false|false&#8221; custom_padding=&#8221;130px||140px||false|false&#8221; custom_padding_tablet=&#8221;0px||120px||false|false&#8221; custom_padding_phone=&#8221;||90px||false|false&#8221; locked=&#8221;off&#8221; global_colors_info=&#8221;{%22gcid-4e5204ad-61b3-4f3a-b07f-8c8eaab28708%22:%91%22background_color%22%93}&#8221;][et_pb_row _builder_version=&#8221;4.27.4&#8243; _module_preset=&#8221;default&#8221; background_image=&#8221;https:\/\/ideebern.ch\/wp-content\/uploads\/2025\/06\/BF19-2-Grill-1.jpg&#8221; positioning=&#8221;absolute&#8221; position_origin_a=&#8221;top_right&#8221; vertical_offset=&#8221;-100px&#8221; position_origin_a_tablet=&#8221;top_right&#8221; position_origin_a_phone=&#8221;top_right&#8221; position_origin_a_last_edited=&#8221;on|tablet&#8221; position_origin_f_tablet=&#8221;&#8221; position_origin_f_phone=&#8221;&#8221; position_origin_f_last_edited=&#8221;on|tablet&#8221; position_origin_r_tablet=&#8221;&#8221; position_origin_r_phone=&#8221;&#8221; position_origin_r_last_edited=&#8221;on|tablet&#8221; width=&#8221;44%&#8221; width_tablet=&#8221;100%&#8221; width_phone=&#8221;100%&#8221; width_last_edited=&#8221;on|tablet&#8221; max_width=&#8221;44%&#8221; max_width_tablet=&#8221;100%&#8221; max_width_phone=&#8221;100%&#8221; max_width_last_edited=&#8221;on|tablet&#8221; min_height=&#8221;678px&#8221; min_height_tablet=&#8221;678px&#8221; min_height_phone=&#8221;330px&#8221; min_height_last_edited=&#8221;on|phone&#8221; custom_margin=&#8221;0px||0px||false|false&#8221; custom_margin_tablet=&#8221;0px||90px||false|false&#8221; custom_margin_phone=&#8221;||55px||false|false&#8221; custom_margin_last_edited=&#8221;on|tablet&#8221; custom_padding=&#8221;0px||0px||false|false&#8221; animation_style=&#8221;slide&#8221; animation_direction=&#8221;right&#8221; animation_intensity_slide=&#8221;2%&#8221; animation_speed_curve=&#8221;ease&#8221; positioning_tablet=&#8221;none&#8221; positioning_phone=&#8221;none&#8221; positioning_last_edited=&#8221;on|tablet&#8221; global_colors_info=&#8221;{}&#8221;][et_pb_column type=&#8221;4_4&#8243; _builder_version=&#8221;4.27.4&#8243; _module_preset=&#8221;default&#8221; global_colors_info=&#8221;{}&#8221;][\/et_pb_column][\/et_pb_row][et_pb_row module_id=&#8221;#ueber-uns&#8221; _builder_version=&#8221;4.27.4&#8243; _module_preset=&#8221;default&#8221; width=&#8221;90%&#8221; max_width=&#8221;1296px&#8221; custom_margin=&#8221;0px||0px||false|false&#8221; custom_padding=&#8221;0px||0px||false|false&#8221; global_colors_info=&#8221;{}&#8221;][et_pb_column type=&#8221;4_4&#8243; _builder_version=&#8221;4.24.2&#8243; _module_preset=&#8221;default&#8221; global_colors_info=&#8221;{}&#8221;][et_pb_divider show_divider=&#8221;off&#8221; _builder_version=&#8221;4.27.4&#8243; _module_preset=&#8221;default&#8221; global_colors_info=&#8221;{}&#8221;][\/et_pb_divider][et_pb_text module_id=&#8221;genussmeile&#8221; _builder_version=&#8221;4.27.4&#8243; _module_preset=&#8221;default&#8221; header_2_font=&#8221;Retrocycles|700|||||||&#8221; header_2_text_align=&#8221;left&#8221; header_2_text_color=&#8221;#FFFFFF&#8221; header_2_font_size=&#8221;52px&#8221; header_2_letter_spacing=&#8221;-1px&#8221; header_2_line_height=&#8221;1.1em&#8221; max_width=&#8221;635px&#8221; custom_margin=&#8221;0px||25px||false|false&#8221; custom_padding=&#8221;0px||0px||false|false&#8221; header_2_font_size_tablet=&#8221;42px&#8221; header_2_font_size_phone=&#8221;26px&#8221; header_2_font_size_last_edited=&#8221;on|tablet&#8221; global_colors_info=&#8221;{}&#8221;]<\/p>\n<h2>Pleasure mile<\/h2>\n<p>[\/et_pb_text][et_pb_text _builder_version=&#8221;4.27.4&#8243; _module_preset=&#8221;default&#8221; text_font=&#8221;Manrope||||||||&#8221; text_text_color=&#8221;#FFFFFF&#8221; text_line_height=&#8221;1.6em&#8221; link_font=&#8221;||||on||||&#8221; link_text_color=&#8221;#FFFFFF&#8221; header_4_font=&#8221;&#8211;et_global_heading_font||||||||&#8221; header_4_text_color=&#8221;#FFFFFF&#8221; max_width=&#8221;600px&#8221; custom_margin=&#8221;0px||25px||false|false&#8221; custom_padding=&#8221;0px||1px||false|false&#8221; text_font_size_tablet=&#8221;25px&#8221; text_font_size_phone=&#8221;20px&#8221; text_font_size_last_edited=&#8221;on|phone&#8221; global_colors_info=&#8221;{}&#8221;]<\/p>\n<div class=\"section-text text-block align-center\">\n<div class=\"wpb_column col-md-4 matchHeight-element matchHeight-applied\">\n<div class=\"section-text text-block \">\n<div id=\"comp-lielkxet1\" class=\"HcOXKn c9GqVL QxJLC3 lq2cno YQcXTT comp-lielkxet1 wixui-rich-text\" data-testid=\"richTextElement\" ariaattributes=\"[object Object]\">\n<h4 class=\"font_3 wixui-rich-text__text\">Grill market and &#8220;Gnussgass&#8221;<\/h4>\n<p class=\"font_3 wixui-rich-text__text\">Of course, good food is a must at a birthday party. The delicious and seasonal ingredients are available from the various local caterers. <\/p>\n<\/div>\n<\/div>\n<\/div>\n<\/div>\n<p>[\/et_pb_text][et_pb_text _builder_version=&#8221;4.27.4&#8243; _module_preset=&#8221;default&#8221; text_font=&#8221;&#8211;et_global_body_font||||||||&#8221; text_text_color=&#8221;#FFFFFF&#8221; header_3_font=&#8221;&#8211;et_global_heading_font|700||on|||||&#8221; header_3_text_color=&#8221;#FFFFFF&#8221; header_4_font=&#8221;&#8211;et_global_heading_font||||||||&#8221; header_4_text_color=&#8221;#FFFFFF&#8221; width=&#8221;55.7%&#8221; global_colors_info=&#8221;{}&#8221;]<\/p>\n<div class=\"section-text text-block align-center\">\n<div class=\"wpb_column col-md-4 matchHeight-element matchHeight-applied\">\n<div class=\"section-text text-block \">\n<div id=\"comp-lielkxet1\" class=\"HcOXKn c9GqVL QxJLC3 lq2cno YQcXTT comp-lielkxet1 wixui-rich-text\" data-testid=\"richTextElement\" ariaattributes=\"[object Object]\">\n<div id=\"bgLayers_comp-liem5y25\" data-hook=\"bgLayers\" data-motion-part=\"BG_LAYER comp-liem5y25\" class=\"MW5IWV\">\n<div id=\"bgLayers_comp-liem5y2o\" data-hook=\"bgLayers\" data-motion-part=\"BG_LAYER comp-liem5y2o\" class=\"MW5IWV\">\n<div id=\"bgMedia_comp-liem5y2o\" data-motion-part=\"BG_MEDIA comp-liem5y2o\" class=\"VgO9Yg\"><\/div>\n<\/div>\n<div data-mesh-id=\"comp-liem5y2oinlineContent\" data-testid=\"inline-content\" class=\"\">\n<div data-mesh-id=\"comp-liem5y2oinlineContent-gridContainer\" data-testid=\"mesh-container-content\">\n<div id=\"comp-liem5y2s1\" class=\"comp-liem5y2s1 SPY_vo\">\n<div data-mesh-id=\"comp-liem5y2s1inlineContent\" data-testid=\"inline-content\" class=\"\">\n<div data-mesh-id=\"comp-liem5y2s1inlineContent-gridContainer\" data-testid=\"mesh-container-content\">\n<div id=\"comp-liem5y2v1\" class=\"HcOXKn c9GqVL QxJLC3 lq2cno YQcXTT comp-liem5y2v1 wixui-rich-text\" data-testid=\"richTextElement\" ariaattributes=\"[object Object]\">\n<h3 class=\"font_3 wixui-rich-text__text\"><span class=\"wixui-rich-text__text\">11-23 <\/span><span class=\"wixui-rich-text__text\">h<\/span><br class=\"wixui-rich-text__text\">Big barbecue<\/h3>\n<\/div>\n<div id=\"comp-liem5y2x1\" class=\"HcOXKn c9GqVL QxJLC3 lq2cno YQcXTT comp-liem5y2x1 wixui-rich-text\" data-testid=\"richTextElement\" ariaattributes=\"[object Object]\">\n<p>Switzerland loves barbecues &#8211; and so do we. That&#8217;s why a large barbecue is available for all guests on the Bundesplatz. The motto is grilling and meeting together. Suitable barbecue food is available at the stalls all around.   <\/p>\n<ul><\/ul>\n<\/div>\n<\/div>\n<\/div>\n<\/div>\n<\/div>\n<\/div>\n<\/div>\n<div data-mesh-id=\"comp-liem5y25inlineContent\" data-testid=\"inline-content\" class=\"\">\n<div data-mesh-id=\"comp-liem5y25inlineContent-gridContainer\" data-testid=\"mesh-container-content\">\n<div id=\"comp-liem5y27\" class=\"comp-liem5y27 SPY_vo\">\n<div data-mesh-id=\"comp-liem5y27inlineContent\" data-testid=\"inline-content\" class=\"\"><\/div>\n<\/div>\n<\/div>\n<\/div>\n<\/div>\n<div id=\"comp-lielkxev\" class=\"HcOXKn c9GqVL QxJLC3 lq2cno YQcXTT comp-lielkxev wixui-rich-text\" data-testid=\"richTextElement\" ariaattributes=\"[object Object]\"><\/div>\n<\/div>\n<\/div>\n<\/div>\n<p>[\/et_pb_text][et_pb_text disabled_on=&#8221;off|off|off&#8221; _builder_version=&#8221;4.27.4&#8243; _module_preset=&#8221;default&#8221; text_font=&#8221;&#8211;et_global_body_font||||||||&#8221; text_text_color=&#8221;#FFFFFF&#8221; link_font=&#8221;&#8211;et_global_body_font||||on||||&#8221; link_text_color=&#8221;#FFFFFF&#8221; header_3_font=&#8221;&#8211;et_global_heading_font|700||on|||||&#8221; header_3_text_color=&#8221;#FFFFFF&#8221; header_4_font=&#8221;&#8211;et_global_heading_font||||||||&#8221; header_4_text_color=&#8221;#FFFFFF&#8221; width=&#8221;55.7%&#8221; global_colors_info=&#8221;{}&#8221;]<\/p>\n<div class=\"section-text text-block align-center\">\n<div class=\"wpb_column col-md-4 matchHeight-element matchHeight-applied\">\n<div class=\"section-text text-block \">\n<div id=\"comp-lielkxet1\" class=\"HcOXKn c9GqVL QxJLC3 lq2cno YQcXTT comp-lielkxet1 wixui-rich-text\" data-testid=\"richTextElement\" ariaattributes=\"[object Object]\">\n<div id=\"bgLayers_comp-liem5y25\" data-hook=\"bgLayers\" data-motion-part=\"BG_LAYER comp-liem5y25\" class=\"MW5IWV\">\n<div id=\"bgLayers_comp-liem5y2o\" data-hook=\"bgLayers\" data-motion-part=\"BG_LAYER comp-liem5y2o\" class=\"MW5IWV\">\n<div id=\"bgMedia_comp-liem5y2o\" data-motion-part=\"BG_MEDIA comp-liem5y2o\" class=\"VgO9Yg\"><\/div>\n<\/div>\n<div data-mesh-id=\"comp-liem5y2oinlineContent\" data-testid=\"inline-content\" class=\"\">\n<div data-mesh-id=\"comp-liem5y2oinlineContent-gridContainer\" data-testid=\"mesh-container-content\">\n<div id=\"comp-liem5y2s1\" class=\"comp-liem5y2s1 SPY_vo\">\n<div data-mesh-id=\"comp-liem5y2s1inlineContent\" data-testid=\"inline-content\" class=\"\">\n<div data-mesh-id=\"comp-liem5y2s1inlineContent-gridContainer\" data-testid=\"mesh-container-content\">\n<div id=\"comp-liem5y2v1\" class=\"HcOXKn c9GqVL QxJLC3 lq2cno YQcXTT comp-liem5y2v1 wixui-rich-text\" data-testid=\"richTextElement\" ariaattributes=\"[object Object]\">\n<h3 class=\"font_3 wixui-rich-text__text\"><span class=\"wixui-rich-text__text\">11-23 <\/span><span class=\"wixui-rich-text__text\">h<\/span><br class=\"wixui-rich-text__text\">Local gastronomy<\/h3>\n<\/div>\n<div id=\"comp-liem5y2x1\" class=\"HcOXKn c9GqVL QxJLC3 lq2cno YQcXTT comp-liem5y2x1 wixui-rich-text\" data-testid=\"richTextElement\" ariaattributes=\"[object Object]\">\n<p>Included are:<\/p>\n<ul>\n<li><a href=\"https:\/\/www.altoque.live\/\" target=\"_blank\" rel=\"noopener\">Al Toque<\/a><em> &#8211; homemade empanadas<\/em><\/li>\n<li><a href=\"https:\/\/bierhuebeli.ch\/\" target=\"_blank\" rel=\"noopener\">Bierh\u00fcbeli<\/a> <em>-Atmospheric bar<br \/><\/em><\/li>\n<li><a href=\"https:\/\/www.eatfufu.ch\/\" target=\"_blank\" rel=\"noopener\">FUFU<\/a><em> &#8211; Vegan, honestly cooked<\/em><\/li>\n<li><a href=\"https:\/\/www.gastrocollective.ch\/#Hotdog\" target=\"_blank\" rel=\"noopener\">Gastro Collective<\/a><em> &#8211; Hot Dogs creations<\/em><\/li>\n<li>Hope`s Grill<em> &#8211; Delicacies from the grill<\/em><\/li>\n<li><a href=\"https:\/\/www.johnysroadkitchen.ch\/\" target=\"_blank\" rel=\"noopener\">Johny&#8217;s Road Kitchen<\/a><em> &#8211; Hungarian street food<\/em><\/li>\n<li><a href=\"https:\/\/kaltelust.ch\/\" target=\"_blank\" rel=\"noopener\">Cold pleasure<\/a><em> &#8211; refreshing fair glaces<\/em><\/li>\n<li><a href=\"https:\/\/www.instagram.com\/label7_ch\/?hl=de\" target=\"_blank\" rel=\"noopener\">Label 7<\/a> <em>&#8211; the other Softice<\/em><\/li>\n<li><a href=\"https:\/\/www.morewurster.com\/\" target=\"_blank\" rel=\"noopener\">bog sausages<\/a><em> &#8211; handmade Bernese sausages<\/em><\/li>\n<li><a href=\"https:\/\/www.greengastroclub.ch\/\" target=\"_blank\" rel=\"noopener\">Green Gastro Club<\/a><em> &#8211; Kebab naturally<\/em><\/li>\n<li><a href=\"https:\/\/www.rohundnobel.ch\/\" target=\"_blank\" rel=\"noopener\">Raw &amp; Noble<\/a><em> &#8211; B\u00e4rner Fries with that certain something<\/em><\/li>\n<li><a href=\"https:\/\/www.sicula.org\/\" target=\"_blank\" rel=\"noopener\">Sicula<\/a><em> &#8211; Pizza in Pala at its best<\/em><\/li>\n<li><a href=\"https:\/\/www.tasteofparadise.ch\/\" target=\"_blank\" rel=\"noopener\">Taste of Paradise<\/a> <em>&#8211; tasteful exoticism<\/em><\/li>\n<li><a href=\"https:\/\/www.lepassage-baden.ch\/\" target=\"_blank\" rel=\"noopener\">Taste Of Orient<\/a><em> &#8211; Vacations on a plate<\/em><\/li>\n<li><a href=\"https:\/\/www.tenz.ch\/\" target=\"_blank\" rel=\"noopener\">Tenz<\/a><em> &#8211; Fine momos<\/em><\/li>\n<li><a href=\"https:\/\/www.terravigna.ch\/\" target=\"_blank\" rel=\"noopener\">Terravigna<\/a><em> &#8211; Wine bar, pleasure in a glass <\/em> <\/li>\n<li><a href=\"https:\/\/www.thach.ch\/\" target=\"_blank\" rel=\"noopener\">Thach Gastro<\/a><em> &#8211; Asia as a guest in Bern<\/em><\/li>\n<\/ul>\n<p>&nbsp;<\/p>\n<ul><\/ul>\n<\/div>\n<\/div>\n<\/div>\n<\/div>\n<\/div>\n<\/div>\n<\/div>\n<div data-mesh-id=\"comp-liem5y25inlineContent\" data-testid=\"inline-content\" class=\"\">\n<div data-mesh-id=\"comp-liem5y25inlineContent-gridContainer\" data-testid=\"mesh-container-content\">\n<div id=\"comp-liem5y27\" class=\"comp-liem5y27 SPY_vo\">\n<div data-mesh-id=\"comp-liem5y27inlineContent\" data-testid=\"inline-content\" class=\"\"><\/div>\n<\/div>\n<\/div>\n<\/div>\n<\/div>\n<div id=\"comp-lielkxev\" class=\"HcOXKn c9GqVL QxJLC3 lq2cno YQcXTT comp-lielkxev wixui-rich-text\" data-testid=\"richTextElement\" ariaattributes=\"[object Object]\"><\/div>\n<\/div>\n<\/div>\n<\/div>\n<p>[\/et_pb_text][\/et_pb_column][\/et_pb_row][\/et_pb_section][et_pb_section fb_built=&#8221;1&#8243; custom_padding_last_edited=&#8221;on|tablet&#8221; disabled_on=&#8221;off|off|off&#8221; admin_label=&#8221;Weiteres&#8221; module_id=&#8221;about-us&#8221; _builder_version=&#8221;4.27.4&#8243; _module_preset=&#8221;default&#8221; background_color=&#8221;#FFFFFF&#8221; background_enable_image=&#8221;off&#8221; background_size=&#8221;contain&#8221; background_position=&#8221;bottom_center&#8221; custom_margin=&#8221;0px||0px||false|false&#8221; custom_padding=&#8221;31px||140px||false|false&#8221; custom_padding_tablet=&#8221;0px||120px||false|false&#8221; custom_padding_phone=&#8221;||90px||false|false&#8221; locked=&#8221;off&#8221; global_colors_info=&#8221;{}&#8221;][et_pb_row column_structure=&#8221;1_2,1_2&#8243; module_id=&#8221;#ueber-uns&#8221; _builder_version=&#8221;4.27.4&#8243; _module_preset=&#8221;default&#8221; width=&#8221;90%&#8221; max_width=&#8221;1296px&#8221; custom_margin=&#8221;0px||0px||false|false&#8221; custom_padding=&#8221;0px||0px||false|false&#8221; global_colors_info=&#8221;{}&#8221;][et_pb_column type=&#8221;1_2&#8243; _builder_version=&#8221;4.24.2&#8243; _module_preset=&#8221;default&#8221; global_colors_info=&#8221;{}&#8221;][et_pb_divider show_divider=&#8221;off&#8221; _builder_version=&#8221;4.27.4&#8243; _module_preset=&#8221;default&#8221; global_colors_info=&#8221;{}&#8221;][\/et_pb_divider][et_pb_text module_id=&#8221;weiteres&#8221; _builder_version=&#8221;4.27.4&#8243; _module_preset=&#8221;default&#8221; header_2_font=&#8221;Retrocycles|700|||||||&#8221; header_2_text_align=&#8221;left&#8221; header_2_text_color=&#8221;gcid-4e5204ad-61b3-4f3a-b07f-8c8eaab28708&#8243; header_2_font_size=&#8221;52px&#8221; header_2_letter_spacing=&#8221;-1px&#8221; header_2_line_height=&#8221;1.1em&#8221; max_width=&#8221;635px&#8221; custom_margin=&#8221;0px||25px||false|false&#8221; custom_padding=&#8221;0px||0px||false|false&#8221; header_2_font_size_tablet=&#8221;42px&#8221; header_2_font_size_phone=&#8221;26px&#8221; header_2_font_size_last_edited=&#8221;on|tablet&#8221; global_colors_info=&#8221;{%22gcid-4e5204ad-61b3-4f3a-b07f-8c8eaab28708%22:%91%22header_2_text_color%22%93}&#8221;]<\/p>\n<h2>Further information<\/h2>\n<p>[\/et_pb_text][et_pb_text _builder_version=&#8221;4.27.4&#8243; _module_preset=&#8221;default&#8221; text_font=&#8221;&#8211;et_global_body_font||||||||&#8221; text_text_color=&#8221;gcid-body-color&#8221; text_line_height=&#8221;1.6em&#8221; link_font=&#8221;||||on||||&#8221; link_text_color=&#8221;gcid-4e5204ad-61b3-4f3a-b07f-8c8eaab28708&#8243; header_3_font=&#8221;&#8211;et_global_body_font|&#8211;et_global_heading_font_weight||on|||||&#8221; header_3_text_color=&#8221;gcid-body-color&#8221; header_4_font=&#8221;&#8211;et_global_heading_font||||||||&#8221; header_4_text_color=&#8221;gcid-4e5204ad-61b3-4f3a-b07f-8c8eaab28708&#8243; max_width=&#8221;600px&#8221; custom_margin=&#8221;0px||25px||false|false&#8221; custom_padding=&#8221;0px||1px||false|false&#8221; text_font_size_tablet=&#8221;25px&#8221; text_font_size_phone=&#8221;20px&#8221; text_font_size_last_edited=&#8221;on|phone&#8221; global_colors_info=&#8221;{%22gcid-4e5204ad-61b3-4f3a-b07f-8c8eaab28708%22:%91%22header_4_text_color%22,%22link_text_color%22%93,%22gcid-body-color%22:%91%22text_text_color%22,%22header_3_text_color%22%93}&#8221;]<\/p>\n<div class=\"section-text text-block align-center\">\n<div class=\"wpb_column col-md-4 matchHeight-element matchHeight-applied\">\n<div class=\"section-text text-block \">\n<div id=\"comp-lielkxet1\" class=\"HcOXKn c9GqVL QxJLC3 lq2cno YQcXTT comp-lielkxet1 wixui-rich-text\" data-testid=\"richTextElement\" ariaattributes=\"[object Object]\">\n<div id=\"bgLayers_comp-liem5y25\" data-hook=\"bgLayers\" data-motion-part=\"BG_LAYER comp-liem5y25\" class=\"MW5IWV\">\n<div id=\"bgLayers_comp-liem5y2o\" data-hook=\"bgLayers\" data-motion-part=\"BG_LAYER comp-liem5y2o\" class=\"MW5IWV\">\n<div id=\"bgMedia_comp-liem5y2o\" data-motion-part=\"BG_MEDIA comp-liem5y2o\" class=\"VgO9Yg\"><\/div>\n<\/div>\n<div data-mesh-id=\"comp-liem5y2oinlineContent\" data-testid=\"inline-content\" class=\"\">\n<div data-mesh-id=\"comp-liem5y2oinlineContent-gridContainer\" data-testid=\"mesh-container-content\">\n<div id=\"comp-liem5y2s1\" class=\"comp-liem5y2s1 SPY_vo\">\n<div data-mesh-id=\"comp-liem5y2s1inlineContent\" data-testid=\"inline-content\" class=\"\">\n<div data-mesh-id=\"comp-liem5y2s1inlineContent-gridContainer\" data-testid=\"mesh-container-content\">\n<div id=\"comp-liem5y2v1\" class=\"HcOXKn c9GqVL QxJLC3 lq2cno YQcXTT comp-liem5y2v1 wixui-rich-text\" data-testid=\"richTextElement\" ariaattributes=\"[object Object]\">\n<h3 class=\"font_3 wixui-rich-text__text\"><span class=\"wixui-rich-text__text\">from 6 <\/span><span class=\"wixui-rich-text__text\">p.m.<\/span><br class=\"wixui-rich-text__text\">Bundesfeier Bern West<\/h3>\n<\/div>\n<div id=\"comp-liem5y2x1\" class=\"HcOXKn c9GqVL QxJLC3 lq2cno YQcXTT comp-liem5y2x1 wixui-rich-text\" data-testid=\"richTextElement\" ariaattributes=\"[object Object]\">\n<p>There is also a national celebration in the west of Bern. The B\u00fcmpliz-Bethlehem QBB neighborhood commission invites you to celebrate on the national holiday from 6 pm in Br\u00fcnnengut. There will be a big bonfire, lantern-making followed by a lantern procession, a speech by the Vice President of the City Council, food and drink and music by local musicians.  <\/p>\n<p>More about the celebration in Bern West: <a href=\"https:\/\/qbb.ch\/aktuell\/\" target=\"_blank\" rel=\"noopener\">www.qbb.ch<\/a><\/p>\n<ul><\/ul>\n<\/div>\n<\/div>\n<\/div>\n<\/div>\n<\/div>\n<\/div>\n<\/div>\n<div data-mesh-id=\"comp-liem5y25inlineContent\" data-testid=\"inline-content\" class=\"\">\n<div data-mesh-id=\"comp-liem5y25inlineContent-gridContainer\" data-testid=\"mesh-container-content\">\n<div id=\"comp-liem5y27\" class=\"comp-liem5y27 SPY_vo\">\n<div data-mesh-id=\"comp-liem5y27inlineContent\" data-testid=\"inline-content\" class=\"\"><\/div>\n<\/div>\n<\/div>\n<\/div>\n<\/div>\n<div id=\"comp-lielkxev\" class=\"HcOXKn c9GqVL QxJLC3 lq2cno YQcXTT comp-lielkxev wixui-rich-text\" data-testid=\"richTextElement\" ariaattributes=\"[object Object]\"><\/div>\n<\/div>\n<\/div>\n<\/div>\n<p>[\/et_pb_text][\/et_pb_column][et_pb_column type=&#8221;1_2&#8243; _builder_version=&#8221;4.24.2&#8243; _module_preset=&#8221;default&#8221; global_colors_info=&#8221;{}&#8221;][et_pb_image src=&#8221;https:\/\/ideebern.ch\/wp-content\/uploads\/2025\/06\/Flyer-Augustfeuer_2025-1.jpg&#8221; title_text=&#8221;Flyer Augustfire_2025-1&#8243; _builder_version=&#8221;4.27.4&#8243; _module_preset=&#8221;default&#8221; width=&#8221;54%&#8221; min_height=&#8221;376.7px&#8221; custom_padding=&#8221;||0px||false|false&#8221; global_colors_info=&#8221;{}&#8221;][\/et_pb_image][\/et_pb_column][\/et_pb_row][\/et_pb_section][et_pb_section fb_built=&#8221;1&#8243; custom_padding_last_edited=&#8221;on|tablet&#8221; admin_label=&#8221;Infos&#8221; module_id=&#8221;infos&#8221; _builder_version=&#8221;4.27.4&#8243; _module_preset=&#8221;default&#8221; custom_margin=&#8221;0px||0px||false|false&#8221; custom_padding=&#8221;42px||240px||false|false&#8221; custom_padding_tablet=&#8221;110px||120px||false|false&#8221; custom_padding_phone=&#8221;85px||90px||false|false&#8221; hover_enabled=&#8221;0&#8243; global_colors_info=&#8221;{}&#8221; sticky_enabled=&#8221;0&#8243;][et_pb_row _builder_version=&#8221;4.24.2&#8243; _module_preset=&#8221;default&#8221; width=&#8221;90%&#8221; max_width=&#8221;635px&#8221; custom_margin=&#8221;0px||37px||false|false&#8221; custom_padding=&#8221;0px||0px||false|false&#8221; global_colors_info=&#8221;{}&#8221;][et_pb_column type=&#8221;4_4&#8243; _builder_version=&#8221;4.24.2&#8243; _module_preset=&#8221;default&#8221; global_colors_info=&#8221;{}&#8221;][et_pb_text _builder_version=&#8221;4.27.4&#8243; _module_preset=&#8221;default&#8221; header_2_font=&#8221;Helvetica Neue|700|||||||&#8221; header_2_text_align=&#8221;center&#8221; header_2_text_color=&#8221;#555252&#8243; header_2_font_size=&#8221;52px&#8221; header_2_letter_spacing=&#8221;-1px&#8221; header_2_line_height=&#8221;1.1em&#8221; max_width=&#8221;635px&#8221; custom_margin=&#8221;0px||0px||false|false&#8221; custom_padding=&#8221;0px||0px||false|false&#8221; header_2_font_size_tablet=&#8221;42px&#8221; header_2_font_size_phone=&#8221;26px&#8221; header_2_font_size_last_edited=&#8221;on|tablet&#8221; global_colors_info=&#8221;{}&#8221;]<\/p>\n<h2><span style=\"text-decoration: underline;\">Information on August 1<\/span><\/h2>\n<p>[\/et_pb_text][\/et_pb_column][\/et_pb_row][et_pb_row column_structure=&#8221;1_3,1_3,1_3&#8243; _builder_version=&#8221;4.27.4&#8243; _module_preset=&#8221;default&#8221; global_colors_info=&#8221;{}&#8221;][et_pb_column type=&#8221;1_3&#8243; _builder_version=&#8221;4.27.4&#8243; _module_preset=&#8221;default&#8221; global_colors_info=&#8221;{}&#8221;][et_pb_blurb title=&#8221;Arrival&#8221; use_icon=&#8221;on&#8221; font_icon=&#8221;&#xf55e;||fa||900&#8243; icon_color=&#8221;#dc5e52&#8243; image_icon_width=&#8221;75px&#8221; _builder_version=&#8221;4.27.4&#8243; _module_preset=&#8221;default&#8221; header_font=&#8221;Helvetica Neue||||on||||&#8221; header_text_align=&#8221;center&#8221; header_text_color=&#8221;#555252&#8243; body_font=&#8221;Helvetica Neue||||||||&#8221; global_colors_info=&#8221;{}&#8221;]<\/p>\n<p style=\"text-align: center;\"><span>We recommend traveling by public transport. Bundesplatz will be closed to traffic due to the celebrations, bus routes 10 and 19 will be diverted. <\/span><\/p>\n<p>[\/et_pb_blurb][\/et_pb_column][et_pb_column type=&#8221;1_3&#8243; _builder_version=&#8221;4.27.4&#8243; _module_preset=&#8221;default&#8221; global_colors_info=&#8221;{}&#8221;][et_pb_blurb title=&#8221;Fireworks ban&#8221; use_icon=&#8221;on&#8221; font_icon=&#8221;&#xf46a;||fa||900&#8243; icon_color=&#8221;#dc5e52&#8243; image_icon_width=&#8221;75px&#8221; _builder_version=&#8221;4.27.4&#8243; _module_preset=&#8221;default&#8221; header_font=&#8221;Helvetica Neue||||on||||&#8221; header_text_align=&#8221;center&#8221; header_text_color=&#8221;#555252&#8243; body_font=&#8221;Helvetica Neue||||||||&#8221; global_colors_info=&#8221;{}&#8221;]<\/p>\n<p class=\"font_8 wixui-rich-text__text\"><span class=\"wixui-rich-text__text\">Fireworks are a must for many people, especially on public holidays. However, there is not enough space for this in the streets of Bern&#8217;s city center and it is too dangerous. Help us to take care:  <span> <\/span><a href=\"https:\/\/webredaktion.bgov.ch\/themen\/sicherheit\/pravention\/feuerwerk\" target=\"_blank\" rel=\"noreferrer noopener\" class=\"wixui-rich-text__text\">&#8220;Ir Stadt fiire statt f\u00fc\u00fcre!&#8221;.<\/a><\/span><\/p>\n<p class=\"font_8 wixui-rich-text__text\"><span class=\"wixui-rich-text__text\"><span class=\"wixGuard wixui-rich-text__text\">\u200b<\/span><\/span><\/p>\n<p class=\"font_8 wixui-rich-text__text\"><span class=\"wixui-rich-text__text\">Do you like colorful lights? Then let&#8217;s go to the lantern parade. <\/span><\/p>\n<p>[\/et_pb_blurb][\/et_pb_column][et_pb_column type=&#8221;1_3&#8243; _builder_version=&#8221;4.27.4&#8243; _module_preset=&#8221;default&#8221; global_colors_info=&#8221;{}&#8221;][et_pb_blurb title=&#8221;  Protection of minors&#8221; use_icon=&#8221;on&#8221; font_icon=&#8221;&#x7e;||divi||400&#8243; icon_color=&#8221;#dc5e52&#8243; image_icon_width=&#8221;75px&#8221; _builder_version=&#8221;4.27.4&#8243; _module_preset=&#8221;default&#8221; header_font=&#8221;Helvetica Neue||||on||||&#8221; header_text_align=&#8221;center&#8221; header_text_color=&#8221;#555252&#8243; body_font=&#8221;Helvetica Neue||||||||&#8221; global_colors_info=&#8221;{}&#8221;]<\/p>\n<p style=\"text-align: center;\"><span>We attach great importance to the protection of minors. No alcohol is sold or served to persons under the age of 16 at the festival. The sale of spirits, alcopops and similar drinks to young people under the age of 18 is prohibited. The stand operators will carry out age checks if necessary. Beer and wine are only sold to persons over the age of 16.    <\/span><\/p>\n<p>[\/et_pb_blurb][\/et_pb_column][\/et_pb_row][et_pb_row column_structure=&#8221;1_3,1_3,1_3&#8243; _builder_version=&#8221;4.27.4&#8243; _module_preset=&#8221;default&#8221; global_colors_info=&#8221;{}&#8221;][et_pb_column type=&#8221;1_3&#8243; _builder_version=&#8221;4.27.4&#8243; _module_preset=&#8221;default&#8221; global_colors_info=&#8221;{}&#8221;][et_pb_blurb title=&#8221;Reusable&#8221; use_icon=&#8221;on&#8221; font_icon=&#8221;&#xf2e7;||fa||900&#8243; icon_color=&#8221;#dc5e52&#8243; image_icon_width=&#8221;75px&#8221; _builder_version=&#8221;4.27.4&#8243; _module_preset=&#8221;default&#8221; header_font=&#8221;Helvetica Neue||||on||||&#8221; header_text_align=&#8221;center&#8221; header_text_color=&#8221;#555252&#8243; body_font=&#8221;Helvetica Neue||||||||&#8221; global_colors_info=&#8221;{}&#8221;]<\/p>\n<p style=\"text-align: center;\"><span>Only reusable tableware with a deposit system is available at the festival. After use, you can return your crockery to the stands and receive the deposit amount back straight away. <\/span><\/p>\n<p>[\/et_pb_blurb][\/et_pb_column][et_pb_column type=&#8221;1_3&#8243; _builder_version=&#8221;4.27.4&#8243; _module_preset=&#8221;default&#8221; global_colors_info=&#8221;{}&#8221;][et_pb_blurb title=&#8221;Sustainability&#8221; use_icon=&#8221;on&#8221; font_icon=&#8221;&#xf299;||fa||400&#8243; icon_color=&#8221;#dc5e52&#8243; image_icon_width=&#8221;75px&#8221; _builder_version=&#8221;4.27.4&#8243; _module_preset=&#8221;default&#8221; header_font=&#8221;Helvetica Neue||||on||||&#8221; header_text_align=&#8221;center&#8221; header_text_color=&#8221;#555252&#8243; body_font=&#8221;Helvetica Neue||||||||&#8221; global_colors_info=&#8221;{}&#8221;]<\/p>\n<p style=\"text-align: center;\"><span>To ensure that Switzerland can continue to celebrate many birthdays in the future, we are focusing on the most sustainable celebration possible. We are using reusable packaging, working with local partners, offering regional and seasonal food wherever possible, communicating mainly online and this year we are also doing without fireworks. <\/span><\/p>\n<p>[\/et_pb_blurb][\/et_pb_column][et_pb_column type=&#8221;1_3&#8243; _builder_version=&#8221;4.27.4&#8243; _module_preset=&#8221;default&#8221; global_colors_info=&#8221;{}&#8221;][et_pb_blurb title=&#8221;  Celebrate nicely&#8221; use_icon=&#8221;on&#8221; font_icon=&#8221;&#xf79f;||fa||900&#8243; icon_color=&#8221;#dc5e52&#8243; image_icon_width=&#8221;75px&#8221; _builder_version=&#8221;4.27.4&#8243; _module_preset=&#8221;default&#8221; header_font=&#8221;Helvetica Neue||||on||||&#8221; header_text_align=&#8221;center&#8221; header_text_color=&#8221;#555252&#8243; body_font=&#8221;Helvetica Neue||||||||&#8221; global_colors_info=&#8221;{}&#8221;]<\/p>\n<p style=\"text-align: center;\"><span>Celebrating together is more fun. So be nice and friendly to each other, have respect for people, animals and the environment, keep a good night&#8217;s sleep, dispose of your garbage and spread a good atmosphere. <\/span><\/p>\n<p>[\/et_pb_blurb][\/et_pb_column][\/et_pb_row][et_pb_row column_structure=&#8221;1_2,1_2&#8243; _builder_version=&#8221;4.27.4&#8243; _module_preset=&#8221;default&#8221; global_colors_info=&#8221;{}&#8221;][et_pb_column type=&#8221;1_2&#8243; _builder_version=&#8221;4.27.4&#8243; _module_preset=&#8221;default&#8221; global_colors_info=&#8221;{}&#8221;][et_pb_blurb title=&#8221;  Weather&#8221; use_icon=&#8221;on&#8221; font_icon=&#8221;&#xf6c4;||fa||900&#8243; icon_color=&#8221;#dc5e52&#8243; image_icon_width=&#8221;75px&#8221; _builder_version=&#8221;4.27.4&#8243; _module_preset=&#8221;default&#8221; header_font=&#8221;Helvetica Neue||||on||||&#8221; header_text_align=&#8221;center&#8221; header_text_color=&#8221;#555252&#8243; body_font=&#8221;Helvetica Neue||||||||&#8221; global_colors_info=&#8221;{}&#8221;]<\/p>\n<p style=\"text-align: center;\"><span>A little rain does not spoil the festivities at all. In the event of heavy rain, storms or similar, the August 1st celebrations will not take place or will only take place to a limited extent. We will inform you via <a href=\"https:\/\/www.instagram.com\/ideebern\/#\" target=\"_blank\" rel=\"noopener\">Instagram @ideebern <\/a>   <\/span>or <span class=\"wixui-rich-text__text\"><a href=\"https:\/\/www.facebook.com\/bundesfeierbern\" target=\"_blank\" rel=\"noopener noreferrer\" class=\"wixui-rich-text__text\">Facebook @bundesfeierbern<\/a><\/span><span>  about the implementation. We reserve the right to make changes to the program. <\/span><\/p>\n<p>[\/et_pb_blurb][\/et_pb_column][et_pb_column type=&#8221;1_2&#8243; _builder_version=&#8221;4.27.4&#8243; _module_preset=&#8221;default&#8221; global_colors_info=&#8221;{}&#8221;][et_pb_blurb title=&#8221;  First aid&#8221; use_icon=&#8221;on&#8221; font_icon=&#8221;&#xf479;||fa||900&#8243; icon_color=&#8221;#dc5e52&#8243; image_icon_width=&#8221;75px&#8221; _builder_version=&#8221;4.27.4&#8243; _module_preset=&#8221;default&#8221; header_font=&#8221;Helvetica Neue||||on||||&#8221; header_text_align=&#8221;center&#8221; header_text_color=&#8221;#555252&#8243; body_font=&#8221;Helvetica Neue||||||||&#8221; global_colors_info=&#8221;{}&#8221;]<\/p>\n<p class=\"font_8 wixui-rich-text__text\"><span class=\"wixui-rich-text__text\">You will find the Samaritans on the Bundesplatz. Contact them in an emergency: <\/span><\/p>\n<p class=\"font_8 wixui-rich-text__text\"><span class=\"wixui-rich-text__text\">Medical police | T 144<br class=\"wixui-rich-text__text\">Police | T 117<br class=\"wixui-rich-text__text\">International emergency call | T 112<br class=\"wixui-rich-text__text\">Fire brigade | T 118<\/span><\/p>\n<p>[\/et_pb_blurb][\/et_pb_column][\/et_pb_row][\/et_pb_section][et_pb_section fb_built=&#8221;1&#8243; custom_padding_last_edited=&#8221;on|tablet&#8221; admin_label=&#8221;Follow us&#8221; _builder_version=&#8221;4.27.4&#8243; _module_preset=&#8221;default&#8221; background_color=&#8221;#dc5e52&#8243; background_enable_image=&#8221;off&#8221; background_size=&#8221;contain&#8221; background_position=&#8221;bottom_center&#8221; custom_margin=&#8221;0px||0px||false|false&#8221; custom_padding=&#8221;130px||140px||false|false&#8221; custom_padding_tablet=&#8221;0px||120px||false|false&#8221; custom_padding_phone=&#8221;||90px||false|false&#8221; global_colors_info=&#8221;{}&#8221;][et_pb_row _builder_version=&#8221;4.27.4&#8243; _module_preset=&#8221;default&#8221; background_image=&#8221;https:\/\/ideebern.ch\/wp-content\/uploads\/2025\/01\/c661a6e5-2ea8-4d33-8ddc-3901e6822ae5.avif&#8221; positioning=&#8221;absolute&#8221; position_origin_a=&#8221;top_right&#8221; vertical_offset=&#8221;-100px&#8221; position_origin_a_tablet=&#8221;top_right&#8221; position_origin_a_phone=&#8221;top_right&#8221; position_origin_a_last_edited=&#8221;on|tablet&#8221; position_origin_f_tablet=&#8221;&#8221; position_origin_f_phone=&#8221;&#8221; position_origin_f_last_edited=&#8221;on|tablet&#8221; position_origin_r_tablet=&#8221;&#8221; position_origin_r_phone=&#8221;&#8221; position_origin_r_last_edited=&#8221;on|tablet&#8221; width=&#8221;44%&#8221; width_tablet=&#8221;100%&#8221; width_phone=&#8221;100%&#8221; width_last_edited=&#8221;on|tablet&#8221; max_width=&#8221;44%&#8221; max_width_tablet=&#8221;100%&#8221; max_width_phone=&#8221;100%&#8221; max_width_last_edited=&#8221;on|tablet&#8221; min_height=&#8221;678px&#8221; min_height_tablet=&#8221;678px&#8221; min_height_phone=&#8221;330px&#8221; min_height_last_edited=&#8221;on|phone&#8221; custom_margin=&#8221;0px||0px||false|false&#8221; custom_margin_tablet=&#8221;0px||90px||false|false&#8221; custom_margin_phone=&#8221;||55px||false|false&#8221; custom_margin_last_edited=&#8221;on|tablet&#8221; custom_padding=&#8221;0px||0px||false|false&#8221; animation_style=&#8221;slide&#8221; animation_direction=&#8221;right&#8221; animation_intensity_slide=&#8221;2%&#8221; animation_speed_curve=&#8221;ease&#8221; positioning_tablet=&#8221;none&#8221; positioning_phone=&#8221;none&#8221; positioning_last_edited=&#8221;on|tablet&#8221; global_colors_info=&#8221;{}&#8221;][et_pb_column type=&#8221;4_4&#8243; _builder_version=&#8221;4.27.4&#8243; _module_preset=&#8221;default&#8221; global_colors_info=&#8221;{}&#8221;][\/et_pb_column][\/et_pb_row][et_pb_row _builder_version=&#8221;4.24.2&#8243; _module_preset=&#8221;default&#8221; width=&#8221;90%&#8221; max_width=&#8221;1296px&#8221; custom_margin=&#8221;0px||0px||false|false&#8221; custom_padding=&#8221;0px||0px||false|false&#8221; global_colors_info=&#8221;{}&#8221;][et_pb_column type=&#8221;4_4&#8243; _builder_version=&#8221;4.24.2&#8243; _module_preset=&#8221;default&#8221; global_colors_info=&#8221;{}&#8221;][et_pb_divider show_divider=&#8221;off&#8221; _builder_version=&#8221;4.27.4&#8243; _module_preset=&#8221;default&#8221; global_colors_info=&#8221;{}&#8221;][\/et_pb_divider][et_pb_text _builder_version=&#8221;4.27.4&#8243; _module_preset=&#8221;default&#8221; header_2_font=&#8221;Helvetica Neue|700|||||||&#8221; header_2_text_align=&#8221;left&#8221; header_2_text_color=&#8221;#FFFFFF&#8221; header_2_font_size=&#8221;52px&#8221; header_2_letter_spacing=&#8221;-1px&#8221; header_2_line_height=&#8221;1.1em&#8221; max_width=&#8221;635px&#8221; custom_margin=&#8221;0px||||false|false&#8221; custom_margin_tablet=&#8221;0px||35px||false|false&#8221; custom_margin_phone=&#8221;0px||30px||false|false&#8221; custom_margin_last_edited=&#8221;on|phone&#8221; custom_padding=&#8221;0px||||false|false&#8221; header_2_font_size_tablet=&#8221;42px&#8221; header_2_font_size_phone=&#8221;26px&#8221; header_2_font_size_last_edited=&#8221;on|tablet&#8221; global_colors_info=&#8221;{}&#8221;]<\/p>\n<h2>Follow us<\/h2>\n<p>[\/et_pb_text][et_pb_text _builder_version=&#8221;4.27.4&#8243; _module_preset=&#8221;default&#8221; text_font=&#8221;Helvetica Neue||||||||&#8221; text_text_color=&#8221;#FFFFFF&#8221; text_font_size=&#8221;18px&#8221; text_line_height=&#8221;1.6em&#8221; max_width=&#8221;635px&#8221; custom_margin=&#8221;0px||25px||false|false&#8221; custom_padding=&#8221;0px||0px||false|false&#8221; text_font_size_tablet=&#8221;25px&#8221; text_font_size_phone=&#8221;20px&#8221; text_font_size_last_edited=&#8221;on|phone&#8221; global_colors_info=&#8221;{}&#8221;]<\/p>\n<div class=\"section-text text-block align-center\">\n<div id=\"bgLayers_comp-kx74cnyr\" data-hook=\"bgLayers\" data-motion-part=\"BG_LAYER comp-kx74cnyr\" class=\"MW5IWV\">\n<div id=\"bgMedia_comp-kx74cnyr\" data-motion-part=\"BG_MEDIA comp-kx74cnyr\" class=\"VgO9Yg\"><\/div>\n<\/div>\n<div data-mesh-id=\"comp-kx74cnyrinlineContent\" data-testid=\"inline-content\" class=\"\">\n<div data-mesh-id=\"comp-kx74cnyrinlineContent-gridContainer\" data-testid=\"mesh-container-content\">\n<div id=\"comp-l4r0trfj\" class=\"HcOXKn c9GqVL QxJLC3 lq2cno YQcXTT comp-l4r0trfj wixui-rich-text\" data-testid=\"richTextElement\">\n<p class=\"font_9 wixui-rich-text__text\"><span class=\"color_36 wixui-rich-text__text\">Do you like the August 1st celebration? Then follow us on Instagram or Facebook. We look forward to seeing you.  <\/span><\/p>\n<\/div>\n<\/div>\n<\/div>\n<\/div>\n<p>[\/et_pb_text][et_pb_text _builder_version=&#8221;4.27.4&#8243; _module_preset=&#8221;default&#8221; text_font=&#8221;Helvetica Neue||||||||&#8221; text_text_color=&#8221;#FFFFFF&#8221; text_font_size=&#8221;18px&#8221; text_line_height=&#8221;1.6em&#8221; max_width=&#8221;635px&#8221; custom_margin=&#8221;0px||25px||false|false&#8221; custom_padding=&#8221;0px||0px||false|false&#8221; link_option_url=&#8221;https:\/\/www.instagram.com\/ideebern\/#&#8221; link_option_url_new_window=&#8221;on&#8221; text_font_size_tablet=&#8221;25px&#8221; text_font_size_phone=&#8221;20px&#8221; text_font_size_last_edited=&#8221;on|phone&#8221; global_colors_info=&#8221;{}&#8221;]<\/p>\n<div class=\"section-text text-block align-center\">\n<div id=\"bgLayers_comp-kx74cnyr\" data-hook=\"bgLayers\" data-motion-part=\"BG_LAYER comp-kx74cnyr\" class=\"MW5IWV\">\n<div id=\"bgMedia_comp-kx74cnyr\" data-motion-part=\"BG_MEDIA comp-kx74cnyr\" class=\"VgO9Yg\"><\/div>\n<\/div>\n<div data-mesh-id=\"comp-kx74cnyrinlineContent\" data-testid=\"inline-content\" class=\"\">\n<div data-mesh-id=\"comp-kx74cnyrinlineContent-gridContainer\" data-testid=\"mesh-container-content\">\n<div id=\"comp-l4r0trfj\" class=\"HcOXKn c9GqVL QxJLC3 lq2cno YQcXTT comp-l4r0trfj wixui-rich-text\" data-testid=\"richTextElement\">\n<p class=\"font_9 wixui-rich-text__text\"><span style=\"text-decoration: underline;\"><span class=\"color_36 wixui-rich-text__text\">Instagram<\/span><\/span><\/p>\n<\/div>\n<\/div>\n<\/div>\n<\/div>\n<p>[\/et_pb_text][et_pb_text _builder_version=&#8221;4.27.4&#8243; _module_preset=&#8221;default&#8221; text_font=&#8221;Helvetica Neue||||||||&#8221; text_text_color=&#8221;#FFFFFF&#8221; text_font_size=&#8221;18px&#8221; text_line_height=&#8221;1.6em&#8221; max_width=&#8221;635px&#8221; custom_margin=&#8221;0px||25px||false|false&#8221; custom_padding=&#8221;0px||0px||false|false&#8221; link_option_url=&#8221;https:\/\/www.facebook.com\/bundesfeierbern\/&#8221; link_option_url_new_window=&#8221;on&#8221; text_font_size_tablet=&#8221;25px&#8221; text_font_size_phone=&#8221;20px&#8221; text_font_size_last_edited=&#8221;on|phone&#8221; global_colors_info=&#8221;{}&#8221;]<\/p>\n<div class=\"section-text text-block align-center\">\n<div id=\"bgLayers_comp-kx74cnyr\" data-hook=\"bgLayers\" data-motion-part=\"BG_LAYER comp-kx74cnyr\" class=\"MW5IWV\">\n<div id=\"bgMedia_comp-kx74cnyr\" data-motion-part=\"BG_MEDIA comp-kx74cnyr\" class=\"VgO9Yg\"><\/div>\n<\/div>\n<div data-mesh-id=\"comp-kx74cnyrinlineContent\" data-testid=\"inline-content\" class=\"\">\n<div data-mesh-id=\"comp-kx74cnyrinlineContent-gridContainer\" data-testid=\"mesh-container-content\">\n<div id=\"comp-l4r0trfj\" class=\"HcOXKn c9GqVL QxJLC3 lq2cno YQcXTT comp-l4r0trfj wixui-rich-text\" data-testid=\"richTextElement\">\n<p class=\"font_9 wixui-rich-text__text\"><span style=\"text-decoration: underline;\"><span class=\"color_36 wixui-rich-text__text\">Facebook<\/span><\/span><\/p>\n<\/div>\n<\/div>\n<\/div>\n<\/div>\n<p>[\/et_pb_text][\/et_pb_column][\/et_pb_row][\/et_pb_section][et_pb_section fb_built=&#8221;1&#8243; custom_padding_last_edited=&#8221;on|tablet&#8221; disabled_on=&#8221;off|off|off&#8221; admin_label=&#8221;Partner*innen&#8221; module_id=&#8221;partner&#8221; _builder_version=&#8221;4.27.4&#8243; _module_preset=&#8221;default&#8221; background_enable_color=&#8221;off&#8221; background_enable_image=&#8221;off&#8221; background_size=&#8221;contain&#8221; custom_margin=&#8221;0px||0px||false|false&#8221; custom_padding=&#8221;130px||130px||false|false&#8221; custom_padding_tablet=&#8221;110px||120px||false|false&#8221; custom_padding_phone=&#8221;85px||90px||false|false&#8221; hover_enabled=&#8221;0&#8243; global_colors_info=&#8221;{}&#8221; sticky_enabled=&#8221;0&#8243;][et_pb_row column_structure=&#8221;1_2,1_2&#8243; use_custom_gutter=&#8221;on&#8221; gutter_width=&#8221;1&#8243; _builder_version=&#8221;4.27.4&#8243; _module_preset=&#8221;default&#8221; width=&#8221;90%&#8221; max_width=&#8221;1296px&#8221; custom_margin=&#8221;0px||0px||false|false&#8221; custom_padding=&#8221;0px||0px||false|false&#8221; global_colors_info=&#8221;{}&#8221;][et_pb_column type=&#8221;1_2&#8243; _builder_version=&#8221;4.24.2&#8243; _module_preset=&#8221;default&#8221; global_colors_info=&#8221;{}&#8221;][et_pb_text _builder_version=&#8221;4.27.4&#8243; _module_preset=&#8221;default&#8221; global_colors_info=&#8221;{}&#8221;][\/et_pb_text][\/et_pb_column][et_pb_column type=&#8221;1_2&#8243; _builder_version=&#8221;4.27.4&#8243; _module_preset=&#8221;default&#8221; global_colors_info=&#8221;{}&#8221;][et_pb_divider show_divider=&#8221;off&#8221; _builder_version=&#8221;4.27.4&#8243; _module_preset=&#8221;default&#8221; global_colors_info=&#8221;{}&#8221;][\/et_pb_divider][et_pb_divider show_divider=&#8221;off&#8221; _builder_version=&#8221;4.27.4&#8243; _module_preset=&#8221;default&#8221; global_colors_info=&#8221;{}&#8221;][\/et_pb_divider][\/et_pb_column][\/et_pb_row][et_pb_row _builder_version=&#8221;4.27.4&#8243; _module_preset=&#8221;default&#8221; global_colors_info=&#8221;{}&#8221;][et_pb_column type=&#8221;4_4&#8243; _builder_version=&#8221;4.27.4&#8243; _module_preset=&#8221;default&#8221; global_colors_info=&#8221;{}&#8221;][et_pb_text _builder_version=&#8221;4.27.4&#8243; _module_preset=&#8221;default&#8221; header_2_font=&#8221;Helvetica Neue|700|||on|||#555252|&#8221; header_2_text_align=&#8221;left&#8221; header_2_text_color=&#8221;#555252&#8243; header_2_font_size=&#8221;72px&#8221; header_2_letter_spacing=&#8221;-1px&#8221; header_2_line_height=&#8221;1.1em&#8221; max_width=&#8221;635px&#8221; custom_margin=&#8221;0px||37px||false|false&#8221; custom_margin_tablet=&#8221;0px||6px||false|false&#8221; custom_margin_phone=&#8221;0px||6px||false|false&#8221; custom_margin_last_edited=&#8221;on|tablet&#8221; custom_padding=&#8221;0px||0px||false|false&#8221; header_2_font_size_tablet=&#8221;45px&#8221; header_2_font_size_phone=&#8221;28px&#8221; header_2_font_size_last_edited=&#8221;on|tablet&#8221; global_colors_info=&#8221;{}&#8221;]<\/p>\n<h2>Thank you very much!<\/h2>\n<p>[\/et_pb_text][\/et_pb_column][\/et_pb_row][et_pb_row column_structure=&#8221;1_2,1_2&#8243; _builder_version=&#8221;4.27.4&#8243; _module_preset=&#8221;default&#8221; global_colors_info=&#8221;{}&#8221;][et_pb_column type=&#8221;1_2&#8243; _builder_version=&#8221;4.27.4&#8243; _module_preset=&#8221;default&#8221; global_colors_info=&#8221;{}&#8221;][et_pb_text _builder_version=&#8221;4.27.4&#8243; _module_preset=&#8221;default&#8221; header_2_font=&#8221;Helvetica Neue||||on||||&#8221; global_colors_info=&#8221;{}&#8221;]<\/p>\n<h2>Organized by<\/h2>\n<p>[\/et_pb_text][et_pb_image src=&#8221;https:\/\/ideebern.ch\/wp-content\/uploads\/2025\/03\/1Aug2025_Logo_ideeBERN.png&#8221; title_text=&#8221;1Aug2025_Logo_ideeBERN&#8221; _builder_version=&#8221;4.27.4&#8243; _module_preset=&#8221;default&#8221; width=&#8221;250px&#8221; height=&#8221;125px&#8221; global_colors_info=&#8221;{}&#8221;][\/et_pb_image][\/et_pb_column][et_pb_column type=&#8221;1_2&#8243; _builder_version=&#8221;4.27.4&#8243; _module_preset=&#8221;default&#8221; global_colors_info=&#8221;{}&#8221;][et_pb_text _builder_version=&#8221;4.27.4&#8243; _module_preset=&#8221;default&#8221; header_2_font=&#8221;Helvetica Neue||||on||||&#8221; global_colors_info=&#8221;{}&#8221;]<\/p>\n<h2>Main partner<\/h2>\n<p>[\/et_pb_text][et_pb_image src=&#8221;https:\/\/ideebern.ch\/wp-content\/uploads\/2025\/03\/1Aug2025_Logo_Engagement.png&#8221; title_text=&#8221;1Aug2025_Logo_Engagement&#8221; url=&#8221;https:\/\/www.bern.ch\/&#8221; url_new_window=&#8221;on&#8221; _builder_version=&#8221;4.27.4&#8243; _module_preset=&#8221;default&#8221; width=&#8221;250px&#8221; height=&#8221;125px&#8221; global_colors_info=&#8221;{}&#8221;][\/et_pb_image][\/et_pb_column][\/et_pb_row][et_pb_row _builder_version=&#8221;4.27.4&#8243; _module_preset=&#8221;default&#8221; global_colors_info=&#8221;{}&#8221;][et_pb_column type=&#8221;4_4&#8243; _builder_version=&#8221;4.27.4&#8243; _module_preset=&#8221;default&#8221; global_colors_info=&#8221;{}&#8221;][et_pb_text _builder_version=&#8221;4.27.4&#8243; _module_preset=&#8221;default&#8221; header_2_font=&#8221;Helvetica Neue||||on||||&#8221; global_colors_info=&#8221;{}&#8221;]<\/p>\n<h2>Special thanks to<\/h2>\n<p>[\/et_pb_text][\/et_pb_column][\/et_pb_row][et_pb_row column_structure=&#8221;1_5,1_5,1_5,1_5,1_5&#8243; use_custom_gutter=&#8221;on&#8221; gutter_width=&#8221;2&#8243; make_equal=&#8221;on&#8221; _builder_version=&#8221;4.27.4&#8243; _module_preset=&#8221;default&#8221; module_alignment=&#8221;center&#8221; global_colors_info=&#8221;{}&#8221;][et_pb_column type=&#8221;1_5&#8243; _builder_version=&#8221;4.27.4&#8243; _module_preset=&#8221;default&#8221; global_colors_info=&#8221;{}&#8221;][et_pb_blurb title=&#8221;Bearbeat&#8221; url_new_window=&#8221;on&#8221; image=&#8221;https:\/\/ideebern.ch\/wp-content\/uploads\/2025\/03\/1Aug2025_Logo_Bearbeat-3.png&#8221; alt=&#8221;Logo Gaffuri AG&#8221; _builder_version=&#8221;4.27.4&#8243; _module_preset=&#8221;default&#8221; header_text_align=&#8221;center&#8221; custom_padding=&#8221;||0px|||&#8221; link_option_url=&#8221;https:\/\/bearbeat.ch\/&#8221; link_option_url_new_window=&#8221;on&#8221; locked=&#8221;off&#8221; global_colors_info=&#8221;{}&#8221;][\/et_pb_blurb][\/et_pb_column][et_pb_column type=&#8221;1_5&#8243; _builder_version=&#8221;4.27.4&#8243; _module_preset=&#8221;default&#8221; global_colors_info=&#8221;{}&#8221;][et_pb_blurb title=&#8221;Bern Welcome&#8221; url_new_window=&#8221;on&#8221; image=&#8221;https:\/\/ideebern.ch\/wp-content\/uploads\/2025\/03\/1Aug2025_Logo_BERN-2.png&#8221; alt=&#8221;Logo Gaffuri AG&#8221; _builder_version=&#8221;4.27.4&#8243; _module_preset=&#8221;default&#8221; header_text_align=&#8221;center&#8221; width=&#8221;100%&#8221; custom_padding=&#8221;||0px|||&#8221; link_option_url=&#8221;https:\/\/bern.com\/de&#8221; link_option_url_new_window=&#8221;on&#8221; global_colors_info=&#8221;{}&#8221;][\/et_pb_blurb][\/et_pb_column][et_pb_column type=&#8221;1_5&#8243; _builder_version=&#8221;4.27.4&#8243; _module_preset=&#8221;default&#8221; global_colors_info=&#8221;{}&#8221;][et_pb_blurb title=&#8221;BernPride&#8221; url_new_window=&#8221;on&#8221; image=&#8221;https:\/\/ideebern.ch\/wp-content\/uploads\/2025\/05\/1Aug2025_Logo_BernPride-1.png&#8221; alt=&#8221;Logo Gaffuri AG&#8221; _builder_version=&#8221;4.27.4&#8243; _module_preset=&#8221;default&#8221; header_text_align=&#8221;center&#8221; custom_padding=&#8221;||0px|||&#8221; link_option_url=&#8221;https:\/\/www.bernpride.ch\/&#8221; link_option_url_new_window=&#8221;on&#8221; global_colors_info=&#8221;{}&#8221;][\/et_pb_blurb][\/et_pb_column][et_pb_column type=&#8221;1_5&#8243; _builder_version=&#8221;4.27.4&#8243; _module_preset=&#8221;default&#8221; global_colors_info=&#8221;{}&#8221;][et_pb_blurb title=&#8221;Bierh\u00fcbeli&#8221; url_new_window=&#8221;on&#8221; image=&#8221;https:\/\/ideebern.ch\/wp-content\/uploads\/2025\/03\/1Aug2025_Logo_Bierhuebeli-1.png&#8221; alt=&#8221;Logo Gaffuri AG&#8221; _builder_version=&#8221;4.27.4&#8243; _module_preset=&#8221;default&#8221; header_text_align=&#8221;center&#8221; custom_padding=&#8221;||0px|||&#8221; link_option_url=&#8221;https:\/\/bierhuebeli.ch\/&#8221; link_option_url_new_window=&#8221;on&#8221; global_colors_info=&#8221;{}&#8221;][\/et_pb_blurb][\/et_pb_column][et_pb_column type=&#8221;1_5&#8243; _builder_version=&#8221;4.27.4&#8243; _module_preset=&#8221;default&#8221; global_colors_info=&#8221;{}&#8221;][et_pb_blurb title=&#8221;BLS LTD.&#8221; url_new_window=&#8221;on&#8221; image=&#8221;https:\/\/ideebern.ch\/wp-content\/uploads\/2025\/06\/1Aug2025_Logo_BLS2.png&#8221; alt=&#8221;Logo Gaffuri AG&#8221; _builder_version=&#8221;4.27.4&#8243; _module_preset=&#8221;default&#8221; header_text_align=&#8221;center&#8221; custom_padding=&#8221;||0px|||&#8221; link_option_url=&#8221;https:\/\/www.bls.ch\/&#8221; link_option_url_new_window=&#8221;on&#8221; global_colors_info=&#8221;{}&#8221;][\/et_pb_blurb][\/et_pb_column][\/et_pb_row][et_pb_row column_structure=&#8221;1_5,1_5,1_5,1_5,1_5&#8243; use_custom_gutter=&#8221;on&#8221; gutter_width=&#8221;2&#8243; make_equal=&#8221;on&#8221; _builder_version=&#8221;4.27.4&#8243; _module_preset=&#8221;default&#8221; module_alignment=&#8221;center&#8221; global_colors_info=&#8221;{}&#8221;][et_pb_column type=&#8221;1_5&#8243; _builder_version=&#8221;4.27.4&#8243; _module_preset=&#8221;default&#8221; global_colors_info=&#8221;{}&#8221;][et_pb_blurb title=&#8221;Burgergemeinde Bern&#8221; url_new_window=&#8221;on&#8221; image=&#8221;https:\/\/ideebern.ch\/wp-content\/uploads\/2025\/03\/1Aug2025_Logo_Burgergemeinde-2.png&#8221; alt=&#8221;Logo Gaffuri AG&#8221; _builder_version=&#8221;4.27.4&#8243; _module_preset=&#8221;default&#8221; header_text_align=&#8221;center&#8221; custom_padding=&#8221;||0px|||&#8221; link_option_url=&#8221;https:\/\/www.bgbern.ch\/&#8221; link_option_url_new_window=&#8221;on&#8221; global_colors_info=&#8221;{}&#8221;][\/et_pb_blurb][\/et_pb_column][et_pb_column type=&#8221;1_5&#8243; _builder_version=&#8221;4.27.4&#8243; _module_preset=&#8221;default&#8221; global_colors_info=&#8221;{}&#8221;][et_pb_blurb title=&#8221;Energy Water Bern&#8221; url_new_window=&#8221;on&#8221; image=&#8221;https:\/\/ideebern.ch\/wp-content\/uploads\/2025\/03\/1Aug2025_Logo_EWB.png&#8221; alt=&#8221;Logo Gaffuri AG&#8221; _builder_version=&#8221;4.27.4&#8243; _module_preset=&#8221;default&#8221; header_text_align=&#8221;center&#8221; custom_padding=&#8221;||0px|||&#8221; link_option_url=&#8221;https:\/\/www.ewb.ch\/&#8221; link_option_url_new_window=&#8221;on&#8221; global_colors_info=&#8221;{}&#8221;][\/et_pb_blurb][\/et_pb_column][et_pb_column type=&#8221;1_5&#8243; _builder_version=&#8221;4.27.4&#8243; _module_preset=&#8221;default&#8221; global_colors_info=&#8221;{}&#8221;][et_pb_blurb title=&#8221;Felsenau Brewery&#8221; url_new_window=&#8221;on&#8221; image=&#8221;https:\/\/ideebern.ch\/wp-content\/uploads\/2025\/03\/1Aug2025_Logo_Felsenau-1.png&#8221; alt=&#8221;Logo Gaffuri AG&#8221; _builder_version=&#8221;4.27.4&#8243; _module_preset=&#8221;default&#8221; header_text_align=&#8221;center&#8221; custom_padding=&#8221;||0px|||&#8221; link_option_url=&#8221;https:\/\/felsenau.ch\/&#8221; link_option_url_new_window=&#8221;on&#8221; global_colors_info=&#8221;{}&#8221;][\/et_pb_blurb][\/et_pb_column][et_pb_column type=&#8221;1_5&#8243; _builder_version=&#8221;4.27.4&#8243; _module_preset=&#8221;default&#8221; global_colors_info=&#8221;{}&#8221;][et_pb_blurb title=&#8221;Peter Gaffuri AG&#8221; url_new_window=&#8221;on&#8221; image=&#8221;https:\/\/ideebern.ch\/wp-content\/uploads\/2025\/03\/1Aug2025_Logo_Gaffuri-3.png&#8221; alt=&#8221;Logo Gaffuri AG&#8221; _builder_version=&#8221;4.27.4&#8243; _module_preset=&#8221;default&#8221; header_text_align=&#8221;center&#8221; custom_padding=&#8221;||0px|||&#8221; link_option_url=&#8221;https:\/\/www.gaffuri.ch\/&#8221; link_option_url_new_window=&#8221;on&#8221; global_colors_info=&#8221;{}&#8221;][\/et_pb_blurb][\/et_pb_column][et_pb_column type=&#8221;1_5&#8243; _builder_version=&#8221;4.27.4&#8243; _module_preset=&#8221;default&#8221; global_colors_info=&#8221;{}&#8221;][et_pb_blurb title=&#8221;GastroStadtBern and surroundings&#8221; url_new_window=&#8221;on&#8221; image=&#8221;https:\/\/ideebern.ch\/wp-content\/uploads\/2025\/03\/1Aug2025_Logo_Gastro-Stadt-Bern-2.png&#8221; alt=&#8221;Logo Gaffuri AG&#8221; _builder_version=&#8221;4.27.4&#8243; _module_preset=&#8221;default&#8221; header_text_align=&#8221;center&#8221; custom_padding=&#8221;||0px|||&#8221; link_option_url=&#8221;https:\/\/www.gastrobern.ch\/startseite&#8221; link_option_url_new_window=&#8221;on&#8221; global_colors_info=&#8221;{}&#8221;][\/et_pb_blurb][\/et_pb_column][\/et_pb_row][et_pb_row column_structure=&#8221;1_5,1_5,1_5,1_5,1_5&#8243; use_custom_gutter=&#8221;on&#8221; gutter_width=&#8221;2&#8243; make_equal=&#8221;on&#8221; _builder_version=&#8221;4.27.4&#8243; _module_preset=&#8221;default&#8221; module_alignment=&#8221;center&#8221; global_colors_info=&#8221;{}&#8221;][et_pb_column type=&#8221;1_5&#8243; _builder_version=&#8221;4.27.4&#8243; _module_preset=&#8221;default&#8221; global_colors_info=&#8221;{}&#8221;][et_pb_blurb title=&#8221;Leu Sound&#8221; url_new_window=&#8221;on&#8221; image=&#8221;https:\/\/ideebern.ch\/wp-content\/uploads\/2025\/03\/1Aug2025_Logo_Leu-Sound-1.png&#8221; alt=&#8221;Logo Gaffuri AG&#8221; _builder_version=&#8221;4.27.4&#8243; _module_preset=&#8221;default&#8221; header_text_align=&#8221;center&#8221; custom_padding=&#8221;||0px|||&#8221; link_option_url=&#8221;https:\/\/leusound.ch\/&#8221; link_option_url_new_window=&#8221;on&#8221; global_colors_info=&#8221;{}&#8221;][\/et_pb_blurb][\/et_pb_column][et_pb_column type=&#8221;1_5&#8243; _builder_version=&#8221;4.27.4&#8243; _module_preset=&#8221;default&#8221; global_colors_info=&#8221;{}&#8221;][et_pb_blurb title=&#8221;Parliamentary services&#8221; url_new_window=&#8221;on&#8221; image=&#8221;https:\/\/ideebern.ch\/wp-content\/uploads\/2025\/03\/1Aug2025_Logo_Parlamentsdienste-1-1.png&#8221; alt=&#8221;Logo Gaffuri AG&#8221; _builder_version=&#8221;4.27.4&#8243; _module_preset=&#8221;default&#8221; header_text_align=&#8221;center&#8221; custom_padding=&#8221;||0px|||&#8221; link_option_url=&#8221;https:\/\/www.parlament.ch\/de\/%C3%BCber-das-parlament\/parlamentsdienste&#8221; link_option_url_new_window=&#8221;on&#8221; global_colors_info=&#8221;{}&#8221;][\/et_pb_blurb][\/et_pb_column][et_pb_column type=&#8221;1_5&#8243; _builder_version=&#8221;4.27.4&#8243; _module_preset=&#8221;default&#8221; global_colors_info=&#8221;{}&#8221;][et_pb_blurb title=&#8221;Regional transport Bern-Solothurn&#8221; url_new_window=&#8221;on&#8221; image=&#8221;https:\/\/ideebern.ch\/wp-content\/uploads\/2025\/03\/1Aug2025_Logo_RBS-1.png&#8221; alt=&#8221;Logo Gaffuri AG&#8221; _builder_version=&#8221;4.27.4&#8243; _module_preset=&#8221;default&#8221; header_text_align=&#8221;center&#8221; custom_padding=&#8221;||0px|||&#8221; link_option_url=&#8221;https:\/\/www.rbs.ch\/&#8221; link_option_url_new_window=&#8221;on&#8221; global_colors_info=&#8221;{}&#8221;][\/et_pb_blurb][\/et_pb_column][et_pb_column type=&#8221;1_5&#8243; _builder_version=&#8221;4.27.4&#8243; _module_preset=&#8221;default&#8221; global_colors_info=&#8221;{}&#8221;][\/et_pb_column][et_pb_column type=&#8221;1_5&#8243; _builder_version=&#8221;4.27.4&#8243; _module_preset=&#8221;default&#8221; global_colors_info=&#8221;{}&#8221;][\/et_pb_column][\/et_pb_row][et_pb_row use_custom_gutter=&#8221;on&#8221; gutter_width=&#8221;2&#8243; make_equal=&#8221;on&#8221; _builder_version=&#8221;4.27.4&#8243; _module_preset=&#8221;default&#8221; module_alignment=&#8221;center&#8221; global_colors_info=&#8221;{}&#8221;][et_pb_column type=&#8221;4_4&#8243; _builder_version=&#8221;4.27.4&#8243; _module_preset=&#8221;default&#8221; global_colors_info=&#8221;{}&#8221;][et_pb_text _builder_version=&#8221;4.27.4&#8243; _module_preset=&#8221;default&#8221; header_2_font=&#8221;Helvetica Neue||||on||||&#8221; global_colors_info=&#8221;{}&#8221;]<\/p>\n<h2>With the active support of<\/h2>\n<p>[\/et_pb_text][\/et_pb_column][\/et_pb_row][et_pb_row column_structure=&#8221;1_5,1_5,1_5,1_5,1_5&#8243; use_custom_gutter=&#8221;on&#8221; gutter_width=&#8221;2&#8243; make_equal=&#8221;on&#8221; _builder_version=&#8221;4.27.4&#8243; _module_preset=&#8221;default&#8221; module_alignment=&#8221;center&#8221; global_colors_info=&#8221;{}&#8221;][et_pb_column type=&#8221;1_5&#8243; _builder_version=&#8221;4.27.4&#8243; _module_preset=&#8221;default&#8221; global_colors_info=&#8221;{}&#8221;][et_pb_blurb title=&#8221;Bern Minster&#8221; url_new_window=&#8221;on&#8221; image=&#8221;https:\/\/ideebern.ch\/wp-content\/uploads\/2025\/03\/1Aug2025_Logo_Berner-Muenster-1.png&#8221; alt=&#8221;Logo Gaffuri AG&#8221; _builder_version=&#8221;4.27.4&#8243; _module_preset=&#8221;default&#8221; header_text_align=&#8221;center&#8221; custom_padding=&#8221;||0px|||&#8221; link_option_url=&#8221;https:\/\/www.bernermuenster.ch\/&#8221; link_option_url_new_window=&#8221;on&#8221; global_colors_info=&#8221;{}&#8221;][\/et_pb_blurb][\/et_pb_column][et_pb_column type=&#8221;1_5&#8243; _builder_version=&#8221;4.27.4&#8243; _module_preset=&#8221;default&#8221; global_colors_info=&#8221;{}&#8221;][et_pb_blurb title=&#8221;  passive attack ag&#8221; url_new_window=&#8221;on&#8221; image=&#8221;https:\/\/ideebern.ch\/wp-content\/uploads\/2025\/05\/1Aug2025_Logo_passive_attack.png&#8221; alt=&#8221;Logo Gaffuri AG&#8221; _builder_version=&#8221;4.27.4&#8243; _module_preset=&#8221;default&#8221; header_text_align=&#8221;center&#8221; custom_padding=&#8221;||0px|||&#8221; link_option_url=&#8221;https:\/\/www.passiveattack.ch\/&#8221; link_option_url_new_window=&#8221;on&#8221; global_colors_info=&#8221;{}&#8221;][\/et_pb_blurb][\/et_pb_column][et_pb_column type=&#8221;1_5&#8243; _builder_version=&#8221;4.27.4&#8243; _module_preset=&#8221;default&#8221; global_colors_info=&#8221;{}&#8221;][et_pb_blurb title=&#8221;Swiss Alpine Club SAC&#8221; url_new_window=&#8221;on&#8221; image=&#8221;https:\/\/ideebern.ch\/wp-content\/uploads\/2025\/06\/1Aug2025_Logo_sac.png&#8221; alt=&#8221;Logo Gaffuri AG&#8221; _builder_version=&#8221;4.27.4&#8243; _module_preset=&#8221;default&#8221; header_text_align=&#8221;center&#8221; custom_padding=&#8221;||0px|||&#8221; link_option_url=&#8221;https:\/\/www.sac-cas.ch\/de\/&#8221; link_option_url_new_window=&#8221;on&#8221; global_colors_info=&#8221;{}&#8221;][\/et_pb_blurb][\/et_pb_column][et_pb_column type=&#8221;1_5&#8243; _builder_version=&#8221;4.27.4&#8243; _module_preset=&#8221;default&#8221; global_colors_info=&#8221;{}&#8221;][et_pb_blurb title=&#8221;BERNMOBIL historique Foundation&#8221; url_new_window=&#8221;on&#8221; image=&#8221;https:\/\/ideebern.ch\/wp-content\/uploads\/2025\/03\/1Aug2025_Logo_Bernmobil-1.png&#8221; alt=&#8221;Logo Gaffuri AG&#8221; _builder_version=&#8221;4.27.4&#8243; _module_preset=&#8221;default&#8221; header_text_align=&#8221;center&#8221; custom_padding=&#8221;||0px|||&#8221; link_option_url=&#8221;https:\/\/bernmobil-historique.ch\/&#8221; link_option_url_new_window=&#8221;on&#8221; global_colors_info=&#8221;{}&#8221;][\/et_pb_blurb][\/et_pb_column][et_pb_column type=&#8221;1_5&#8243; _builder_version=&#8221;4.27.4&#8243; _module_preset=&#8221;default&#8221; global_colors_info=&#8221;{}&#8221;][\/et_pb_column][\/et_pb_row][\/et_pb_section][et_pb_section fb_built=&#8221;1&#8243; custom_padding_last_edited=&#8221;on|tablet&#8221; disabled_on=&#8221;off|off|off&#8221; admin_label=&#8221;B\u00e4rn L\u00e4bt&#8221; _builder_version=&#8221;4.27.4&#8243; _module_preset=&#8221;default&#8221; background_color=&#8221;#fe6b41&#8243; background_enable_image=&#8221;off&#8221; background_size=&#8221;contain&#8221; background_position=&#8221;bottom_center&#8221; custom_margin=&#8221;0px||0px||false|false&#8221; custom_padding=&#8221;130px||140px||false|false&#8221; custom_padding_tablet=&#8221;0px||120px||false|false&#8221; custom_padding_phone=&#8221;||90px||false|false&#8221; locked=&#8221;off&#8221; global_colors_info=&#8221;{}&#8221;][et_pb_row _builder_version=&#8221;4.27.4&#8243; _module_preset=&#8221;default&#8221; background_image=&#8221;https:\/\/ideebern.ch\/wp-content\/uploads\/2025\/06\/BL25_Icon_weiss_1000px.png&#8221; positioning=&#8221;absolute&#8221; position_origin_a=&#8221;top_right&#8221; vertical_offset=&#8221;-100px&#8221; position_origin_a_tablet=&#8221;top_right&#8221; position_origin_a_phone=&#8221;top_right&#8221; position_origin_a_last_edited=&#8221;on|tablet&#8221; position_origin_f_tablet=&#8221;&#8221; position_origin_f_phone=&#8221;&#8221; position_origin_f_last_edited=&#8221;on|tablet&#8221; position_origin_r_tablet=&#8221;&#8221; position_origin_r_phone=&#8221;&#8221; position_origin_r_last_edited=&#8221;on|tablet&#8221; width=&#8221;44%&#8221; width_tablet=&#8221;100%&#8221; width_phone=&#8221;100%&#8221; width_last_edited=&#8221;on|tablet&#8221; max_width=&#8221;44%&#8221; max_width_tablet=&#8221;100%&#8221; max_width_phone=&#8221;100%&#8221; max_width_last_edited=&#8221;on|tablet&#8221; min_height=&#8221;678px&#8221; min_height_tablet=&#8221;678px&#8221; min_height_phone=&#8221;330px&#8221; min_height_last_edited=&#8221;on|phone&#8221; custom_margin=&#8221;0px||0px||false|false&#8221; custom_margin_tablet=&#8221;0px||90px||false|false&#8221; custom_margin_phone=&#8221;||55px||false|false&#8221; custom_margin_last_edited=&#8221;on|tablet&#8221; custom_padding=&#8221;0px||0px||false|false&#8221; animation_style=&#8221;slide&#8221; animation_direction=&#8221;right&#8221; animation_intensity_slide=&#8221;2%&#8221; animation_speed_curve=&#8221;ease&#8221; positioning_tablet=&#8221;none&#8221; positioning_phone=&#8221;none&#8221; positioning_last_edited=&#8221;on|tablet&#8221; global_colors_info=&#8221;{}&#8221;][et_pb_column type=&#8221;4_4&#8243; _builder_version=&#8221;4.27.4&#8243; _module_preset=&#8221;default&#8221; global_colors_info=&#8221;{}&#8221;][\/et_pb_column][\/et_pb_row][et_pb_row module_id=&#8221;#ueber-uns&#8221; _builder_version=&#8221;4.27.4&#8243; _module_preset=&#8221;default&#8221; width=&#8221;90%&#8221; max_width=&#8221;1296px&#8221; custom_margin=&#8221;0px||0px||false|false&#8221; custom_padding=&#8221;0px||0px||false|false&#8221; global_colors_info=&#8221;{}&#8221;][et_pb_column type=&#8221;4_4&#8243; _builder_version=&#8221;4.24.2&#8243; _module_preset=&#8221;default&#8221; global_colors_info=&#8221;{}&#8221;][et_pb_divider show_divider=&#8221;off&#8221; _builder_version=&#8221;4.27.4&#8243; _module_preset=&#8221;default&#8221; global_colors_info=&#8221;{}&#8221;][\/et_pb_divider][et_pb_image src=&#8221;https:\/\/ideebern.ch\/wp-content\/uploads\/2025\/06\/BL25_SchriftzugStacked_weiss_2000px-1-scaled.png&#8221; title_text=&#8221;BL25_SchriftzugStacked_weiss_2000px (1)&#8221; module_id=&#8221;baernlaebt&#8221; _builder_version=&#8221;4.27.4&#8243; _module_preset=&#8221;default&#8221; custom_margin=&#8221;|588px||||&#8221; hover_enabled=&#8221;0&#8243; global_colors_info=&#8221;{}&#8221; sticky_enabled=&#8221;0&#8243;][\/et_pb_image][et_pb_text _builder_version=&#8221;4.27.4&#8243; _module_preset=&#8221;default&#8221; text_font=&#8221;&#8211;et_global_body_font||||||||&#8221; text_text_color=&#8221;#FFFFFF&#8221; text_line_height=&#8221;1.6em&#8221; link_font=&#8221;||||on||||&#8221; link_text_color=&#8221;#FFFFFF&#8221; header_3_font=&#8221;&#8211;et_global_body_font|&#8211;et_global_heading_font_weight||on|||||&#8221; header_3_text_color=&#8221;gcid-primary-color&#8221; header_4_font=&#8221;&#8211;et_global_heading_font||||||||&#8221; header_4_text_color=&#8221;gcid-4e5204ad-61b3-4f3a-b07f-8c8eaab28708&#8243; max_width=&#8221;600px&#8221; custom_margin=&#8221;0px||25px||false|false&#8221; custom_padding=&#8221;0px||1px||false|false&#8221; text_font_size_tablet=&#8221;25px&#8221; text_font_size_phone=&#8221;20px&#8221; text_font_size_last_edited=&#8221;on|phone&#8221; global_colors_info=&#8221;{%22gcid-4e5204ad-61b3-4f3a-b07f-8c8eaab28708%22:%91%22header_4_text_color%22%93,%22gcid-primary-color%22:%91%22header_3_text_color%22%93}&#8221;]<\/p>\n<div class=\"section-text text-block align-center\">\n<div class=\"wpb_column col-md-4 matchHeight-element matchHeight-applied\">\n<div class=\"section-text text-block \">\n<div id=\"comp-lielkxet1\" class=\"HcOXKn c9GqVL QxJLC3 lq2cno YQcXTT comp-lielkxet1 wixui-rich-text\" data-testid=\"richTextElement\" ariaattributes=\"[object Object]\">\n<div id=\"bgLayers_comp-liem5y25\" data-hook=\"bgLayers\" data-motion-part=\"BG_LAYER comp-liem5y25\" class=\"MW5IWV\">\n<div id=\"bgLayers_comp-liem5y2o\" data-hook=\"bgLayers\" data-motion-part=\"BG_LAYER comp-liem5y2o\" class=\"MW5IWV\"><\/div>\n<div data-mesh-id=\"comp-liem5y2oinlineContent\" data-testid=\"inline-content\" class=\"\">\n<div data-mesh-id=\"comp-liem5y2oinlineContent-gridContainer\" data-testid=\"mesh-container-content\">\n<div id=\"comp-liem5y2s1\" class=\"comp-liem5y2s1 SPY_vo\">\n<div data-mesh-id=\"comp-liem5y2s1inlineContent\" data-testid=\"inline-content\" class=\"\">\n<div data-mesh-id=\"comp-liem5y2s1inlineContent-gridContainer\" data-testid=\"mesh-container-content\">\n<div id=\"comp-liem5y2v1\" class=\"HcOXKn c9GqVL QxJLC3 lq2cno YQcXTT comp-liem5y2v1 wixui-rich-text\" data-testid=\"richTextElement\" ariaattributes=\"[object Object]\">\n<p class=\"font_3 wixui-rich-text__text\"><span style=\"font-size: 16px;\">It&#8217;s better together; that also applies to partying. That&#8217;s why we have joined forces with Bierh\u00fcbeli Bern and Bern Pride. We share infrastructure, other resources and a common goal: B\u00e4rn l\u00e4bt!  <\/span><\/p>\n<\/div>\n<p>More about B\u00e4rn L\u00e4bt <a href=\"https:\/\/www.baernlaebt.ch\/\" target=\"_blank\" rel=\"noopener\">baernlaebt.ch<\/a><\/p>\n<\/div>\n<\/div>\n<\/div>\n<\/div>\n<\/div>\n<\/div>\n<\/div>\n<p id=\"comp-lielkxev\" class=\"HcOXKn c9GqVL QxJLC3 lq2cno YQcXTT comp-lielkxev wixui-rich-text\" data-testid=\"richTextElement\" ariaattributes=\"invalid_tags_codes_0|\">\n<\/div>\n<\/div>\n<\/div>\n<p>[\/et_pb_text][\/et_pb_column][\/et_pb_row][et_pb_row column_structure=&#8221;1_2,1_2&#8243; _builder_version=&#8221;4.27.4&#8243; _module_preset=&#8221;default&#8221; global_colors_info=&#8221;{}&#8221;][et_pb_column type=&#8221;1_2&#8243; _builder_version=&#8221;4.27.4&#8243; _module_preset=&#8221;default&#8221; global_colors_info=&#8221;{}&#8221;][et_pb_text _builder_version=&#8221;4.27.4&#8243; _module_preset=&#8221;default&#8221; text_font=&#8221;&#8211;et_global_body_font||||||||&#8221; text_text_color=&#8221;#FFFFFF&#8221; background_enable_image=&#8221;off&#8221; min_height=&#8221;75.6px&#8221; global_colors_info=&#8221;{}&#8221;]<\/p>\n<h3><span style=\"color: #ffffff;\">SENS UNIK<\/span><\/h3>\n<h3><span style=\"color: #ffffff;\">Bundesplatz, Thu, July 31, 2025<\/span><\/h3>\n<p><span style=\"color: #ffffff;\">The Bierh\u00fcbeli comes to the Bundesplatz<\/span><\/p>\n<p>[\/et_pb_text][et_pb_image src=&#8221;https:\/\/ideebern.ch\/wp-content\/uploads\/2025\/06\/BL_SensUnik_small.jpg&#8221; title_text=&#8221;Created with RNI Films app. Profiles &#8216;Agfa Optima 200 Faded&#8217; &#8221; _builder_version=&#8221;4.27.4&#8243; _module_preset=&#8221;default&#8221; custom_padding=&#8221;0px|||||&#8221; global_colors_info=&#8221;{}&#8221;][\/et_pb_image][et_pb_button button_url=&#8221;https:\/\/bierhuebeli.ch\/bundesplatz\/&#8221; url_new_window=&#8221;on&#8221; button_text=&#8221;Bierh\u00fcbeli&#8221; _builder_version=&#8221;4.27.4&#8243; _module_preset=&#8221;default&#8221; custom_button=&#8221;on&#8221; button_text_color=&#8221;#FFFFFF&#8221; button_bg_color=&#8221;#360a05&#8243; button_border_color=&#8221;#360a05&#8243; global_colors_info=&#8221;{}&#8221;][\/et_pb_button][\/et_pb_column][et_pb_column type=&#8221;1_2&#8243; _builder_version=&#8221;4.27.4&#8243; _module_preset=&#8221;default&#8221; global_colors_info=&#8221;{}&#8221;][et_pb_text _builder_version=&#8221;4.27.4&#8243; _module_preset=&#8221;default&#8221; text_font=&#8221;&#8211;et_global_body_font||||||||&#8221; text_text_color=&#8221;#FFFFFF&#8221; background_enable_image=&#8221;off&#8221; min_height=&#8221;75.6px&#8221; global_colors_info=&#8221;{}&#8221;]<\/p>\n<h3><span style=\"color: #ffffff;\">BERN PRIDE<\/span><\/h3>\n<h3><span style=\"color: #ffffff;\">Bundesplatz, Sat, August 2, 2025<\/span><\/h3>\n<p><span style=\"color: #ffffff;\">Colorful.  <\/span><span style=\"font-size: 16px;\">Loud.  <\/span><span style=\"font-size: 16px;\">Berne.<\/span><\/p>\n<p>[\/et_pb_text][et_pb_image src=&#8221;https:\/\/ideebern.ch\/wp-content\/uploads\/2025\/06\/BL_BernPride_small.jpg&#8221; title_text=&#8221;SWITZERLAND BERNPRIDE 2024&#8243; _builder_version=&#8221;4.27.4&#8243; _module_preset=&#8221;default&#8221; global_colors_info=&#8221;{}&#8221;][\/et_pb_image][et_pb_button button_url=&#8221;https:\/\/www.bernpride.ch\/&#8221; url_new_window=&#8221;on&#8221; button_text=&#8221;Bern Pride&#8221; _builder_version=&#8221;4.27.4&#8243; _module_preset=&#8221;default&#8221; custom_button=&#8221;on&#8221; button_text_color=&#8221;#FFFFFF&#8221; button_bg_color=&#8221;#360a05&#8243; button_border_color=&#8221;#360a05&#8243; global_colors_info=&#8221;{}&#8221;][\/et_pb_button][\/et_pb_column][\/et_pb_row][\/et_pb_section]<\/p>\n","protected":false},"excerpt":{"rendered":"<p>August 1stin Bern 2025The festival for Bern and SwitzerlandThe Bundesplatz is calling!On August 1, there will be a birthday celebration for Switzerland on Bern&#8217;s Bundesplatz. From 11 a.m. to 11.30 p.m., the Bundesplatz in Bern will be transformed into a lively meeting place for young and old. You can expect you a varied program full [&hellip;]<\/p>\n","protected":false},"author":1,"featured_media":0,"parent":0,"menu_order":0,"comment_status":"closed","ping_status":"closed","template":"","meta":{"_et_pb_use_builder":"on","_et_pb_old_content":"","_et_gb_content_width":"","footnotes":""},"class_list":["post-953","page","type-page","status-publish","hentry"],"yoast_head":"<!-- This site is optimized with the Yoast SEO plugin v27.1.1 - https:\/\/yoast.com\/product\/yoast-seo-wordpress\/ -->\n<title>August 1 - id\u00e9eBERN<\/title>\n<meta name=\"robots\" content=\"index, follow, max-snippet:-1, max-image-preview:large, max-video-preview:-1\" \/>\n<link rel=\"canonical\" href=\"https:\/\/ideebern.ch\/en\/august-1\/\" \/>\n<meta property=\"og:locale\" content=\"en_US\" \/>\n<meta property=\"og:type\" content=\"article\" \/>\n<meta property=\"og:title\" content=\"August 1 - id\u00e9eBERN\" \/>\n<meta property=\"og:description\" content=\"August 1stin Bern 2025The festival for Bern and SwitzerlandThe Bundesplatz is calling!On August 1, there will be a birthday celebration for Switzerland on Bern&#039;s Bundesplatz. From 11 a.m. to 11.30 p.m., the Bundesplatz in Bern will be transformed into a lively meeting place for young and old. You can expect you a varied program full [&hellip;]\" \/>\n<meta property=\"og:url\" content=\"https:\/\/ideebern.ch\/en\/august-1\/\" \/>\n<meta property=\"og:site_name\" content=\"id\u00e9eBERN\" \/>\n<meta property=\"article:modified_time\" content=\"2025-07-24T09:54:03+00:00\" \/>\n<meta name=\"twitter:card\" content=\"summary_large_image\" \/>\n<meta name=\"twitter:label1\" content=\"Est. reading time\" \/>\n\t<meta name=\"twitter:data1\" content=\"68 minutes\" \/>\n<script type=\"application\/ld+json\" class=\"yoast-schema-graph\">{\"@context\":\"https:\/\/schema.org\",\"@graph\":[{\"@type\":\"WebPage\",\"@id\":\"https:\/\/ideebern.ch\/en\/august-1\/\",\"url\":\"https:\/\/ideebern.ch\/en\/august-1\/\",\"name\":\"August 1 - id\u00e9eBERN\",\"isPartOf\":{\"@id\":\"https:\/\/ideebern.ch\/en\/#website\"},\"datePublished\":\"2024-12-09T10:31:33+00:00\",\"dateModified\":\"2025-07-24T09:54:03+00:00\",\"breadcrumb\":{\"@id\":\"https:\/\/ideebern.ch\/en\/august-1\/#breadcrumb\"},\"inLanguage\":\"en-US\",\"potentialAction\":[{\"@type\":\"ReadAction\",\"target\":[\"https:\/\/ideebern.ch\/en\/august-1\/\"]}]},{\"@type\":\"BreadcrumbList\",\"@id\":\"https:\/\/ideebern.ch\/en\/august-1\/#breadcrumb\",\"itemListElement\":[{\"@type\":\"ListItem\",\"position\":1,\"name\":\"Startseite\",\"item\":\"https:\/\/ideebern.ch\/en\/\"},{\"@type\":\"ListItem\",\"position\":2,\"name\":\"August 1\"}]},{\"@type\":\"WebSite\",\"@id\":\"https:\/\/ideebern.ch\/en\/#website\",\"url\":\"https:\/\/ideebern.ch\/en\/\",\"name\":\"id\u00e9eBERN\",\"description\":\"Kultur Verein Bern\",\"potentialAction\":[{\"@type\":\"SearchAction\",\"target\":{\"@type\":\"EntryPoint\",\"urlTemplate\":\"https:\/\/ideebern.ch\/en\/?s={search_term_string}\"},\"query-input\":{\"@type\":\"PropertyValueSpecification\",\"valueRequired\":true,\"valueName\":\"search_term_string\"}}],\"inLanguage\":\"en-US\"}]}<\/script>\n<!-- \/ Yoast SEO plugin. -->","yoast_head_json":{"title":"August 1 - id\u00e9eBERN","robots":{"index":"index","follow":"follow","max-snippet":"max-snippet:-1","max-image-preview":"max-image-preview:large","max-video-preview":"max-video-preview:-1"},"canonical":"https:\/\/ideebern.ch\/en\/august-1\/","og_locale":"en_US","og_type":"article","og_title":"August 1 - id\u00e9eBERN","og_description":"August 1stin Bern 2025The festival for Bern and SwitzerlandThe Bundesplatz is calling!On August 1, there will be a birthday celebration for Switzerland on Bern's Bundesplatz. From 11 a.m. to 11.30 p.m., the Bundesplatz in Bern will be transformed into a lively meeting place for young and old. You can expect you a varied program full [&hellip;]","og_url":"https:\/\/ideebern.ch\/en\/august-1\/","og_site_name":"id\u00e9eBERN","article_modified_time":"2025-07-24T09:54:03+00:00","twitter_card":"summary_large_image","twitter_misc":{"Est. reading time":"68 minutes"},"schema":{"@context":"https:\/\/schema.org","@graph":[{"@type":"WebPage","@id":"https:\/\/ideebern.ch\/en\/august-1\/","url":"https:\/\/ideebern.ch\/en\/august-1\/","name":"August 1 - id\u00e9eBERN","isPartOf":{"@id":"https:\/\/ideebern.ch\/en\/#website"},"datePublished":"2024-12-09T10:31:33+00:00","dateModified":"2025-07-24T09:54:03+00:00","breadcrumb":{"@id":"https:\/\/ideebern.ch\/en\/august-1\/#breadcrumb"},"inLanguage":"en-US","potentialAction":[{"@type":"ReadAction","target":["https:\/\/ideebern.ch\/en\/august-1\/"]}]},{"@type":"BreadcrumbList","@id":"https:\/\/ideebern.ch\/en\/august-1\/#breadcrumb","itemListElement":[{"@type":"ListItem","position":1,"name":"Startseite","item":"https:\/\/ideebern.ch\/en\/"},{"@type":"ListItem","position":2,"name":"August 1"}]},{"@type":"WebSite","@id":"https:\/\/ideebern.ch\/en\/#website","url":"https:\/\/ideebern.ch\/en\/","name":"id\u00e9eBERN","description":"Kultur Verein Bern","potentialAction":[{"@type":"SearchAction","target":{"@type":"EntryPoint","urlTemplate":"https:\/\/ideebern.ch\/en\/?s={search_term_string}"},"query-input":{"@type":"PropertyValueSpecification","valueRequired":true,"valueName":"search_term_string"}}],"inLanguage":"en-US"}]}},"_links":{"self":[{"href":"https:\/\/ideebern.ch\/en\/wp-json\/wp\/v2\/pages\/953","targetHints":{"allow":["GET"]}}],"collection":[{"href":"https:\/\/ideebern.ch\/en\/wp-json\/wp\/v2\/pages"}],"about":[{"href":"https:\/\/ideebern.ch\/en\/wp-json\/wp\/v2\/types\/page"}],"author":[{"embeddable":true,"href":"https:\/\/ideebern.ch\/en\/wp-json\/wp\/v2\/users\/1"}],"replies":[{"embeddable":true,"href":"https:\/\/ideebern.ch\/en\/wp-json\/wp\/v2\/comments?post=953"}],"version-history":[{"count":14,"href":"https:\/\/ideebern.ch\/en\/wp-json\/wp\/v2\/pages\/953\/revisions"}],"predecessor-version":[{"id":1834,"href":"https:\/\/ideebern.ch\/en\/wp-json\/wp\/v2\/pages\/953\/revisions\/1834"}],"wp:attachment":[{"href":"https:\/\/ideebern.ch\/en\/wp-json\/wp\/v2\/media?parent=953"}],"curies":[{"name":"wp","href":"https:\/\/api.w.org\/{rel}","templated":true}]}}